{"id":3851,"date":"2022-11-07T14:57:20","date_gmt":"2022-11-07T14:57:20","guid":{"rendered":"https:\/\/www.grazalemacycling.com\/alquiler-bicicletas-sierra-de-grazalema-cadiz-andalucia\/electric-bike-hire\/"},"modified":"2026-01-05T21:11:37","modified_gmt":"2026-01-05T21:11:37","slug":"alquiler-bicicletas-electricas","status":"publish","type":"page","link":"https:\/\/www.grazalemacycling.com\/es\/alquiler-bicicletas-sierra-de-grazalema-cadiz-andalucia\/alquiler-bicicletas-electricas\/","title":{"rendered":"Alquiler bicicletas el\u00e9ctricas en Sierra de Grazalema, Andaluc\u00eda (C\u00e1diz, Sevilla y M\u00e1laga)"},"content":{"rendered":"\n<div class=\"wp-block-cover is-light\"><span aria-hidden=\"true\" class=\"wp-block-cover__background has-background-dim-0 has-background-dim\"><\/span><div class=\"wp-block-cover__inner-container is-layout-flow wp-block-cover-is-layout-flow\">\n<div class=\"wp-block-group\"><div class=\"wp-block-group__inner-container is-layout-constrained wp-block-group-is-layout-constrained\">\n<div class=\"wp-block-columns is-layout-flex wp-container-core-columns-is-layout-9d6595d7 wp-block-columns-is-layout-flex\">\n<div class=\"wp-block-column is-layout-flow wp-block-column-is-layout-flow\">\n<h4 class=\"wp-block-heading\">Alquiler de bicicletas el\u00e9ctricas en Grazalema, C\u00e1diz<\/h4>\n\n\n\n<p>Opta por el alquiler de alguna de nuestras bicicletas el\u00e9ctricas de paseo y podr\u00e1 disfrutar de un d\u00eda inolvidable recorriendo la Sierra de Grazalema (C\u00e1diz, Andaluc\u00eda) en bicicleta. Tambi\u00e9n es posible hacer un viaje en bicicleta de varios d\u00edas en el que descubrir\u00e1 la belleza de la Sierra de C\u00e1diz en varias etapas. Cada d\u00eda ofrecer\u00e1 una gran variedad de paisajes y se alojar\u00e1 en pintorescos pueblos blancos, t\u00edpicos de la zona, y localidades hist\u00f3ricas como Ronda. <\/p>\n\n\n\n<p>Independientemente de la direcci\u00f3n en la que decida ir por el Parque Natura Sierra de Grazalema, con nuestras bicicletas de paseo el\u00e9ctricas de alquiler puede hacerlo con la menta tranquila. La asistencia de la bicicleta el\u00e9ctrica le ayudar\u00e1 a superar las subidas m\u00e1s comodamente. Adem\u00e1s, la Orbea Gain fue ganador de un premio de dise\u00f1o e innovaci\u00f3n, as\u00ed que tampoco tendr\u00e1 que preocuparse por su apariencia. Es decir, si decide alquilar una bicicleta el\u00e9ctrica con nosotros, le daremos una bicicleta el\u00e9ctrica fiable y elegante. <\/p>\n<\/div>\n\n\n\n<div class=\"wp-block-column is-vertically-aligned-center is-layout-flow wp-block-column-is-layout-flow\">\n<figure class=\"wp-block-image size-large\"><a href=\"https:\/\/www.grazalemacycling.com\/wp-content\/uploads\/2023\/01\/IMG-20190108-WA0002-002-1024x576.jpg\"><img loading=\"lazy\" decoding=\"async\" width=\"1024\" height=\"576\" src=\"https:\/\/www.grazalemacycling.com\/wp-content\/uploads\/2023\/01\/IMG-20190108-WA0002-002-1024x576.jpg\" alt=\"Alquiler bicicleta el\u00e9ctrica Grazalema, C\u00e1diz, Sevilla, M\u00e1laga\" class=\"wp-image-4692\" srcset=\"https:\/\/www.grazalemacycling.com\/wp-content\/uploads\/2023\/01\/IMG-20190108-WA0002-002-1024x576.jpg 1024w, https:\/\/www.grazalemacycling.com\/wp-content\/uploads\/2023\/01\/IMG-20190108-WA0002-002-800x450.jpg 800w, https:\/\/www.grazalemacycling.com\/wp-content\/uploads\/2023\/01\/IMG-20190108-WA0002-002-300x169.jpg 300w, https:\/\/www.grazalemacycling.com\/wp-content\/uploads\/2023\/01\/IMG-20190108-WA0002-002-768x432.jpg 768w, https:\/\/www.grazalemacycling.com\/wp-content\/uploads\/2023\/01\/IMG-20190108-WA0002-002-260x146.jpg 260w, https:\/\/www.grazalemacycling.com\/wp-content\/uploads\/2023\/01\/IMG-20190108-WA0002-002-50x28.jpg 50w, https:\/\/www.grazalemacycling.com\/wp-content\/uploads\/2023\/01\/IMG-20190108-WA0002-002-133x75.jpg 133w, https:\/\/www.grazalemacycling.com\/wp-content\/uploads\/2023\/01\/IMG-20190108-WA0002-002-1200x675.jpg 1200w, https:\/\/www.grazalemacycling.com\/wp-content\/uploads\/2023\/01\/IMG-20190108-WA0002-002.jpg 1287w\" sizes=\"auto, (max-width:767px) 480px, (max-width:1024px) 100vw, 1024px\" \/><\/a><\/figure>\n<\/div>\n<\/div>\n<\/div><\/div>\n<\/div><\/div>\n\n\n\n<div class=\"wp-block-cover is-light\"><span aria-hidden=\"true\" class=\"wp-block-cover__background has-cyan-bluish-gray-background-color has-background-dim-10 has-background-dim\"><\/span><div class=\"wp-block-cover__inner-container is-layout-flow wp-block-cover-is-layout-flow\">\n<div class=\"wp-block-group\"><div class=\"wp-block-group__inner-container is-layout-constrained wp-block-group-is-layout-constrained\">\n<div style=\"height:35px\" aria-hidden=\"true\" class=\"wp-block-spacer\"><\/div>\n\n\n\n<div class=\"wp-block-columns is-layout-flex wp-container-core-columns-is-layout-9d6595d7 wp-block-columns-is-layout-flex\">\n<div class=\"wp-block-column is-vertically-aligned-center is-layout-flow wp-block-column-is-layout-flow\" style=\"flex-basis:50%\">\n<figure class=\"wp-block-image size-full\"><a href=\"https:\/\/www.grazalemacycling.com\/wp-content\/uploads\/2022\/11\/gainf20-edited.jpg\"><img loading=\"lazy\" decoding=\"async\" width=\"662\" height=\"414\" src=\"https:\/\/www.grazalemacycling.com\/wp-content\/uploads\/2022\/11\/gainf20-edited.jpg\" alt=\"Alquiler bicicletas el\u00e9ctricas en Grazalema (C\u00e1diz, Sevilla y M\u00e1laga, Andalucia)\" class=\"wp-image-3750\" srcset=\"https:\/\/www.grazalemacycling.com\/wp-content\/uploads\/2022\/11\/gainf20-edited.jpg 662w, https:\/\/www.grazalemacycling.com\/wp-content\/uploads\/2022\/11\/gainf20-edited-300x188.jpg 300w, https:\/\/www.grazalemacycling.com\/wp-content\/uploads\/2022\/11\/gainf20-edited-233x146.jpg 233w, https:\/\/www.grazalemacycling.com\/wp-content\/uploads\/2022\/11\/gainf20-edited-50x31.jpg 50w, https:\/\/www.grazalemacycling.com\/wp-content\/uploads\/2022\/11\/gainf20-edited-120x75.jpg 120w\" sizes=\"auto, (max-width:767px) 480px, 662px\" \/><\/a><\/figure>\n<\/div>\n\n\n\n<div class=\"wp-block-column is-vertically-aligned-top is-layout-flow wp-block-column-is-layout-flow\" style=\"flex-basis:50%\">\n<h4 class=\"wp-block-heading\"><font face=\"Roboto Slab\" size=\"+2\">Alquiler bicicleta el\u00e9ctrica Orbea Gain F20<\/font><\/h4>\n\n\n\n<p>El alquiler de una bicicleta el\u00e9ctrica en Grazalema le dar\u00e1 la libertad de elegir algunas de las rutas mas bonitas en la Sierra de Grazalema (Andaluc\u00eda) sin tener que preocuparse de las subidas que encontrar\u00e1 en las bonitas carreteras de monta\u00f1a de la zona.<\/p>\n\n\n\n<p>La Orbea Gain F20 es una bicicleta el\u00e9ctrica vers\u00e1til que le aportar\u00e1 la sensaci\u00f3n de ir siempre con el viento a favor. Si su compa\u00f1ero de ruta es m\u00e1s fuerte que usted, esta es la bici ideal para poder salir juntos e incluso poder dejarle detr\u00e1s&#8230;<\/p>\n\n\n\n<p>Esta bici se comporta estupendamente en carreteras asfaltadas pero tambi\u00e9n va muy bien en caminos de tierra en buen estado, como la V\u00eda Verde de la Sierra entre Olvera y Puerto Serrano, o la pista entre Grazalema y Zahara de la Sierra.<\/p>\n<\/div>\n<\/div>\n<\/div><\/div>\n\n\n\n<h5 class=\"wp-block-heading\">Una bicicleta el\u00e9ctrica ligera, dise\u00f1ada para mejorar cada salida<\/h5>\n\n\n\n<div class=\"wp-block-columns is-layout-flex wp-container-core-columns-is-layout-9d6595d7 wp-block-columns-is-layout-flex\">\n<div class=\"wp-block-column is-layout-flow wp-block-column-is-layout-flow\">\n<p>Gracias a su ligereza (15kg en talla M), la Orbea Gain es como una bici normal. Adem\u00e1s, el silencioso motor en su rueda trasera no ofrece ninguna resistencia, por lo que permite circular en llano sin usar ninguna asistencia. <\/p>\n<\/div>\n\n\n\n<div class=\"wp-block-column is-layout-flow wp-block-column-is-layout-flow\">\n<p>Esto le permitir\u00e1 recorrer m\u00e1s distancia o simplemente ahorrar m\u00e1s bater\u00eda para las subidas. Y eso, le podemos asegurar que viene muy bien si se decide por el alquiler de una bici el\u00e9ctrica en Grazalema para conocer la zona.<\/p>\n<\/div>\n<\/div>\n\n\n\n<div class=\"wp-block-columns is-layout-flex wp-container-core-columns-is-layout-9d6595d7 wp-block-columns-is-layout-flex\">\n<div class=\"wp-block-column is-layout-flow wp-block-column-is-layout-flow\">\n<h6 class=\"wp-block-heading\">Caracter\u00edsticas<\/h6>\n\n\n\n<ul class=\"wp-block-list\">\n<li>Tallas disponibles: XS\/S\/M\/L<\/li>\n\n\n\n<li>Discos de freno hidr\u00e1ulicos<\/li>\n\n\n\n<li>Motor silencioso Ebikemotion X35, bater\u00eda 248 Wh<\/li>\n\n\n\n<li>Dos portabidones, mini bomba<\/li>\n\n\n\n<li>Bolso de sill\u00edn con c\u00e1mara, desmontadores &amp; multiherramienta<\/li>\n\n\n\n<li>Pedales a elegir <\/li>\n<\/ul>\n\n\n\n<div class=\"wp-block-buttons is-layout-flex wp-block-buttons-is-layout-flex\">\n<div class=\"wp-block-button\"><a class=\"wp-block-button__link wp-element-button\" href=\"https:\/\/www.grazalemacycling.com\/es\/reservar-alquiler-bicicletas\/\">Reservar<\/a><\/div>\n<\/div>\n<\/div>\n\n\n\n<div class=\"wp-block-column is-layout-flow wp-block-column-is-layout-flow\">\n<figure class=\"wp-block-table is-style-stripes\"><table><thead><tr><th>Precios alquiler bici el\u00e9ctrica<\/th><th>Precio\/bici\/d\u00eda<\/th><\/tr><\/thead><tbody><tr><td>1 o 2 d\u00edas<\/td><td>45,00\u20ac<\/td><\/tr><tr><td>3 o 4 d\u00edas<\/td><td>40,50\u20ac<\/td><\/tr><tr><td>5 o 6 d\u00edas<\/td><td>38,25\u20ac<\/td><\/tr><tr><td>7 d\u00edas o m\u00e1s<\/td><td>36,00\u20ac<\/td><\/tr><tr><td>10 d\u00edas o m\u00e1s<\/td><td>33,75\u20ac<\/td><\/tr><tr><td>14 d\u00edas o m\u00e1s<\/td><td>31,50\u20ac<\/td><\/tr><\/tbody><\/table><\/figure>\n<\/div>\n<\/div>\n<\/div><\/div>\n\n\n\n<div class=\"wp-block-cover is-light\"><span aria-hidden=\"true\" class=\"wp-block-cover__background has-background-dim-0 has-background-dim\"><\/span><div class=\"wp-block-cover__inner-container is-layout-flow wp-block-cover-is-layout-flow\">\n<div style=\"height:35px\" aria-hidden=\"true\" class=\"wp-block-spacer\"><\/div>\n\n\n\n<div class=\"wp-block-group\"><div class=\"wp-block-group__inner-container is-layout-constrained wp-block-group-is-layout-constrained\">\n<div class=\"wp-block-columns is-layout-flex wp-container-core-columns-is-layout-9d6595d7 wp-block-columns-is-layout-flex\">\n<div class=\"wp-block-column is-layout-flow wp-block-column-is-layout-flow\" style=\"flex-basis:50%\">\n<figure class=\"wp-block-gallery has-nested-images columns-3 is-cropped wp-block-gallery-1 is-layout-flex wp-block-gallery-is-layout-flex\">\n<figure class=\"wp-block-image size-large\"><a href=\"https:\/\/www.grazalemacycling.com\/wp-content\/uploads\/2022\/08\/range-extender-8-1024x683.jpg\"><img loading=\"lazy\" decoding=\"async\" width=\"1024\" height=\"683\" data-id=\"3480\" src=\"https:\/\/www.grazalemacycling.com\/wp-content\/uploads\/2022\/08\/range-extender-8-1024x683.jpg\" alt=\"Alquiler bicicletas el\u00e9ctricas en Grazalema (C\u00e1diz, Sevilla y M\u00e1laga, Andaluc\u00eda), bater\u00eda extra\" class=\"wp-image-3480\" srcset=\"https:\/\/www.grazalemacycling.com\/wp-content\/uploads\/2022\/08\/range-extender-8-1024x683.jpg 1024w, https:\/\/www.grazalemacycling.com\/wp-content\/uploads\/2022\/08\/range-extender-8-800x533.jpg 800w, https:\/\/www.grazalemacycling.com\/wp-content\/uploads\/2022\/08\/range-extender-8-300x200.jpg 300w, https:\/\/www.grazalemacycling.com\/wp-content\/uploads\/2022\/08\/range-extender-8-768x512.jpg 768w, https:\/\/www.grazalemacycling.com\/wp-content\/uploads\/2022\/08\/range-extender-8-219x146.jpg 219w, https:\/\/www.grazalemacycling.com\/wp-content\/uploads\/2022\/08\/range-extender-8-50x33.jpg 50w, https:\/\/www.grazalemacycling.com\/wp-content\/uploads\/2022\/08\/range-extender-8-113x75.jpg 113w, https:\/\/www.grazalemacycling.com\/wp-content\/uploads\/2022\/08\/range-extender-8.jpg 1200w\" sizes=\"auto, (max-width:767px) 480px, (max-width:1024px) 100vw, 1024px\" \/><\/a><\/figure>\n\n\n\n<figure class=\"wp-block-image size-large\"><a href=\"https:\/\/www.grazalemacycling.com\/wp-content\/uploads\/2022\/08\/range-extender-1-1024x683.jpg\"><img loading=\"lazy\" decoding=\"async\" width=\"1024\" height=\"683\" data-id=\"3468\" src=\"https:\/\/www.grazalemacycling.com\/wp-content\/uploads\/2022\/08\/range-extender-1-1024x683.jpg\" alt=\"Bater\u00eda extra Orbea Gain F20\" class=\"wp-image-3468\" srcset=\"https:\/\/www.grazalemacycling.com\/wp-content\/uploads\/2022\/08\/range-extender-1-1024x683.jpg 1024w, https:\/\/www.grazalemacycling.com\/wp-content\/uploads\/2022\/08\/range-extender-1-800x533.jpg 800w, https:\/\/www.grazalemacycling.com\/wp-content\/uploads\/2022\/08\/range-extender-1-300x200.jpg 300w, https:\/\/www.grazalemacycling.com\/wp-content\/uploads\/2022\/08\/range-extender-1-768x512.jpg 768w, https:\/\/www.grazalemacycling.com\/wp-content\/uploads\/2022\/08\/range-extender-1-219x146.jpg 219w, https:\/\/www.grazalemacycling.com\/wp-content\/uploads\/2022\/08\/range-extender-1-50x33.jpg 50w, https:\/\/www.grazalemacycling.com\/wp-content\/uploads\/2022\/08\/range-extender-1-113x75.jpg 113w, https:\/\/www.grazalemacycling.com\/wp-content\/uploads\/2022\/08\/range-extender-1-600x400.jpg 600w, https:\/\/www.grazalemacycling.com\/wp-content\/uploads\/2022\/08\/range-extender-1.jpg 1200w\" sizes=\"auto, (max-width:767px) 480px, (max-width:1024px) 100vw, 1024px\" \/><\/a><\/figure>\n\n\n\n<figure class=\"wp-block-image size-large\"><a href=\"https:\/\/www.grazalemacycling.com\/wp-content\/uploads\/2022\/08\/range-extender-2-1024x683.jpg\"><img loading=\"lazy\" decoding=\"async\" width=\"1024\" height=\"683\" data-id=\"3471\" src=\"https:\/\/www.grazalemacycling.com\/wp-content\/uploads\/2022\/08\/range-extender-2-1024x683.jpg\" alt=\"Conexi\u00f3n de bater\u00eda externa Orbea Gain F20\" class=\"wp-image-3471\" srcset=\"https:\/\/www.grazalemacycling.com\/wp-content\/uploads\/2022\/08\/range-extender-2-1024x683.jpg 1024w, https:\/\/www.grazalemacycling.com\/wp-content\/uploads\/2022\/08\/range-extender-2-800x533.jpg 800w, https:\/\/www.grazalemacycling.com\/wp-content\/uploads\/2022\/08\/range-extender-2-300x200.jpg 300w, https:\/\/www.grazalemacycling.com\/wp-content\/uploads\/2022\/08\/range-extender-2-768x512.jpg 768w, https:\/\/www.grazalemacycling.com\/wp-content\/uploads\/2022\/08\/range-extender-2-219x146.jpg 219w, https:\/\/www.grazalemacycling.com\/wp-content\/uploads\/2022\/08\/range-extender-2-50x33.jpg 50w, https:\/\/www.grazalemacycling.com\/wp-content\/uploads\/2022\/08\/range-extender-2-113x75.jpg 113w, https:\/\/www.grazalemacycling.com\/wp-content\/uploads\/2022\/08\/range-extender-2.jpg 1200w\" sizes=\"auto, (max-width:767px) 480px, (max-width:1024px) 100vw, 1024px\" \/><\/a><\/figure>\n\n\n\n<figure class=\"wp-block-image size-large\"><a href=\"https:\/\/www.grazalemacycling.com\/wp-content\/uploads\/2022\/08\/range-extender-4-1-1024x683.jpg\"><img loading=\"lazy\" decoding=\"async\" width=\"1024\" height=\"683\" data-id=\"3606\" src=\"https:\/\/www.grazalemacycling.com\/wp-content\/uploads\/2022\/08\/range-extender-4-1-1024x683.jpg\" alt=\"Alquiler bicicleta el\u00e9ctrica en Grazalema (Andaluc\u00eda), bater\u00eda extra\" class=\"wp-image-3606\" srcset=\"https:\/\/www.grazalemacycling.com\/wp-content\/uploads\/2022\/08\/range-extender-4-1-1024x683.jpg 1024w, https:\/\/www.grazalemacycling.com\/wp-content\/uploads\/2022\/08\/range-extender-4-1-800x533.jpg 800w, https:\/\/www.grazalemacycling.com\/wp-content\/uploads\/2022\/08\/range-extender-4-1-300x200.jpg 300w, https:\/\/www.grazalemacycling.com\/wp-content\/uploads\/2022\/08\/range-extender-4-1-768x512.jpg 768w, https:\/\/www.grazalemacycling.com\/wp-content\/uploads\/2022\/08\/range-extender-4-1-219x146.jpg 219w, https:\/\/www.grazalemacycling.com\/wp-content\/uploads\/2022\/08\/range-extender-4-1-50x33.jpg 50w, https:\/\/www.grazalemacycling.com\/wp-content\/uploads\/2022\/08\/range-extender-4-1-113x75.jpg 113w, https:\/\/www.grazalemacycling.com\/wp-content\/uploads\/2022\/08\/range-extender-4-1.jpg 1200w\" sizes=\"auto, (max-width:767px) 480px, (max-width:1024px) 100vw, 1024px\" \/><\/a><\/figure>\n<\/figure>\n<\/div>\n\n\n\n<div class=\"wp-block-column is-vertically-aligned-top is-layout-flow wp-block-column-is-layout-flow\" style=\"flex-basis:50%\">\n<h4 class=\"wp-block-heading\"><font face=\"Roboto Slab\" size=\"+2\">Bater\u00eda extra<\/font><\/h4>\n\n\n\n<p>Si le interesa hacer una ruta m\u00e1s larga con esta bicicleta el\u00e9ctrica de alquiler o simplemente quiere tener la tranquilidad de no quedarse sin bater\u00eda por muy largas que sean las subidas o dura la ruta, entonces esta bater\u00eda extra ser\u00e1 una magn\u00edfica opci\u00f3n. Esta bater\u00eda se acopla a nuestras bicis de alquiler Orbea Gain F20 y casi duplica la autonom\u00eda de la propia bicicleta.<\/p>\n\n\n\n<p>Hay varios Pueblos Blancos a una distancia apropiada para visitarlos en bicicleta y, gracias a esta bater\u00eda extra, podr\u00e1 disfrutar del alquiler de una bici el\u00e9ctrica en Grazalema y descubrir varios de ellos sin tener la preocupaci\u00f3n de quedarse sin bater\u00eda para volver.<\/p>\n<\/div>\n<\/div>\n<\/div><\/div>\n\n\n\n<hr class=\"wp-block-separator has-alpha-channel-opacity is-style-dots\"\/>\n\n\n\n<div class=\"wp-block-columns is-layout-flex wp-container-core-columns-is-layout-9d6595d7 wp-block-columns-is-layout-flex\">\n<div class=\"wp-block-column is-layout-flow wp-block-column-is-layout-flow\">\n<h6 class=\"wp-block-heading\">Caracter\u00edsticas<\/h6>\n\n\n\n<ul class=\"wp-block-list\">\n<li>Se instala en el tubo vertical<\/li>\n\n\n\n<li>Sustituye unos de los bidones<\/li>\n\n\n\n<li>Aporta una capacidad extra de 208 Wh<\/li>\n<\/ul>\n<\/div>\n\n\n\n<div class=\"wp-block-column is-layout-flow wp-block-column-is-layout-flow\">\n<figure class=\"wp-block-table is-style-stripes\"><table><thead><tr><th>Precios range extender<\/th><th>Precio\/bici\/d\u00eda<\/th><\/tr><\/thead><tbody><tr><td>Primer d\u00eda<\/td><td>5,00\u20ac<\/td><\/tr><tr><td>D\u00edas consecutivos<\/td><td>2,50\u20ac<\/td><\/tr><\/tbody><\/table><\/figure>\n<\/div>\n<\/div>\n<\/div><\/div>\n\n\n\n<div class=\"wp-block-cover is-light\"><span aria-hidden=\"true\" class=\"wp-block-cover__background has-cyan-bluish-gray-background-color has-background-dim-10 has-background-dim\"><\/span><div class=\"wp-block-cover__inner-container is-layout-flow wp-block-cover-is-layout-flow\">\n<div class=\"wp-block-group\"><div class=\"wp-block-group__inner-container is-layout-constrained wp-block-group-is-layout-constrained\">\n<div style=\"height:35px\" aria-hidden=\"true\" class=\"wp-block-spacer\"><\/div>\n\n\n\n<div class=\"wp-block-columns is-layout-flex wp-container-core-columns-is-layout-9d6595d7 wp-block-columns-is-layout-flex\">\n<div class=\"wp-block-column is-vertically-aligned-center is-layout-flow wp-block-column-is-layout-flow\" style=\"flex-basis:50%\">\n<figure class=\"wp-block-gallery has-nested-images columns-default is-cropped wp-block-gallery-2 is-layout-flex wp-block-gallery-is-layout-flex\">\n<figure class=\"wp-block-image size-large\"><a href=\"https:\/\/www.grazalemacycling.com\/wp-content\/uploads\/2022\/10\/panniers-2-1024x683.jpg\"><img loading=\"lazy\" decoding=\"async\" width=\"1024\" height=\"683\" data-id=\"3579\" src=\"https:\/\/www.grazalemacycling.com\/wp-content\/uploads\/2022\/10\/panniers-2-1024x683.jpg\" alt=\"Alquiler bicicleta el\u00e9ctrica en Grazalema (Andaluc\u00eda) con alforjas\" class=\"wp-image-3579\" srcset=\"https:\/\/www.grazalemacycling.com\/wp-content\/uploads\/2022\/10\/panniers-2-1024x683.jpg 1024w, https:\/\/www.grazalemacycling.com\/wp-content\/uploads\/2022\/10\/panniers-2-800x533.jpg 800w, https:\/\/www.grazalemacycling.com\/wp-content\/uploads\/2022\/10\/panniers-2-300x200.jpg 300w, https:\/\/www.grazalemacycling.com\/wp-content\/uploads\/2022\/10\/panniers-2-768x512.jpg 768w, https:\/\/www.grazalemacycling.com\/wp-content\/uploads\/2022\/10\/panniers-2-219x146.jpg 219w, https:\/\/www.grazalemacycling.com\/wp-content\/uploads\/2022\/10\/panniers-2-50x33.jpg 50w, https:\/\/www.grazalemacycling.com\/wp-content\/uploads\/2022\/10\/panniers-2-113x75.jpg 113w, https:\/\/www.grazalemacycling.com\/wp-content\/uploads\/2022\/10\/panniers-2.jpg 1200w\" sizes=\"auto, (max-width:767px) 480px, (max-width:1024px) 100vw, 1024px\" \/><\/a><\/figure>\n\n\n\n<figure class=\"wp-block-image size-large\"><a href=\"https:\/\/www.grazalemacycling.com\/wp-content\/uploads\/2022\/10\/panniers-4-1024x683.jpg\"><img loading=\"lazy\" decoding=\"async\" width=\"1024\" height=\"683\" data-id=\"3585\" src=\"https:\/\/www.grazalemacycling.com\/wp-content\/uploads\/2022\/10\/panniers-4-1024x683.jpg\" alt=\"Alforjas para viajar en bicicleta en Grazalema, Andaluc\u00eda\" class=\"wp-image-3585\" srcset=\"https:\/\/www.grazalemacycling.com\/wp-content\/uploads\/2022\/10\/panniers-4-1024x683.jpg 1024w, https:\/\/www.grazalemacycling.com\/wp-content\/uploads\/2022\/10\/panniers-4-800x533.jpg 800w, https:\/\/www.grazalemacycling.com\/wp-content\/uploads\/2022\/10\/panniers-4-300x200.jpg 300w, https:\/\/www.grazalemacycling.com\/wp-content\/uploads\/2022\/10\/panniers-4-768x512.jpg 768w, https:\/\/www.grazalemacycling.com\/wp-content\/uploads\/2022\/10\/panniers-4-219x146.jpg 219w, https:\/\/www.grazalemacycling.com\/wp-content\/uploads\/2022\/10\/panniers-4-50x33.jpg 50w, https:\/\/www.grazalemacycling.com\/wp-content\/uploads\/2022\/10\/panniers-4-113x75.jpg 113w, https:\/\/www.grazalemacycling.com\/wp-content\/uploads\/2022\/10\/panniers-4.jpg 1200w\" sizes=\"auto, (max-width:767px) 480px, (max-width:1024px) 100vw, 1024px\" \/><\/a><\/figure>\n\n\n\n<figure class=\"wp-block-image size-large\"><a href=\"https:\/\/www.grazalemacycling.com\/wp-content\/uploads\/2022\/10\/panniers-3-1024x683.jpg\"><img loading=\"lazy\" decoding=\"async\" width=\"1024\" height=\"683\" data-id=\"3582\" src=\"https:\/\/www.grazalemacycling.com\/wp-content\/uploads\/2022\/10\/panniers-3-1024x683.jpg\" alt=\"Portaequipaje y alforjas para viajar en bicicleta\" class=\"wp-image-3582\" srcset=\"https:\/\/www.grazalemacycling.com\/wp-content\/uploads\/2022\/10\/panniers-3-1024x683.jpg 1024w, https:\/\/www.grazalemacycling.com\/wp-content\/uploads\/2022\/10\/panniers-3-800x533.jpg 800w, https:\/\/www.grazalemacycling.com\/wp-content\/uploads\/2022\/10\/panniers-3-300x200.jpg 300w, https:\/\/www.grazalemacycling.com\/wp-content\/uploads\/2022\/10\/panniers-3-768x512.jpg 768w, https:\/\/www.grazalemacycling.com\/wp-content\/uploads\/2022\/10\/panniers-3-219x146.jpg 219w, https:\/\/www.grazalemacycling.com\/wp-content\/uploads\/2022\/10\/panniers-3-50x33.jpg 50w, https:\/\/www.grazalemacycling.com\/wp-content\/uploads\/2022\/10\/panniers-3-113x75.jpg 113w, https:\/\/www.grazalemacycling.com\/wp-content\/uploads\/2022\/10\/panniers-3.jpg 1200w\" sizes=\"auto, (max-width:767px) 480px, (max-width:1024px) 100vw, 1024px\" \/><\/a><\/figure>\n\n\n\n<figure class=\"wp-block-image size-large\"><a href=\"https:\/\/www.grazalemacycling.com\/wp-content\/uploads\/2022\/10\/panniers-1024x683.jpg\"><img loading=\"lazy\" decoding=\"async\" width=\"1024\" height=\"683\" data-id=\"3576\" src=\"https:\/\/www.grazalemacycling.com\/wp-content\/uploads\/2022\/10\/panniers-1024x683.jpg\" alt=\"Alforjas para viajar en bicicleta\" class=\"wp-image-3576\" srcset=\"https:\/\/www.grazalemacycling.com\/wp-content\/uploads\/2022\/10\/panniers-1024x683.jpg 1024w, https:\/\/www.grazalemacycling.com\/wp-content\/uploads\/2022\/10\/panniers-800x533.jpg 800w, https:\/\/www.grazalemacycling.com\/wp-content\/uploads\/2022\/10\/panniers-300x200.jpg 300w, https:\/\/www.grazalemacycling.com\/wp-content\/uploads\/2022\/10\/panniers-768x512.jpg 768w, https:\/\/www.grazalemacycling.com\/wp-content\/uploads\/2022\/10\/panniers-219x146.jpg 219w, https:\/\/www.grazalemacycling.com\/wp-content\/uploads\/2022\/10\/panniers-50x33.jpg 50w, https:\/\/www.grazalemacycling.com\/wp-content\/uploads\/2022\/10\/panniers-113x75.jpg 113w, https:\/\/www.grazalemacycling.com\/wp-content\/uploads\/2022\/10\/panniers.jpg 1200w\" sizes=\"auto, (max-width:767px) 480px, (max-width:1024px) 100vw, 1024px\" \/><\/a><\/figure>\n<\/figure>\n<\/div>\n\n\n\n<div class=\"wp-block-column is-vertically-aligned-top is-layout-flow wp-block-column-is-layout-flow\" style=\"flex-basis:50%\">\n<h4 class=\"wp-block-heading\"><font face=\"Roboto Slab\" size=\"+2\">Portaequipaje y alforjas<\/font><\/h4>\n\n\n\n<p>Si planea hacer un viaje en bicicleta por Andaluc\u00eda, ir en bici de un pueblo a otro, entonces nuestro portaequipaje y alforjas le permitir\u00e1n llevar consigo todo lo que necesite. Pero no s\u00f3lo para un viaje de varios d\u00edas, tambi\u00e9n son muy \u00fatiles para una ruta de un d\u00eda en la Sierra de Grazalema ya que as\u00ed no tendr\u00e1 que cargar en su espalda la chaqueta, la comida, una c\u00e1mara de fotos, etc.<\/p>\n\n\n\n<p>Nosotros ofrecemos traslado de equipajes de un hotel a otro en la Sierra de Grazalema y en un \u00e1rea bastante amplia de Andaluc\u00eda, pero si le gusta llevar varias cosas consigo mientras va en bici o comprar algunos de los magn\u00edficos quesos y chacinas de la zona, entonces el portaequipaje y las alforjas son una excelente opci\u00f3n, que adem\u00e1s pueden ser instaladas tanto en nuestras bicis de alquiler de monta\u00f1a como en las bicis el\u00e9ctricas.<\/p>\n<\/div>\n<\/div>\n<\/div><\/div>\n\n\n\n<hr class=\"wp-block-separator has-alpha-channel-opacity is-style-dots\"\/>\n\n\n\n<div class=\"wp-block-columns is-layout-flex wp-container-core-columns-is-layout-9d6595d7 wp-block-columns-is-layout-flex\">\n<div class=\"wp-block-column is-layout-flow wp-block-column-is-layout-flow\">\n<h6 class=\"wp-block-heading\">Caracter\u00edsticas<\/h6>\n\n\n\n<ul class=\"wp-block-list\">\n<li>Portaequipaje con carga m\u00e1x. 25kg<\/li>\n\n\n\n<li><a href=\"https:\/\/www.basil.com\/en\/miles-tarpaulin-double-bicycle-bag-black-orange.html\" target=\"_blank\" rel=\"noreferrer noopener\">Alforjas Basil<\/a> de alta calidad e impermeables (2x17L)<\/li>\n\n\n\n<li>Transporta lo que necesite de forma c\u00f3moda<\/li>\n<\/ul>\n<\/div>\n\n\n\n<div class=\"wp-block-column is-layout-flow wp-block-column-is-layout-flow\">\n<figure class=\"wp-block-table is-style-stripes\"><table><thead><tr><th>Precios portabultos + alforjas<\/th><th>Precio\/bici\/d\u00eda<\/th><\/tr><\/thead><tbody><tr><td>Primer d\u00eda<\/td><td>12,50\u20ac<\/td><\/tr><tr><td>D\u00edas consecutivos<\/td><td>2,50\u20ac<\/td><\/tr><\/tbody><\/table><\/figure>\n<\/div>\n<\/div>\n<\/div><\/div>\n\n\n\n<div style=\"height:35px\" aria-hidden=\"true\" class=\"wp-block-spacer\"><\/div>\n\n\n\n<div class=\"wp-block-group alignfull\"><div class=\"wp-block-group__inner-container is-layout-flow wp-block-group-is-layout-flow\">\n<h4 class=\"wp-block-heading has-text-align-left has-black-color has-text-color\">Acesorios y opciones adicionales<\/h4>\n\n\n\n<div style=\"height:30px\" aria-hidden=\"true\" class=\"wp-block-spacer\"><\/div>\n\n\n\n<div class=\"wp-block-uagb-container uagb-block-65b96f95 alignwide uagb-is-root-container\">\n<div class=\"wp-block-uagb-container uagb-block-b435525e alignfull uagb-is-root-container\"><div class=\"uagb-container-inner-blocks-wrap\">\n<figure class=\"wp-block-image size-full is-resized is-style-default\"><img loading=\"lazy\" decoding=\"async\" width=\"512\" height=\"512\" src=\"https:\/\/www.grazalemacycling.com\/wp-content\/uploads\/2023\/01\/bike-helmet-icon-grazalema-cycling-adventures.png\" alt=\"\" class=\"wp-image-4463\" style=\"width:80px;height:80px\" srcset=\"https:\/\/www.grazalemacycling.com\/wp-content\/uploads\/2023\/01\/bike-helmet-icon-grazalema-cycling-adventures.png 512w, https:\/\/www.grazalemacycling.com\/wp-content\/uploads\/2023\/01\/bike-helmet-icon-grazalema-cycling-adventures-300x300.png 300w, https:\/\/www.grazalemacycling.com\/wp-content\/uploads\/2023\/01\/bike-helmet-icon-grazalema-cycling-adventures-150x150.png 150w, https:\/\/www.grazalemacycling.com\/wp-content\/uploads\/2023\/01\/bike-helmet-icon-grazalema-cycling-adventures-146x146.png 146w, https:\/\/www.grazalemacycling.com\/wp-content\/uploads\/2023\/01\/bike-helmet-icon-grazalema-cycling-adventures-50x50.png 50w, https:\/\/www.grazalemacycling.com\/wp-content\/uploads\/2023\/01\/bike-helmet-icon-grazalema-cycling-adventures-75x75.png 75w, https:\/\/www.grazalemacycling.com\/wp-content\/uploads\/2023\/01\/bike-helmet-icon-grazalema-cycling-adventures-85x85.png 85w, https:\/\/www.grazalemacycling.com\/wp-content\/uploads\/2023\/01\/bike-helmet-icon-grazalema-cycling-adventures-80x80.png 80w\" sizes=\"auto, (max-width:767px) 480px, 512px\" \/><\/figure>\n\n\n\n<div style=\"height:15px\" aria-hidden=\"true\" class=\"wp-block-spacer\"><\/div>\n\n\n\n<h5 class=\"wp-block-heading has-luminous-vivid-orange-color has-text-color\">Casco<\/h5>\n\n\n\n<ul class=\"wp-block-list\">\n<li>Obligatorio en Espa\u00f1a<\/li>\n\n\n\n<li>Alquiler:\n\n\n\n\n\n\n\n\n\n\n\n\n\n\n\n\n\n\n\n\n\n\n\n\n\n\n\n\n\n\n\n\n\n\n<ul class=\"wp-block-list\">\n<li>1 o 2 d\u00edas: 3,00\u20ac\/casco\/d\u00eda<\/li>\n<\/ul>\n\n\n\n<ul class=\"wp-block-list\">\n<li>3 o 4 d\u00edas: 2,70\u20ac\/casco\/d\u00eda<\/li>\n\n\n\n<li>5 o 6 d\u00edas: 2,55\u20ac\/casco\/d\u00eda<\/li>\n\n\n\n<li>7 d\u00edas o m\u00e1s: 2,40\u20ac\/casco\/d\u00eda<\/li>\n\n\n\n<li>10 d\u00edas o m\u00e1s: 2,25\u20ac\/casco\/d\u00eda<\/li>\n\n\n\n<li>14 d\u00edas o m\u00e1s: 2,10\u20ac\/casco\/d\u00eda<\/li>\n<\/ul>\n<\/li>\n<\/ul>\n<\/div><\/div>\n\n\n\n<div class=\"wp-block-uagb-container uagb-block-18156bca alignfull uagb-is-root-container\"><div class=\"uagb-container-inner-blocks-wrap\">\n<figure class=\"wp-block-image size-thumbnail is-resized is-style-default\"><img loading=\"lazy\" decoding=\"async\" width=\"150\" height=\"150\" src=\"https:\/\/www.grazalemacycling.com\/wp-content\/uploads\/2023\/01\/navigation-icon-grazalema-cycling-adventures-150x150.png\" alt=\"\" class=\"wp-image-4435\" style=\"width:80px;height:80px\" srcset=\"https:\/\/www.grazalemacycling.com\/wp-content\/uploads\/2023\/01\/navigation-icon-grazalema-cycling-adventures-150x150.png 150w, https:\/\/www.grazalemacycling.com\/wp-content\/uploads\/2023\/01\/navigation-icon-grazalema-cycling-adventures-300x300.png 300w, https:\/\/www.grazalemacycling.com\/wp-content\/uploads\/2023\/01\/navigation-icon-grazalema-cycling-adventures-146x146.png 146w, https:\/\/www.grazalemacycling.com\/wp-content\/uploads\/2023\/01\/navigation-icon-grazalema-cycling-adventures-50x50.png 50w, https:\/\/www.grazalemacycling.com\/wp-content\/uploads\/2023\/01\/navigation-icon-grazalema-cycling-adventures-75x75.png 75w, https:\/\/www.grazalemacycling.com\/wp-content\/uploads\/2023\/01\/navigation-icon-grazalema-cycling-adventures-85x85.png 85w, https:\/\/www.grazalemacycling.com\/wp-content\/uploads\/2023\/01\/navigation-icon-grazalema-cycling-adventures-80x80.png 80w, https:\/\/www.grazalemacycling.com\/wp-content\/uploads\/2023\/01\/navigation-icon-grazalema-cycling-adventures.png 512w\" sizes=\"auto, (max-width:767px) 150px, 150px\" \/><\/figure>\n\n\n\n<div style=\"height:15px\" aria-hidden=\"true\" class=\"wp-block-spacer\"><\/div>\n\n\n\n<h5 class=\"wp-block-heading has-luminous-vivid-orange-color has-text-color\">Dispositivo GPS con navegaci\u00f3n<\/h5>\n\n\n\n<ul class=\"wp-block-list\">\n<li>Siga la ruta de su elecci\u00f3n f\u00e1cilmente desde la pantalla.<\/li>\n\n\n\n<li>Alquiler: \n<ul class=\"wp-block-list\">\n<li>1 o 2 d\u00edas: 5,00\u20ac\/GPS\/d\u00eda<\/li>\n\n\n\n<li>3 o 4 d\u00edas: 4,50\u20ac\/GPS\/d\u00eda<\/li>\n\n\n\n<li>5 o 6 d\u00edas: 4,25\u20ac\/GPS\/d\u00eda<\/li>\n\n\n\n<li>7 d\u00edas o m\u00e1s: 4,00\u20ac\/GPS\/d\u00eda<\/li>\n\n\n\n<li>10 d\u00edas o m\u00e1s: 3,75\u20ac\/GPS\/d\u00eda<\/li>\n\n\n\n<li>14 d\u00edas o m\u00e1s: 3,50\u20ac\/GPS\/d\u00eda<\/li>\n<\/ul>\n<\/li>\n<\/ul>\n<\/div><\/div>\n\n\n\n<div class=\"wp-block-uagb-container uagb-block-2d32138f alignfull uagb-is-root-container\"><div class=\"uagb-container-inner-blocks-wrap\">\n<figure class=\"wp-block-image size-thumbnail is-resized is-style-rounded\"><img loading=\"lazy\" decoding=\"async\" width=\"150\" height=\"150\" src=\"https:\/\/www.grazalemacycling.com\/wp-content\/uploads\/2023\/01\/luggage-transfers-andalucia-grazalema-cycling-adventures-150x150.png\" alt=\"\" class=\"wp-image-4576\" style=\"width:80px;height:80px\" srcset=\"https:\/\/www.grazalemacycling.com\/wp-content\/uploads\/2023\/01\/luggage-transfers-andalucia-grazalema-cycling-adventures-150x150.png 150w, https:\/\/www.grazalemacycling.com\/wp-content\/uploads\/2023\/01\/luggage-transfers-andalucia-grazalema-cycling-adventures-300x300.png 300w, https:\/\/www.grazalemacycling.com\/wp-content\/uploads\/2023\/01\/luggage-transfers-andalucia-grazalema-cycling-adventures-146x146.png 146w, https:\/\/www.grazalemacycling.com\/wp-content\/uploads\/2023\/01\/luggage-transfers-andalucia-grazalema-cycling-adventures-50x50.png 50w, https:\/\/www.grazalemacycling.com\/wp-content\/uploads\/2023\/01\/luggage-transfers-andalucia-grazalema-cycling-adventures-75x75.png 75w, https:\/\/www.grazalemacycling.com\/wp-content\/uploads\/2023\/01\/luggage-transfers-andalucia-grazalema-cycling-adventures-85x85.png 85w, https:\/\/www.grazalemacycling.com\/wp-content\/uploads\/2023\/01\/luggage-transfers-andalucia-grazalema-cycling-adventures-80x80.png 80w, https:\/\/www.grazalemacycling.com\/wp-content\/uploads\/2023\/01\/luggage-transfers-andalucia-grazalema-cycling-adventures.png 512w\" sizes=\"auto, (max-width:767px) 150px, 150px\" \/><\/figure>\n\n\n\n<div style=\"height:15px\" aria-hidden=\"true\" class=\"wp-block-spacer\"><\/div>\n\n\n\n<h5 class=\"wp-block-heading has-luminous-vivid-orange-color has-text-color\">Transporte de equipaje<\/h5>\n\n\n\n<ul class=\"wp-block-list\">\n<li>Viaje en bici por los pueblos blancos c\u00f3modamente. <\/li>\n\n\n\n<li>Sus maletas le esperar\u00e1n en el siguiente destino<\/li>\n\n\n\n<li>Traslados a medida de sus preferencias<\/li>\n\n\n\n<li><a href=\"https:\/\/www.grazalemacycling.com\/es\/contacto\/\">Cont\u00e1ctenos<\/a> para m\u00e1s informaci\u00f3n.<\/li>\n<\/ul>\n<\/div><\/div>\n<\/div>\n\n\n\n<div style=\"height:20px\" aria-hidden=\"true\" class=\"wp-block-spacer\"><\/div>\n\n\n\n<div class=\"wp-block-uagb-container uagb-block-995835f5 alignwide uagb-is-root-container\">\n<div class=\"wp-block-uagb-container uagb-block-f4c83331 alignfull uagb-is-root-container\"><div class=\"uagb-container-inner-blocks-wrap\">\n<figure class=\"wp-block-image size-full is-resized is-style-default\"><img loading=\"lazy\" decoding=\"async\" width=\"512\" height=\"512\" src=\"https:\/\/www.grazalemacycling.com\/wp-content\/uploads\/2023\/01\/water-bottle-icon-grazalema-cycling-adventures.png\" alt=\"\" class=\"wp-image-4457\" style=\"width:80px;height:80px\" srcset=\"https:\/\/www.grazalemacycling.com\/wp-content\/uploads\/2023\/01\/water-bottle-icon-grazalema-cycling-adventures.png 512w, https:\/\/www.grazalemacycling.com\/wp-content\/uploads\/2023\/01\/water-bottle-icon-grazalema-cycling-adventures-300x300.png 300w, https:\/\/www.grazalemacycling.com\/wp-content\/uploads\/2023\/01\/water-bottle-icon-grazalema-cycling-adventures-150x150.png 150w, https:\/\/www.grazalemacycling.com\/wp-content\/uploads\/2023\/01\/water-bottle-icon-grazalema-cycling-adventures-146x146.png 146w, https:\/\/www.grazalemacycling.com\/wp-content\/uploads\/2023\/01\/water-bottle-icon-grazalema-cycling-adventures-50x50.png 50w, https:\/\/www.grazalemacycling.com\/wp-content\/uploads\/2023\/01\/water-bottle-icon-grazalema-cycling-adventures-75x75.png 75w, https:\/\/www.grazalemacycling.com\/wp-content\/uploads\/2023\/01\/water-bottle-icon-grazalema-cycling-adventures-85x85.png 85w, https:\/\/www.grazalemacycling.com\/wp-content\/uploads\/2023\/01\/water-bottle-icon-grazalema-cycling-adventures-80x80.png 80w\" sizes=\"auto, (max-width:767px) 480px, 512px\" \/><\/figure>\n\n\n\n<div style=\"height:15px\" aria-hidden=\"true\" class=\"wp-block-spacer\"><\/div>\n\n\n\n<h5 class=\"wp-block-heading has-luminous-vivid-orange-color has-text-color\">Bidones<\/h5>\n\n\n\n<ul class=\"wp-block-list\">\n<li>Incluido con alquiler bicicletas<\/li>\n\n\n\n<li>Bidones nuevos en venta en tienda<\/li>\n<\/ul>\n<\/div><\/div>\n\n\n\n<div class=\"wp-block-uagb-container uagb-block-93305a80 alignfull uagb-is-root-container\"><div class=\"uagb-container-inner-blocks-wrap\">\n<figure class=\"wp-block-image size-full is-resized is-style-rounded\"><img loading=\"lazy\" decoding=\"async\" width=\"512\" height=\"512\" src=\"https:\/\/www.grazalemacycling.com\/wp-content\/uploads\/2023\/01\/guided-ride-icon-grazalema-cycling-adventures.png\" alt=\"\" class=\"wp-image-4471\" style=\"width:80px;height:80px\" srcset=\"https:\/\/www.grazalemacycling.com\/wp-content\/uploads\/2023\/01\/guided-ride-icon-grazalema-cycling-adventures.png 512w, https:\/\/www.grazalemacycling.com\/wp-content\/uploads\/2023\/01\/guided-ride-icon-grazalema-cycling-adventures-300x300.png 300w, https:\/\/www.grazalemacycling.com\/wp-content\/uploads\/2023\/01\/guided-ride-icon-grazalema-cycling-adventures-150x150.png 150w, https:\/\/www.grazalemacycling.com\/wp-content\/uploads\/2023\/01\/guided-ride-icon-grazalema-cycling-adventures-146x146.png 146w, https:\/\/www.grazalemacycling.com\/wp-content\/uploads\/2023\/01\/guided-ride-icon-grazalema-cycling-adventures-50x50.png 50w, https:\/\/www.grazalemacycling.com\/wp-content\/uploads\/2023\/01\/guided-ride-icon-grazalema-cycling-adventures-75x75.png 75w, https:\/\/www.grazalemacycling.com\/wp-content\/uploads\/2023\/01\/guided-ride-icon-grazalema-cycling-adventures-85x85.png 85w, https:\/\/www.grazalemacycling.com\/wp-content\/uploads\/2023\/01\/guided-ride-icon-grazalema-cycling-adventures-80x80.png 80w\" sizes=\"auto, (max-width:767px) 480px, 512px\" \/><\/figure>\n\n\n\n<div style=\"height:15px\" aria-hidden=\"true\" class=\"wp-block-spacer\"><\/div>\n\n\n\n<h5 class=\"wp-block-heading has-luminous-vivid-orange-color has-text-color\">Ruta guiada<\/h5>\n\n\n\n<ul class=\"wp-block-list\">\n<li>Rutas guiadas privadas, adaptadas a sus preferencias y habilidades. <\/li>\n\n\n\n<li>Ver <a href=\"https:\/\/www.grazalemacycling.com\/es\/ciclismo-andalucia-rutas-en-bici-sierra-de-grazalema\/\">listado de precios<\/a><\/li>\n<\/ul>\n<\/div><\/div>\n\n\n\n<div class=\"wp-block-uagb-container uagb-block-7ba81294 alignfull uagb-is-root-container\"><div class=\"uagb-container-inner-blocks-wrap\">\n<figure class=\"wp-block-image size-full is-resized is-style-default\"><img loading=\"lazy\" decoding=\"async\" width=\"512\" height=\"512\" src=\"https:\/\/www.grazalemacycling.com\/wp-content\/uploads\/2023\/01\/bike-delivery-icon-grazalema-cycling-adventures.png\" alt=\"\" class=\"wp-image-4486\" style=\"width:80px;height:80px\" srcset=\"https:\/\/www.grazalemacycling.com\/wp-content\/uploads\/2023\/01\/bike-delivery-icon-grazalema-cycling-adventures.png 512w, https:\/\/www.grazalemacycling.com\/wp-content\/uploads\/2023\/01\/bike-delivery-icon-grazalema-cycling-adventures-100x100.png 100w, https:\/\/www.grazalemacycling.com\/wp-content\/uploads\/2023\/01\/bike-delivery-icon-grazalema-cycling-adventures-300x300.png 300w, https:\/\/www.grazalemacycling.com\/wp-content\/uploads\/2023\/01\/bike-delivery-icon-grazalema-cycling-adventures-150x150.png 150w, https:\/\/www.grazalemacycling.com\/wp-content\/uploads\/2023\/01\/bike-delivery-icon-grazalema-cycling-adventures-146x146.png 146w, https:\/\/www.grazalemacycling.com\/wp-content\/uploads\/2023\/01\/bike-delivery-icon-grazalema-cycling-adventures-50x50.png 50w, https:\/\/www.grazalemacycling.com\/wp-content\/uploads\/2023\/01\/bike-delivery-icon-grazalema-cycling-adventures-75x75.png 75w, https:\/\/www.grazalemacycling.com\/wp-content\/uploads\/2023\/01\/bike-delivery-icon-grazalema-cycling-adventures-85x85.png 85w, https:\/\/www.grazalemacycling.com\/wp-content\/uploads\/2023\/01\/bike-delivery-icon-grazalema-cycling-adventures-80x80.png 80w\" sizes=\"auto, (max-width:767px) 480px, 512px\" \/><\/figure>\n\n\n\n<div style=\"height:15px\" aria-hidden=\"true\" class=\"wp-block-spacer\"><\/div>\n\n\n\n<h5 class=\"wp-block-heading has-luminous-vivid-orange-color has-text-color\">Entrega y recogida<\/h5>\n\n\n\n<ul class=\"wp-block-list\">\n<li>Entrega y recogida de bicicletas de alquiler en su alojamiento. <\/li>\n\n\n\n<li>Ver <a href=\"https:\/\/www.grazalemacycling.com\/es\/alquiler-bicicletas-sierra-de-grazalema-cadiz-andalucia\/transporte-bicicletas-de-alquiler\/\">listado de precios<\/a><\/li>\n<\/ul>\n<\/div><\/div>\n<\/div>\n<\/div><\/div>\n","protected":false},"excerpt":{"rendered":"","protected":false},"author":2,"featured_media":0,"parent":4867,"menu_order":0,"comment_status":"closed","ping_status":"closed","template":"","meta":{"_uag_custom_page_level_css":"","footnotes":""},"class_list":["post-3851","page","type-page","status-publish","hentry"],"yoast_head":"<!-- This site is optimized with the Yoast SEO plugin v26.6 - https:\/\/yoast.com\/wordpress\/plugins\/seo\/ -->\n<title>Alquiler de bicicletas el\u00e9ctricas en la Sierra de Grazalema (C\u00e1diz)<\/title>\n<meta name=\"description\" content=\"Alquiler de bicicletas el\u00e9ctricas en Grazalema (Andaluc\u00eda) para descubrir los rincones m\u00e1s bonitos del Parque Natural Sierra de Grazalema.\" \/>\n<meta name=\"robots\" content=\"index, follow, max-snippet:-1, max-image-preview:large, max-video-preview:-1\" \/>\n<link rel=\"canonical\" href=\"https:\/\/www.grazalemacycling.com\/es\/alquiler-bicicletas-sierra-de-grazalema-cadiz-andalucia\/alquiler-bicicletas-electricas\/\" \/>\n<meta property=\"og:locale\" content=\"es_ES\" \/>\n<meta property=\"og:type\" content=\"article\" \/>\n<meta property=\"og:title\" content=\"Alquiler de bicicletas el\u00e9ctricas en la Sierra de Grazalema (C\u00e1diz)\" \/>\n<meta property=\"og:description\" content=\"Alquiler de bicicletas el\u00e9ctricas en Grazalema (Andaluc\u00eda) para descubrir los rincones m\u00e1s bonitos del Parque Natural Sierra de Grazalema.\" \/>\n<meta property=\"og:url\" content=\"https:\/\/www.grazalemacycling.com\/es\/alquiler-bicicletas-sierra-de-grazalema-cadiz-andalucia\/alquiler-bicicletas-electricas\/\" \/>\n<meta property=\"og:site_name\" content=\"Grazalema Cycling Adventures\" \/>\n<meta property=\"article:publisher\" content=\"https:\/\/www.facebook.com\/grazalemacycling\/\" \/>\n<meta property=\"article:modified_time\" content=\"2026-01-05T21:11:37+00:00\" \/>\n<meta property=\"og:image\" content=\"https:\/\/www.grazalemacycling.com\/wp-content\/uploads\/2023\/01\/IMG-20190108-WA0002-002.jpg\" \/>\n\t<meta property=\"og:image:width\" content=\"1287\" \/>\n\t<meta property=\"og:image:height\" content=\"724\" \/>\n\t<meta property=\"og:image:type\" content=\"image\/jpeg\" \/>\n<meta name=\"twitter:card\" content=\"summary_large_image\" \/>\n<meta name=\"twitter:label1\" content=\"Tiempo de lectura\" \/>\n\t<meta name=\"twitter:data1\" content=\"8 minutos\" \/>\n<script type=\"application\/ld+json\" class=\"yoast-schema-graph\">{\"@context\":\"https:\/\/schema.org\",\"@graph\":[{\"@type\":\"WebPage\",\"@id\":\"https:\/\/www.grazalemacycling.com\/es\/alquiler-bicicletas-sierra-de-grazalema-cadiz-andalucia\/alquiler-bicicletas-electricas\/\",\"url\":\"https:\/\/www.grazalemacycling.com\/es\/alquiler-bicicletas-sierra-de-grazalema-cadiz-andalucia\/alquiler-bicicletas-electricas\/\",\"name\":\"Alquiler de bicicletas el\u00e9ctricas en la Sierra de Grazalema (C\u00e1diz)\",\"isPartOf\":{\"@id\":\"https:\/\/www.grazalemacycling.com\/es\/#website\"},\"primaryImageOfPage\":{\"@id\":\"https:\/\/www.grazalemacycling.com\/es\/alquiler-bicicletas-sierra-de-grazalema-cadiz-andalucia\/alquiler-bicicletas-electricas\/#primaryimage\"},\"image\":{\"@id\":\"https:\/\/www.grazalemacycling.com\/es\/alquiler-bicicletas-sierra-de-grazalema-cadiz-andalucia\/alquiler-bicicletas-electricas\/#primaryimage\"},\"thumbnailUrl\":\"https:\/\/www.grazalemacycling.com\/wp-content\/uploads\/2023\/01\/IMG-20190108-WA0002-002-1024x576.jpg\",\"datePublished\":\"2022-11-07T14:57:20+00:00\",\"dateModified\":\"2026-01-05T21:11:37+00:00\",\"description\":\"Alquiler de bicicletas el\u00e9ctricas en Grazalema (Andaluc\u00eda) para descubrir los rincones m\u00e1s bonitos del Parque Natural Sierra de Grazalema.\",\"breadcrumb\":{\"@id\":\"https:\/\/www.grazalemacycling.com\/es\/alquiler-bicicletas-sierra-de-grazalema-cadiz-andalucia\/alquiler-bicicletas-electricas\/#breadcrumb\"},\"inLanguage\":\"es\",\"potentialAction\":[{\"@type\":\"ReadAction\",\"target\":[\"https:\/\/www.grazalemacycling.com\/es\/alquiler-bicicletas-sierra-de-grazalema-cadiz-andalucia\/alquiler-bicicletas-electricas\/\"]}]},{\"@type\":\"ImageObject\",\"inLanguage\":\"es\",\"@id\":\"https:\/\/www.grazalemacycling.com\/es\/alquiler-bicicletas-sierra-de-grazalema-cadiz-andalucia\/alquiler-bicicletas-electricas\/#primaryimage\",\"url\":\"https:\/\/www.grazalemacycling.com\/wp-content\/uploads\/2023\/01\/IMG-20190108-WA0002-002-1024x576.jpg\",\"contentUrl\":\"https:\/\/www.grazalemacycling.com\/wp-content\/uploads\/2023\/01\/IMG-20190108-WA0002-002-1024x576.jpg\"},{\"@type\":\"BreadcrumbList\",\"@id\":\"https:\/\/www.grazalemacycling.com\/es\/alquiler-bicicletas-sierra-de-grazalema-cadiz-andalucia\/alquiler-bicicletas-electricas\/#breadcrumb\",\"itemListElement\":[{\"@type\":\"ListItem\",\"position\":1,\"name\":\"Home\",\"item\":\"https:\/\/www.grazalemacycling.com\/es\/\"},{\"@type\":\"ListItem\",\"position\":2,\"name\":\"Alquiler de bicicletas en Grazalema (C\u00e1diz, Andaluc\u00eda)\",\"item\":\"https:\/\/www.grazalemacycling.com\/es\/alquiler-bicicletas-sierra-de-grazalema-cadiz-andalucia\/\"},{\"@type\":\"ListItem\",\"position\":3,\"name\":\"Alquiler bicicletas el\u00e9ctricas en Sierra de Grazalema, Andaluc\u00eda (C\u00e1diz, Sevilla y M\u00e1laga)\"}]},{\"@type\":\"WebSite\",\"@id\":\"https:\/\/www.grazalemacycling.com\/es\/#website\",\"url\":\"https:\/\/www.grazalemacycling.com\/es\/\",\"name\":\"Grazalema Cycling Adventures\",\"description\":\"Bike Rental, Guided Rides &amp; Routes\",\"publisher\":{\"@id\":\"https:\/\/www.grazalemacycling.com\/es\/#organization\"},\"potentialAction\":[{\"@type\":\"SearchAction\",\"target\":{\"@type\":\"EntryPoint\",\"urlTemplate\":\"https:\/\/www.grazalemacycling.com\/es\/?s={search_term_string}\"},\"query-input\":{\"@type\":\"PropertyValueSpecification\",\"valueRequired\":true,\"valueName\":\"search_term_string\"}}],\"inLanguage\":\"es\"},{\"@type\":\"Organization\",\"@id\":\"https:\/\/www.grazalemacycling.com\/es\/#organization\",\"name\":\"Grazalema Cycling Adventures\",\"url\":\"https:\/\/www.grazalemacycling.com\/es\/\",\"logo\":{\"@type\":\"ImageObject\",\"inLanguage\":\"es\",\"@id\":\"https:\/\/www.grazalemacycling.com\/es\/#\/schema\/logo\/image\/\",\"url\":\"https:\/\/www.grazalemacycling.com\/wp-content\/uploads\/2018\/12\/logo_web_retina-1.png\",\"contentUrl\":\"https:\/\/www.grazalemacycling.com\/wp-content\/uploads\/2018\/12\/logo_web_retina-1.png\",\"width\":675,\"height\":161,\"caption\":\"Grazalema Cycling Adventures\"},\"image\":{\"@id\":\"https:\/\/www.grazalemacycling.com\/es\/#\/schema\/logo\/image\/\"},\"sameAs\":[\"https:\/\/www.facebook.com\/grazalemacycling\/\",\"https:\/\/www.instagram.com\/grazalemacyclingadventures\/\"]}]}<\/script>\n<!-- \/ Yoast SEO plugin. -->","yoast_head_json":{"title":"Alquiler de bicicletas el\u00e9ctricas en la Sierra de Grazalema (C\u00e1diz)","description":"Alquiler de bicicletas el\u00e9ctricas en Grazalema (Andaluc\u00eda) para descubrir los rincones m\u00e1s bonitos del Parque Natural Sierra de Grazalema.","robots":{"index":"index","follow":"follow","max-snippet":"max-snippet:-1","max-image-preview":"max-image-preview:large","max-video-preview":"max-video-preview:-1"},"canonical":"https:\/\/www.grazalemacycling.com\/es\/alquiler-bicicletas-sierra-de-grazalema-cadiz-andalucia\/alquiler-bicicletas-electricas\/","og_locale":"es_ES","og_type":"article","og_title":"Alquiler de bicicletas el\u00e9ctricas en la Sierra de Grazalema (C\u00e1diz)","og_description":"Alquiler de bicicletas el\u00e9ctricas en Grazalema (Andaluc\u00eda) para descubrir los rincones m\u00e1s bonitos del Parque Natural Sierra de Grazalema.","og_url":"https:\/\/www.grazalemacycling.com\/es\/alquiler-bicicletas-sierra-de-grazalema-cadiz-andalucia\/alquiler-bicicletas-electricas\/","og_site_name":"Grazalema Cycling Adventures","article_publisher":"https:\/\/www.facebook.com\/grazalemacycling\/","article_modified_time":"2026-01-05T21:11:37+00:00","og_image":[{"width":1287,"height":724,"url":"https:\/\/www.grazalemacycling.com\/wp-content\/uploads\/2023\/01\/IMG-20190108-WA0002-002.jpg","type":"image\/jpeg"}],"twitter_card":"summary_large_image","twitter_misc":{"Tiempo de lectura":"8 minutos"},"schema":{"@context":"https:\/\/schema.org","@graph":[{"@type":"WebPage","@id":"https:\/\/www.grazalemacycling.com\/es\/alquiler-bicicletas-sierra-de-grazalema-cadiz-andalucia\/alquiler-bicicletas-electricas\/","url":"https:\/\/www.grazalemacycling.com\/es\/alquiler-bicicletas-sierra-de-grazalema-cadiz-andalucia\/alquiler-bicicletas-electricas\/","name":"Alquiler de bicicletas el\u00e9ctricas en la Sierra de Grazalema (C\u00e1diz)","isPartOf":{"@id":"https:\/\/www.grazalemacycling.com\/es\/#website"},"primaryImageOfPage":{"@id":"https:\/\/www.grazalemacycling.com\/es\/alquiler-bicicletas-sierra-de-grazalema-cadiz-andalucia\/alquiler-bicicletas-electricas\/#primaryimage"},"image":{"@id":"https:\/\/www.grazalemacycling.com\/es\/alquiler-bicicletas-sierra-de-grazalema-cadiz-andalucia\/alquiler-bicicletas-electricas\/#primaryimage"},"thumbnailUrl":"https:\/\/www.grazalemacycling.com\/wp-content\/uploads\/2023\/01\/IMG-20190108-WA0002-002-1024x576.jpg","datePublished":"2022-11-07T14:57:20+00:00","dateModified":"2026-01-05T21:11:37+00:00","description":"Alquiler de bicicletas el\u00e9ctricas en Grazalema (Andaluc\u00eda) para descubrir los rincones m\u00e1s bonitos del Parque Natural Sierra de Grazalema.","breadcrumb":{"@id":"https:\/\/www.grazalemacycling.com\/es\/alquiler-bicicletas-sierra-de-grazalema-cadiz-andalucia\/alquiler-bicicletas-electricas\/#breadcrumb"},"inLanguage":"es","potentialAction":[{"@type":"ReadAction","target":["https:\/\/www.grazalemacycling.com\/es\/alquiler-bicicletas-sierra-de-grazalema-cadiz-andalucia\/alquiler-bicicletas-electricas\/"]}]},{"@type":"ImageObject","inLanguage":"es","@id":"https:\/\/www.grazalemacycling.com\/es\/alquiler-bicicletas-sierra-de-grazalema-cadiz-andalucia\/alquiler-bicicletas-electricas\/#primaryimage","url":"https:\/\/www.grazalemacycling.com\/wp-content\/uploads\/2023\/01\/IMG-20190108-WA0002-002-1024x576.jpg","contentUrl":"https:\/\/www.grazalemacycling.com\/wp-content\/uploads\/2023\/01\/IMG-20190108-WA0002-002-1024x576.jpg"},{"@type":"BreadcrumbList","@id":"https:\/\/www.grazalemacycling.com\/es\/alquiler-bicicletas-sierra-de-grazalema-cadiz-andalucia\/alquiler-bicicletas-electricas\/#breadcrumb","itemListElement":[{"@type":"ListItem","position":1,"name":"Home","item":"https:\/\/www.grazalemacycling.com\/es\/"},{"@type":"ListItem","position":2,"name":"Alquiler de bicicletas en Grazalema (C\u00e1diz, Andaluc\u00eda)","item":"https:\/\/www.grazalemacycling.com\/es\/alquiler-bicicletas-sierra-de-grazalema-cadiz-andalucia\/"},{"@type":"ListItem","position":3,"name":"Alquiler bicicletas el\u00e9ctricas en Sierra de Grazalema, Andaluc\u00eda (C\u00e1diz, Sevilla y M\u00e1laga)"}]},{"@type":"WebSite","@id":"https:\/\/www.grazalemacycling.com\/es\/#website","url":"https:\/\/www.grazalemacycling.com\/es\/","name":"Grazalema Cycling Adventures","description":"Bike Rental, Guided Rides &amp; Routes","publisher":{"@id":"https:\/\/www.grazalemacycling.com\/es\/#organization"},"potentialAction":[{"@type":"SearchAction","target":{"@type":"EntryPoint","urlTemplate":"https:\/\/www.grazalemacycling.com\/es\/?s={search_term_string}"},"query-input":{"@type":"PropertyValueSpecification","valueRequired":true,"valueName":"search_term_string"}}],"inLanguage":"es"},{"@type":"Organization","@id":"https:\/\/www.grazalemacycling.com\/es\/#organization","name":"Grazalema Cycling Adventures","url":"https:\/\/www.grazalemacycling.com\/es\/","logo":{"@type":"ImageObject","inLanguage":"es","@id":"https:\/\/www.grazalemacycling.com\/es\/#\/schema\/logo\/image\/","url":"https:\/\/www.grazalemacycling.com\/wp-content\/uploads\/2018\/12\/logo_web_retina-1.png","contentUrl":"https:\/\/www.grazalemacycling.com\/wp-content\/uploads\/2018\/12\/logo_web_retina-1.png","width":675,"height":161,"caption":"Grazalema Cycling Adventures"},"image":{"@id":"https:\/\/www.grazalemacycling.com\/es\/#\/schema\/logo\/image\/"},"sameAs":["https:\/\/www.facebook.com\/grazalemacycling\/","https:\/\/www.instagram.com\/grazalemacyclingadventures\/"]}]}},"uagb_featured_image_src":{"full":false,"thumbnail":false,"medium":false,"medium_large":false,"large":false,"1536x1536":false,"2048x2048":false,"be_thumbnail":false,"be_clients":false,"slider-content":false,"portfolio-mf":false,"portfolio-mf-w":false,"portfolio-mf-t":false,"portfolio-list":false,"blog-portfolio":false,"blog-single":false,"mobile-srcset":false,"woocommerce_thumbnail":false,"woocommerce_single":false,"woocommerce_gallery_thumbnail":false},"uagb_author_info":{"display_name":"Agnieta Francke","author_link":"https:\/\/www.grazalemacycling.com\/es\/author\/agnieta\/"},"uagb_comment_info":0,"uagb_excerpt":null,"_links":{"self":[{"href":"https:\/\/www.grazalemacycling.com\/es\/wp-json\/wp\/v2\/pages\/3851","targetHints":{"allow":["GET"]}}],"collection":[{"href":"https:\/\/www.grazalemacycling.com\/es\/wp-json\/wp\/v2\/pages"}],"about":[{"href":"https:\/\/www.grazalemacycling.com\/es\/wp-json\/wp\/v2\/types\/page"}],"author":[{"embeddable":true,"href":"https:\/\/www.grazalemacycling.com\/es\/wp-json\/wp\/v2\/users\/2"}],"replies":[{"embeddable":true,"href":"https:\/\/www.grazalemacycling.com\/es\/wp-json\/wp\/v2\/comments?post=3851"}],"version-history":[{"count":25,"href":"https:\/\/www.grazalemacycling.com\/es\/wp-json\/wp\/v2\/pages\/3851\/revisions"}],"predecessor-version":[{"id":6083,"href":"https:\/\/www.grazalemacycling.com\/es\/wp-json\/wp\/v2\/pages\/3851\/revisions\/6083"}],"up":[{"embeddable":true,"href":"https:\/\/www.grazalemacycling.com\/es\/wp-json\/wp\/v2\/pages\/4867"}],"wp:attachment":[{"href":"https:\/\/www.grazalemacycling.com\/es\/wp-json\/wp\/v2\/media?parent=3851"}],"curies":[{"name":"wp","href":"https:\/\/api.w.org\/{rel}","templated":true}]}}