{"id":4375,"date":"2023-01-02T18:44:42","date_gmt":"2023-01-02T18:44:42","guid":{"rendered":"https:\/\/www.grazalemacycling.com\/alquiler-bicicletas-sierra-de-grazalema-cadiz-andalucia\/road-bike-hire\/"},"modified":"2026-01-05T19:47:34","modified_gmt":"2026-01-05T19:47:34","slug":"alquiler-bicicletas-de-carretera","status":"publish","type":"page","link":"https:\/\/www.grazalemacycling.com\/es\/alquiler-bicicletas-sierra-de-grazalema-cadiz-andalucia\/alquiler-bicicletas-de-carretera\/","title":{"rendered":"Alquiler de bicicletas de carretera en Grazalema (C\u00e1diz, Sevilla, M\u00e1laga)"},"content":{"rendered":"\n<div class=\"wp-block-cover is-light\"><span aria-hidden=\"true\" class=\"wp-block-cover__background has-background-dim-0 has-background-dim\"><\/span><div class=\"wp-block-cover__inner-container is-layout-flow wp-block-cover-is-layout-flow\">\n<div class=\"wp-block-group\"><div class=\"wp-block-group__inner-container is-layout-constrained wp-block-group-is-layout-constrained\">\n<div class=\"wp-block-columns is-layout-flex wp-container-core-columns-is-layout-9d6595d7 wp-block-columns-is-layout-flex\">\n<div class=\"wp-block-column is-layout-flow wp-block-column-is-layout-flow\" style=\"flex-basis:100%\">\n<div class=\"wp-block-group\"><div class=\"wp-block-group__inner-container is-layout-constrained wp-block-group-is-layout-constrained\">\n<div class=\"wp-block-columns is-layout-flex wp-container-core-columns-is-layout-9d6595d7 wp-block-columns-is-layout-flex\">\n<div class=\"wp-block-column is-vertically-aligned-top is-layout-flow wp-block-column-is-layout-flow\" style=\"flex-basis:50%\">\n<h4 class=\"wp-block-heading has-text-align-right\">Alquiler de bicicletas de carretera en Grazalema (C\u00e1diz)<\/h4>\n\n\n\n<p class=\"has-text-align-right\">Subir puertos panor\u00e1micos, disfrutar de bajadas bonitas y parar para un caf\u00e9 en pueblos pintorescos: si decide alquilar una bici de carretera en nuestra tienda en el centro de Grazalema (C\u00e1diz) lo podr\u00e1 hacer. Y si le gusta el ciclismo de ruta por paisajes incre\u00edbles, pero no se identifica como escalador, no se preocupe\u2026 <\/p>\n\n\n\n<p class=\"has-text-align-right\">Tambi\u00e9n hay carreteras con subes y bajas suaves junto a pantanos o por bosques de alcornoques que juntas forman hermosas rutas para ir en bicicleta y donde una parada para un buen almuerzo en uno de los pueblos blancos de Andaluc\u00eda no puede faltar.<\/p>\n<\/div>\n\n\n\n<div class=\"wp-block-column is-layout-flow wp-block-column-is-layout-flow\" style=\"flex-basis:50%\">\n<figure class=\"wp-block-image size-large\"><img loading=\"lazy\" decoding=\"async\" width=\"1024\" height=\"683\" src=\"https:\/\/www.grazalemacycling.com\/wp-content\/uploads\/2020\/05\/ton-aug-19-5-1024x683.jpg\" alt=\"Alquiler de bicicletas de carretera para rutas por C\u00e1diz, M\u00e1laga y Sevilla (desde Sierra de Grazalema, Andaluc\u00eda).\" class=\"wp-image-1607\" srcset=\"https:\/\/www.grazalemacycling.com\/wp-content\/uploads\/2020\/05\/ton-aug-19-5-1024x683.jpg 1024w, https:\/\/www.grazalemacycling.com\/wp-content\/uploads\/2020\/05\/ton-aug-19-5-600x400.jpg 600w, https:\/\/www.grazalemacycling.com\/wp-content\/uploads\/2020\/05\/ton-aug-19-5-300x200.jpg 300w, https:\/\/www.grazalemacycling.com\/wp-content\/uploads\/2020\/05\/ton-aug-19-5-768x512.jpg 768w, https:\/\/www.grazalemacycling.com\/wp-content\/uploads\/2020\/05\/ton-aug-19-5-1536x1024.jpg 1536w, https:\/\/www.grazalemacycling.com\/wp-content\/uploads\/2020\/05\/ton-aug-19-5-219x146.jpg 219w, https:\/\/www.grazalemacycling.com\/wp-content\/uploads\/2020\/05\/ton-aug-19-5-50x33.jpg 50w, https:\/\/www.grazalemacycling.com\/wp-content\/uploads\/2020\/05\/ton-aug-19-5-113x75.jpg 113w, https:\/\/www.grazalemacycling.com\/wp-content\/uploads\/2020\/05\/ton-aug-19-5-800x533.jpg 800w, https:\/\/www.grazalemacycling.com\/wp-content\/uploads\/2020\/05\/ton-aug-19-5.jpg 1920w\" sizes=\"auto, (max-width:767px) 480px, (max-width:1024px) 100vw, 1024px\" \/><\/figure>\n<\/div>\n<\/div>\n<\/div><\/div>\n<\/div>\n<\/div>\n<\/div><\/div>\n<\/div><\/div>\n\n\n\n<div class=\"wp-block-cover alignwide is-light\"><span aria-hidden=\"true\" class=\"wp-block-cover__background has-cyan-bluish-gray-background-color has-background-dim-10 has-background-dim\"><\/span><div class=\"wp-block-cover__inner-container is-layout-flow wp-block-cover-is-layout-flow\">\n<div class=\"wp-block-group alignwide\"><div class=\"wp-block-group__inner-container is-layout-constrained wp-block-group-is-layout-constrained\">\n<div style=\"height:35px\" aria-hidden=\"true\" class=\"wp-block-spacer\"><\/div>\n\n\n\n<div class=\"wp-block-media-text alignwide is-stacked-on-mobile\"><figure class=\"wp-block-media-text__media\"><img loading=\"lazy\" decoding=\"async\" width=\"800\" height=\"533\" src=\"https:\/\/www.grazalemacycling.com\/wp-content\/uploads\/2022\/06\/orbea-orca-1.jpg\" alt=\"Alquiler bicicletas de carretera de carbono en Grazalema, C\u00e1diz (Sevilla y M\u00e1laga), Andaluc\u00eda\" class=\"wp-image-3400 size-full\" srcset=\"https:\/\/www.grazalemacycling.com\/wp-content\/uploads\/2022\/06\/orbea-orca-1.jpg 800w, https:\/\/www.grazalemacycling.com\/wp-content\/uploads\/2022\/06\/orbea-orca-1-600x400.jpg 600w, https:\/\/www.grazalemacycling.com\/wp-content\/uploads\/2022\/06\/orbea-orca-1-300x200.jpg 300w, https:\/\/www.grazalemacycling.com\/wp-content\/uploads\/2022\/06\/orbea-orca-1-768x512.jpg 768w, https:\/\/www.grazalemacycling.com\/wp-content\/uploads\/2022\/06\/orbea-orca-1-219x146.jpg 219w, https:\/\/www.grazalemacycling.com\/wp-content\/uploads\/2022\/06\/orbea-orca-1-50x33.jpg 50w, https:\/\/www.grazalemacycling.com\/wp-content\/uploads\/2022\/06\/orbea-orca-1-113x75.jpg 113w\" sizes=\"auto, (max-width:767px) 480px, (max-width:800px) 100vw, 800px\" \/><\/figure><div class=\"wp-block-media-text__content\">\n<h4 class=\"wp-block-heading\">Alquiler Orbea Orca bicicleta de carretera de carbono<\/h4>\n\n\n\n<p>Si est\u00e1 buscando alquilar la bicicleta ideal para pedalear por la Sierra de Grazalema (C\u00e1diz), entonces nuestra bici de carretera de carbono Orbea Orca M30 le va a gustar. La Orca es una bici de alquiler polivalente que permite disfrutar de las rutas ciclistas por el variado paisaje de la Sierra de C\u00e1diz. La bicicleta es ligera lo cual le ayudar\u00e1 en las subidas importantes como el Puerto de las Palomas, pero tambi\u00e9n es suficientemente fuerte como para convertir su potencia en velocidad en una carretera ondulada como la que rodea el embalse de Zahara de la Sierra, por ejemplo. Sea cual sea la ruta que elige, optar por el alquiler de la Orbea Orca para su ruta en bicicleta por los impresionantes paisajes de esta parte de Andaluc\u00eda ser\u00e1 una decisi\u00f3n acertada.<\/p>\n<\/div><\/div>\n<\/div><\/div>\n\n\n\n<hr class=\"wp-block-separator has-alpha-channel-opacity is-style-dots\"\/>\n\n\n\n<div class=\"wp-block-columns is-layout-flex wp-container-core-columns-is-layout-9d6595d7 wp-block-columns-is-layout-flex\">\n<div class=\"wp-block-column is-layout-flow wp-block-column-is-layout-flow\">\n<h6 class=\"wp-block-heading\">Caracter\u00edsticas<\/h6>\n\n\n\n<ul class=\"wp-block-list\">\n<li>Tallas disponibles: 47\/49\/51\/53\/55\/57 <\/li>\n\n\n\n<li>Grupo Shimano Ultegra compact <\/li>\n\n\n\n<li>Dos portabidones, mini bomba<\/li>\n\n\n\n<li>Bolso de sill\u00edn con c\u00e1mara de repuesto, multi herramienta y demontadores<\/li>\n\n\n\n<li>Luz trasera<\/li>\n\n\n\n<li>Pedales a su elecci\u00f3n<\/li>\n<\/ul>\n\n\n\n<div class=\"wp-block-buttons is-layout-flex wp-block-buttons-is-layout-flex\">\n<div class=\"wp-block-button is-style-fill\"><a class=\"wp-block-button__link wp-element-button\" href=\"https:\/\/www.grazalemacycling.com\/es\/reservar-alquiler-bicicletas\/\">Reservar<\/a><\/div>\n<\/div>\n<\/div>\n\n\n\n<div class=\"wp-block-column is-layout-flow wp-block-column-is-layout-flow\">\n<figure class=\"wp-block-table is-style-stripes\"><table><thead><tr><th>Precios alquiler Orbea Orca<\/th><th>Precio\/bici\/d\u00eda<\/th><\/tr><\/thead><tbody><tr><td>1 o 2 d\u00edas<\/td><td>35,00\u20ac<\/td><\/tr><tr><td>3 o 4 d\u00edas<\/td><td>31,50\u20ac<\/td><\/tr><tr><td>5 o 6 d\u00edas<\/td><td>29,75\u20ac<\/td><\/tr><tr><td>7 d\u00edas o m\u00e1s<\/td><td>28,00\u20ac<\/td><\/tr><tr><td>10 d\u00edas o m\u00e1s<\/td><td>26,25\u20ac<\/td><\/tr><tr><td>14 d\u00edas o m\u00e1s<\/td><td>24,50\u20ac<\/td><\/tr><\/tbody><\/table><\/figure>\n<\/div>\n<\/div>\n<\/div><\/div>\n\n\n\n<div class=\"wp-block-cover alignwide is-light\"><span aria-hidden=\"true\" class=\"wp-block-cover__background has-background-dim-0 has-background-dim\"><\/span><div class=\"wp-block-cover__inner-container is-layout-flow wp-block-cover-is-layout-flow\">\n<div class=\"wp-block-group alignwide\"><div class=\"wp-block-group__inner-container is-layout-constrained wp-block-group-is-layout-constrained\">\n<div style=\"height:35px\" aria-hidden=\"true\" class=\"wp-block-spacer\"><\/div>\n\n\n\n<div class=\"wp-block-media-text alignwide is-stacked-on-mobile\"><figure class=\"wp-block-media-text__media\"><img loading=\"lazy\" decoding=\"async\" width=\"666\" height=\"500\" src=\"https:\/\/www.grazalemacycling.com\/wp-content\/uploads\/2019\/12\/avanth30-1.jpg\" alt=\"Alquiler de bicicletas de carretera Grazalema, C\u00e1diz (Sevilla y M\u00e1laga), Andaluc\u00eda\n\" class=\"wp-image-822 size-full\" srcset=\"https:\/\/www.grazalemacycling.com\/wp-content\/uploads\/2019\/12\/avanth30-1.jpg 666w, https:\/\/www.grazalemacycling.com\/wp-content\/uploads\/2019\/12\/avanth30-1-300x225.jpg 300w, https:\/\/www.grazalemacycling.com\/wp-content\/uploads\/2019\/12\/avanth30-1-600x450.jpg 600w, https:\/\/www.grazalemacycling.com\/wp-content\/uploads\/2019\/12\/avanth30-1-194x146.jpg 194w, https:\/\/www.grazalemacycling.com\/wp-content\/uploads\/2019\/12\/avanth30-1-50x38.jpg 50w, https:\/\/www.grazalemacycling.com\/wp-content\/uploads\/2019\/12\/avanth30-1-100x75.jpg 100w\" sizes=\"auto, (max-width:767px) 480px, 666px\" \/><\/figure><div class=\"wp-block-media-text__content\">\n<h4 class=\"wp-block-heading\">Alquiler Orbea Avant bicicleta de carretera de aluminio<\/h4>\n\n\n\n<p>Desde que trabajamos con las bicicletas de carretera Orbea Avant, varios clientes nos han pedido que les anotaramos las medidas de la bicicleta de alquiler que usaron, porque se sent\u00edan m\u00e1s c\u00f3modos que con su propia bicicleta. Quiz\u00e1s no podamos igualar o superar la comodidad de su propia bicicleta en todos los casos, pero siempre intentamos llegar lo m\u00e1s cerca posible.<\/p>\n\n\n\n<p>Por lo tanto, si quiere cambiar de sill\u00edn, o montar el suyo, estaremos encantados de ayudarle con eso. As\u00ed mismo, en muchos casos ser\u00e1 posible montar una potencia m\u00e1s larga o corta. Tanto si va a hacer una ruta en bici por la Sierra de Grazalema de \u201cs\u00f3lo\u201d algunas horas, o un viaje en bicicleta de varios d\u00edas por los pueblos blancos de C\u00e1diz, queremos que se sienta c\u00f3modo y con confianza en nuestras bicicletas.<\/p>\n<\/div><\/div>\n<\/div><\/div>\n\n\n\n<hr class=\"wp-block-separator has-alpha-channel-opacity is-style-dots\"\/>\n\n\n\n<div class=\"wp-block-columns is-layout-flex wp-container-core-columns-is-layout-9d6595d7 wp-block-columns-is-layout-flex\">\n<div class=\"wp-block-column is-layout-flow wp-block-column-is-layout-flow\">\n<h6 class=\"wp-block-heading\">Caracter\u00edsticas<\/h6>\n\n\n\n<ul class=\"wp-block-list\">\n<li>Tallas disponibles: 49\/51\/53\/55\/57\/60 <\/li>\n\n\n\n<li>Grupo Shimano 105 compact<\/li>\n\n\n\n<li>Dos portabidones, mini bomba<\/li>\n\n\n\n<li>Bolso de sill\u00edn con c\u00e1mara de repuesto, multi herramienta y desmontadores<\/li>\n\n\n\n<li>Luz trasera<\/li>\n\n\n\n<li>Pedales a su elecci\u00f3n<\/li>\n<\/ul>\n\n\n\n<div class=\"wp-block-buttons is-layout-flex wp-block-buttons-is-layout-flex\">\n<div class=\"wp-block-button is-style-fill\"><a class=\"wp-block-button__link wp-element-button\" href=\"https:\/\/www.grazalemacycling.com\/es\/reservar-alquiler-bicicletas\/\">Reservar<\/a><\/div>\n<\/div>\n<\/div>\n\n\n\n<div class=\"wp-block-column is-layout-flow wp-block-column-is-layout-flow\">\n<figure class=\"wp-block-table is-style-stripes\"><table><thead><tr><th>Precios alquiler Orbea Avant<\/th><th>Precio\/bici\/d\u00eda<\/th><\/tr><\/thead><tbody><tr><td>1 o 2 d\u00edas<\/td><td>30,00\u20ac<\/td><\/tr><tr><td>3 o 4 d\u00edas<\/td><td>27,00\u20ac<\/td><\/tr><tr><td>5 o 6 d\u00edas<\/td><td>25,50\u20ac<\/td><\/tr><tr><td>7 d\u00edas o m\u00e1s<\/td><td>24,00\u20ac<\/td><\/tr><tr><td>10 d\u00edas o m\u00e1s<\/td><td>22,50\u20ac<\/td><\/tr><tr><td>14 d\u00edas o m\u00e1s<\/td><td>21,00\u20ac<\/td><\/tr><\/tbody><\/table><\/figure>\n<\/div>\n<\/div>\n<\/div><\/div>\n\n\n\n<div class=\"wp-block-group\"><div class=\"wp-block-group__inner-container is-layout-constrained wp-block-group-is-layout-constrained\">\n<div class=\"wp-block-group alignfull\"><div class=\"wp-block-group__inner-container is-layout-flow wp-block-group-is-layout-flow\">\n<h4 class=\"wp-block-heading has-text-align-left has-black-color has-text-color\">Acesorios y opciones adicionales<\/h4>\n\n\n\n<div style=\"height:30px\" aria-hidden=\"true\" class=\"wp-block-spacer\"><\/div>\n\n\n\n<div class=\"wp-block-uagb-container uagb-block-21e614aa alignwide uagb-is-root-container\">\n<div class=\"wp-block-uagb-container uagb-block-a03c269a alignfull uagb-is-root-container\"><div class=\"uagb-container-inner-blocks-wrap\">\n<figure class=\"wp-block-image size-full is-resized is-style-default\"><img loading=\"lazy\" decoding=\"async\" width=\"512\" height=\"512\" src=\"https:\/\/www.grazalemacycling.com\/wp-content\/uploads\/2023\/01\/bike-helmet-icon-grazalema-cycling-adventures.png\" alt=\"\" class=\"wp-image-4463\" style=\"width:80px;height:80px\" srcset=\"https:\/\/www.grazalemacycling.com\/wp-content\/uploads\/2023\/01\/bike-helmet-icon-grazalema-cycling-adventures.png 512w, https:\/\/www.grazalemacycling.com\/wp-content\/uploads\/2023\/01\/bike-helmet-icon-grazalema-cycling-adventures-300x300.png 300w, https:\/\/www.grazalemacycling.com\/wp-content\/uploads\/2023\/01\/bike-helmet-icon-grazalema-cycling-adventures-150x150.png 150w, https:\/\/www.grazalemacycling.com\/wp-content\/uploads\/2023\/01\/bike-helmet-icon-grazalema-cycling-adventures-146x146.png 146w, https:\/\/www.grazalemacycling.com\/wp-content\/uploads\/2023\/01\/bike-helmet-icon-grazalema-cycling-adventures-50x50.png 50w, https:\/\/www.grazalemacycling.com\/wp-content\/uploads\/2023\/01\/bike-helmet-icon-grazalema-cycling-adventures-75x75.png 75w, https:\/\/www.grazalemacycling.com\/wp-content\/uploads\/2023\/01\/bike-helmet-icon-grazalema-cycling-adventures-85x85.png 85w, https:\/\/www.grazalemacycling.com\/wp-content\/uploads\/2023\/01\/bike-helmet-icon-grazalema-cycling-adventures-80x80.png 80w\" sizes=\"auto, (max-width:767px) 480px, 512px\" \/><\/figure>\n\n\n\n<div style=\"height:15px\" aria-hidden=\"true\" class=\"wp-block-spacer\"><\/div>\n\n\n\n<h5 class=\"wp-block-heading has-luminous-vivid-orange-color has-text-color\">Casco<\/h5>\n\n\n\n<ul class=\"wp-block-list\">\n<li>Obligatorio en Espa\u00f1a<\/li>\n\n\n\n<li>Alquiler:\n\n\n\n\n\n\n\n\n\n\n\n\n\n\n\n\n\n\n\n\n\n\n\n\n<ul class=\"wp-block-list\">\n<li>1 o 2 d\u00edas: 3,00\u20ac\/casco\/d\u00eda<\/li>\n<\/ul>\n\n\n\n<ul class=\"wp-block-list\">\n<li>3 o 4 d\u00edas: 2,70\u20ac\/casco\/d\u00eda<\/li>\n\n\n\n<li>5 o 6 d\u00edas: 2,55\u20ac\/casco\/d\u00eda<\/li>\n\n\n\n<li>7 d\u00edas o m\u00e1s: 2,40\u20ac\/casco\/d\u00eda<\/li>\n\n\n\n<li>10 d\u00edas o m\u00e1s: 2,25\u20ac\/casco\/d\u00eda<\/li>\n\n\n\n<li>14 d\u00edas o m\u00e1s: 2,10\u20ac\/casco\/d\u00eda<\/li>\n<\/ul>\n<\/li>\n<\/ul>\n<\/div><\/div>\n\n\n\n<div class=\"wp-block-uagb-container uagb-block-ebb0c728 alignfull uagb-is-root-container\"><div class=\"uagb-container-inner-blocks-wrap\">\n<figure class=\"wp-block-image size-full is-resized is-style-rounded\"><img loading=\"lazy\" decoding=\"async\" width=\"512\" height=\"512\" src=\"https:\/\/www.grazalemacycling.com\/wp-content\/uploads\/2023\/01\/power-meter-icon-grazalema-cycling-adventures.png\" alt=\"\" class=\"wp-image-4468\" style=\"width:80px;height:80px\" srcset=\"https:\/\/www.grazalemacycling.com\/wp-content\/uploads\/2023\/01\/power-meter-icon-grazalema-cycling-adventures.png 512w, https:\/\/www.grazalemacycling.com\/wp-content\/uploads\/2023\/01\/power-meter-icon-grazalema-cycling-adventures-300x300.png 300w, https:\/\/www.grazalemacycling.com\/wp-content\/uploads\/2023\/01\/power-meter-icon-grazalema-cycling-adventures-150x150.png 150w, https:\/\/www.grazalemacycling.com\/wp-content\/uploads\/2023\/01\/power-meter-icon-grazalema-cycling-adventures-146x146.png 146w, https:\/\/www.grazalemacycling.com\/wp-content\/uploads\/2023\/01\/power-meter-icon-grazalema-cycling-adventures-50x50.png 50w, https:\/\/www.grazalemacycling.com\/wp-content\/uploads\/2023\/01\/power-meter-icon-grazalema-cycling-adventures-75x75.png 75w, https:\/\/www.grazalemacycling.com\/wp-content\/uploads\/2023\/01\/power-meter-icon-grazalema-cycling-adventures-85x85.png 85w, https:\/\/www.grazalemacycling.com\/wp-content\/uploads\/2023\/01\/power-meter-icon-grazalema-cycling-adventures-80x80.png 80w\" sizes=\"auto, (max-width:767px) 480px, 512px\" \/><\/figure>\n\n\n\n<div style=\"height:15px\" aria-hidden=\"true\" class=\"wp-block-spacer\"><\/div>\n\n\n\n<h5 class=\"wp-block-heading has-luminous-vivid-orange-color has-text-color\">Pedales de potencia<\/h5>\n\n\n\n<ul class=\"wp-block-list\">\n<li>Pedales <a href=\"https:\/\/cycling.favero.com\/es\/\" target=\"_blank\" rel=\"noreferrer noopener\">Favero Assioma Duo<\/a> o <a href=\"https:\/\/cycling.favero.com\/es\/shop\/assioma-pro-mx1\/\">Assioma Pro MX-1<\/a><\/li>\n\n\n\n<li>Compatible con calas Look Keo y Shimano SPD<\/li>\n\n\n\n<li>Alquiler: \n<ul class=\"wp-block-list\">\n<li>Primer d\u00eda: 12,50\u20ac<\/li>\n\n\n\n<li>D\u00edas consecutivos: 2,50\u20ac\/d\u00eda<\/li>\n<\/ul>\n<\/li>\n<\/ul>\n<\/div><\/div>\n\n\n\n<div class=\"wp-block-uagb-container uagb-block-4347726d alignfull uagb-is-root-container\"><div class=\"uagb-container-inner-blocks-wrap\">\n<figure class=\"wp-block-image size-thumbnail is-resized is-style-default\"><img loading=\"lazy\" decoding=\"async\" width=\"150\" height=\"150\" src=\"https:\/\/www.grazalemacycling.com\/wp-content\/uploads\/2023\/01\/navigation-icon-grazalema-cycling-adventures-150x150.png\" alt=\"\" class=\"wp-image-4435\" style=\"width:80px;height:80px\" srcset=\"https:\/\/www.grazalemacycling.com\/wp-content\/uploads\/2023\/01\/navigation-icon-grazalema-cycling-adventures-150x150.png 150w, https:\/\/www.grazalemacycling.com\/wp-content\/uploads\/2023\/01\/navigation-icon-grazalema-cycling-adventures-300x300.png 300w, https:\/\/www.grazalemacycling.com\/wp-content\/uploads\/2023\/01\/navigation-icon-grazalema-cycling-adventures-146x146.png 146w, https:\/\/www.grazalemacycling.com\/wp-content\/uploads\/2023\/01\/navigation-icon-grazalema-cycling-adventures-50x50.png 50w, https:\/\/www.grazalemacycling.com\/wp-content\/uploads\/2023\/01\/navigation-icon-grazalema-cycling-adventures-75x75.png 75w, https:\/\/www.grazalemacycling.com\/wp-content\/uploads\/2023\/01\/navigation-icon-grazalema-cycling-adventures-85x85.png 85w, https:\/\/www.grazalemacycling.com\/wp-content\/uploads\/2023\/01\/navigation-icon-grazalema-cycling-adventures-80x80.png 80w, https:\/\/www.grazalemacycling.com\/wp-content\/uploads\/2023\/01\/navigation-icon-grazalema-cycling-adventures.png 512w\" sizes=\"auto, (max-width:767px) 150px, 150px\" \/><\/figure>\n\n\n\n<div style=\"height:15px\" aria-hidden=\"true\" class=\"wp-block-spacer\"><\/div>\n\n\n\n<h5 class=\"wp-block-heading has-luminous-vivid-orange-color has-text-color\">GPS con navegaci\u00f3n<\/h5>\n\n\n\n<ul class=\"wp-block-list\">\n<li>Siga la ruta de su elecci\u00f3n f\u00e1cilmente desde la pantalla.<\/li>\n\n\n\n<li>Alquiler: \n<ul class=\"wp-block-list\">\n<li>1 o 2 d\u00edas: 5,00\u20ac\/GPS\/d\u00eda<\/li>\n\n\n\n<li>3 o 4 d\u00edas: 4,50\u20ac\/GPS\/d\u00eda<\/li>\n\n\n\n<li>5 o 6 d\u00edas: 4,25\u20ac\/GPS\/d\u00eda<\/li>\n\n\n\n<li>7 d\u00edas o m\u00e1s: 4,00\u20ac\/GPS\/d\u00eda<\/li>\n\n\n\n<li>10 d\u00edas o m\u00e1s: 3,75\u20ac\/GPS\/d\u00eda<\/li>\n\n\n\n<li>14 d\u00edas o m\u00e1s: 3,50\u20ac\/GPS\/d\u00eda<\/li>\n<\/ul>\n<\/li>\n<\/ul>\n<\/div><\/div>\n<\/div>\n\n\n\n<div style=\"height:20px\" aria-hidden=\"true\" class=\"wp-block-spacer\"><\/div>\n\n\n\n<div class=\"wp-block-uagb-container uagb-block-d0eae8f0 alignwide uagb-is-root-container\">\n<div class=\"wp-block-uagb-container uagb-block-d66abaae alignfull uagb-is-root-container\"><div class=\"uagb-container-inner-blocks-wrap\">\n<figure class=\"wp-block-image size-full is-resized is-style-default\"><img loading=\"lazy\" decoding=\"async\" width=\"512\" height=\"512\" src=\"https:\/\/www.grazalemacycling.com\/wp-content\/uploads\/2023\/01\/water-bottle-icon-grazalema-cycling-adventures.png\" alt=\"\" class=\"wp-image-4457\" style=\"width:80px;height:80px\" srcset=\"https:\/\/www.grazalemacycling.com\/wp-content\/uploads\/2023\/01\/water-bottle-icon-grazalema-cycling-adventures.png 512w, https:\/\/www.grazalemacycling.com\/wp-content\/uploads\/2023\/01\/water-bottle-icon-grazalema-cycling-adventures-300x300.png 300w, https:\/\/www.grazalemacycling.com\/wp-content\/uploads\/2023\/01\/water-bottle-icon-grazalema-cycling-adventures-150x150.png 150w, https:\/\/www.grazalemacycling.com\/wp-content\/uploads\/2023\/01\/water-bottle-icon-grazalema-cycling-adventures-146x146.png 146w, https:\/\/www.grazalemacycling.com\/wp-content\/uploads\/2023\/01\/water-bottle-icon-grazalema-cycling-adventures-50x50.png 50w, https:\/\/www.grazalemacycling.com\/wp-content\/uploads\/2023\/01\/water-bottle-icon-grazalema-cycling-adventures-75x75.png 75w, https:\/\/www.grazalemacycling.com\/wp-content\/uploads\/2023\/01\/water-bottle-icon-grazalema-cycling-adventures-85x85.png 85w, https:\/\/www.grazalemacycling.com\/wp-content\/uploads\/2023\/01\/water-bottle-icon-grazalema-cycling-adventures-80x80.png 80w\" sizes=\"auto, (max-width:767px) 480px, 512px\" \/><\/figure>\n\n\n\n<div style=\"height:15px\" aria-hidden=\"true\" class=\"wp-block-spacer\"><\/div>\n\n\n\n<h5 class=\"wp-block-heading has-luminous-vivid-orange-color has-text-color\">Bidones<\/h5>\n\n\n\n<ul class=\"wp-block-list\">\n<li>Incluido con alquiler bicicletas<\/li>\n\n\n\n<li>Bidones nuevos en venta en tienda<\/li>\n<\/ul>\n<\/div><\/div>\n\n\n\n<div class=\"wp-block-uagb-container uagb-block-21f9d86f alignfull uagb-is-root-container\"><div class=\"uagb-container-inner-blocks-wrap\">\n<figure class=\"wp-block-image size-full is-resized is-style-rounded\"><img loading=\"lazy\" decoding=\"async\" width=\"512\" height=\"512\" src=\"https:\/\/www.grazalemacycling.com\/wp-content\/uploads\/2023\/01\/guided-ride-icon-grazalema-cycling-adventures.png\" alt=\"\" class=\"wp-image-4471\" style=\"width:80px;height:80px\" srcset=\"https:\/\/www.grazalemacycling.com\/wp-content\/uploads\/2023\/01\/guided-ride-icon-grazalema-cycling-adventures.png 512w, https:\/\/www.grazalemacycling.com\/wp-content\/uploads\/2023\/01\/guided-ride-icon-grazalema-cycling-adventures-300x300.png 300w, https:\/\/www.grazalemacycling.com\/wp-content\/uploads\/2023\/01\/guided-ride-icon-grazalema-cycling-adventures-150x150.png 150w, https:\/\/www.grazalemacycling.com\/wp-content\/uploads\/2023\/01\/guided-ride-icon-grazalema-cycling-adventures-146x146.png 146w, https:\/\/www.grazalemacycling.com\/wp-content\/uploads\/2023\/01\/guided-ride-icon-grazalema-cycling-adventures-50x50.png 50w, https:\/\/www.grazalemacycling.com\/wp-content\/uploads\/2023\/01\/guided-ride-icon-grazalema-cycling-adventures-75x75.png 75w, https:\/\/www.grazalemacycling.com\/wp-content\/uploads\/2023\/01\/guided-ride-icon-grazalema-cycling-adventures-85x85.png 85w, https:\/\/www.grazalemacycling.com\/wp-content\/uploads\/2023\/01\/guided-ride-icon-grazalema-cycling-adventures-80x80.png 80w\" sizes=\"auto, (max-width:767px) 480px, 512px\" \/><\/figure>\n\n\n\n<div style=\"height:15px\" aria-hidden=\"true\" class=\"wp-block-spacer\"><\/div>\n\n\n\n<h5 class=\"wp-block-heading has-luminous-vivid-orange-color has-text-color\">Ruta guiada<\/h5>\n\n\n\n<ul class=\"wp-block-list\">\n<li>Rutas guiadas privadas, adaptadas a sus preferencias y habilidades. <\/li>\n\n\n\n<li>Ver <a href=\"https:\/\/www.grazalemacycling.com\/es\/ciclismo-andalucia-rutas-en-bici-sierra-de-grazalema\/\">listado de precios<\/a><\/li>\n<\/ul>\n<\/div><\/div>\n\n\n\n<div class=\"wp-block-uagb-container uagb-block-c0f1ebb8 alignfull uagb-is-root-container\"><div class=\"uagb-container-inner-blocks-wrap\">\n<figure class=\"wp-block-image size-full is-resized is-style-default\"><img loading=\"lazy\" decoding=\"async\" width=\"512\" height=\"512\" src=\"https:\/\/www.grazalemacycling.com\/wp-content\/uploads\/2023\/01\/bike-delivery-icon-grazalema-cycling-adventures.png\" alt=\"\" class=\"wp-image-4486\" style=\"width:80px;height:80px\" srcset=\"https:\/\/www.grazalemacycling.com\/wp-content\/uploads\/2023\/01\/bike-delivery-icon-grazalema-cycling-adventures.png 512w, https:\/\/www.grazalemacycling.com\/wp-content\/uploads\/2023\/01\/bike-delivery-icon-grazalema-cycling-adventures-100x100.png 100w, https:\/\/www.grazalemacycling.com\/wp-content\/uploads\/2023\/01\/bike-delivery-icon-grazalema-cycling-adventures-300x300.png 300w, https:\/\/www.grazalemacycling.com\/wp-content\/uploads\/2023\/01\/bike-delivery-icon-grazalema-cycling-adventures-150x150.png 150w, https:\/\/www.grazalemacycling.com\/wp-content\/uploads\/2023\/01\/bike-delivery-icon-grazalema-cycling-adventures-146x146.png 146w, https:\/\/www.grazalemacycling.com\/wp-content\/uploads\/2023\/01\/bike-delivery-icon-grazalema-cycling-adventures-50x50.png 50w, https:\/\/www.grazalemacycling.com\/wp-content\/uploads\/2023\/01\/bike-delivery-icon-grazalema-cycling-adventures-75x75.png 75w, https:\/\/www.grazalemacycling.com\/wp-content\/uploads\/2023\/01\/bike-delivery-icon-grazalema-cycling-adventures-85x85.png 85w, https:\/\/www.grazalemacycling.com\/wp-content\/uploads\/2023\/01\/bike-delivery-icon-grazalema-cycling-adventures-80x80.png 80w\" sizes=\"auto, (max-width:767px) 480px, 512px\" \/><\/figure>\n\n\n\n<div style=\"height:15px\" aria-hidden=\"true\" class=\"wp-block-spacer\"><\/div>\n\n\n\n<h5 class=\"wp-block-heading has-luminous-vivid-orange-color has-text-color\">Entrega y recogida<\/h5>\n\n\n\n<ul class=\"wp-block-list\">\n<li>Entrega y recogida de bicicletas de alquiler en su alojamiento. <\/li>\n\n\n\n<li>Ver <a href=\"https:\/\/www.grazalemacycling.com\/es\/alquiler-bicicletas-sierra-de-grazalema-cadiz-andalucia\/transporte-bicicletas-de-alquiler\/\">listado de precios<\/a><\/li>\n<\/ul>\n<\/div><\/div>\n<\/div>\n<\/div><\/div>\n<\/div><\/div>\n","protected":false},"excerpt":{"rendered":"","protected":false},"author":2,"featured_media":0,"parent":4867,"menu_order":0,"comment_status":"closed","ping_status":"closed","template":"","meta":{"_uag_custom_page_level_css":"","footnotes":""},"class_list":["post-4375","page","type-page","status-publish","hentry"],"yoast_head":"<!-- This site is optimized with the Yoast SEO plugin v26.6 - https:\/\/yoast.com\/wordpress\/plugins\/seo\/ -->\n<title>Alquiler de bicicletas de carretera en la Sierra de Grazalema (C\u00e1diz)<\/title>\n<meta name=\"description\" content=\"Gracias al alquiler de bicicletas de carretera puede disfrutar de las carreteras espectaculares de la Sierra de Grazalema (C\u00e1diz).\" \/>\n<meta name=\"robots\" content=\"index, follow, max-snippet:-1, max-image-preview:large, max-video-preview:-1\" \/>\n<link rel=\"canonical\" href=\"https:\/\/www.grazalemacycling.com\/es\/alquiler-bicicletas-sierra-de-grazalema-cadiz-andalucia\/alquiler-bicicletas-de-carretera\/\" \/>\n<meta property=\"og:locale\" content=\"es_ES\" \/>\n<meta property=\"og:type\" content=\"article\" \/>\n<meta property=\"og:title\" content=\"Alquiler de bicicletas de carretera en la Sierra de Grazalema (C\u00e1diz)\" \/>\n<meta property=\"og:description\" content=\"Gracias al alquiler de bicicletas de carretera puede disfrutar de las carreteras espectaculares de la Sierra de Grazalema (C\u00e1diz).\" \/>\n<meta property=\"og:url\" content=\"https:\/\/www.grazalemacycling.com\/es\/alquiler-bicicletas-sierra-de-grazalema-cadiz-andalucia\/alquiler-bicicletas-de-carretera\/\" \/>\n<meta property=\"og:site_name\" content=\"Grazalema Cycling Adventures\" \/>\n<meta property=\"article:publisher\" content=\"https:\/\/www.facebook.com\/grazalemacycling\/\" \/>\n<meta property=\"article:modified_time\" content=\"2026-01-05T19:47:34+00:00\" \/>\n<meta property=\"og:image\" content=\"https:\/\/www.grazalemacycling.com\/wp-content\/uploads\/2020\/05\/ton-aug-19-5.jpg\" \/>\n\t<meta property=\"og:image:width\" content=\"1920\" \/>\n\t<meta property=\"og:image:height\" content=\"1280\" \/>\n\t<meta property=\"og:image:type\" content=\"image\/jpeg\" \/>\n<meta name=\"twitter:card\" content=\"summary_large_image\" \/>\n<meta name=\"twitter:label1\" content=\"Tiempo de lectura\" \/>\n\t<meta name=\"twitter:data1\" content=\"2 minutos\" \/>\n<script type=\"application\/ld+json\" class=\"yoast-schema-graph\">{\"@context\":\"https:\/\/schema.org\",\"@graph\":[{\"@type\":\"WebPage\",\"@id\":\"https:\/\/www.grazalemacycling.com\/es\/alquiler-bicicletas-sierra-de-grazalema-cadiz-andalucia\/alquiler-bicicletas-de-carretera\/\",\"url\":\"https:\/\/www.grazalemacycling.com\/es\/alquiler-bicicletas-sierra-de-grazalema-cadiz-andalucia\/alquiler-bicicletas-de-carretera\/\",\"name\":\"Alquiler de bicicletas de carretera en la Sierra de Grazalema (C\u00e1diz)\",\"isPartOf\":{\"@id\":\"https:\/\/www.grazalemacycling.com\/es\/#website\"},\"primaryImageOfPage\":{\"@id\":\"https:\/\/www.grazalemacycling.com\/es\/alquiler-bicicletas-sierra-de-grazalema-cadiz-andalucia\/alquiler-bicicletas-de-carretera\/#primaryimage\"},\"image\":{\"@id\":\"https:\/\/www.grazalemacycling.com\/es\/alquiler-bicicletas-sierra-de-grazalema-cadiz-andalucia\/alquiler-bicicletas-de-carretera\/#primaryimage\"},\"thumbnailUrl\":\"https:\/\/www.grazalemacycling.com\/wp-content\/uploads\/2020\/05\/ton-aug-19-5-1024x683.jpg\",\"datePublished\":\"2023-01-02T18:44:42+00:00\",\"dateModified\":\"2026-01-05T19:47:34+00:00\",\"description\":\"Gracias al alquiler de bicicletas de carretera puede disfrutar de las carreteras espectaculares de la Sierra de Grazalema (C\u00e1diz).\",\"breadcrumb\":{\"@id\":\"https:\/\/www.grazalemacycling.com\/es\/alquiler-bicicletas-sierra-de-grazalema-cadiz-andalucia\/alquiler-bicicletas-de-carretera\/#breadcrumb\"},\"inLanguage\":\"es\",\"potentialAction\":[{\"@type\":\"ReadAction\",\"target\":[\"https:\/\/www.grazalemacycling.com\/es\/alquiler-bicicletas-sierra-de-grazalema-cadiz-andalucia\/alquiler-bicicletas-de-carretera\/\"]}]},{\"@type\":\"ImageObject\",\"inLanguage\":\"es\",\"@id\":\"https:\/\/www.grazalemacycling.com\/es\/alquiler-bicicletas-sierra-de-grazalema-cadiz-andalucia\/alquiler-bicicletas-de-carretera\/#primaryimage\",\"url\":\"https:\/\/www.grazalemacycling.com\/wp-content\/uploads\/2020\/05\/ton-aug-19-5-1024x683.jpg\",\"contentUrl\":\"https:\/\/www.grazalemacycling.com\/wp-content\/uploads\/2020\/05\/ton-aug-19-5-1024x683.jpg\"},{\"@type\":\"BreadcrumbList\",\"@id\":\"https:\/\/www.grazalemacycling.com\/es\/alquiler-bicicletas-sierra-de-grazalema-cadiz-andalucia\/alquiler-bicicletas-de-carretera\/#breadcrumb\",\"itemListElement\":[{\"@type\":\"ListItem\",\"position\":1,\"name\":\"Home\",\"item\":\"https:\/\/www.grazalemacycling.com\/es\/\"},{\"@type\":\"ListItem\",\"position\":2,\"name\":\"Alquiler de bicicletas en Grazalema (C\u00e1diz, Andaluc\u00eda)\",\"item\":\"https:\/\/www.grazalemacycling.com\/es\/alquiler-bicicletas-sierra-de-grazalema-cadiz-andalucia\/\"},{\"@type\":\"ListItem\",\"position\":3,\"name\":\"Alquiler de bicicletas de carretera en Grazalema (C\u00e1diz, Sevilla, M\u00e1laga)\"}]},{\"@type\":\"WebSite\",\"@id\":\"https:\/\/www.grazalemacycling.com\/es\/#website\",\"url\":\"https:\/\/www.grazalemacycling.com\/es\/\",\"name\":\"Grazalema Cycling Adventures\",\"description\":\"Bike Rental, Guided Rides &amp; Routes\",\"publisher\":{\"@id\":\"https:\/\/www.grazalemacycling.com\/es\/#organization\"},\"potentialAction\":[{\"@type\":\"SearchAction\",\"target\":{\"@type\":\"EntryPoint\",\"urlTemplate\":\"https:\/\/www.grazalemacycling.com\/es\/?s={search_term_string}\"},\"query-input\":{\"@type\":\"PropertyValueSpecification\",\"valueRequired\":true,\"valueName\":\"search_term_string\"}}],\"inLanguage\":\"es\"},{\"@type\":\"Organization\",\"@id\":\"https:\/\/www.grazalemacycling.com\/es\/#organization\",\"name\":\"Grazalema Cycling Adventures\",\"url\":\"https:\/\/www.grazalemacycling.com\/es\/\",\"logo\":{\"@type\":\"ImageObject\",\"inLanguage\":\"es\",\"@id\":\"https:\/\/www.grazalemacycling.com\/es\/#\/schema\/logo\/image\/\",\"url\":\"https:\/\/www.grazalemacycling.com\/wp-content\/uploads\/2018\/12\/logo_web_retina-1.png\",\"contentUrl\":\"https:\/\/www.grazalemacycling.com\/wp-content\/uploads\/2018\/12\/logo_web_retina-1.png\",\"width\":675,\"height\":161,\"caption\":\"Grazalema Cycling Adventures\"},\"image\":{\"@id\":\"https:\/\/www.grazalemacycling.com\/es\/#\/schema\/logo\/image\/\"},\"sameAs\":[\"https:\/\/www.facebook.com\/grazalemacycling\/\",\"https:\/\/www.instagram.com\/grazalemacyclingadventures\/\"]}]}<\/script>\n<!-- \/ Yoast SEO plugin. -->","yoast_head_json":{"title":"Alquiler de bicicletas de carretera en la Sierra de Grazalema (C\u00e1diz)","description":"Gracias al alquiler de bicicletas de carretera puede disfrutar de las carreteras espectaculares de la Sierra de Grazalema (C\u00e1diz).","robots":{"index":"index","follow":"follow","max-snippet":"max-snippet:-1","max-image-preview":"max-image-preview:large","max-video-preview":"max-video-preview:-1"},"canonical":"https:\/\/www.grazalemacycling.com\/es\/alquiler-bicicletas-sierra-de-grazalema-cadiz-andalucia\/alquiler-bicicletas-de-carretera\/","og_locale":"es_ES","og_type":"article","og_title":"Alquiler de bicicletas de carretera en la Sierra de Grazalema (C\u00e1diz)","og_description":"Gracias al alquiler de bicicletas de carretera puede disfrutar de las carreteras espectaculares de la Sierra de Grazalema (C\u00e1diz).","og_url":"https:\/\/www.grazalemacycling.com\/es\/alquiler-bicicletas-sierra-de-grazalema-cadiz-andalucia\/alquiler-bicicletas-de-carretera\/","og_site_name":"Grazalema Cycling Adventures","article_publisher":"https:\/\/www.facebook.com\/grazalemacycling\/","article_modified_time":"2026-01-05T19:47:34+00:00","og_image":[{"width":1920,"height":1280,"url":"https:\/\/www.grazalemacycling.com\/wp-content\/uploads\/2020\/05\/ton-aug-19-5.jpg","type":"image\/jpeg"}],"twitter_card":"summary_large_image","twitter_misc":{"Tiempo de lectura":"2 minutos"},"schema":{"@context":"https:\/\/schema.org","@graph":[{"@type":"WebPage","@id":"https:\/\/www.grazalemacycling.com\/es\/alquiler-bicicletas-sierra-de-grazalema-cadiz-andalucia\/alquiler-bicicletas-de-carretera\/","url":"https:\/\/www.grazalemacycling.com\/es\/alquiler-bicicletas-sierra-de-grazalema-cadiz-andalucia\/alquiler-bicicletas-de-carretera\/","name":"Alquiler de bicicletas de carretera en la Sierra de Grazalema (C\u00e1diz)","isPartOf":{"@id":"https:\/\/www.grazalemacycling.com\/es\/#website"},"primaryImageOfPage":{"@id":"https:\/\/www.grazalemacycling.com\/es\/alquiler-bicicletas-sierra-de-grazalema-cadiz-andalucia\/alquiler-bicicletas-de-carretera\/#primaryimage"},"image":{"@id":"https:\/\/www.grazalemacycling.com\/es\/alquiler-bicicletas-sierra-de-grazalema-cadiz-andalucia\/alquiler-bicicletas-de-carretera\/#primaryimage"},"thumbnailUrl":"https:\/\/www.grazalemacycling.com\/wp-content\/uploads\/2020\/05\/ton-aug-19-5-1024x683.jpg","datePublished":"2023-01-02T18:44:42+00:00","dateModified":"2026-01-05T19:47:34+00:00","description":"Gracias al alquiler de bicicletas de carretera puede disfrutar de las carreteras espectaculares de la Sierra de Grazalema (C\u00e1diz).","breadcrumb":{"@id":"https:\/\/www.grazalemacycling.com\/es\/alquiler-bicicletas-sierra-de-grazalema-cadiz-andalucia\/alquiler-bicicletas-de-carretera\/#breadcrumb"},"inLanguage":"es","potentialAction":[{"@type":"ReadAction","target":["https:\/\/www.grazalemacycling.com\/es\/alquiler-bicicletas-sierra-de-grazalema-cadiz-andalucia\/alquiler-bicicletas-de-carretera\/"]}]},{"@type":"ImageObject","inLanguage":"es","@id":"https:\/\/www.grazalemacycling.com\/es\/alquiler-bicicletas-sierra-de-grazalema-cadiz-andalucia\/alquiler-bicicletas-de-carretera\/#primaryimage","url":"https:\/\/www.grazalemacycling.com\/wp-content\/uploads\/2020\/05\/ton-aug-19-5-1024x683.jpg","contentUrl":"https:\/\/www.grazalemacycling.com\/wp-content\/uploads\/2020\/05\/ton-aug-19-5-1024x683.jpg"},{"@type":"BreadcrumbList","@id":"https:\/\/www.grazalemacycling.com\/es\/alquiler-bicicletas-sierra-de-grazalema-cadiz-andalucia\/alquiler-bicicletas-de-carretera\/#breadcrumb","itemListElement":[{"@type":"ListItem","position":1,"name":"Home","item":"https:\/\/www.grazalemacycling.com\/es\/"},{"@type":"ListItem","position":2,"name":"Alquiler de bicicletas en Grazalema (C\u00e1diz, Andaluc\u00eda)","item":"https:\/\/www.grazalemacycling.com\/es\/alquiler-bicicletas-sierra-de-grazalema-cadiz-andalucia\/"},{"@type":"ListItem","position":3,"name":"Alquiler de bicicletas de carretera en Grazalema (C\u00e1diz, Sevilla, M\u00e1laga)"}]},{"@type":"WebSite","@id":"https:\/\/www.grazalemacycling.com\/es\/#website","url":"https:\/\/www.grazalemacycling.com\/es\/","name":"Grazalema Cycling Adventures","description":"Bike Rental, Guided Rides &amp; Routes","publisher":{"@id":"https:\/\/www.grazalemacycling.com\/es\/#organization"},"potentialAction":[{"@type":"SearchAction","target":{"@type":"EntryPoint","urlTemplate":"https:\/\/www.grazalemacycling.com\/es\/?s={search_term_string}"},"query-input":{"@type":"PropertyValueSpecification","valueRequired":true,"valueName":"search_term_string"}}],"inLanguage":"es"},{"@type":"Organization","@id":"https:\/\/www.grazalemacycling.com\/es\/#organization","name":"Grazalema Cycling Adventures","url":"https:\/\/www.grazalemacycling.com\/es\/","logo":{"@type":"ImageObject","inLanguage":"es","@id":"https:\/\/www.grazalemacycling.com\/es\/#\/schema\/logo\/image\/","url":"https:\/\/www.grazalemacycling.com\/wp-content\/uploads\/2018\/12\/logo_web_retina-1.png","contentUrl":"https:\/\/www.grazalemacycling.com\/wp-content\/uploads\/2018\/12\/logo_web_retina-1.png","width":675,"height":161,"caption":"Grazalema Cycling Adventures"},"image":{"@id":"https:\/\/www.grazalemacycling.com\/es\/#\/schema\/logo\/image\/"},"sameAs":["https:\/\/www.facebook.com\/grazalemacycling\/","https:\/\/www.instagram.com\/grazalemacyclingadventures\/"]}]}},"uagb_featured_image_src":{"full":false,"thumbnail":false,"medium":false,"medium_large":false,"large":false,"1536x1536":false,"2048x2048":false,"be_thumbnail":false,"be_clients":false,"slider-content":false,"portfolio-mf":false,"portfolio-mf-w":false,"portfolio-mf-t":false,"portfolio-list":false,"blog-portfolio":false,"blog-single":false,"mobile-srcset":false,"woocommerce_thumbnail":false,"woocommerce_single":false,"woocommerce_gallery_thumbnail":false},"uagb_author_info":{"display_name":"Agnieta Francke","author_link":"https:\/\/www.grazalemacycling.com\/es\/author\/agnieta\/"},"uagb_comment_info":0,"uagb_excerpt":null,"_links":{"self":[{"href":"https:\/\/www.grazalemacycling.com\/es\/wp-json\/wp\/v2\/pages\/4375","targetHints":{"allow":["GET"]}}],"collection":[{"href":"https:\/\/www.grazalemacycling.com\/es\/wp-json\/wp\/v2\/pages"}],"about":[{"href":"https:\/\/www.grazalemacycling.com\/es\/wp-json\/wp\/v2\/types\/page"}],"author":[{"embeddable":true,"href":"https:\/\/www.grazalemacycling.com\/es\/wp-json\/wp\/v2\/users\/2"}],"replies":[{"embeddable":true,"href":"https:\/\/www.grazalemacycling.com\/es\/wp-json\/wp\/v2\/comments?post=4375"}],"version-history":[{"count":31,"href":"https:\/\/www.grazalemacycling.com\/es\/wp-json\/wp\/v2\/pages\/4375\/revisions"}],"predecessor-version":[{"id":6046,"href":"https:\/\/www.grazalemacycling.com\/es\/wp-json\/wp\/v2\/pages\/4375\/revisions\/6046"}],"up":[{"embeddable":true,"href":"https:\/\/www.grazalemacycling.com\/es\/wp-json\/wp\/v2\/pages\/4867"}],"wp:attachment":[{"href":"https:\/\/www.grazalemacycling.com\/es\/wp-json\/wp\/v2\/media?parent=4375"}],"curies":[{"name":"wp","href":"https:\/\/api.w.org\/{rel}","templated":true}]}}