{"id":4584,"date":"2023-01-23T12:48:34","date_gmt":"2023-01-23T12:48:34","guid":{"rendered":"https:\/\/www.grazalemacycling.com\/?page_id=4584"},"modified":"2026-01-05T21:32:37","modified_gmt":"2026-01-05T21:32:37","slug":"alquiler-bicicletas-de-montana","status":"publish","type":"page","link":"https:\/\/www.grazalemacycling.com\/es\/alquiler-bicicletas-sierra-de-grazalema-cadiz-andalucia\/alquiler-bicicletas-de-montana\/","title":{"rendered":"Alquiler bicicletas de monta\u00f1a en Grazalema, C\u00e1diz"},"content":{"rendered":"\n<div class=\"wp-block-cover is-light\"><span aria-hidden=\"true\" class=\"wp-block-cover__background has-background-dim-0 has-background-dim\"><\/span><div class=\"wp-block-cover__inner-container is-layout-flow wp-block-cover-is-layout-flow\">\n<div class=\"wp-block-group\"><div class=\"wp-block-group__inner-container is-layout-constrained wp-block-group-is-layout-constrained\">\n<div class=\"wp-block-columns is-layout-flex wp-container-core-columns-is-layout-9d6595d7 wp-block-columns-is-layout-flex\">\n<div class=\"wp-block-column is-layout-flow wp-block-column-is-layout-flow\">\n<h4 class=\"wp-block-heading has-text-align-right\">Alquiler bicicletas de monta\u00f1a en Grazalema, C\u00e1diz<\/h4>\n\n\n\n<p class=\"has-text-align-right\">Gracias al alquiler de nuestras bicicletas de monta\u00f1a puede descubrir las colinas verdes, bosques de alcornoques, y paisajes monta\u00f1osos de la Sierra de Grazalema y su alrededores en Andaluc\u00eda. Deje atr\u00e1s los ruidos de la vida cotidiana y sum\u00e9rjase en la naturaleza del Parque Natural Sierra de Grazalema, C\u00e1diz.<\/p>\n\n\n\n<p class=\"has-text-align-right\">Senderos t\u00e9cnicos y\/o con mucho \u201cflow\u201d, caminos de &#8220;gravel&#8221; y pistas de tierra le llevar\u00e1n a lugares impresionantes. Ah\u00ed, rara vez se encontrar\u00e1 con otras personas, sino con animales como cabras, ovejas, vacas y buitres. Haga un picnic en medio de la naturaleza o disfrute de una parada para un buen caf\u00e9 o almuerzo en uno de los pueblos blancos de Andaluc\u00eda, antes de regresar a \u201ccasa\u201d.<\/p>\n\n\n\n<p class=\"has-text-align-right\">Si opta por el alquiler de una bicicleta de monta\u00f1a para hacer una ruta (o varias) por la Sierra de C\u00e1diz y sus alrededores, puede ser que vuelva cansado, pero seguramente tambi\u00e9n muy satisfecho.<\/p>\n<\/div>\n\n\n\n<div class=\"wp-block-column is-layout-flow wp-block-column-is-layout-flow\">\n<figure class=\"wp-block-image size-large\"><img loading=\"lazy\" decoding=\"async\" width=\"1024\" height=\"768\" src=\"https:\/\/www.grazalemacycling.com\/wp-content\/uploads\/2023\/01\/IMG_3184_jpg-1024x768.jpg\" alt=\"Mountain bike hire &amp; routes in Andalucia\" class=\"wp-image-4524\" srcset=\"https:\/\/www.grazalemacycling.com\/wp-content\/uploads\/2023\/01\/IMG_3184_jpg-1024x768.jpg 1024w, https:\/\/www.grazalemacycling.com\/wp-content\/uploads\/2023\/01\/IMG_3184_jpg-scaled-800x600.jpg 800w, https:\/\/www.grazalemacycling.com\/wp-content\/uploads\/2023\/01\/IMG_3184_jpg-300x225.jpg 300w, https:\/\/www.grazalemacycling.com\/wp-content\/uploads\/2023\/01\/IMG_3184_jpg-768x576.jpg 768w, https:\/\/www.grazalemacycling.com\/wp-content\/uploads\/2023\/01\/IMG_3184_jpg-1536x1152.jpg 1536w, https:\/\/www.grazalemacycling.com\/wp-content\/uploads\/2023\/01\/IMG_3184_jpg-2048x1536.jpg 2048w, https:\/\/www.grazalemacycling.com\/wp-content\/uploads\/2023\/01\/IMG_3184_jpg-195x146.jpg 195w, https:\/\/www.grazalemacycling.com\/wp-content\/uploads\/2023\/01\/IMG_3184_jpg-50x38.jpg 50w, https:\/\/www.grazalemacycling.com\/wp-content\/uploads\/2023\/01\/IMG_3184_jpg-100x75.jpg 100w, https:\/\/www.grazalemacycling.com\/wp-content\/uploads\/2023\/01\/IMG_3184_jpg-960x720.jpg 960w\" sizes=\"auto, (max-width:767px) 480px, (max-width:1024px) 100vw, 1024px\" \/><\/figure>\n<\/div>\n<\/div>\n<\/div><\/div>\n<\/div><\/div>\n\n\n\n<div class=\"wp-block-cover alignwide is-light\"><span aria-hidden=\"true\" class=\"wp-block-cover__background has-cyan-bluish-gray-background-color has-background-dim-10 has-background-dim\"><\/span><div class=\"wp-block-cover__inner-container is-layout-flow wp-block-cover-is-layout-flow\">\n<div class=\"wp-block-group alignwide\"><div class=\"wp-block-group__inner-container is-layout-constrained wp-block-group-is-layout-constrained\">\n<div style=\"height:35px\" aria-hidden=\"true\" class=\"wp-block-spacer\"><\/div>\n\n\n\n<div class=\"wp-block-media-text alignwide is-stacked-on-mobile\"><figure class=\"wp-block-media-text__media\"><img decoding=\"async\" src=\"https:\/\/grazalemacyclingadventures.com\/wp-content\/uploads\/2024\/12\/a3092_rwr_n1-1024x655.jpg\" alt=\"\" class=\"wp-image-5872 size-full\"\/><\/figure><div class=\"wp-block-media-text__content\">\n<h4 class=\"wp-block-heading\">Alquilar BH Spike bici de monta\u00f1a <\/h4>\n\n\n\n<p>Si quiere alquilar una bici de monta\u00f1a para hacer una ruta espectacular por el Parque Natural Sierra de Grazalema (C\u00e1diz), la BH Spike 3.0 es la elecci\u00f3n adecuada. Cuidamos de nuestras bicicletas de alquiler con mucha atenci\u00f3n y cari\u00f1o, por lo que los 1&#215;11 cambios ir\u00e1n como la seda. &nbsp;Gracias al cassette con pi\u00f1ones de 11-51 dientes, podr\u00e1 subir incluso las cuestas m\u00e1s empinadas. Y cuando vaya cuesta abajo, por un sendero t\u00e9cnico o un camino de tierra r\u00e1pido, podr\u00e1 confiar en los frenos hidr\u00e1ulicos de Shimano.<\/p>\n\n\n\n<p>\u00bfUn d\u00eda de bici no le parece suficiente para disfrutar de la sierra? Le entendemos perfectamente. Por ello, ofrecemos descuentos para los alquileres de varios d\u00edas consecutivos. Y si quiere hacer un viaje en bicicleta por los Pueblos Blancos de Andaluc\u00eda, para descubrir m\u00e1s que s\u00f3lo la Sierra de Grazalema, tambi\u00e9n estamos aqu\u00ed para ayudarle.<\/p>\n\n\n\n<p>Podemos montar portabultos y alforjas en las bicis de monta\u00f1a (ver abajo para m\u00e1s informaci\u00f3n) y podemos organizar el <a href=\"https:\/\/www.grazalemacycling.com\/es\/planifica-tu-viaje-en-bici\/\">traslado de su equipaje<\/a> entre diferentes alojamientos en esta preciosa zona de Andaluc\u00eda. Adem\u00e1s, si no quiere preocuparse de nada, puede reservar <a href=\"https:\/\/www.grazalemacycling.com\/es\/ciclismo-andalucia-rutas-en-bici-sierra-de-grazalema\/rutas-guiadas\/\">una ruta guiada<\/a> con nosotros y le ense\u00f1aremos las rutas m\u00e1s bonitas para la bici de monta\u00f1a en la Sierra de Grazalema y sus alrededores.<\/p>\n<\/div><\/div>\n\n\n\n<hr class=\"wp-block-separator has-alpha-channel-opacity is-style-dots\"\/>\n\n\n\n<div class=\"wp-block-columns is-layout-flex wp-container-core-columns-is-layout-9d6595d7 wp-block-columns-is-layout-flex\">\n<div class=\"wp-block-column is-layout-flow wp-block-column-is-layout-flow\" style=\"flex-basis:50%\">\n<h6 class=\"wp-block-heading\">Caracter\u00edsticas <\/h6>\n\n\n\n<ul class=\"wp-block-list\">\n<li>Tallas disponibles: S\/M\/L<\/li>\n\n\n\n<li>Cambios Shimano Deore 1&#215;11 <\/li>\n\n\n\n<li>Frenos de disco hidr\u00e1ulicos <\/li>\n\n\n\n<li>2 portabidones (1 en la talla S), mini bomba<\/li>\n\n\n\n<li>Ruedas tubelizadas<\/li>\n\n\n\n<li>Bolsito de sill\u00edn con c\u00e1mara de repuesto, multiherramienta y desmontadores <\/li>\n\n\n\n<li>Pedales a su elecci\u00f3n<\/li>\n<\/ul>\n\n\n\n<div style=\"height:35px\" aria-hidden=\"true\" class=\"wp-block-spacer\"><\/div>\n\n\n\n<div class=\"wp-block-uagb-buttons uagb-buttons__outer-wrap uagb-btn__default-btn uagb-btn-tablet__default-btn uagb-btn-mobile__default-btn uagb-block-b9d144e1\"><div class=\"uagb-buttons__wrap uagb-buttons-layout-wrap \">\n<div class=\"wp-block-uagb-buttons-child uagb-buttons__outer-wrap uagb-block-01df5ea2 wp-block-button\"><div class=\"uagb-button__wrapper\"><a class=\"uagb-buttons-repeater wp-block-button__link\" aria-label=\"\" href=\"https:\/\/www.grazalemacycling.com\/es\/reservar-alquiler-bicicletas\/\" rel=\"follow noopener\" target=\"_self\" role=\"button\"><div class=\"uagb-button__link\">Reservar<\/div><\/a><\/div><\/div>\n<\/div><\/div>\n<\/div>\n\n\n\n<div class=\"wp-block-column is-layout-flow wp-block-column-is-layout-flow\" style=\"flex-basis:50%\">\n<figure class=\"wp-block-table is-style-stripes\"><table><thead><tr><th>Precios alquiler bicis de monta\u00f1a<\/th><th>Precio\/bici\/d\u00eda<\/th><\/tr><\/thead><tbody><tr><td>1 o 2 d\u00edas<\/td><td>35,00\u20ac<\/td><\/tr><tr><td>3 o 4 d\u00edas<\/td><td>31,50\u20ac<\/td><\/tr><tr><td>5 o 6 d\u00edas<\/td><td>29,75\u20ac<\/td><\/tr><tr><td>7 d\u00edas o m\u00e1s<\/td><td>28,00\u20ac<\/td><\/tr><tr><td>10 d\u00edas o m\u00e1s<\/td><td>26,25\u20ac<\/td><\/tr><tr><td>14 d\u00edas o m\u00e1s<\/td><td>24,50\u20ac<\/td><\/tr><\/tbody><\/table><\/figure>\n<\/div>\n<\/div>\n<\/div><\/div>\n<\/div><\/div>\n\n\n\n\n\n<div class=\"wp-block-cover is-light\"><span aria-hidden=\"true\" class=\"wp-block-cover__background has-white-background-color has-background-dim-10 has-background-dim\"><\/span><div class=\"wp-block-cover__inner-container is-layout-flow wp-block-cover-is-layout-flow\">\n<div class=\"wp-block-group\"><div class=\"wp-block-group__inner-container is-layout-constrained wp-block-group-is-layout-constrained\">\n<div style=\"height:35px\" aria-hidden=\"true\" class=\"wp-block-spacer\"><\/div>\n\n\n\n<div class=\"wp-block-columns is-layout-flex wp-container-core-columns-is-layout-9d6595d7 wp-block-columns-is-layout-flex\">\n<div class=\"wp-block-column is-vertically-aligned-center is-layout-flow wp-block-column-is-layout-flow\" style=\"flex-basis:50%\">\n<figure class=\"wp-block-gallery has-nested-images columns-default is-cropped wp-block-gallery-1 is-layout-flex wp-block-gallery-is-layout-flex\">\n<figure class=\"wp-block-image size-large\"><a href=\"https:\/\/www.grazalemacycling.com\/wp-content\/uploads\/2022\/10\/panniers-2-1024x683.jpg\"><img loading=\"lazy\" decoding=\"async\" width=\"1024\" height=\"683\" data-id=\"3579\" src=\"https:\/\/www.grazalemacycling.com\/wp-content\/uploads\/2022\/10\/panniers-2-1024x683.jpg\" alt=\"Electric rental bike with panniers for bike packing in Andalucia\" class=\"wp-image-3579\" srcset=\"https:\/\/www.grazalemacycling.com\/wp-content\/uploads\/2022\/10\/panniers-2-1024x683.jpg 1024w, https:\/\/www.grazalemacycling.com\/wp-content\/uploads\/2022\/10\/panniers-2-800x533.jpg 800w, https:\/\/www.grazalemacycling.com\/wp-content\/uploads\/2022\/10\/panniers-2-300x200.jpg 300w, https:\/\/www.grazalemacycling.com\/wp-content\/uploads\/2022\/10\/panniers-2-768x512.jpg 768w, https:\/\/www.grazalemacycling.com\/wp-content\/uploads\/2022\/10\/panniers-2-219x146.jpg 219w, https:\/\/www.grazalemacycling.com\/wp-content\/uploads\/2022\/10\/panniers-2-50x33.jpg 50w, https:\/\/www.grazalemacycling.com\/wp-content\/uploads\/2022\/10\/panniers-2-113x75.jpg 113w, https:\/\/www.grazalemacycling.com\/wp-content\/uploads\/2022\/10\/panniers-2.jpg 1200w\" sizes=\"auto, (max-width:767px) 480px, (max-width:1024px) 100vw, 1024px\" \/><\/a><\/figure>\n\n\n\n<figure class=\"wp-block-image size-large\"><a href=\"https:\/\/www.grazalemacycling.com\/wp-content\/uploads\/2022\/10\/panniers-4-1024x683.jpg\"><img loading=\"lazy\" decoding=\"async\" width=\"1024\" height=\"683\" data-id=\"3585\" src=\"https:\/\/www.grazalemacycling.com\/wp-content\/uploads\/2022\/10\/panniers-4-1024x683.jpg\" alt=\"Panniers for bikepacking in Andalucia\" class=\"wp-image-3585\" srcset=\"https:\/\/www.grazalemacycling.com\/wp-content\/uploads\/2022\/10\/panniers-4-1024x683.jpg 1024w, https:\/\/www.grazalemacycling.com\/wp-content\/uploads\/2022\/10\/panniers-4-800x533.jpg 800w, https:\/\/www.grazalemacycling.com\/wp-content\/uploads\/2022\/10\/panniers-4-300x200.jpg 300w, https:\/\/www.grazalemacycling.com\/wp-content\/uploads\/2022\/10\/panniers-4-768x512.jpg 768w, https:\/\/www.grazalemacycling.com\/wp-content\/uploads\/2022\/10\/panniers-4-219x146.jpg 219w, https:\/\/www.grazalemacycling.com\/wp-content\/uploads\/2022\/10\/panniers-4-50x33.jpg 50w, https:\/\/www.grazalemacycling.com\/wp-content\/uploads\/2022\/10\/panniers-4-113x75.jpg 113w, https:\/\/www.grazalemacycling.com\/wp-content\/uploads\/2022\/10\/panniers-4.jpg 1200w\" sizes=\"auto, (max-width:767px) 480px, (max-width:1024px) 100vw, 1024px\" \/><\/a><\/figure>\n\n\n\n<figure class=\"wp-block-image size-large\"><a href=\"https:\/\/www.grazalemacycling.com\/wp-content\/uploads\/2022\/10\/panniers-3-1024x683.jpg\"><img loading=\"lazy\" decoding=\"async\" width=\"1024\" height=\"683\" data-id=\"3582\" src=\"https:\/\/www.grazalemacycling.com\/wp-content\/uploads\/2022\/10\/panniers-3-1024x683.jpg\" alt=\"Electric bike hire with panniers for bike packing in Andalucia\" class=\"wp-image-3582\" srcset=\"https:\/\/www.grazalemacycling.com\/wp-content\/uploads\/2022\/10\/panniers-3-1024x683.jpg 1024w, https:\/\/www.grazalemacycling.com\/wp-content\/uploads\/2022\/10\/panniers-3-800x533.jpg 800w, https:\/\/www.grazalemacycling.com\/wp-content\/uploads\/2022\/10\/panniers-3-300x200.jpg 300w, https:\/\/www.grazalemacycling.com\/wp-content\/uploads\/2022\/10\/panniers-3-768x512.jpg 768w, https:\/\/www.grazalemacycling.com\/wp-content\/uploads\/2022\/10\/panniers-3-219x146.jpg 219w, https:\/\/www.grazalemacycling.com\/wp-content\/uploads\/2022\/10\/panniers-3-50x33.jpg 50w, https:\/\/www.grazalemacycling.com\/wp-content\/uploads\/2022\/10\/panniers-3-113x75.jpg 113w, https:\/\/www.grazalemacycling.com\/wp-content\/uploads\/2022\/10\/panniers-3.jpg 1200w\" sizes=\"auto, (max-width:767px) 480px, (max-width:1024px) 100vw, 1024px\" \/><\/a><\/figure>\n\n\n\n<figure class=\"wp-block-image size-large\"><a href=\"https:\/\/www.grazalemacycling.com\/wp-content\/uploads\/2022\/10\/panniers-1024x683.jpg\"><img loading=\"lazy\" decoding=\"async\" width=\"1024\" height=\"683\" data-id=\"3576\" src=\"https:\/\/www.grazalemacycling.com\/wp-content\/uploads\/2022\/10\/panniers-1024x683.jpg\" alt=\"Panniers for bikepacking in Andalucia\" class=\"wp-image-3576\" srcset=\"https:\/\/www.grazalemacycling.com\/wp-content\/uploads\/2022\/10\/panniers-1024x683.jpg 1024w, https:\/\/www.grazalemacycling.com\/wp-content\/uploads\/2022\/10\/panniers-800x533.jpg 800w, https:\/\/www.grazalemacycling.com\/wp-content\/uploads\/2022\/10\/panniers-300x200.jpg 300w, https:\/\/www.grazalemacycling.com\/wp-content\/uploads\/2022\/10\/panniers-768x512.jpg 768w, https:\/\/www.grazalemacycling.com\/wp-content\/uploads\/2022\/10\/panniers-219x146.jpg 219w, https:\/\/www.grazalemacycling.com\/wp-content\/uploads\/2022\/10\/panniers-50x33.jpg 50w, https:\/\/www.grazalemacycling.com\/wp-content\/uploads\/2022\/10\/panniers-113x75.jpg 113w, https:\/\/www.grazalemacycling.com\/wp-content\/uploads\/2022\/10\/panniers.jpg 1200w\" sizes=\"auto, (max-width:767px) 480px, (max-width:1024px) 100vw, 1024px\" \/><\/a><\/figure>\n<\/figure>\n<\/div>\n\n\n\n<div class=\"wp-block-column is-vertically-aligned-top is-layout-flow wp-block-column-is-layout-flow\" style=\"flex-basis:50%\">\n<h4 class=\"wp-block-heading\"><font face=\"Roboto Slab\" size=\"+2\">Portabultos y alforjas<\/font><\/h4>\n\n\n\n<p>\u00bfEst\u00e1 buscando una bicicleta de alquiler vers\u00e1til con la que pueda emprender un bonito viaje en bicicleta por tierras andaluzas? Podemos montar un portabultos con alforjas en nuestras bicicletas de monta\u00f1a Orbea MX30 para que pueda llevar todo lo que necesite para un viaje en bici inolvidable por la Sierra de Grazalema, C\u00e1diz.<\/p>\n\n\n\n<p>Una chaqueta, para cuando se siente en una terraza, una c\u00e1mara de fotos para capturar las preciosas vistas, alg\u00fan bocadillo o quiz\u00e1s productos locales\u2026 Sea lo que sea que quiera llevarse, sus cosas estar\u00e1n a salvo dentro de las alforjas impermeables y de alta calidad de la marca <a href=\"https:\/\/www.basil.com\/en\/miles-tarpaulin-double-bicycle-bag-black-orange.html\">Basil<\/a>.<\/p>\n\n\n\n<p>Av\u00edsenos con antelaci\u00f3n de que quiere usar los portabultos y alforjas para que nos aseguremos de que la bicicleta de monta\u00f1a est\u00e9 lista para su uso cuando venga a recogerla en nuestra tienda en Grazalema o cuando <a href=\"https:\/\/www.grazalemacycling.com\/es\/alquiler-bicicletas-sierra-de-grazalema-cadiz-andalucia\/transporte-bicicletas-alquiler\">entreguemos la bici de alquiler<\/a> en su alojamiento en uno de los pueblos blancos de Andaluc\u00eda. As\u00ed tendremos todo preparado para que disfrute de una gran aventura en bici.<\/p>\n\n\n\n<p>\u00bfPrefiere contratar traslados de su equipaje en vez de tener que llevarlo encima de la bici? No hay problema, tambi\u00e9n es posible. <a href=\"http:\/\/www.grazalemacycling.com\/es\/contacto\">Cont\u00e1ctenos<\/a> para m\u00e1s informaci\u00f3n.<\/p>\n<\/div>\n<\/div>\n<\/div><\/div>\n\n\n\n<hr class=\"wp-block-separator has-alpha-channel-opacity is-style-dots\"\/>\n\n\n\n<div class=\"wp-block-columns is-layout-flex wp-container-core-columns-is-layout-9d6595d7 wp-block-columns-is-layout-flex\">\n<div class=\"wp-block-column is-layout-flow wp-block-column-is-layout-flow\">\n<h6 class=\"wp-block-heading\">Caracter\u00edsticas<\/h6>\n\n\n\n<ul class=\"wp-block-list\">\n<li>Portabultos con carga max. de 25kg<\/li>\n\n\n\n<li>Alforjas Basil de alta calidad (2x17L)<\/li>\n\n\n\n<li>Transporta todo lo que necesita comodamente<\/li>\n<\/ul>\n\n\n\n<div class=\"wp-block-uagb-buttons uagb-buttons__outer-wrap uagb-btn__default-btn uagb-btn-tablet__default-btn uagb-btn-mobile__default-btn uagb-block-0d36d388\"><div class=\"uagb-buttons__wrap uagb-buttons-layout-wrap \">\n<div class=\"wp-block-uagb-buttons-child uagb-buttons__outer-wrap uagb-block-15c602b5 wp-block-button\"><div class=\"uagb-button__wrapper\"><a class=\"uagb-buttons-repeater wp-block-button__link\" aria-label=\"\" href=\"https:\/\/www.grazalemacycling.com\/es\/reservar-alquiler-bicicletas\/\" rel=\"follow noopener\" target=\"_self\" role=\"button\"><div class=\"uagb-button__link\">Reservar<\/div><\/a><\/div><\/div>\n<\/div><\/div>\n<\/div>\n\n\n\n<div class=\"wp-block-column is-layout-flow wp-block-column-is-layout-flow\">\n<figure class=\"wp-block-table is-style-stripes\"><table><thead><tr><th>Precios portabultos + alforjas<\/th><th>Precio\/bici\/d\u00eda<\/th><\/tr><\/thead><tbody><tr><td>Primer d\u00eda<\/td><td>12,50\u20ac<\/td><\/tr><tr><td>D\u00edas consecutivos<\/td><td>2,50\u20ac<\/td><\/tr><\/tbody><\/table><\/figure>\n<\/div>\n<\/div>\n<\/div><\/div>\n\n\n\n<div class=\"wp-block-group alignfull\"><div class=\"wp-block-group__inner-container is-layout-flow wp-block-group-is-layout-flow\">\n<h4 class=\"wp-block-heading has-text-align-left has-black-color has-text-color\">Acesorios y opciones adicionales<\/h4>\n\n\n\n<div style=\"height:30px\" aria-hidden=\"true\" class=\"wp-block-spacer\"><\/div>\n\n\n\n<div class=\"wp-block-uagb-container uagb-block-65b96f95 alignwide uagb-is-root-container\">\n<div class=\"wp-block-uagb-container uagb-block-b435525e alignfull uagb-is-root-container\"><div class=\"uagb-container-inner-blocks-wrap\">\n<figure class=\"wp-block-image size-full is-resized is-style-default\"><img loading=\"lazy\" decoding=\"async\" width=\"512\" height=\"512\" src=\"https:\/\/www.grazalemacycling.com\/wp-content\/uploads\/2023\/01\/bike-helmet-icon-grazalema-cycling-adventures.png\" alt=\"\" class=\"wp-image-4463\" style=\"width:80px;height:80px\" srcset=\"https:\/\/www.grazalemacycling.com\/wp-content\/uploads\/2023\/01\/bike-helmet-icon-grazalema-cycling-adventures.png 512w, https:\/\/www.grazalemacycling.com\/wp-content\/uploads\/2023\/01\/bike-helmet-icon-grazalema-cycling-adventures-300x300.png 300w, https:\/\/www.grazalemacycling.com\/wp-content\/uploads\/2023\/01\/bike-helmet-icon-grazalema-cycling-adventures-150x150.png 150w, https:\/\/www.grazalemacycling.com\/wp-content\/uploads\/2023\/01\/bike-helmet-icon-grazalema-cycling-adventures-146x146.png 146w, https:\/\/www.grazalemacycling.com\/wp-content\/uploads\/2023\/01\/bike-helmet-icon-grazalema-cycling-adventures-50x50.png 50w, https:\/\/www.grazalemacycling.com\/wp-content\/uploads\/2023\/01\/bike-helmet-icon-grazalema-cycling-adventures-75x75.png 75w, https:\/\/www.grazalemacycling.com\/wp-content\/uploads\/2023\/01\/bike-helmet-icon-grazalema-cycling-adventures-85x85.png 85w, https:\/\/www.grazalemacycling.com\/wp-content\/uploads\/2023\/01\/bike-helmet-icon-grazalema-cycling-adventures-80x80.png 80w\" sizes=\"auto, (max-width:767px) 480px, 512px\" \/><\/figure>\n\n\n\n<div style=\"height:15px\" aria-hidden=\"true\" class=\"wp-block-spacer\"><\/div>\n\n\n\n<h5 class=\"wp-block-heading has-luminous-vivid-orange-color has-text-color\">Casco<\/h5>\n\n\n\n<ul class=\"wp-block-list\">\n<li>Obligatorio en Espa\u00f1a<\/li>\n\n\n\n<li>Alquiler:\n\n\n\n\n\n\n\n\n\n\n\n\n\n\n\n\n\n\n\n\n\n\n\n\n\n\n\n\n\n\n\n\n\n\n<ul class=\"wp-block-list\">\n<li>1 o 2 d\u00edas: 3,00\u20ac\/casco\/d\u00eda<\/li>\n<\/ul>\n\n\n\n<ul class=\"wp-block-list\">\n<li>3 o 4 d\u00edas: 2,70\u20ac\/casco\/d\u00eda<\/li>\n\n\n\n<li>5 o 6 d\u00edas: 2,55\u20ac\/casco\/d\u00eda<\/li>\n\n\n\n<li>7 d\u00edas o m\u00e1s: 2,40\u20ac\/casco\/d\u00eda<\/li>\n\n\n\n<li>10 d\u00edas o m\u00e1s: 2,25\u20ac\/casco\/d\u00eda<\/li>\n\n\n\n<li>14 d\u00edas o m\u00e1s: 2,10\u20ac\/casco\/d\u00eda<\/li>\n<\/ul>\n<\/li>\n<\/ul>\n<\/div><\/div>\n\n\n\n<div class=\"wp-block-uagb-container uagb-block-18156bca alignfull uagb-is-root-container\"><div class=\"uagb-container-inner-blocks-wrap\">\n<figure class=\"wp-block-image size-thumbnail is-resized is-style-default\"><img loading=\"lazy\" decoding=\"async\" width=\"150\" height=\"150\" src=\"https:\/\/www.grazalemacycling.com\/wp-content\/uploads\/2023\/01\/navigation-icon-grazalema-cycling-adventures-150x150.png\" alt=\"\" class=\"wp-image-4435\" style=\"width:80px;height:80px\" srcset=\"https:\/\/www.grazalemacycling.com\/wp-content\/uploads\/2023\/01\/navigation-icon-grazalema-cycling-adventures-150x150.png 150w, https:\/\/www.grazalemacycling.com\/wp-content\/uploads\/2023\/01\/navigation-icon-grazalema-cycling-adventures-300x300.png 300w, https:\/\/www.grazalemacycling.com\/wp-content\/uploads\/2023\/01\/navigation-icon-grazalema-cycling-adventures-146x146.png 146w, https:\/\/www.grazalemacycling.com\/wp-content\/uploads\/2023\/01\/navigation-icon-grazalema-cycling-adventures-50x50.png 50w, https:\/\/www.grazalemacycling.com\/wp-content\/uploads\/2023\/01\/navigation-icon-grazalema-cycling-adventures-75x75.png 75w, https:\/\/www.grazalemacycling.com\/wp-content\/uploads\/2023\/01\/navigation-icon-grazalema-cycling-adventures-85x85.png 85w, https:\/\/www.grazalemacycling.com\/wp-content\/uploads\/2023\/01\/navigation-icon-grazalema-cycling-adventures-80x80.png 80w, https:\/\/www.grazalemacycling.com\/wp-content\/uploads\/2023\/01\/navigation-icon-grazalema-cycling-adventures.png 512w\" sizes=\"auto, (max-width:767px) 150px, 150px\" \/><\/figure>\n\n\n\n<div style=\"height:15px\" aria-hidden=\"true\" class=\"wp-block-spacer\"><\/div>\n\n\n\n<h5 class=\"wp-block-heading has-luminous-vivid-orange-color has-text-color\">Dispositivo GPS con navegaci\u00f3n<\/h5>\n\n\n\n<ul class=\"wp-block-list\">\n<li>Siga la ruta de su elecci\u00f3n f\u00e1cilmente desde la pantalla.<\/li>\n\n\n\n<li>Alquiler: \n<ul class=\"wp-block-list\">\n<li>1 o 2 d\u00edas: 5,00\u20ac\/GPS\/d\u00eda<\/li>\n\n\n\n<li>3 o 4 d\u00edas: 4,50\u20ac\/GPS\/d\u00eda<\/li>\n\n\n\n<li>5 o 6 d\u00edas: 4,25\u20ac\/GPS\/d\u00eda<\/li>\n\n\n\n<li>7 d\u00edas o m\u00e1s: 4,00\u20ac\/GPS\/d\u00eda<\/li>\n\n\n\n<li>10 d\u00edas o m\u00e1s: 3,75\u20ac\/GPS\/d\u00eda<\/li>\n\n\n\n<li>14 d\u00edas o m\u00e1s: 3,50\u20ac\/GPS\/d\u00eda<\/li>\n<\/ul>\n<\/li>\n<\/ul>\n<\/div><\/div>\n\n\n\n<div class=\"wp-block-uagb-container uagb-block-2d32138f alignfull uagb-is-root-container\"><div class=\"uagb-container-inner-blocks-wrap\">\n<figure class=\"wp-block-image size-thumbnail is-resized is-style-rounded\"><img loading=\"lazy\" decoding=\"async\" width=\"150\" height=\"150\" src=\"https:\/\/www.grazalemacycling.com\/wp-content\/uploads\/2023\/01\/luggage-transfers-andalucia-grazalema-cycling-adventures-150x150.png\" alt=\"\" class=\"wp-image-4576\" style=\"width:80px;height:80px\" srcset=\"https:\/\/www.grazalemacycling.com\/wp-content\/uploads\/2023\/01\/luggage-transfers-andalucia-grazalema-cycling-adventures-150x150.png 150w, https:\/\/www.grazalemacycling.com\/wp-content\/uploads\/2023\/01\/luggage-transfers-andalucia-grazalema-cycling-adventures-300x300.png 300w, https:\/\/www.grazalemacycling.com\/wp-content\/uploads\/2023\/01\/luggage-transfers-andalucia-grazalema-cycling-adventures-146x146.png 146w, https:\/\/www.grazalemacycling.com\/wp-content\/uploads\/2023\/01\/luggage-transfers-andalucia-grazalema-cycling-adventures-50x50.png 50w, https:\/\/www.grazalemacycling.com\/wp-content\/uploads\/2023\/01\/luggage-transfers-andalucia-grazalema-cycling-adventures-75x75.png 75w, https:\/\/www.grazalemacycling.com\/wp-content\/uploads\/2023\/01\/luggage-transfers-andalucia-grazalema-cycling-adventures-85x85.png 85w, https:\/\/www.grazalemacycling.com\/wp-content\/uploads\/2023\/01\/luggage-transfers-andalucia-grazalema-cycling-adventures-80x80.png 80w, https:\/\/www.grazalemacycling.com\/wp-content\/uploads\/2023\/01\/luggage-transfers-andalucia-grazalema-cycling-adventures.png 512w\" sizes=\"auto, (max-width:767px) 150px, 150px\" \/><\/figure>\n\n\n\n<div style=\"height:15px\" aria-hidden=\"true\" class=\"wp-block-spacer\"><\/div>\n\n\n\n<h5 class=\"wp-block-heading has-luminous-vivid-orange-color has-text-color\">Transporte de equipaje<\/h5>\n\n\n\n<ul class=\"wp-block-list\">\n<li>Viaje en bici por los pueblos blancos c\u00f3modamente. <\/li>\n\n\n\n<li>Sus maletas le esperar\u00e1n en el siguiente destino<\/li>\n\n\n\n<li>Traslados a medida de sus preferencias<\/li>\n\n\n\n<li><a href=\"https:\/\/www.grazalemacycling.com\/es\/contacto\/\">Cont\u00e1ctenos<\/a> para m\u00e1s informaci\u00f3n.<\/li>\n<\/ul>\n<\/div><\/div>\n<\/div>\n\n\n\n<div style=\"height:20px\" aria-hidden=\"true\" class=\"wp-block-spacer\"><\/div>\n\n\n\n<div class=\"wp-block-uagb-container uagb-block-995835f5 alignwide uagb-is-root-container\">\n<div class=\"wp-block-uagb-container uagb-block-f4c83331 alignfull uagb-is-root-container\"><div class=\"uagb-container-inner-blocks-wrap\">\n<figure class=\"wp-block-image size-full is-resized is-style-default\"><img loading=\"lazy\" decoding=\"async\" width=\"512\" height=\"512\" src=\"https:\/\/www.grazalemacycling.com\/wp-content\/uploads\/2023\/01\/water-bottle-icon-grazalema-cycling-adventures.png\" alt=\"\" class=\"wp-image-4457\" style=\"width:80px;height:80px\" srcset=\"https:\/\/www.grazalemacycling.com\/wp-content\/uploads\/2023\/01\/water-bottle-icon-grazalema-cycling-adventures.png 512w, https:\/\/www.grazalemacycling.com\/wp-content\/uploads\/2023\/01\/water-bottle-icon-grazalema-cycling-adventures-300x300.png 300w, https:\/\/www.grazalemacycling.com\/wp-content\/uploads\/2023\/01\/water-bottle-icon-grazalema-cycling-adventures-150x150.png 150w, https:\/\/www.grazalemacycling.com\/wp-content\/uploads\/2023\/01\/water-bottle-icon-grazalema-cycling-adventures-146x146.png 146w, https:\/\/www.grazalemacycling.com\/wp-content\/uploads\/2023\/01\/water-bottle-icon-grazalema-cycling-adventures-50x50.png 50w, https:\/\/www.grazalemacycling.com\/wp-content\/uploads\/2023\/01\/water-bottle-icon-grazalema-cycling-adventures-75x75.png 75w, https:\/\/www.grazalemacycling.com\/wp-content\/uploads\/2023\/01\/water-bottle-icon-grazalema-cycling-adventures-85x85.png 85w, https:\/\/www.grazalemacycling.com\/wp-content\/uploads\/2023\/01\/water-bottle-icon-grazalema-cycling-adventures-80x80.png 80w\" sizes=\"auto, (max-width:767px) 480px, 512px\" \/><\/figure>\n\n\n\n<div style=\"height:15px\" aria-hidden=\"true\" class=\"wp-block-spacer\"><\/div>\n\n\n\n<h5 class=\"wp-block-heading has-luminous-vivid-orange-color has-text-color\">Bidones<\/h5>\n\n\n\n<ul class=\"wp-block-list\">\n<li>Incluido con alquiler bicicletas<\/li>\n\n\n\n<li>Bidones nuevos en venta en tienda<\/li>\n<\/ul>\n<\/div><\/div>\n\n\n\n<div class=\"wp-block-uagb-container uagb-block-93305a80 alignfull uagb-is-root-container\"><div class=\"uagb-container-inner-blocks-wrap\">\n<figure class=\"wp-block-image size-full is-resized is-style-rounded\"><img loading=\"lazy\" decoding=\"async\" width=\"512\" height=\"512\" src=\"https:\/\/www.grazalemacycling.com\/wp-content\/uploads\/2023\/01\/guided-ride-icon-grazalema-cycling-adventures.png\" alt=\"\" class=\"wp-image-4471\" style=\"width:80px;height:80px\" srcset=\"https:\/\/www.grazalemacycling.com\/wp-content\/uploads\/2023\/01\/guided-ride-icon-grazalema-cycling-adventures.png 512w, https:\/\/www.grazalemacycling.com\/wp-content\/uploads\/2023\/01\/guided-ride-icon-grazalema-cycling-adventures-300x300.png 300w, https:\/\/www.grazalemacycling.com\/wp-content\/uploads\/2023\/01\/guided-ride-icon-grazalema-cycling-adventures-150x150.png 150w, https:\/\/www.grazalemacycling.com\/wp-content\/uploads\/2023\/01\/guided-ride-icon-grazalema-cycling-adventures-146x146.png 146w, https:\/\/www.grazalemacycling.com\/wp-content\/uploads\/2023\/01\/guided-ride-icon-grazalema-cycling-adventures-50x50.png 50w, https:\/\/www.grazalemacycling.com\/wp-content\/uploads\/2023\/01\/guided-ride-icon-grazalema-cycling-adventures-75x75.png 75w, https:\/\/www.grazalemacycling.com\/wp-content\/uploads\/2023\/01\/guided-ride-icon-grazalema-cycling-adventures-85x85.png 85w, https:\/\/www.grazalemacycling.com\/wp-content\/uploads\/2023\/01\/guided-ride-icon-grazalema-cycling-adventures-80x80.png 80w\" sizes=\"auto, (max-width:767px) 480px, 512px\" \/><\/figure>\n\n\n\n<div style=\"height:15px\" aria-hidden=\"true\" class=\"wp-block-spacer\"><\/div>\n\n\n\n<h5 class=\"wp-block-heading has-luminous-vivid-orange-color has-text-color\">Ruta guiada<\/h5>\n\n\n\n<ul class=\"wp-block-list\">\n<li>Rutas guiadas privadas, adaptadas a sus preferencias y habilidades. <\/li>\n\n\n\n<li>Ver <a href=\"https:\/\/www.grazalemacycling.com\/es\/ciclismo-andalucia-rutas-en-bici-sierra-de-grazalema\/\">listado de precios<\/a><\/li>\n<\/ul>\n<\/div><\/div>\n\n\n\n<div class=\"wp-block-uagb-container uagb-block-7ba81294 alignfull uagb-is-root-container\"><div class=\"uagb-container-inner-blocks-wrap\">\n<figure class=\"wp-block-image size-full is-resized is-style-default\"><img loading=\"lazy\" decoding=\"async\" width=\"512\" height=\"512\" src=\"https:\/\/www.grazalemacycling.com\/wp-content\/uploads\/2023\/01\/bike-delivery-icon-grazalema-cycling-adventures.png\" alt=\"\" class=\"wp-image-4486\" style=\"width:80px;height:80px\" srcset=\"https:\/\/www.grazalemacycling.com\/wp-content\/uploads\/2023\/01\/bike-delivery-icon-grazalema-cycling-adventures.png 512w, https:\/\/www.grazalemacycling.com\/wp-content\/uploads\/2023\/01\/bike-delivery-icon-grazalema-cycling-adventures-100x100.png 100w, https:\/\/www.grazalemacycling.com\/wp-content\/uploads\/2023\/01\/bike-delivery-icon-grazalema-cycling-adventures-300x300.png 300w, https:\/\/www.grazalemacycling.com\/wp-content\/uploads\/2023\/01\/bike-delivery-icon-grazalema-cycling-adventures-150x150.png 150w, https:\/\/www.grazalemacycling.com\/wp-content\/uploads\/2023\/01\/bike-delivery-icon-grazalema-cycling-adventures-146x146.png 146w, https:\/\/www.grazalemacycling.com\/wp-content\/uploads\/2023\/01\/bike-delivery-icon-grazalema-cycling-adventures-50x50.png 50w, https:\/\/www.grazalemacycling.com\/wp-content\/uploads\/2023\/01\/bike-delivery-icon-grazalema-cycling-adventures-75x75.png 75w, https:\/\/www.grazalemacycling.com\/wp-content\/uploads\/2023\/01\/bike-delivery-icon-grazalema-cycling-adventures-85x85.png 85w, https:\/\/www.grazalemacycling.com\/wp-content\/uploads\/2023\/01\/bike-delivery-icon-grazalema-cycling-adventures-80x80.png 80w\" sizes=\"auto, (max-width:767px) 480px, 512px\" \/><\/figure>\n\n\n\n<div style=\"height:15px\" aria-hidden=\"true\" class=\"wp-block-spacer\"><\/div>\n\n\n\n<h5 class=\"wp-block-heading has-luminous-vivid-orange-color has-text-color\">Entrega y recogida<\/h5>\n\n\n\n<ul class=\"wp-block-list\">\n<li>Entrega y recogida de bicicletas de alquiler en su alojamiento. <\/li>\n\n\n\n<li>Ver <a href=\"https:\/\/www.grazalemacycling.com\/es\/alquiler-bicicletas-sierra-de-grazalema-cadiz-andalucia\/transporte-bicicletas-de-alquiler\/\">listado de precios<\/a><\/li>\n<\/ul>\n<\/div><\/div>\n<\/div>\n<\/div><\/div>\n","protected":false},"excerpt":{"rendered":"","protected":false},"author":2,"featured_media":0,"parent":4867,"menu_order":0,"comment_status":"closed","ping_status":"closed","template":"","meta":{"_uag_custom_page_level_css":"","footnotes":""},"class_list":["post-4584","page","type-page","status-publish","hentry"],"yoast_head":"<!-- This site is optimized with the Yoast SEO plugin v26.6 - https:\/\/yoast.com\/wordpress\/plugins\/seo\/ -->\n<title>Alquiler bicicletas de monta\u00f1a en Grazalema, C\u00e1diz<\/title>\n<meta name=\"description\" content=\"Gracias al alquiler de las bicicletas de monta\u00f1a puede descubrir el Parque Natural Sierra de Grazalema (C\u00e1diz, Andaluc\u00eda) en estado puro.\" \/>\n<meta name=\"robots\" content=\"index, follow, max-snippet:-1, max-image-preview:large, max-video-preview:-1\" \/>\n<link rel=\"canonical\" href=\"https:\/\/www.grazalemacycling.com\/es\/alquiler-bicicletas-sierra-de-grazalema-cadiz-andalucia\/alquiler-bicicletas-de-montana\/\" \/>\n<meta property=\"og:locale\" content=\"es_ES\" \/>\n<meta property=\"og:type\" content=\"article\" \/>\n<meta property=\"og:title\" content=\"Alquiler bicicletas de monta\u00f1a en Grazalema, C\u00e1diz\" \/>\n<meta property=\"og:description\" content=\"Gracias al alquiler de las bicicletas de monta\u00f1a puede descubrir el Parque Natural Sierra de Grazalema (C\u00e1diz, Andaluc\u00eda) en estado puro.\" \/>\n<meta property=\"og:url\" content=\"https:\/\/www.grazalemacycling.com\/es\/alquiler-bicicletas-sierra-de-grazalema-cadiz-andalucia\/alquiler-bicicletas-de-montana\/\" \/>\n<meta property=\"og:site_name\" content=\"Grazalema Cycling Adventures\" \/>\n<meta property=\"article:publisher\" content=\"https:\/\/www.facebook.com\/grazalemacycling\/\" \/>\n<meta property=\"article:modified_time\" content=\"2026-01-05T21:32:37+00:00\" \/>\n<meta property=\"og:image\" content=\"https:\/\/www.grazalemacycling.com\/wp-content\/uploads\/2023\/01\/IMG_3184_jpg-scaled.jpg\" \/>\n\t<meta property=\"og:image:width\" content=\"2560\" \/>\n\t<meta property=\"og:image:height\" content=\"1920\" \/>\n\t<meta property=\"og:image:type\" content=\"image\/jpeg\" \/>\n<meta name=\"twitter:card\" content=\"summary_large_image\" \/>\n<meta name=\"twitter:label1\" content=\"Tiempo de lectura\" \/>\n\t<meta name=\"twitter:data1\" content=\"8 minutos\" \/>\n<script type=\"application\/ld+json\" class=\"yoast-schema-graph\">{\"@context\":\"https:\/\/schema.org\",\"@graph\":[{\"@type\":\"WebPage\",\"@id\":\"https:\/\/www.grazalemacycling.com\/es\/alquiler-bicicletas-sierra-de-grazalema-cadiz-andalucia\/alquiler-bicicletas-de-montana\/\",\"url\":\"https:\/\/www.grazalemacycling.com\/es\/alquiler-bicicletas-sierra-de-grazalema-cadiz-andalucia\/alquiler-bicicletas-de-montana\/\",\"name\":\"Alquiler bicicletas de monta\u00f1a en Grazalema, C\u00e1diz\",\"isPartOf\":{\"@id\":\"https:\/\/www.grazalemacycling.com\/es\/#website\"},\"primaryImageOfPage\":{\"@id\":\"https:\/\/www.grazalemacycling.com\/es\/alquiler-bicicletas-sierra-de-grazalema-cadiz-andalucia\/alquiler-bicicletas-de-montana\/#primaryimage\"},\"image\":{\"@id\":\"https:\/\/www.grazalemacycling.com\/es\/alquiler-bicicletas-sierra-de-grazalema-cadiz-andalucia\/alquiler-bicicletas-de-montana\/#primaryimage\"},\"thumbnailUrl\":\"https:\/\/www.grazalemacycling.com\/wp-content\/uploads\/2023\/01\/IMG_3184_jpg-1024x768.jpg\",\"datePublished\":\"2023-01-23T12:48:34+00:00\",\"dateModified\":\"2026-01-05T21:32:37+00:00\",\"description\":\"Gracias al alquiler de las bicicletas de monta\u00f1a puede descubrir el Parque Natural Sierra de Grazalema (C\u00e1diz, Andaluc\u00eda) en estado puro.\",\"breadcrumb\":{\"@id\":\"https:\/\/www.grazalemacycling.com\/es\/alquiler-bicicletas-sierra-de-grazalema-cadiz-andalucia\/alquiler-bicicletas-de-montana\/#breadcrumb\"},\"inLanguage\":\"es\",\"potentialAction\":[{\"@type\":\"ReadAction\",\"target\":[\"https:\/\/www.grazalemacycling.com\/es\/alquiler-bicicletas-sierra-de-grazalema-cadiz-andalucia\/alquiler-bicicletas-de-montana\/\"]}]},{\"@type\":\"ImageObject\",\"inLanguage\":\"es\",\"@id\":\"https:\/\/www.grazalemacycling.com\/es\/alquiler-bicicletas-sierra-de-grazalema-cadiz-andalucia\/alquiler-bicicletas-de-montana\/#primaryimage\",\"url\":\"https:\/\/www.grazalemacycling.com\/wp-content\/uploads\/2023\/01\/IMG_3184_jpg-1024x768.jpg\",\"contentUrl\":\"https:\/\/www.grazalemacycling.com\/wp-content\/uploads\/2023\/01\/IMG_3184_jpg-1024x768.jpg\"},{\"@type\":\"BreadcrumbList\",\"@id\":\"https:\/\/www.grazalemacycling.com\/es\/alquiler-bicicletas-sierra-de-grazalema-cadiz-andalucia\/alquiler-bicicletas-de-montana\/#breadcrumb\",\"itemListElement\":[{\"@type\":\"ListItem\",\"position\":1,\"name\":\"Home\",\"item\":\"https:\/\/www.grazalemacycling.com\/es\/\"},{\"@type\":\"ListItem\",\"position\":2,\"name\":\"Alquiler de bicicletas en Grazalema (C\u00e1diz, Andaluc\u00eda)\",\"item\":\"https:\/\/www.grazalemacycling.com\/es\/alquiler-bicicletas-sierra-de-grazalema-cadiz-andalucia\/\"},{\"@type\":\"ListItem\",\"position\":3,\"name\":\"Alquiler bicicletas de monta\u00f1a en Grazalema, C\u00e1diz\"}]},{\"@type\":\"WebSite\",\"@id\":\"https:\/\/www.grazalemacycling.com\/es\/#website\",\"url\":\"https:\/\/www.grazalemacycling.com\/es\/\",\"name\":\"Grazalema Cycling Adventures\",\"description\":\"Bike Rental, Guided Rides &amp; Routes\",\"publisher\":{\"@id\":\"https:\/\/www.grazalemacycling.com\/es\/#organization\"},\"potentialAction\":[{\"@type\":\"SearchAction\",\"target\":{\"@type\":\"EntryPoint\",\"urlTemplate\":\"https:\/\/www.grazalemacycling.com\/es\/?s={search_term_string}\"},\"query-input\":{\"@type\":\"PropertyValueSpecification\",\"valueRequired\":true,\"valueName\":\"search_term_string\"}}],\"inLanguage\":\"es\"},{\"@type\":\"Organization\",\"@id\":\"https:\/\/www.grazalemacycling.com\/es\/#organization\",\"name\":\"Grazalema Cycling Adventures\",\"url\":\"https:\/\/www.grazalemacycling.com\/es\/\",\"logo\":{\"@type\":\"ImageObject\",\"inLanguage\":\"es\",\"@id\":\"https:\/\/www.grazalemacycling.com\/es\/#\/schema\/logo\/image\/\",\"url\":\"https:\/\/www.grazalemacycling.com\/wp-content\/uploads\/2018\/12\/logo_web_retina-1.png\",\"contentUrl\":\"https:\/\/www.grazalemacycling.com\/wp-content\/uploads\/2018\/12\/logo_web_retina-1.png\",\"width\":675,\"height\":161,\"caption\":\"Grazalema Cycling Adventures\"},\"image\":{\"@id\":\"https:\/\/www.grazalemacycling.com\/es\/#\/schema\/logo\/image\/\"},\"sameAs\":[\"https:\/\/www.facebook.com\/grazalemacycling\/\",\"https:\/\/www.instagram.com\/grazalemacyclingadventures\/\"]}]}<\/script>\n<!-- \/ Yoast SEO plugin. -->","yoast_head_json":{"title":"Alquiler bicicletas de monta\u00f1a en Grazalema, C\u00e1diz","description":"Gracias al alquiler de las bicicletas de monta\u00f1a puede descubrir el Parque Natural Sierra de Grazalema (C\u00e1diz, Andaluc\u00eda) en estado puro.","robots":{"index":"index","follow":"follow","max-snippet":"max-snippet:-1","max-image-preview":"max-image-preview:large","max-video-preview":"max-video-preview:-1"},"canonical":"https:\/\/www.grazalemacycling.com\/es\/alquiler-bicicletas-sierra-de-grazalema-cadiz-andalucia\/alquiler-bicicletas-de-montana\/","og_locale":"es_ES","og_type":"article","og_title":"Alquiler bicicletas de monta\u00f1a en Grazalema, C\u00e1diz","og_description":"Gracias al alquiler de las bicicletas de monta\u00f1a puede descubrir el Parque Natural Sierra de Grazalema (C\u00e1diz, Andaluc\u00eda) en estado puro.","og_url":"https:\/\/www.grazalemacycling.com\/es\/alquiler-bicicletas-sierra-de-grazalema-cadiz-andalucia\/alquiler-bicicletas-de-montana\/","og_site_name":"Grazalema Cycling Adventures","article_publisher":"https:\/\/www.facebook.com\/grazalemacycling\/","article_modified_time":"2026-01-05T21:32:37+00:00","og_image":[{"width":2560,"height":1920,"url":"https:\/\/www.grazalemacycling.com\/wp-content\/uploads\/2023\/01\/IMG_3184_jpg-scaled.jpg","type":"image\/jpeg"}],"twitter_card":"summary_large_image","twitter_misc":{"Tiempo de lectura":"8 minutos"},"schema":{"@context":"https:\/\/schema.org","@graph":[{"@type":"WebPage","@id":"https:\/\/www.grazalemacycling.com\/es\/alquiler-bicicletas-sierra-de-grazalema-cadiz-andalucia\/alquiler-bicicletas-de-montana\/","url":"https:\/\/www.grazalemacycling.com\/es\/alquiler-bicicletas-sierra-de-grazalema-cadiz-andalucia\/alquiler-bicicletas-de-montana\/","name":"Alquiler bicicletas de monta\u00f1a en Grazalema, C\u00e1diz","isPartOf":{"@id":"https:\/\/www.grazalemacycling.com\/es\/#website"},"primaryImageOfPage":{"@id":"https:\/\/www.grazalemacycling.com\/es\/alquiler-bicicletas-sierra-de-grazalema-cadiz-andalucia\/alquiler-bicicletas-de-montana\/#primaryimage"},"image":{"@id":"https:\/\/www.grazalemacycling.com\/es\/alquiler-bicicletas-sierra-de-grazalema-cadiz-andalucia\/alquiler-bicicletas-de-montana\/#primaryimage"},"thumbnailUrl":"https:\/\/www.grazalemacycling.com\/wp-content\/uploads\/2023\/01\/IMG_3184_jpg-1024x768.jpg","datePublished":"2023-01-23T12:48:34+00:00","dateModified":"2026-01-05T21:32:37+00:00","description":"Gracias al alquiler de las bicicletas de monta\u00f1a puede descubrir el Parque Natural Sierra de Grazalema (C\u00e1diz, Andaluc\u00eda) en estado puro.","breadcrumb":{"@id":"https:\/\/www.grazalemacycling.com\/es\/alquiler-bicicletas-sierra-de-grazalema-cadiz-andalucia\/alquiler-bicicletas-de-montana\/#breadcrumb"},"inLanguage":"es","potentialAction":[{"@type":"ReadAction","target":["https:\/\/www.grazalemacycling.com\/es\/alquiler-bicicletas-sierra-de-grazalema-cadiz-andalucia\/alquiler-bicicletas-de-montana\/"]}]},{"@type":"ImageObject","inLanguage":"es","@id":"https:\/\/www.grazalemacycling.com\/es\/alquiler-bicicletas-sierra-de-grazalema-cadiz-andalucia\/alquiler-bicicletas-de-montana\/#primaryimage","url":"https:\/\/www.grazalemacycling.com\/wp-content\/uploads\/2023\/01\/IMG_3184_jpg-1024x768.jpg","contentUrl":"https:\/\/www.grazalemacycling.com\/wp-content\/uploads\/2023\/01\/IMG_3184_jpg-1024x768.jpg"},{"@type":"BreadcrumbList","@id":"https:\/\/www.grazalemacycling.com\/es\/alquiler-bicicletas-sierra-de-grazalema-cadiz-andalucia\/alquiler-bicicletas-de-montana\/#breadcrumb","itemListElement":[{"@type":"ListItem","position":1,"name":"Home","item":"https:\/\/www.grazalemacycling.com\/es\/"},{"@type":"ListItem","position":2,"name":"Alquiler de bicicletas en Grazalema (C\u00e1diz, Andaluc\u00eda)","item":"https:\/\/www.grazalemacycling.com\/es\/alquiler-bicicletas-sierra-de-grazalema-cadiz-andalucia\/"},{"@type":"ListItem","position":3,"name":"Alquiler bicicletas de monta\u00f1a en Grazalema, C\u00e1diz"}]},{"@type":"WebSite","@id":"https:\/\/www.grazalemacycling.com\/es\/#website","url":"https:\/\/www.grazalemacycling.com\/es\/","name":"Grazalema Cycling Adventures","description":"Bike Rental, Guided Rides &amp; Routes","publisher":{"@id":"https:\/\/www.grazalemacycling.com\/es\/#organization"},"potentialAction":[{"@type":"SearchAction","target":{"@type":"EntryPoint","urlTemplate":"https:\/\/www.grazalemacycling.com\/es\/?s={search_term_string}"},"query-input":{"@type":"PropertyValueSpecification","valueRequired":true,"valueName":"search_term_string"}}],"inLanguage":"es"},{"@type":"Organization","@id":"https:\/\/www.grazalemacycling.com\/es\/#organization","name":"Grazalema Cycling Adventures","url":"https:\/\/www.grazalemacycling.com\/es\/","logo":{"@type":"ImageObject","inLanguage":"es","@id":"https:\/\/www.grazalemacycling.com\/es\/#\/schema\/logo\/image\/","url":"https:\/\/www.grazalemacycling.com\/wp-content\/uploads\/2018\/12\/logo_web_retina-1.png","contentUrl":"https:\/\/www.grazalemacycling.com\/wp-content\/uploads\/2018\/12\/logo_web_retina-1.png","width":675,"height":161,"caption":"Grazalema Cycling Adventures"},"image":{"@id":"https:\/\/www.grazalemacycling.com\/es\/#\/schema\/logo\/image\/"},"sameAs":["https:\/\/www.facebook.com\/grazalemacycling\/","https:\/\/www.instagram.com\/grazalemacyclingadventures\/"]}]}},"uagb_featured_image_src":{"full":false,"thumbnail":false,"medium":false,"medium_large":false,"large":false,"1536x1536":false,"2048x2048":false,"be_thumbnail":false,"be_clients":false,"slider-content":false,"portfolio-mf":false,"portfolio-mf-w":false,"portfolio-mf-t":false,"portfolio-list":false,"blog-portfolio":false,"blog-single":false,"mobile-srcset":false,"woocommerce_thumbnail":false,"woocommerce_single":false,"woocommerce_gallery_thumbnail":false},"uagb_author_info":{"display_name":"Agnieta Francke","author_link":"https:\/\/www.grazalemacycling.com\/es\/author\/agnieta\/"},"uagb_comment_info":0,"uagb_excerpt":null,"_links":{"self":[{"href":"https:\/\/www.grazalemacycling.com\/es\/wp-json\/wp\/v2\/pages\/4584","targetHints":{"allow":["GET"]}}],"collection":[{"href":"https:\/\/www.grazalemacycling.com\/es\/wp-json\/wp\/v2\/pages"}],"about":[{"href":"https:\/\/www.grazalemacycling.com\/es\/wp-json\/wp\/v2\/types\/page"}],"author":[{"embeddable":true,"href":"https:\/\/www.grazalemacycling.com\/es\/wp-json\/wp\/v2\/users\/2"}],"replies":[{"embeddable":true,"href":"https:\/\/www.grazalemacycling.com\/es\/wp-json\/wp\/v2\/comments?post=4584"}],"version-history":[{"count":33,"href":"https:\/\/www.grazalemacycling.com\/es\/wp-json\/wp\/v2\/pages\/4584\/revisions"}],"predecessor-version":[{"id":6098,"href":"https:\/\/www.grazalemacycling.com\/es\/wp-json\/wp\/v2\/pages\/4584\/revisions\/6098"}],"up":[{"embeddable":true,"href":"https:\/\/www.grazalemacycling.com\/es\/wp-json\/wp\/v2\/pages\/4867"}],"wp:attachment":[{"href":"https:\/\/www.grazalemacycling.com\/es\/wp-json\/wp\/v2\/media?parent=4584"}],"curies":[{"name":"wp","href":"https:\/\/api.w.org\/{rel}","templated":true}]}}