{"id":4835,"date":"2023-01-23T12:20:11","date_gmt":"2023-01-23T12:20:11","guid":{"rendered":"https:\/\/www.grazalemacycling.com\/?page_id=4835"},"modified":"2026-01-05T21:42:31","modified_gmt":"2026-01-05T21:42:31","slug":"transporte-bicicletas-de-alquiler","status":"publish","type":"page","link":"https:\/\/www.grazalemacycling.com\/es\/alquiler-bicicletas-sierra-de-grazalema-cadiz-andalucia\/transporte-bicicletas-de-alquiler\/","title":{"rendered":"Transporte bicicletas de alquiler"},"content":{"rendered":"\n<div class=\"wp-block-cover alignwide is-light\"><span aria-hidden=\"true\" class=\"wp-block-cover__background has-background-dim-0 has-background-dim\"><\/span><div class=\"wp-block-cover__inner-container is-layout-flow wp-block-cover-is-layout-flow\">\n<div class=\"wp-block-group alignwide\"><div class=\"wp-block-group__inner-container is-layout-constrained wp-block-group-is-layout-constrained\">\n<div class=\"wp-block-media-text alignwide is-stacked-on-mobile is-vertically-aligned-center\" style=\"grid-template-columns:45% auto\"><figure class=\"wp-block-media-text__media\"><img loading=\"lazy\" decoding=\"async\" width=\"1024\" height=\"683\" src=\"https:\/\/www.grazalemacycling.com\/wp-content\/uploads\/2022\/11\/farto-voltacv-3-1024x683.jpg\" alt=\"Entrega bicicletas de alquiler en la puerta de su hotel\/alojamiento, C\u00e1diz, Sevilla, M\u00e1laga (Andaluc\u00eda)\n\" class=\"wp-image-3740 size-full\" srcset=\"https:\/\/www.grazalemacycling.com\/wp-content\/uploads\/2022\/11\/farto-voltacv-3-1024x683.jpg 1024w, https:\/\/www.grazalemacycling.com\/wp-content\/uploads\/2022\/11\/farto-voltacv-3-scaled-800x533.jpg 800w, https:\/\/www.grazalemacycling.com\/wp-content\/uploads\/2022\/11\/farto-voltacv-3-300x200.jpg 300w, https:\/\/www.grazalemacycling.com\/wp-content\/uploads\/2022\/11\/farto-voltacv-3-768x512.jpg 768w, https:\/\/www.grazalemacycling.com\/wp-content\/uploads\/2022\/11\/farto-voltacv-3-1536x1024.jpg 1536w, https:\/\/www.grazalemacycling.com\/wp-content\/uploads\/2022\/11\/farto-voltacv-3-2048x1365.jpg 2048w, https:\/\/www.grazalemacycling.com\/wp-content\/uploads\/2022\/11\/farto-voltacv-3-219x146.jpg 219w, https:\/\/www.grazalemacycling.com\/wp-content\/uploads\/2022\/11\/farto-voltacv-3-50x33.jpg 50w, https:\/\/www.grazalemacycling.com\/wp-content\/uploads\/2022\/11\/farto-voltacv-3-113x75.jpg 113w\" sizes=\"auto, (max-width:767px) 480px, (max-width:1024px) 100vw, 1024px\" \/><\/figure><div class=\"wp-block-media-text__content\">\n<h4 class=\"wp-block-heading\">Entrega y recogida bicicletas de alquiler <\/h4>\n\n\n\n<p>\u00bfNo est\u00e1 alojado en Grazalema? Sin problema. Ofrecemos la entrega y recogida de nuestras bicicletas de alquiler a otros pueblos blancos y ciudades en Andaluc\u00eda. <\/p>\n\n\n\n<p>Podemos acordar la entrega y recogida de las bicicletas de alquiler en otros puntos, como su hotel, casa rural, etc., en las provincias de C\u00e1diz, Sevilla y M\u00e1laga, entre otros. Y si su plan es terminar sus vacaciones por Andaluc\u00eda en otro sitio que donde las empez\u00f3, tampoco hay problema. No hace falta que la entrega y recogida de la(s) bicicleta(s) tenga lugar en el mismo sitio. <\/p>\n\n\n\n<p>En breve, intentamos ser flexibles y adaptarnos a sus necesidades lo m\u00e1ximo posible. Cu\u00e9ntanos sus planes y le prepararemos un presupuesto con los detalles y precios de lo que ser\u00eda su reserva, sin compromisos, obviamente. <\/p>\n\n\n\n<div style=\"height:35px\" aria-hidden=\"true\" class=\"wp-block-spacer\"><\/div>\n\n\n\n<div class=\"wp-block-buttons is-layout-flex wp-block-buttons-is-layout-flex\">\n<div class=\"wp-block-button is-style-fill\"><a class=\"wp-block-button__link wp-element-button\" href=\"www.grazalemacycling.com\/es\/contacto\">Cont\u00e1ctenos<\/a><\/div>\n<\/div>\n<\/div><\/div>\n\n\n\n<hr class=\"wp-block-separator has-alpha-channel-opacity is-style-dots\"\/>\n<\/div><\/div>\n\n\n\n<div class=\"wp-block-columns is-layout-flex wp-container-core-columns-is-layout-9d6595d7 wp-block-columns-is-layout-flex\">\n<div class=\"wp-block-column is-layout-flow wp-block-column-is-layout-flow\">\n<h6 class=\"wp-block-heading\">Notas transporte bicicletas de alquiler<\/h6>\n\n\n\n<ul class=\"wp-block-list\">\n<li>La distancia y el tiempo se basan en el c\u00e1lculo de <a href=\"https:\/\/www.google.com\/maps\/dir\/Grazalema+Cycling+Adventures,+Calle+Dr.+Mateos+Gago,+9,+11610+Grazalema,+C%C3%A1diz\/@36.7586595,-5.43687,12z\/data=!4m7!4m6!1m5!1m1!1s0xd0d3fbd37b45a25:0x98e5a734991bbd69!2m2!1d-5.36683!2d36.75868\" target=\"_blank\" rel=\"noreferrer noopener\">Google Maps<\/a> desde Grazalema hasta la ubicaci\u00f3n de entrega y recogida. <\/li>\n\n\n\n<li>\u00c1reas remotas\/dif\u00edciles de llegar pueden conllevar costes adicionales. <\/li>\n\n\n\n<li>Los precios son v\u00e1lidos para la entrega y recogida de 5 bicis m\u00e1ximo.<\/li>\n\n\n\n<li>Cont\u00e1ctenos si quiere saber el precio el transporte de m\u00e1s de 5 bicicletas de alquiler.  <\/li>\n<\/ul>\n<\/div>\n\n\n\n<div class=\"wp-block-column is-layout-flow wp-block-column-is-layout-flow\">\n<figure class=\"wp-block-table is-style-stripes\"><table><thead><tr><th>Distancia\/ tiempo hasta ubicaci\u00f3n (hasta&#8230;)<\/th><th>Precio total entrega + recogida<\/th><th>Transporte gratis para alquileres de&#8230;<\/th><\/tr><\/thead><tbody><tr><td>10km\/10min<\/td><td>40\u20ac<\/td><td>200\u20ac o m\u00e1s<\/td><\/tr><tr><td>20km\/20min<\/td><td>65\u20ac<\/td><td>325\u20ac o m\u00e1s<\/td><\/tr><tr><td>30km\/30min<\/td><td>90\u20ac<\/td><td>450\u20ac o m\u00e1s<\/td><\/tr><tr><td>40km\/40min<\/td><td>115\u20ac<\/td><td>575\u20ac o m\u00e1s<\/td><\/tr><tr><td>50km\/50min<\/td><td>135\u20ac<\/td><td>675\u20ac o m\u00e1s<\/td><\/tr><tr><td>60km\/60min<\/td><td>160\u20ac<\/td><td>800\u20ac o m\u00e1s<\/td><\/tr><tr><td>70km\/70min<\/td><td>185\u20ac<\/td><td>925\u20ac o m\u00e1s<\/td><\/tr><tr><td>80km\/80min<\/td><td>210\u20ac<\/td><td>1050\u20ac o m\u00e1s<\/td><\/tr><tr><td>90km\/90min<\/td><td>235\u20ac<\/td><td>1175\u20ac o m\u00e1s<\/td><\/tr><tr><td>100km\/100min<\/td><td>260\u20ac<\/td><td>1300\u20ac o m\u00e1s<\/td><\/tr><tr><td>110km\/110min<\/td><td>285\u20ac<\/td><td>1425\u20ac o m\u00e1s<\/td><\/tr><\/tbody><\/table><\/figure>\n<\/div>\n<\/div>\n<\/div><\/div>\n","protected":false},"excerpt":{"rendered":"","protected":false},"author":2,"featured_media":0,"parent":4867,"menu_order":0,"comment_status":"closed","ping_status":"closed","template":"","meta":{"_uag_custom_page_level_css":"","footnotes":""},"class_list":["post-4835","page","type-page","status-publish","hentry"],"yoast_head":"<!-- This site is optimized with the Yoast SEO plugin v26.6 - https:\/\/yoast.com\/wordpress\/plugins\/seo\/ -->\n<title>Entrega y recogida bicicletas de alquiler pueblos blanco, Andaluc\u00eda<\/title>\n<meta name=\"description\" content=\"\u00bfQuiere contratar la entrega y recogida de bicicletas de alquiler en su alojamiento durante sus vacaciones en Andaluc\u00eda? \u00a1Le ayudamos!\" \/>\n<meta name=\"robots\" content=\"index, follow, max-snippet:-1, max-image-preview:large, max-video-preview:-1\" \/>\n<link rel=\"canonical\" href=\"https:\/\/www.grazalemacycling.com\/es\/alquiler-bicicletas-sierra-de-grazalema-cadiz-andalucia\/transporte-bicicletas-de-alquiler\/\" \/>\n<meta property=\"og:locale\" content=\"es_ES\" \/>\n<meta property=\"og:type\" content=\"article\" \/>\n<meta property=\"og:title\" content=\"Entrega y recogida bicicletas de alquiler pueblos blanco, Andaluc\u00eda\" \/>\n<meta property=\"og:description\" content=\"\u00bfQuiere contratar la entrega y recogida de bicicletas de alquiler en su alojamiento durante sus vacaciones en Andaluc\u00eda? \u00a1Le ayudamos!\" \/>\n<meta property=\"og:url\" content=\"https:\/\/www.grazalemacycling.com\/es\/alquiler-bicicletas-sierra-de-grazalema-cadiz-andalucia\/transporte-bicicletas-de-alquiler\/\" \/>\n<meta property=\"og:site_name\" content=\"Grazalema Cycling Adventures\" \/>\n<meta property=\"article:publisher\" content=\"https:\/\/www.facebook.com\/grazalemacycling\/\" \/>\n<meta property=\"article:modified_time\" content=\"2026-01-05T21:42:31+00:00\" \/>\n<meta property=\"og:image\" content=\"https:\/\/www.grazalemacycling.com\/wp-content\/uploads\/2022\/11\/farto-voltacv-3-scaled.jpg\" \/>\n\t<meta property=\"og:image:width\" content=\"2560\" \/>\n\t<meta property=\"og:image:height\" content=\"1707\" \/>\n\t<meta property=\"og:image:type\" content=\"image\/jpeg\" \/>\n<meta name=\"twitter:card\" content=\"summary_large_image\" \/>\n<meta name=\"twitter:label1\" content=\"Tiempo de lectura\" \/>\n\t<meta name=\"twitter:data1\" content=\"2 minutos\" \/>\n<script type=\"application\/ld+json\" class=\"yoast-schema-graph\">{\"@context\":\"https:\/\/schema.org\",\"@graph\":[{\"@type\":\"WebPage\",\"@id\":\"https:\/\/www.grazalemacycling.com\/es\/alquiler-bicicletas-sierra-de-grazalema-cadiz-andalucia\/transporte-bicicletas-de-alquiler\/\",\"url\":\"https:\/\/www.grazalemacycling.com\/es\/alquiler-bicicletas-sierra-de-grazalema-cadiz-andalucia\/transporte-bicicletas-de-alquiler\/\",\"name\":\"Entrega y recogida bicicletas de alquiler pueblos blanco, Andaluc\u00eda\",\"isPartOf\":{\"@id\":\"https:\/\/www.grazalemacycling.com\/es\/#website\"},\"primaryImageOfPage\":{\"@id\":\"https:\/\/www.grazalemacycling.com\/es\/alquiler-bicicletas-sierra-de-grazalema-cadiz-andalucia\/transporte-bicicletas-de-alquiler\/#primaryimage\"},\"image\":{\"@id\":\"https:\/\/www.grazalemacycling.com\/es\/alquiler-bicicletas-sierra-de-grazalema-cadiz-andalucia\/transporte-bicicletas-de-alquiler\/#primaryimage\"},\"thumbnailUrl\":\"https:\/\/www.grazalemacycling.com\/wp-content\/uploads\/2022\/11\/farto-voltacv-3-1024x683.jpg\",\"datePublished\":\"2023-01-23T12:20:11+00:00\",\"dateModified\":\"2026-01-05T21:42:31+00:00\",\"description\":\"\u00bfQuiere contratar la entrega y recogida de bicicletas de alquiler en su alojamiento durante sus vacaciones en Andaluc\u00eda? \u00a1Le ayudamos!\",\"breadcrumb\":{\"@id\":\"https:\/\/www.grazalemacycling.com\/es\/alquiler-bicicletas-sierra-de-grazalema-cadiz-andalucia\/transporte-bicicletas-de-alquiler\/#breadcrumb\"},\"inLanguage\":\"es\",\"potentialAction\":[{\"@type\":\"ReadAction\",\"target\":[\"https:\/\/www.grazalemacycling.com\/es\/alquiler-bicicletas-sierra-de-grazalema-cadiz-andalucia\/transporte-bicicletas-de-alquiler\/\"]}]},{\"@type\":\"ImageObject\",\"inLanguage\":\"es\",\"@id\":\"https:\/\/www.grazalemacycling.com\/es\/alquiler-bicicletas-sierra-de-grazalema-cadiz-andalucia\/transporte-bicicletas-de-alquiler\/#primaryimage\",\"url\":\"https:\/\/www.grazalemacycling.com\/wp-content\/uploads\/2022\/11\/farto-voltacv-3-1024x683.jpg\",\"contentUrl\":\"https:\/\/www.grazalemacycling.com\/wp-content\/uploads\/2022\/11\/farto-voltacv-3-1024x683.jpg\"},{\"@type\":\"BreadcrumbList\",\"@id\":\"https:\/\/www.grazalemacycling.com\/es\/alquiler-bicicletas-sierra-de-grazalema-cadiz-andalucia\/transporte-bicicletas-de-alquiler\/#breadcrumb\",\"itemListElement\":[{\"@type\":\"ListItem\",\"position\":1,\"name\":\"Home\",\"item\":\"https:\/\/www.grazalemacycling.com\/es\/\"},{\"@type\":\"ListItem\",\"position\":2,\"name\":\"Alquiler de bicicletas en Grazalema (C\u00e1diz, Andaluc\u00eda)\",\"item\":\"https:\/\/www.grazalemacycling.com\/es\/alquiler-bicicletas-sierra-de-grazalema-cadiz-andalucia\/\"},{\"@type\":\"ListItem\",\"position\":3,\"name\":\"Transporte bicicletas de alquiler\"}]},{\"@type\":\"WebSite\",\"@id\":\"https:\/\/www.grazalemacycling.com\/es\/#website\",\"url\":\"https:\/\/www.grazalemacycling.com\/es\/\",\"name\":\"Grazalema Cycling Adventures\",\"description\":\"Bike Rental, Guided Rides &amp; Routes\",\"publisher\":{\"@id\":\"https:\/\/www.grazalemacycling.com\/es\/#organization\"},\"potentialAction\":[{\"@type\":\"SearchAction\",\"target\":{\"@type\":\"EntryPoint\",\"urlTemplate\":\"https:\/\/www.grazalemacycling.com\/es\/?s={search_term_string}\"},\"query-input\":{\"@type\":\"PropertyValueSpecification\",\"valueRequired\":true,\"valueName\":\"search_term_string\"}}],\"inLanguage\":\"es\"},{\"@type\":\"Organization\",\"@id\":\"https:\/\/www.grazalemacycling.com\/es\/#organization\",\"name\":\"Grazalema Cycling Adventures\",\"url\":\"https:\/\/www.grazalemacycling.com\/es\/\",\"logo\":{\"@type\":\"ImageObject\",\"inLanguage\":\"es\",\"@id\":\"https:\/\/www.grazalemacycling.com\/es\/#\/schema\/logo\/image\/\",\"url\":\"https:\/\/www.grazalemacycling.com\/wp-content\/uploads\/2018\/12\/logo_web_retina-1.png\",\"contentUrl\":\"https:\/\/www.grazalemacycling.com\/wp-content\/uploads\/2018\/12\/logo_web_retina-1.png\",\"width\":675,\"height\":161,\"caption\":\"Grazalema Cycling Adventures\"},\"image\":{\"@id\":\"https:\/\/www.grazalemacycling.com\/es\/#\/schema\/logo\/image\/\"},\"sameAs\":[\"https:\/\/www.facebook.com\/grazalemacycling\/\",\"https:\/\/www.instagram.com\/grazalemacyclingadventures\/\"]}]}<\/script>\n<!-- \/ Yoast SEO plugin. -->","yoast_head_json":{"title":"Entrega y recogida bicicletas de alquiler pueblos blanco, Andaluc\u00eda","description":"\u00bfQuiere contratar la entrega y recogida de bicicletas de alquiler en su alojamiento durante sus vacaciones en Andaluc\u00eda? \u00a1Le ayudamos!","robots":{"index":"index","follow":"follow","max-snippet":"max-snippet:-1","max-image-preview":"max-image-preview:large","max-video-preview":"max-video-preview:-1"},"canonical":"https:\/\/www.grazalemacycling.com\/es\/alquiler-bicicletas-sierra-de-grazalema-cadiz-andalucia\/transporte-bicicletas-de-alquiler\/","og_locale":"es_ES","og_type":"article","og_title":"Entrega y recogida bicicletas de alquiler pueblos blanco, Andaluc\u00eda","og_description":"\u00bfQuiere contratar la entrega y recogida de bicicletas de alquiler en su alojamiento durante sus vacaciones en Andaluc\u00eda? \u00a1Le ayudamos!","og_url":"https:\/\/www.grazalemacycling.com\/es\/alquiler-bicicletas-sierra-de-grazalema-cadiz-andalucia\/transporte-bicicletas-de-alquiler\/","og_site_name":"Grazalema Cycling Adventures","article_publisher":"https:\/\/www.facebook.com\/grazalemacycling\/","article_modified_time":"2026-01-05T21:42:31+00:00","og_image":[{"width":2560,"height":1707,"url":"https:\/\/www.grazalemacycling.com\/wp-content\/uploads\/2022\/11\/farto-voltacv-3-scaled.jpg","type":"image\/jpeg"}],"twitter_card":"summary_large_image","twitter_misc":{"Tiempo de lectura":"2 minutos"},"schema":{"@context":"https:\/\/schema.org","@graph":[{"@type":"WebPage","@id":"https:\/\/www.grazalemacycling.com\/es\/alquiler-bicicletas-sierra-de-grazalema-cadiz-andalucia\/transporte-bicicletas-de-alquiler\/","url":"https:\/\/www.grazalemacycling.com\/es\/alquiler-bicicletas-sierra-de-grazalema-cadiz-andalucia\/transporte-bicicletas-de-alquiler\/","name":"Entrega y recogida bicicletas de alquiler pueblos blanco, Andaluc\u00eda","isPartOf":{"@id":"https:\/\/www.grazalemacycling.com\/es\/#website"},"primaryImageOfPage":{"@id":"https:\/\/www.grazalemacycling.com\/es\/alquiler-bicicletas-sierra-de-grazalema-cadiz-andalucia\/transporte-bicicletas-de-alquiler\/#primaryimage"},"image":{"@id":"https:\/\/www.grazalemacycling.com\/es\/alquiler-bicicletas-sierra-de-grazalema-cadiz-andalucia\/transporte-bicicletas-de-alquiler\/#primaryimage"},"thumbnailUrl":"https:\/\/www.grazalemacycling.com\/wp-content\/uploads\/2022\/11\/farto-voltacv-3-1024x683.jpg","datePublished":"2023-01-23T12:20:11+00:00","dateModified":"2026-01-05T21:42:31+00:00","description":"\u00bfQuiere contratar la entrega y recogida de bicicletas de alquiler en su alojamiento durante sus vacaciones en Andaluc\u00eda? \u00a1Le ayudamos!","breadcrumb":{"@id":"https:\/\/www.grazalemacycling.com\/es\/alquiler-bicicletas-sierra-de-grazalema-cadiz-andalucia\/transporte-bicicletas-de-alquiler\/#breadcrumb"},"inLanguage":"es","potentialAction":[{"@type":"ReadAction","target":["https:\/\/www.grazalemacycling.com\/es\/alquiler-bicicletas-sierra-de-grazalema-cadiz-andalucia\/transporte-bicicletas-de-alquiler\/"]}]},{"@type":"ImageObject","inLanguage":"es","@id":"https:\/\/www.grazalemacycling.com\/es\/alquiler-bicicletas-sierra-de-grazalema-cadiz-andalucia\/transporte-bicicletas-de-alquiler\/#primaryimage","url":"https:\/\/www.grazalemacycling.com\/wp-content\/uploads\/2022\/11\/farto-voltacv-3-1024x683.jpg","contentUrl":"https:\/\/www.grazalemacycling.com\/wp-content\/uploads\/2022\/11\/farto-voltacv-3-1024x683.jpg"},{"@type":"BreadcrumbList","@id":"https:\/\/www.grazalemacycling.com\/es\/alquiler-bicicletas-sierra-de-grazalema-cadiz-andalucia\/transporte-bicicletas-de-alquiler\/#breadcrumb","itemListElement":[{"@type":"ListItem","position":1,"name":"Home","item":"https:\/\/www.grazalemacycling.com\/es\/"},{"@type":"ListItem","position":2,"name":"Alquiler de bicicletas en Grazalema (C\u00e1diz, Andaluc\u00eda)","item":"https:\/\/www.grazalemacycling.com\/es\/alquiler-bicicletas-sierra-de-grazalema-cadiz-andalucia\/"},{"@type":"ListItem","position":3,"name":"Transporte bicicletas de alquiler"}]},{"@type":"WebSite","@id":"https:\/\/www.grazalemacycling.com\/es\/#website","url":"https:\/\/www.grazalemacycling.com\/es\/","name":"Grazalema Cycling Adventures","description":"Bike Rental, Guided Rides &amp; Routes","publisher":{"@id":"https:\/\/www.grazalemacycling.com\/es\/#organization"},"potentialAction":[{"@type":"SearchAction","target":{"@type":"EntryPoint","urlTemplate":"https:\/\/www.grazalemacycling.com\/es\/?s={search_term_string}"},"query-input":{"@type":"PropertyValueSpecification","valueRequired":true,"valueName":"search_term_string"}}],"inLanguage":"es"},{"@type":"Organization","@id":"https:\/\/www.grazalemacycling.com\/es\/#organization","name":"Grazalema Cycling Adventures","url":"https:\/\/www.grazalemacycling.com\/es\/","logo":{"@type":"ImageObject","inLanguage":"es","@id":"https:\/\/www.grazalemacycling.com\/es\/#\/schema\/logo\/image\/","url":"https:\/\/www.grazalemacycling.com\/wp-content\/uploads\/2018\/12\/logo_web_retina-1.png","contentUrl":"https:\/\/www.grazalemacycling.com\/wp-content\/uploads\/2018\/12\/logo_web_retina-1.png","width":675,"height":161,"caption":"Grazalema Cycling Adventures"},"image":{"@id":"https:\/\/www.grazalemacycling.com\/es\/#\/schema\/logo\/image\/"},"sameAs":["https:\/\/www.facebook.com\/grazalemacycling\/","https:\/\/www.instagram.com\/grazalemacyclingadventures\/"]}]}},"uagb_featured_image_src":{"full":false,"thumbnail":false,"medium":false,"medium_large":false,"large":false,"1536x1536":false,"2048x2048":false,"be_thumbnail":false,"be_clients":false,"slider-content":false,"portfolio-mf":false,"portfolio-mf-w":false,"portfolio-mf-t":false,"portfolio-list":false,"blog-portfolio":false,"blog-single":false,"mobile-srcset":false,"woocommerce_thumbnail":false,"woocommerce_single":false,"woocommerce_gallery_thumbnail":false},"uagb_author_info":{"display_name":"Agnieta Francke","author_link":"https:\/\/www.grazalemacycling.com\/es\/author\/agnieta\/"},"uagb_comment_info":0,"uagb_excerpt":null,"_links":{"self":[{"href":"https:\/\/www.grazalemacycling.com\/es\/wp-json\/wp\/v2\/pages\/4835","targetHints":{"allow":["GET"]}}],"collection":[{"href":"https:\/\/www.grazalemacycling.com\/es\/wp-json\/wp\/v2\/pages"}],"about":[{"href":"https:\/\/www.grazalemacycling.com\/es\/wp-json\/wp\/v2\/types\/page"}],"author":[{"embeddable":true,"href":"https:\/\/www.grazalemacycling.com\/es\/wp-json\/wp\/v2\/users\/2"}],"replies":[{"embeddable":true,"href":"https:\/\/www.grazalemacycling.com\/es\/wp-json\/wp\/v2\/comments?post=4835"}],"version-history":[{"count":13,"href":"https:\/\/www.grazalemacycling.com\/es\/wp-json\/wp\/v2\/pages\/4835\/revisions"}],"predecessor-version":[{"id":6107,"href":"https:\/\/www.grazalemacycling.com\/es\/wp-json\/wp\/v2\/pages\/4835\/revisions\/6107"}],"up":[{"embeddable":true,"href":"https:\/\/www.grazalemacycling.com\/es\/wp-json\/wp\/v2\/pages\/4867"}],"wp:attachment":[{"href":"https:\/\/www.grazalemacycling.com\/es\/wp-json\/wp\/v2\/media?parent=4835"}],"curies":[{"name":"wp","href":"https:\/\/api.w.org\/{rel}","templated":true}]}}