{"id":4867,"date":"2023-01-23T13:04:53","date_gmt":"2023-01-23T13:04:53","guid":{"rendered":"https:\/\/www.grazalemacycling.com\/?page_id=4867"},"modified":"2025-02-17T19:51:37","modified_gmt":"2025-02-17T19:51:37","slug":"alquiler-bicicletas-sierra-de-grazalema-cadiz-andalucia","status":"publish","type":"page","link":"https:\/\/www.grazalemacycling.com\/es\/alquiler-bicicletas-sierra-de-grazalema-cadiz-andalucia\/","title":{"rendered":"Alquiler de bicicletas en Grazalema (C\u00e1diz, Andaluc\u00eda)"},"content":{"rendered":"\n<div class=\"wp-block-columns is-layout-flex wp-container-core-columns-is-layout-9d6595d7 wp-block-columns-is-layout-flex\">\n<div class=\"wp-block-column is-layout-flow wp-block-column-is-layout-flow\" style=\"flex-basis:100%\">\n<div class=\"wp-block-group\"><div class=\"wp-block-group__inner-container is-layout-constrained wp-block-group-is-layout-constrained\">\n<div class=\"wp-block-columns is-layout-flex wp-container-core-columns-is-layout-9d6595d7 wp-block-columns-is-layout-flex\">\n<div class=\"wp-block-column is-vertically-aligned-center is-layout-flow wp-block-column-is-layout-flow\">\n<figure class=\"wp-block-gallery has-nested-images columns-4 is-cropped wp-block-gallery-1 is-layout-flex wp-block-gallery-is-layout-flex\">\n<figure class=\"wp-block-image size-medium\"><a href=\"https:\/\/www.grazalemacycling.com\/es\/alquiler-bicicletas-sierra-de-grazalema-cadiz-andalucia\/alquiler-bicicletas-electricas\/\"><img loading=\"lazy\" decoding=\"async\" width=\"300\" height=\"188\" data-id=\"3752\" src=\"https:\/\/www.grazalemacycling.com\/wp-content\/uploads\/2022\/11\/gainf20-edited-300x188.jpg\" alt=\"Electric Bike Hire Grazalema, Andalucia, Spain\" class=\"wp-image-3752\" srcset=\"https:\/\/www.grazalemacycling.com\/wp-content\/uploads\/2022\/11\/gainf20-edited-300x188.jpg 300w, https:\/\/www.grazalemacycling.com\/wp-content\/uploads\/2022\/11\/gainf20-edited-233x146.jpg 233w, https:\/\/www.grazalemacycling.com\/wp-content\/uploads\/2022\/11\/gainf20-edited-50x31.jpg 50w, https:\/\/www.grazalemacycling.com\/wp-content\/uploads\/2022\/11\/gainf20-edited-120x75.jpg 120w, https:\/\/www.grazalemacycling.com\/wp-content\/uploads\/2022\/11\/gainf20-edited.jpg 662w\" sizes=\"auto, (max-width:767px) 300px, 300px\" \/><\/a><figcaption class=\"wp-element-caption\">Bicicleta el\u00e9ctrica<\/figcaption><\/figure>\n\n\n\n<figure class=\"wp-block-image size-medium\"><a href=\"https:\/\/www.grazalemacycling.com\/es\/alquiler-bicicletas-sierra-de-grazalema-cadiz-andalucia\/alquiler-bici-montana-electrica\/\"><img loading=\"lazy\" decoding=\"async\" width=\"300\" height=\"200\" data-id=\"3612\" src=\"https:\/\/www.grazalemacycling.com\/wp-content\/uploads\/2022\/10\/bhatom-1-300x200.jpg\" alt=\"Electric Mountain Bike Hire (BH Atom)\" class=\"wp-image-3612\" srcset=\"https:\/\/www.grazalemacycling.com\/wp-content\/uploads\/2022\/10\/bhatom-1-300x200.jpg 300w, https:\/\/www.grazalemacycling.com\/wp-content\/uploads\/2022\/10\/bhatom-1-800x533.jpg 800w, https:\/\/www.grazalemacycling.com\/wp-content\/uploads\/2022\/10\/bhatom-1-1024x683.jpg 1024w, https:\/\/www.grazalemacycling.com\/wp-content\/uploads\/2022\/10\/bhatom-1-768x512.jpg 768w, https:\/\/www.grazalemacycling.com\/wp-content\/uploads\/2022\/10\/bhatom-1-219x146.jpg 219w, https:\/\/www.grazalemacycling.com\/wp-content\/uploads\/2022\/10\/bhatom-1-50x33.jpg 50w, https:\/\/www.grazalemacycling.com\/wp-content\/uploads\/2022\/10\/bhatom-1-113x75.jpg 113w, https:\/\/www.grazalemacycling.com\/wp-content\/uploads\/2022\/10\/bhatom-1.jpg 1200w\" sizes=\"auto, (max-width:767px) 300px, 300px\" \/><\/a><figcaption class=\"wp-element-caption\">Bicicleta de monta\u00f1a el\u00e9ctrica<\/figcaption><\/figure>\n\n\n\n<figure class=\"wp-block-image size-medium\"><a href=\"https:\/\/www.grazalemacycling.com\/es\/alquiler-bicicletas-sierra-de-grazalema-cadiz-andalucia\/alquiler-bicicletas-de-carretera\/\"><img loading=\"lazy\" decoding=\"async\" width=\"300\" height=\"200\" data-id=\"3402\" src=\"https:\/\/www.grazalemacycling.com\/wp-content\/uploads\/2022\/06\/orbea-orca-1-300x200.jpg\" alt=\"Orbea Orca road bike hire Grazalema, Andaluc\u00eda\" class=\"wp-image-3402\" srcset=\"https:\/\/www.grazalemacycling.com\/wp-content\/uploads\/2022\/06\/orbea-orca-1-300x200.jpg 300w, https:\/\/www.grazalemacycling.com\/wp-content\/uploads\/2022\/06\/orbea-orca-1-600x400.jpg 600w, https:\/\/www.grazalemacycling.com\/wp-content\/uploads\/2022\/06\/orbea-orca-1-768x512.jpg 768w, https:\/\/www.grazalemacycling.com\/wp-content\/uploads\/2022\/06\/orbea-orca-1-219x146.jpg 219w, https:\/\/www.grazalemacycling.com\/wp-content\/uploads\/2022\/06\/orbea-orca-1-50x33.jpg 50w, https:\/\/www.grazalemacycling.com\/wp-content\/uploads\/2022\/06\/orbea-orca-1-113x75.jpg 113w, https:\/\/www.grazalemacycling.com\/wp-content\/uploads\/2022\/06\/orbea-orca-1.jpg 800w\" sizes=\"auto, (max-width:767px) 300px, 300px\" \/><\/a><figcaption class=\"wp-element-caption\">Bicicleta de carretera<\/figcaption><\/figure>\n\n\n\n<figure class=\"wp-block-image size-medium\"><a href=\"https:\/\/www.grazalemacycling.com\/es\/alquiler-bicicletas-sierra-de-grazalema-cadiz-andalucia\/alquiler-bici-de-gravel\/\"><img loading=\"lazy\" decoding=\"async\" width=\"300\" height=\"225\" data-id=\"5946\" src=\"https:\/\/www.grazalemacycling.com\/wp-content\/uploads\/2025\/01\/20241129_135957-300x225.jpg\" alt=\"Gravel bike rental Grazalema, C\u00e1diz, Andaluc\u00eda, Spain\" class=\"wp-image-5946\" srcset=\"https:\/\/www.grazalemacycling.com\/wp-content\/uploads\/2025\/01\/20241129_135957-300x225.jpg 300w, https:\/\/www.grazalemacycling.com\/wp-content\/uploads\/2025\/01\/20241129_135957-1024x768.jpg 1024w, https:\/\/www.grazalemacycling.com\/wp-content\/uploads\/2025\/01\/20241129_135957-768x576.jpg 768w, https:\/\/www.grazalemacycling.com\/wp-content\/uploads\/2025\/01\/20241129_135957-1536x1152.jpg 1536w, https:\/\/www.grazalemacycling.com\/wp-content\/uploads\/2025\/01\/20241129_135957-2048x1536.jpg 2048w, https:\/\/www.grazalemacycling.com\/wp-content\/uploads\/2025\/01\/20241129_135957-100x75.jpg 100w, https:\/\/www.grazalemacycling.com\/wp-content\/uploads\/2025\/01\/20241129_135957-960x720.jpg 960w, https:\/\/www.grazalemacycling.com\/wp-content\/uploads\/2025\/01\/20241129_135957-480x360.jpg 480w, https:\/\/www.grazalemacycling.com\/wp-content\/uploads\/2025\/01\/20241129_135957-800x600.jpg 800w\" sizes=\"auto, (max-width:767px) 300px, 300px\" \/><\/a><figcaption class=\"wp-element-caption\">Bicicleta de gravel<\/figcaption><\/figure>\n\n\n\n<figure class=\"wp-block-image size-medium\"><a href=\"https:\/\/www.grazalemacycling.com\/es\/alquiler-bicicletas-sierra-de-grazalema-cadiz-andalucia\/alquilar-bicicleta-hibrida\/\"><img loading=\"lazy\" decoding=\"async\" width=\"300\" height=\"200\" data-id=\"5253\" src=\"https:\/\/www.grazalemacycling.com\/wp-content\/uploads\/2023\/04\/monty-corsa-17-1-300x200.jpg\" alt=\"Hybrid Bike Rental for Bike our through the Sierra de Grazalema, Andalucia, Spain\" class=\"wp-image-5253\" srcset=\"https:\/\/www.grazalemacycling.com\/wp-content\/uploads\/2023\/04\/monty-corsa-17-1-300x200.jpg 300w, https:\/\/www.grazalemacycling.com\/wp-content\/uploads\/2023\/04\/monty-corsa-17-1-800x533.jpg 800w, https:\/\/www.grazalemacycling.com\/wp-content\/uploads\/2023\/04\/monty-corsa-17-1-1024x683.jpg 1024w, https:\/\/www.grazalemacycling.com\/wp-content\/uploads\/2023\/04\/monty-corsa-17-1-768x512.jpg 768w, https:\/\/www.grazalemacycling.com\/wp-content\/uploads\/2023\/04\/monty-corsa-17-1-219x146.jpg 219w, https:\/\/www.grazalemacycling.com\/wp-content\/uploads\/2023\/04\/monty-corsa-17-1-50x33.jpg 50w, https:\/\/www.grazalemacycling.com\/wp-content\/uploads\/2023\/04\/monty-corsa-17-1-113x75.jpg 113w, https:\/\/www.grazalemacycling.com\/wp-content\/uploads\/2023\/04\/monty-corsa-17-1.jpg 1200w\" sizes=\"auto, (max-width:767px) 300px, 300px\" \/><\/a><figcaption class=\"wp-element-caption\">Bicicleta h\u00edbrida<\/figcaption><\/figure>\n\n\n\n<figure class=\"wp-block-image size-medium\"><a href=\"https:\/\/www.grazalemacycling.com\/es\/alquiler-bicicletas-sierra-de-grazalema-cadiz-andalucia\/alquiler-bicicletas-de-montana\/\"><img loading=\"lazy\" decoding=\"async\" width=\"300\" height=\"187\" data-id=\"3749\" src=\"https:\/\/www.grazalemacycling.com\/wp-content\/uploads\/2022\/11\/mx30-edited-300x187.jpg\" alt=\"\" class=\"wp-image-3749\" srcset=\"https:\/\/www.grazalemacycling.com\/wp-content\/uploads\/2022\/11\/mx30-edited-300x187.jpg 300w, https:\/\/www.grazalemacycling.com\/wp-content\/uploads\/2022\/11\/mx30-edited-234x146.jpg 234w, https:\/\/www.grazalemacycling.com\/wp-content\/uploads\/2022\/11\/mx30-edited-50x31.jpg 50w, https:\/\/www.grazalemacycling.com\/wp-content\/uploads\/2022\/11\/mx30-edited-120x75.jpg 120w, https:\/\/www.grazalemacycling.com\/wp-content\/uploads\/2022\/11\/mx30-edited.jpg 657w\" sizes=\"auto, (max-width:767px) 300px, 300px\" \/><\/a><figcaption class=\"wp-element-caption\">Bicicleta de monta\u00f1a<\/figcaption><\/figure>\n\n\n\n<figure class=\"wp-block-image size-medium\"><a href=\"https:\/\/www.grazalemacycling.com\/es\/alquiler-bicicletas-sierra-de-grazalema-cadiz-andalucia\/actividades-ninos-grazalema\/\"><img loading=\"lazy\" decoding=\"async\" width=\"300\" height=\"200\" data-id=\"3678\" src=\"https:\/\/www.grazalemacycling.com\/wp-content\/uploads\/2022\/10\/children-bike-1-300x200.jpg\" alt=\"Family Cycling: Bike Hire for Kids\" class=\"wp-image-3678\" srcset=\"https:\/\/www.grazalemacycling.com\/wp-content\/uploads\/2022\/10\/children-bike-1-300x200.jpg 300w, https:\/\/www.grazalemacycling.com\/wp-content\/uploads\/2022\/10\/children-bike-1-800x533.jpg 800w, https:\/\/www.grazalemacycling.com\/wp-content\/uploads\/2022\/10\/children-bike-1-1024x683.jpg 1024w, https:\/\/www.grazalemacycling.com\/wp-content\/uploads\/2022\/10\/children-bike-1-768x512.jpg 768w, https:\/\/www.grazalemacycling.com\/wp-content\/uploads\/2022\/10\/children-bike-1-219x146.jpg 219w, https:\/\/www.grazalemacycling.com\/wp-content\/uploads\/2022\/10\/children-bike-1-50x33.jpg 50w, https:\/\/www.grazalemacycling.com\/wp-content\/uploads\/2022\/10\/children-bike-1-113x75.jpg 113w, https:\/\/www.grazalemacycling.com\/wp-content\/uploads\/2022\/10\/children-bike-1.jpg 1200w\" sizes=\"auto, (max-width:767px) 300px, 300px\" \/><\/a><figcaption class=\"wp-element-caption\">Bicicleta de ni\u00f1o<\/figcaption><\/figure>\n\n\n\n<figure class=\"wp-block-image size-medium\"><a href=\"https:\/\/www.grazalemacycling.com\/es\/alquiler-bicicletas-sierra-de-grazalema-cadiz-andalucia\/transporte-bicicletas-de-alquiler\/\"><img loading=\"lazy\" decoding=\"async\" width=\"300\" height=\"200\" data-id=\"3742\" src=\"https:\/\/www.grazalemacycling.com\/wp-content\/uploads\/2022\/11\/farto-voltacv-3-300x200.jpg\" alt=\"Delivery &amp; colelction of hire bikes in Andalucia, Spain\" class=\"wp-image-3742\" srcset=\"https:\/\/www.grazalemacycling.com\/wp-content\/uploads\/2022\/11\/farto-voltacv-3-300x200.jpg 300w, https:\/\/www.grazalemacycling.com\/wp-content\/uploads\/2022\/11\/farto-voltacv-3-scaled-800x533.jpg 800w, https:\/\/www.grazalemacycling.com\/wp-content\/uploads\/2022\/11\/farto-voltacv-3-1024x683.jpg 1024w, https:\/\/www.grazalemacycling.com\/wp-content\/uploads\/2022\/11\/farto-voltacv-3-768x512.jpg 768w, https:\/\/www.grazalemacycling.com\/wp-content\/uploads\/2022\/11\/farto-voltacv-3-1536x1024.jpg 1536w, https:\/\/www.grazalemacycling.com\/wp-content\/uploads\/2022\/11\/farto-voltacv-3-2048x1365.jpg 2048w, https:\/\/www.grazalemacycling.com\/wp-content\/uploads\/2022\/11\/farto-voltacv-3-219x146.jpg 219w, https:\/\/www.grazalemacycling.com\/wp-content\/uploads\/2022\/11\/farto-voltacv-3-50x33.jpg 50w, https:\/\/www.grazalemacycling.com\/wp-content\/uploads\/2022\/11\/farto-voltacv-3-113x75.jpg 113w\" sizes=\"auto, (max-width:767px) 300px, 300px\" \/><\/a><figcaption class=\"wp-element-caption\">Entrega y recogida bicicletas<\/figcaption><\/figure>\n<\/figure>\n<\/div>\n<\/div>\n<\/div><\/div>\n<\/div>\n<\/div>\n\n\n\n<div class=\"wp-block-columns is-layout-flex wp-container-core-columns-is-layout-9d6595d7 wp-block-columns-is-layout-flex\">\n<div class=\"wp-block-column is-layout-flow wp-block-column-is-layout-flow\">\n<blockquote class=\"wp-block-quote is-layout-flow wp-block-quote-is-layout-flow\">\n<p class=\"has-text-align-right\">Alquila una bicicleta en nuestra tienda en Grazalema, un pueblo blanco id\u00edlico en las monta\u00f1as del Parque Natural Sierra de Grazalema y disfruta de el paisaje impresionante de esta parte de la provincia C\u00e1diz (Andaluc\u00eda). S\u00f3lo, con su pareja, amigos o familia. Para un d\u00eda o un viaje en bicicleta completo y personalizado de varios d\u00edas\u2026<\/p>\n\n\n\n<p class=\"has-text-align-right\">Todo es posible.<\/p>\n<\/blockquote>\n<\/div>\n<\/div>\n\n\n\n<hr class=\"wp-block-separator aligncenter has-text-color has-white-color has-alpha-channel-opacity has-white-background-color has-background is-style-default\"\/>\n\n\n\n<div class=\"wp-block-cover alignfull is-light\" style=\"min-height:572px;aspect-ratio:unset;\"><span aria-hidden=\"true\" class=\"wp-block-cover__background has-cyan-bluish-gray-background-color has-background-dim-10 has-background-dim\"><\/span><div class=\"wp-block-cover__inner-container is-layout-flow wp-block-cover-is-layout-flow\">\n<div class=\"wp-block-media-text alignwide is-stacked-on-mobile\" style=\"grid-template-columns:45% auto\"><figure class=\"wp-block-media-text__media\"><img loading=\"lazy\" decoding=\"async\" width=\"662\" height=\"414\" src=\"https:\/\/www.grazalemacycling.com\/wp-content\/uploads\/2022\/11\/gainf20-edited.jpg\" alt=\"Electric Bike Rental Grazalema, Andalucia, Spain\" class=\"wp-image-3750 size-full\" srcset=\"https:\/\/www.grazalemacycling.com\/wp-content\/uploads\/2022\/11\/gainf20-edited.jpg 662w, https:\/\/www.grazalemacycling.com\/wp-content\/uploads\/2022\/11\/gainf20-edited-300x188.jpg 300w, https:\/\/www.grazalemacycling.com\/wp-content\/uploads\/2022\/11\/gainf20-edited-233x146.jpg 233w, https:\/\/www.grazalemacycling.com\/wp-content\/uploads\/2022\/11\/gainf20-edited-50x31.jpg 50w, https:\/\/www.grazalemacycling.com\/wp-content\/uploads\/2022\/11\/gainf20-edited-120x75.jpg 120w\" sizes=\"auto, (max-width:767px) 480px, 662px\" \/><\/figure><div class=\"wp-block-media-text__content\">\n<h4 class=\"wp-block-heading\">Bicicletas el\u00e9ctricas de paseo<\/h4>\n\n\n\n<p>Con nuestra bicicletas el\u00e9ctricas de alquiler, la Orbea Gain F20, puede hacer una ruta en bici por el Parque Natural Sierra de Grazalema (C\u00e1diz, Andaluc\u00eda) disfrutando al m\u00e1ximo. No hace falta preocuparse por las subidas que se encontrar\u00e1 en el camino. La subida a los centros de los pueblos blancos t\u00edpicos de esta zona de Andaluc\u00eda no le supondr\u00e1 ning\u00fan problema. Zahara de la Sierra, El Bosque, Montejaque, Prado del Rey o Benaocaz: puede llegar en bicicleta.<\/p>\n\n\n\n<div class=\"wp-block-buttons is-layout-flex wp-block-buttons-is-layout-flex\">\n<div class=\"wp-block-button is-style-fill\"><a class=\"wp-block-button__link wp-element-button\" href=\"https:\/\/www.grazalemacycling.com\/es\/alquiler-bicicletas-sierra-de-grazalema-cadiz-andalucia\/alquiler-bicicletas-electricas\/\">Leer m\u00e1s<\/a><\/div>\n<\/div>\n<\/div><\/div>\n<\/div><\/div>\n\n\n\n<div class=\"wp-block-cover is-light\"><span aria-hidden=\"true\" class=\"wp-block-cover__background has-white-background-color has-background-dim-100 has-background-dim\"><\/span><div class=\"wp-block-cover__inner-container is-layout-constrained wp-block-cover-is-layout-constrained\">\n<div class=\"wp-block-media-text alignwide is-stacked-on-mobile\" style=\"grid-template-columns:45% auto\"><figure class=\"wp-block-media-text__media\"><img loading=\"lazy\" decoding=\"async\" width=\"1024\" height=\"683\" src=\"https:\/\/www.grazalemacycling.com\/wp-content\/uploads\/2022\/10\/bhatom-1-1024x683.jpg\" alt=\"Huur elektrische mountainbike (BH Atom)\" class=\"wp-image-3610 size-full\" srcset=\"https:\/\/www.grazalemacycling.com\/wp-content\/uploads\/2022\/10\/bhatom-1-1024x683.jpg 1024w, https:\/\/www.grazalemacycling.com\/wp-content\/uploads\/2022\/10\/bhatom-1-800x533.jpg 800w, https:\/\/www.grazalemacycling.com\/wp-content\/uploads\/2022\/10\/bhatom-1-300x200.jpg 300w, https:\/\/www.grazalemacycling.com\/wp-content\/uploads\/2022\/10\/bhatom-1-768x512.jpg 768w, https:\/\/www.grazalemacycling.com\/wp-content\/uploads\/2022\/10\/bhatom-1-219x146.jpg 219w, https:\/\/www.grazalemacycling.com\/wp-content\/uploads\/2022\/10\/bhatom-1-50x33.jpg 50w, https:\/\/www.grazalemacycling.com\/wp-content\/uploads\/2022\/10\/bhatom-1-113x75.jpg 113w, https:\/\/www.grazalemacycling.com\/wp-content\/uploads\/2022\/10\/bhatom-1.jpg 1200w\" sizes=\"auto, (max-width:767px) 480px, (max-width:1024px) 100vw, 1024px\" \/><\/figure><div class=\"wp-block-media-text__content\">\n<h4 class=\"wp-block-heading\">Bicicletas de monta\u00f1a el\u00e9ctricas<\/h4>\n\n\n\n<p>Otro miembro de la flota de bicicletas de alquiler de Grazalema Cycling Adventures: las bicicletas de monta\u00f1a el\u00e9ctricas BH Atom. Gracias al motor potente de esta BTT el\u00e9ctrica podr\u00e1 subir todas las subidas con una gran sonrisa. A la vez, la bater\u00eda tiene capacidad suficiente como para disfrutar un d\u00eda entero de los caminos del Parque Natural Sierra de Grazalema.<\/p>\n\n\n\n<div class=\"wp-block-buttons is-layout-flex wp-block-buttons-is-layout-flex\">\n<div class=\"wp-block-button is-style-fill\"><a class=\"wp-block-button__link wp-element-button\" href=\"https:\/\/www.grazalemacycling.com\/es\/alquiler-bicicletas-sierra-de-grazalema-cadiz-andalucia\/alquiler-bici-montana-electrica\/\">Leer m\u00e1s<\/a><\/div>\n<\/div>\n<\/div><\/div>\n<\/div><\/div>\n\n\n\n<div class=\"wp-block-cover is-light\"><span aria-hidden=\"true\" class=\"wp-block-cover__background has-cyan-bluish-gray-background-color has-background-dim-10 has-background-dim\"><\/span><div class=\"wp-block-cover__inner-container is-layout-constrained wp-block-cover-is-layout-constrained\">\n<div class=\"wp-block-media-text alignwide is-stacked-on-mobile\" style=\"grid-template-columns:45% auto\"><figure class=\"wp-block-media-text__media\"><img loading=\"lazy\" decoding=\"async\" width=\"800\" height=\"533\" src=\"https:\/\/www.grazalemacycling.com\/wp-content\/uploads\/2022\/06\/orbea-orca-1.jpg\" alt=\"Orbea Orca road bike hire Grazalema, Andaluc\u00eda\" class=\"wp-image-3400 size-full\" srcset=\"https:\/\/www.grazalemacycling.com\/wp-content\/uploads\/2022\/06\/orbea-orca-1.jpg 800w, https:\/\/www.grazalemacycling.com\/wp-content\/uploads\/2022\/06\/orbea-orca-1-600x400.jpg 600w, https:\/\/www.grazalemacycling.com\/wp-content\/uploads\/2022\/06\/orbea-orca-1-300x200.jpg 300w, https:\/\/www.grazalemacycling.com\/wp-content\/uploads\/2022\/06\/orbea-orca-1-768x512.jpg 768w, https:\/\/www.grazalemacycling.com\/wp-content\/uploads\/2022\/06\/orbea-orca-1-219x146.jpg 219w, https:\/\/www.grazalemacycling.com\/wp-content\/uploads\/2022\/06\/orbea-orca-1-50x33.jpg 50w, https:\/\/www.grazalemacycling.com\/wp-content\/uploads\/2022\/06\/orbea-orca-1-113x75.jpg 113w\" sizes=\"auto, (max-width:767px) 480px, (max-width:800px) 100vw, 800px\" \/><\/figure><div class=\"wp-block-media-text__content\">\n<h4 class=\"wp-block-heading\">Bicicletas de carretera<\/h4>\n\n\n\n<p>La Sierra de Grazalema cuenta con una gran variedad de carreteras. Algunas le llevan a pueblos blancos t\u00edpicos que en la mayor\u00eda de los casos se encuentran en la cima de una colina. Otras carreteras van por bosques de alcornoques o valles hermosos. Tambi\u00e9n hay puertos de monta\u00f1a impresionantes por superar. Lo que todas estas carreteras tienen en com\u00fan es que la calidad del asfalto suele ser bueno. Adem\u00e1s, el tr\u00e1fico es escaso y las vistas son impresionantes.<\/p>\n\n\n\n<p>Puede aprovechar el alquiler de bicicletas para dar una vuelta por la Sierra de Grazalema o alguno de los pueblos de las provincias C\u00e1diz, Sevilla o M\u00e1laga que est\u00e1n al alrededor. Tambi\u00e9n puede usar el alquiler de bicicletas para hacer un viaje en bicicleta de varias etapas para as\u00ed conocer una zona m\u00e1s grande de esta bonita parte de Andaluc\u00eda. En todo caso, apostamos a que se quedar\u00e1 encantado con nuestras bicicletas y el entorno.<\/p>\n\n\n\n<div class=\"wp-block-buttons is-layout-flex wp-block-buttons-is-layout-flex\">\n<div class=\"wp-block-button is-style-fill\"><a class=\"wp-block-button__link wp-element-button\" href=\"https:\/\/www.grazalemacycling.com\/es\/alquiler-bicicletas-sierra-de-grazalema-cadiz-andalucia\/alquiler-bicicletas-de-carretera\/\">Leer m\u00e1s<\/a><\/div>\n<\/div>\n<\/div><\/div>\n<\/div><\/div>\n\n\n\n<div class=\"wp-block-cover is-light\"><span aria-hidden=\"true\" class=\"wp-block-cover__background has-white-background-color has-background-dim-100 has-background-dim\"><\/span><div class=\"wp-block-cover__inner-container is-layout-constrained wp-block-cover-is-layout-constrained\">\n<div class=\"wp-block-media-text alignwide is-stacked-on-mobile\" style=\"grid-template-columns:45% auto\"><figure class=\"wp-block-media-text__media\"><img loading=\"lazy\" decoding=\"async\" width=\"1024\" height=\"768\" src=\"https:\/\/www.grazalemacycling.com\/wp-content\/uploads\/2025\/01\/20241129_135957-1024x768.jpg\" alt=\"Gravel bike rental Grazalema, C\u00e1diz, Andaluc\u00eda, Spain\" class=\"wp-image-5946 size-full\" srcset=\"https:\/\/www.grazalemacycling.com\/wp-content\/uploads\/2025\/01\/20241129_135957-1024x768.jpg 1024w, https:\/\/www.grazalemacycling.com\/wp-content\/uploads\/2025\/01\/20241129_135957-300x225.jpg 300w, https:\/\/www.grazalemacycling.com\/wp-content\/uploads\/2025\/01\/20241129_135957-768x576.jpg 768w, https:\/\/www.grazalemacycling.com\/wp-content\/uploads\/2025\/01\/20241129_135957-1536x1152.jpg 1536w, https:\/\/www.grazalemacycling.com\/wp-content\/uploads\/2025\/01\/20241129_135957-2048x1536.jpg 2048w, https:\/\/www.grazalemacycling.com\/wp-content\/uploads\/2025\/01\/20241129_135957-100x75.jpg 100w, https:\/\/www.grazalemacycling.com\/wp-content\/uploads\/2025\/01\/20241129_135957-960x720.jpg 960w, https:\/\/www.grazalemacycling.com\/wp-content\/uploads\/2025\/01\/20241129_135957-480x360.jpg 480w, https:\/\/www.grazalemacycling.com\/wp-content\/uploads\/2025\/01\/20241129_135957-800x600.jpg 800w\" sizes=\"auto, (max-width:767px) 480px, (max-width:1024px) 100vw, 1024px\" \/><\/figure><div class=\"wp-block-media-text__content\">\n<h4 class=\"wp-block-heading\">Bicicletas de gravel<\/h4>\n\n\n\n<p>Si no sabe elegir entre hacer una ruta en bici por carretera o por el campo, no se preocupe. Puede alquilar una bicicleta de gravel, la Canyon Grizl 6, y podr\u00e1 recorrer los mejores carreteras y caminos de tierra de la Sierra de C\u00e1diz (Andaluc\u00eda). <\/p>\n\n\n\n<p>Y si un d\u00eda para disfrutar de la Sierra de Grazalema en bici no le parece suficiente, est\u00e1 la opci\u00f3n de hacer un viaje en bicicleta de varios d\u00edas por las provincias de C\u00e1diz, Sevilla, M\u00e1laga e incluso Granada y\/o C\u00f3rdoba. Podemos preparar la bici de gravel con portabultos y alforjas para un viaje &#8220;bikepacking&#8221; o puede contratar el traslado de su equipaje de un hotel al siguiente, como prefiera&#8230;<\/p>\n\n\n\n<div class=\"wp-block-buttons is-layout-flex wp-block-buttons-is-layout-flex\">\n<div class=\"wp-block-button is-style-fill\"><a class=\"wp-block-button__link wp-element-button\" href=\"https:\/\/www.grazalemacycling.com\/es\/alquiler-bicicletas-sierra-de-grazalema-cadiz-andalucia\/alquiler-bici-de-gravel\/\">Leer m\u00e1s<\/a><\/div>\n<\/div>\n<\/div><\/div>\n<\/div><\/div>\n\n\n\n<div class=\"wp-block-cover is-light\"><span aria-hidden=\"true\" class=\"wp-block-cover__background has-cyan-bluish-gray-background-color has-background-dim-10 has-background-dim\"><\/span><div class=\"wp-block-cover__inner-container is-layout-constrained wp-block-cover-is-layout-constrained\">\n<div class=\"wp-block-media-text alignwide is-stacked-on-mobile\" style=\"grid-template-columns:45% auto\"><figure class=\"wp-block-media-text__media\"><img loading=\"lazy\" decoding=\"async\" width=\"1024\" height=\"683\" src=\"https:\/\/www.grazalemacycling.com\/wp-content\/uploads\/2023\/04\/monty-corsa-17-1-1024x683.jpg\" alt=\"Hybrid Bike Rental for Bike our through the Sierra de Grazalema, Andalucia, Spain\" class=\"wp-image-5253 size-full\" srcset=\"https:\/\/www.grazalemacycling.com\/wp-content\/uploads\/2023\/04\/monty-corsa-17-1-1024x683.jpg 1024w, https:\/\/www.grazalemacycling.com\/wp-content\/uploads\/2023\/04\/monty-corsa-17-1-800x533.jpg 800w, https:\/\/www.grazalemacycling.com\/wp-content\/uploads\/2023\/04\/monty-corsa-17-1-300x200.jpg 300w, https:\/\/www.grazalemacycling.com\/wp-content\/uploads\/2023\/04\/monty-corsa-17-1-768x512.jpg 768w, https:\/\/www.grazalemacycling.com\/wp-content\/uploads\/2023\/04\/monty-corsa-17-1-219x146.jpg 219w, https:\/\/www.grazalemacycling.com\/wp-content\/uploads\/2023\/04\/monty-corsa-17-1-50x33.jpg 50w, https:\/\/www.grazalemacycling.com\/wp-content\/uploads\/2023\/04\/monty-corsa-17-1-113x75.jpg 113w, https:\/\/www.grazalemacycling.com\/wp-content\/uploads\/2023\/04\/monty-corsa-17-1.jpg 1200w\" sizes=\"auto, (max-width:767px) 480px, (max-width:1024px) 100vw, 1024px\" \/><\/figure><div class=\"wp-block-media-text__content\">\n<h4 class=\"wp-block-heading\">Bicicletas h\u00edbridas<\/h4>\n\n\n\n<p>Si busca una bicicleta de alquiler con la que podr\u00e1 recorrer los carreteras y caminos de tierra de la Sierra de Grazalema, esta es la bici adecuada. Una bici de gravel con manillar plano, una bici h\u00edbrida, bicicleta de trekking; puede llamarla como quiera, la Monty Corsa se ajusta a muchos nombres &#8211; y terrenos.<\/p>\n\n\n\n<p>Ya sea que est\u00e9 planificando una ruta de gravel por los impresionantes paisajes andaluces, una ruta en bici por carreteras asfaltadas preciosas, o un poco de los dos, con esta bicicleta de alquiler podr\u00e1 disfrutar de de Sierra de Grazalema desde diferentes caminos. Adem\u00e1s, es posible hacer un viaje en bicicleta de varios d\u00edas, descubriendo las provincias de C\u00e1diz, M\u00e1laga, Sevilla, Granada, etc. ya que se pueden montar portabultos y alforjas en la bici.<\/p>\n\n\n\n<div class=\"wp-block-buttons is-layout-flex wp-block-buttons-is-layout-flex\">\n<div class=\"wp-block-button is-style-fill\"><a class=\"wp-block-button__link wp-element-button\" href=\"https:\/\/www.grazalemacycling.com\/es\/alquiler-bicicletas-sierra-de-grazalema-cadiz-andalucia\/alquilar-bicicleta-hibrida\/\">Leer m\u00e1s<\/a><\/div>\n<\/div>\n<\/div><\/div>\n<\/div><\/div>\n\n\n\n<div class=\"wp-block-cover alignfull is-light\" style=\"min-height:572px;aspect-ratio:unset;\"><span aria-hidden=\"true\" class=\"wp-block-cover__background has-white-background-color has-background-dim-10 has-background-dim\"><\/span><div class=\"wp-block-cover__inner-container is-layout-flow wp-block-cover-is-layout-flow\">\n<div class=\"wp-block-media-text alignwide is-stacked-on-mobile\" style=\"grid-template-columns:45% auto\"><figure class=\"wp-block-media-text__media\"><img loading=\"lazy\" decoding=\"async\" width=\"657\" height=\"410\" src=\"https:\/\/www.grazalemacycling.com\/wp-content\/uploads\/2022\/11\/mx30-edited.jpg\" alt=\"Mountainbike fietsverhuur Andalusie Spanje\" class=\"wp-image-3747 size-full\" srcset=\"https:\/\/www.grazalemacycling.com\/wp-content\/uploads\/2022\/11\/mx30-edited.jpg 657w, https:\/\/www.grazalemacycling.com\/wp-content\/uploads\/2022\/11\/mx30-edited-300x187.jpg 300w, https:\/\/www.grazalemacycling.com\/wp-content\/uploads\/2022\/11\/mx30-edited-234x146.jpg 234w, https:\/\/www.grazalemacycling.com\/wp-content\/uploads\/2022\/11\/mx30-edited-50x31.jpg 50w, https:\/\/www.grazalemacycling.com\/wp-content\/uploads\/2022\/11\/mx30-edited-120x75.jpg 120w\" sizes=\"auto, (max-width:767px) 480px, 657px\" \/><\/figure><div class=\"wp-block-media-text__content\">\n<h4 class=\"wp-block-heading\">Bicicletas de monta\u00f1a<\/h4>\n\n\n\n<p>\u00bfQuiere descubrir la naturaleza del Parque Natural Sierra de Grazalema en su estado m\u00e1s puro? Opta por el alquiler de una bicicleta de monta\u00f1a en nuestra tienda, ubicada en el centro de Grazalema (C\u00e1diz, pero cerca de las provincias de Sevilla y M\u00e1laga) y podr\u00e1 visitar lugares donde los coches no llegan.<\/p>\n\n\n\n<p>Con el alquiler de las bicicletas de monta\u00f1a tambi\u00e9n incluimos asesoramiento sobre las opciones de ruta de forma gratuita. Gracias a ello, podr\u00e1 hacer las mejores rutas en bicicleta de monta\u00f1a que esta zona de Andalucia tiene que ofrecer.<\/p>\n\n\n\n<div class=\"wp-block-buttons is-layout-flex wp-block-buttons-is-layout-flex\">\n<div class=\"wp-block-button is-style-fill\"><a class=\"wp-block-button__link wp-element-button\" href=\"https:\/\/www.grazalemacycling.com\/es\/alquiler-bicicletas-sierra-de-grazalema-cadiz-andalucia\/alquiler-bicicletas-de-montana\/\">Leer m\u00e1s<\/a><\/div>\n<\/div>\n<\/div><\/div>\n<\/div><\/div>\n\n\n\n<div class=\"wp-block-cover alignfull is-light\" style=\"min-height:572px;aspect-ratio:unset;\"><span aria-hidden=\"true\" class=\"wp-block-cover__background has-cyan-bluish-gray-background-color has-background-dim-10 has-background-dim\"><\/span><div class=\"wp-block-cover__inner-container is-layout-flow wp-block-cover-is-layout-flow\">\n<div class=\"wp-block-media-text alignwide is-stacked-on-mobile\" style=\"grid-template-columns:45% auto\"><figure class=\"wp-block-media-text__media\"><img loading=\"lazy\" decoding=\"async\" width=\"1024\" height=\"683\" src=\"https:\/\/www.grazalemacycling.com\/wp-content\/uploads\/2022\/10\/children-bike-1-1024x683.jpg\" alt=\"Family Cycling: Bike Hire for Kids\" class=\"wp-image-3676 size-full\" srcset=\"https:\/\/www.grazalemacycling.com\/wp-content\/uploads\/2022\/10\/children-bike-1-1024x683.jpg 1024w, https:\/\/www.grazalemacycling.com\/wp-content\/uploads\/2022\/10\/children-bike-1-800x533.jpg 800w, https:\/\/www.grazalemacycling.com\/wp-content\/uploads\/2022\/10\/children-bike-1-300x200.jpg 300w, https:\/\/www.grazalemacycling.com\/wp-content\/uploads\/2022\/10\/children-bike-1-768x512.jpg 768w, https:\/\/www.grazalemacycling.com\/wp-content\/uploads\/2022\/10\/children-bike-1-219x146.jpg 219w, https:\/\/www.grazalemacycling.com\/wp-content\/uploads\/2022\/10\/children-bike-1-50x33.jpg 50w, https:\/\/www.grazalemacycling.com\/wp-content\/uploads\/2022\/10\/children-bike-1-113x75.jpg 113w, https:\/\/www.grazalemacycling.com\/wp-content\/uploads\/2022\/10\/children-bike-1.jpg 1200w\" sizes=\"auto, (max-width:767px) 480px, (max-width:1024px) 100vw, 1024px\" \/><\/figure><div class=\"wp-block-media-text__content\">\n<h4 class=\"wp-block-heading\">Bicicletas de ni\u00f1os y sillas portabeb\u00e9s<\/h4>\n\n\n\n<p>\u00bfQu\u00e9 hacer cuando visita la Sierra de Grazalema con ni\u00f1os? En primer lugar, montar en bicicleta es una forma perfecta para conocer sitios nuevos, como los pueblos blancos de C\u00e1diz, M\u00e1laga y Sevilla. Segundo, salir en bicicleta tambi\u00e9n es una forma ideal para pasar tiempo con su familia. Por lo tanto, \u00bfhay una forma mejor de explorar la Sierra de Grazalema (C\u00e1diz) que en bicicleta?<\/p>\n\n\n\n<p>\u00bfEst\u00e1 de vacaciones en Ronda, Grazalema o uno de los pueblos blancos de la zona y busca una actividad para hacer en familia? Estamos aqu\u00ed para ustedes. Independientemente de sus edades, hay una opci\u00f3n de alquiler de bicicletas adecuado para cada uno de ustedes.<\/p>\n\n\n\n<p>El alquiler de bicicletas en nuestra tienda en el centro de Grazalema no se limita a bicicletas de carretera, monta\u00f1a y el\u00e9ctricas para adultos. Tambi\u00e9n alquilamos diferentes tipos de bicicletas de ni\u00f1o. Y tenemos sillas portabeb\u00e9s que se pueden montar en las bicicletas de monta\u00f1a y bicicletas el\u00e9ctricas.<\/p>\n\n\n\n<div class=\"wp-block-buttons is-layout-flex wp-block-buttons-is-layout-flex\">\n<div class=\"wp-block-button is-style-fill\"><a class=\"wp-block-button__link wp-element-button\" href=\"https:\/\/www.grazalemacycling.com\/es\/alquiler-bicicletas-sierra-de-grazalema-cadiz-andalucia\/actividades-ninos-grazalema\/\">Leer m\u00e1s<\/a><\/div>\n<\/div>\n<\/div><\/div>\n<\/div><\/div>\n\n\n\n<div class=\"wp-block-cover alignfull is-light\" style=\"min-height:572px;aspect-ratio:unset;\"><span aria-hidden=\"true\" class=\"wp-block-cover__background has-white-background-color has-background-dim-10 has-background-dim\"><\/span><div class=\"wp-block-cover__inner-container is-layout-flow wp-block-cover-is-layout-flow\">\n<div class=\"wp-block-media-text alignwide is-stacked-on-mobile\" style=\"grid-template-columns:45% auto\"><figure class=\"wp-block-media-text__media\"><img loading=\"lazy\" decoding=\"async\" width=\"1024\" height=\"683\" src=\"https:\/\/www.grazalemacycling.com\/wp-content\/uploads\/2022\/11\/farto-voltacv-3-1024x683.jpg\" alt=\"Delivery &amp; colelction of hire bikes in Andalucia, Spain\" class=\"wp-image-3740 size-full\" srcset=\"https:\/\/www.grazalemacycling.com\/wp-content\/uploads\/2022\/11\/farto-voltacv-3-1024x683.jpg 1024w, https:\/\/www.grazalemacycling.com\/wp-content\/uploads\/2022\/11\/farto-voltacv-3-scaled-800x533.jpg 800w, https:\/\/www.grazalemacycling.com\/wp-content\/uploads\/2022\/11\/farto-voltacv-3-300x200.jpg 300w, https:\/\/www.grazalemacycling.com\/wp-content\/uploads\/2022\/11\/farto-voltacv-3-768x512.jpg 768w, https:\/\/www.grazalemacycling.com\/wp-content\/uploads\/2022\/11\/farto-voltacv-3-1536x1024.jpg 1536w, https:\/\/www.grazalemacycling.com\/wp-content\/uploads\/2022\/11\/farto-voltacv-3-2048x1365.jpg 2048w, https:\/\/www.grazalemacycling.com\/wp-content\/uploads\/2022\/11\/farto-voltacv-3-219x146.jpg 219w, https:\/\/www.grazalemacycling.com\/wp-content\/uploads\/2022\/11\/farto-voltacv-3-50x33.jpg 50w, https:\/\/www.grazalemacycling.com\/wp-content\/uploads\/2022\/11\/farto-voltacv-3-113x75.jpg 113w\" sizes=\"auto, (max-width:767px) 480px, (max-width:1024px) 100vw, 1024px\" \/><\/figure><div class=\"wp-block-media-text__content\">\n<h4 class=\"wp-block-heading\">Entrega y recogida bicicletas de alquiler<\/h4>\n\n\n\n<p>Podemos entregar y recoger nuestras bicicletas de alquiler en diferentes puntos en las provincias de C\u00e1diz, Sevilla, M\u00e1laga y Granada, entre otros. Quiere decir, si est\u00e1 de vacaciones en Andaluc\u00eda y interesado en alquilar bicicletas: \u00a1contacta con nosotros!<\/p>\n\n\n\n<p>El precio para la entrega y recogida de las bicicletas de alquiler depende de la distancia hasta la ubicaci\u00f3n acordada y el precio de alquiler. En algunos casos, el servicio de transporte de las bicicletas de alquiler le saldr\u00e1 gratis, en otros casos cobramos un importe extra.<\/p>\n\n\n\n<div class=\"wp-block-buttons is-layout-flex wp-block-buttons-is-layout-flex\">\n<div class=\"wp-block-button is-style-fill\"><a class=\"wp-block-button__link wp-element-button\" href=\"https:\/\/www.grazalemacycling.com\/es\/alquiler-bicicletas-sierra-de-grazalema-cadiz-andalucia\/transporte-bicicletas-de-alquiler\/\">Leer m\u00e1s<\/a><\/div>\n<\/div>\n<\/div><\/div>\n<\/div><\/div>\n","protected":false},"excerpt":{"rendered":"<p>Alquila una bicicleta en nuestra tienda en Grazalema, un pueblo blanco id\u00edlico en las monta\u00f1as del Parque Natural Sierra de Grazalema y disfruta de el paisaje<span class=\"excerpt-hellip\"> [\u2026]<\/span><\/p>\n","protected":false},"author":2,"featured_media":0,"parent":0,"menu_order":0,"comment_status":"closed","ping_status":"closed","template":"","meta":{"_uag_custom_page_level_css":"","footnotes":""},"class_list":["post-4867","page","type-page","status-publish","hentry"],"yoast_head":"<!-- This site is optimized with the Yoast SEO plugin v26.6 - https:\/\/yoast.com\/wordpress\/plugins\/seo\/ -->\n<title>Alquiler de bicicletas en la Sierra de Grazalema (C\u00e1diz, Andaluc\u00eda)<\/title>\n<meta name=\"description\" content=\"Descubre la impresionante Sierra de Grazalema, C\u00e1diz, Andaluc\u00eda, gracias al alquiler de bicicletas de carretera, monta\u00f1a y\/o el\u00e9ctricas.\" \/>\n<meta name=\"robots\" content=\"index, follow, max-snippet:-1, max-image-preview:large, max-video-preview:-1\" \/>\n<link rel=\"canonical\" href=\"https:\/\/www.grazalemacycling.com\/es\/alquiler-bicicletas-sierra-de-grazalema-cadiz-andalucia\/\" \/>\n<meta property=\"og:locale\" content=\"es_ES\" \/>\n<meta property=\"og:type\" content=\"article\" \/>\n<meta property=\"og:title\" content=\"Alquiler de bicicletas en la Sierra de Grazalema (C\u00e1diz, Andaluc\u00eda)\" \/>\n<meta property=\"og:description\" content=\"Descubre la impresionante Sierra de Grazalema, C\u00e1diz, Andaluc\u00eda, gracias al alquiler de bicicletas de carretera, monta\u00f1a y\/o el\u00e9ctricas.\" \/>\n<meta property=\"og:url\" content=\"https:\/\/www.grazalemacycling.com\/es\/alquiler-bicicletas-sierra-de-grazalema-cadiz-andalucia\/\" \/>\n<meta property=\"og:site_name\" content=\"Grazalema Cycling Adventures\" \/>\n<meta property=\"article:publisher\" content=\"https:\/\/www.facebook.com\/grazalemacycling\/\" \/>\n<meta property=\"article:modified_time\" content=\"2025-02-17T19:51:37+00:00\" \/>\n<meta property=\"og:image\" content=\"https:\/\/www.grazalemacycling.com\/wp-content\/uploads\/2022\/11\/gainf20-edited.jpg\" \/>\n\t<meta property=\"og:image:width\" content=\"662\" \/>\n\t<meta property=\"og:image:height\" content=\"414\" \/>\n\t<meta property=\"og:image:type\" content=\"image\/jpeg\" \/>\n<meta name=\"twitter:card\" content=\"summary_large_image\" \/>\n<meta name=\"twitter:label1\" content=\"Tiempo de lectura\" \/>\n\t<meta name=\"twitter:data1\" content=\"8 minutos\" \/>\n<script type=\"application\/ld+json\" class=\"yoast-schema-graph\">{\"@context\":\"https:\/\/schema.org\",\"@graph\":[{\"@type\":\"WebPage\",\"@id\":\"https:\/\/www.grazalemacycling.com\/es\/alquiler-bicicletas-sierra-de-grazalema-cadiz-andalucia\/\",\"url\":\"https:\/\/www.grazalemacycling.com\/es\/alquiler-bicicletas-sierra-de-grazalema-cadiz-andalucia\/\",\"name\":\"Alquiler de bicicletas en la Sierra de Grazalema (C\u00e1diz, Andaluc\u00eda)\",\"isPartOf\":{\"@id\":\"https:\/\/www.grazalemacycling.com\/es\/#website\"},\"primaryImageOfPage\":{\"@id\":\"https:\/\/www.grazalemacycling.com\/es\/alquiler-bicicletas-sierra-de-grazalema-cadiz-andalucia\/#primaryimage\"},\"image\":{\"@id\":\"https:\/\/www.grazalemacycling.com\/es\/alquiler-bicicletas-sierra-de-grazalema-cadiz-andalucia\/#primaryimage\"},\"thumbnailUrl\":\"https:\/\/www.grazalemacycling.com\/wp-content\/uploads\/2022\/11\/gainf20-edited-300x188.jpg\",\"datePublished\":\"2023-01-23T13:04:53+00:00\",\"dateModified\":\"2025-02-17T19:51:37+00:00\",\"description\":\"Descubre la impresionante Sierra de Grazalema, C\u00e1diz, Andaluc\u00eda, gracias al alquiler de bicicletas de carretera, monta\u00f1a y\/o el\u00e9ctricas.\",\"breadcrumb\":{\"@id\":\"https:\/\/www.grazalemacycling.com\/es\/alquiler-bicicletas-sierra-de-grazalema-cadiz-andalucia\/#breadcrumb\"},\"inLanguage\":\"es\",\"potentialAction\":[{\"@type\":\"ReadAction\",\"target\":[\"https:\/\/www.grazalemacycling.com\/es\/alquiler-bicicletas-sierra-de-grazalema-cadiz-andalucia\/\"]}]},{\"@type\":\"ImageObject\",\"inLanguage\":\"es\",\"@id\":\"https:\/\/www.grazalemacycling.com\/es\/alquiler-bicicletas-sierra-de-grazalema-cadiz-andalucia\/#primaryimage\",\"url\":\"https:\/\/www.grazalemacycling.com\/wp-content\/uploads\/2022\/11\/gainf20-edited-300x188.jpg\",\"contentUrl\":\"https:\/\/www.grazalemacycling.com\/wp-content\/uploads\/2022\/11\/gainf20-edited-300x188.jpg\"},{\"@type\":\"BreadcrumbList\",\"@id\":\"https:\/\/www.grazalemacycling.com\/es\/alquiler-bicicletas-sierra-de-grazalema-cadiz-andalucia\/#breadcrumb\",\"itemListElement\":[{\"@type\":\"ListItem\",\"position\":1,\"name\":\"Home\",\"item\":\"https:\/\/www.grazalemacycling.com\/es\/\"},{\"@type\":\"ListItem\",\"position\":2,\"name\":\"Alquiler de bicicletas en Grazalema (C\u00e1diz, Andaluc\u00eda)\"}]},{\"@type\":\"WebSite\",\"@id\":\"https:\/\/www.grazalemacycling.com\/es\/#website\",\"url\":\"https:\/\/www.grazalemacycling.com\/es\/\",\"name\":\"Grazalema Cycling Adventures\",\"description\":\"Bike Rental, Guided Rides &amp; Routes\",\"publisher\":{\"@id\":\"https:\/\/www.grazalemacycling.com\/es\/#organization\"},\"potentialAction\":[{\"@type\":\"SearchAction\",\"target\":{\"@type\":\"EntryPoint\",\"urlTemplate\":\"https:\/\/www.grazalemacycling.com\/es\/?s={search_term_string}\"},\"query-input\":{\"@type\":\"PropertyValueSpecification\",\"valueRequired\":true,\"valueName\":\"search_term_string\"}}],\"inLanguage\":\"es\"},{\"@type\":\"Organization\",\"@id\":\"https:\/\/www.grazalemacycling.com\/es\/#organization\",\"name\":\"Grazalema Cycling Adventures\",\"url\":\"https:\/\/www.grazalemacycling.com\/es\/\",\"logo\":{\"@type\":\"ImageObject\",\"inLanguage\":\"es\",\"@id\":\"https:\/\/www.grazalemacycling.com\/es\/#\/schema\/logo\/image\/\",\"url\":\"https:\/\/www.grazalemacycling.com\/wp-content\/uploads\/2018\/12\/logo_web_retina-1.png\",\"contentUrl\":\"https:\/\/www.grazalemacycling.com\/wp-content\/uploads\/2018\/12\/logo_web_retina-1.png\",\"width\":675,\"height\":161,\"caption\":\"Grazalema Cycling Adventures\"},\"image\":{\"@id\":\"https:\/\/www.grazalemacycling.com\/es\/#\/schema\/logo\/image\/\"},\"sameAs\":[\"https:\/\/www.facebook.com\/grazalemacycling\/\",\"https:\/\/www.instagram.com\/grazalemacyclingadventures\/\"]}]}<\/script>\n<!-- \/ Yoast SEO plugin. -->","yoast_head_json":{"title":"Alquiler de bicicletas en la Sierra de Grazalema (C\u00e1diz, Andaluc\u00eda)","description":"Descubre la impresionante Sierra de Grazalema, C\u00e1diz, Andaluc\u00eda, gracias al alquiler de bicicletas de carretera, monta\u00f1a y\/o el\u00e9ctricas.","robots":{"index":"index","follow":"follow","max-snippet":"max-snippet:-1","max-image-preview":"max-image-preview:large","max-video-preview":"max-video-preview:-1"},"canonical":"https:\/\/www.grazalemacycling.com\/es\/alquiler-bicicletas-sierra-de-grazalema-cadiz-andalucia\/","og_locale":"es_ES","og_type":"article","og_title":"Alquiler de bicicletas en la Sierra de Grazalema (C\u00e1diz, Andaluc\u00eda)","og_description":"Descubre la impresionante Sierra de Grazalema, C\u00e1diz, Andaluc\u00eda, gracias al alquiler de bicicletas de carretera, monta\u00f1a y\/o el\u00e9ctricas.","og_url":"https:\/\/www.grazalemacycling.com\/es\/alquiler-bicicletas-sierra-de-grazalema-cadiz-andalucia\/","og_site_name":"Grazalema Cycling Adventures","article_publisher":"https:\/\/www.facebook.com\/grazalemacycling\/","article_modified_time":"2025-02-17T19:51:37+00:00","og_image":[{"width":662,"height":414,"url":"https:\/\/www.grazalemacycling.com\/wp-content\/uploads\/2022\/11\/gainf20-edited.jpg","type":"image\/jpeg"}],"twitter_card":"summary_large_image","twitter_misc":{"Tiempo de lectura":"8 minutos"},"schema":{"@context":"https:\/\/schema.org","@graph":[{"@type":"WebPage","@id":"https:\/\/www.grazalemacycling.com\/es\/alquiler-bicicletas-sierra-de-grazalema-cadiz-andalucia\/","url":"https:\/\/www.grazalemacycling.com\/es\/alquiler-bicicletas-sierra-de-grazalema-cadiz-andalucia\/","name":"Alquiler de bicicletas en la Sierra de Grazalema (C\u00e1diz, Andaluc\u00eda)","isPartOf":{"@id":"https:\/\/www.grazalemacycling.com\/es\/#website"},"primaryImageOfPage":{"@id":"https:\/\/www.grazalemacycling.com\/es\/alquiler-bicicletas-sierra-de-grazalema-cadiz-andalucia\/#primaryimage"},"image":{"@id":"https:\/\/www.grazalemacycling.com\/es\/alquiler-bicicletas-sierra-de-grazalema-cadiz-andalucia\/#primaryimage"},"thumbnailUrl":"https:\/\/www.grazalemacycling.com\/wp-content\/uploads\/2022\/11\/gainf20-edited-300x188.jpg","datePublished":"2023-01-23T13:04:53+00:00","dateModified":"2025-02-17T19:51:37+00:00","description":"Descubre la impresionante Sierra de Grazalema, C\u00e1diz, Andaluc\u00eda, gracias al alquiler de bicicletas de carretera, monta\u00f1a y\/o el\u00e9ctricas.","breadcrumb":{"@id":"https:\/\/www.grazalemacycling.com\/es\/alquiler-bicicletas-sierra-de-grazalema-cadiz-andalucia\/#breadcrumb"},"inLanguage":"es","potentialAction":[{"@type":"ReadAction","target":["https:\/\/www.grazalemacycling.com\/es\/alquiler-bicicletas-sierra-de-grazalema-cadiz-andalucia\/"]}]},{"@type":"ImageObject","inLanguage":"es","@id":"https:\/\/www.grazalemacycling.com\/es\/alquiler-bicicletas-sierra-de-grazalema-cadiz-andalucia\/#primaryimage","url":"https:\/\/www.grazalemacycling.com\/wp-content\/uploads\/2022\/11\/gainf20-edited-300x188.jpg","contentUrl":"https:\/\/www.grazalemacycling.com\/wp-content\/uploads\/2022\/11\/gainf20-edited-300x188.jpg"},{"@type":"BreadcrumbList","@id":"https:\/\/www.grazalemacycling.com\/es\/alquiler-bicicletas-sierra-de-grazalema-cadiz-andalucia\/#breadcrumb","itemListElement":[{"@type":"ListItem","position":1,"name":"Home","item":"https:\/\/www.grazalemacycling.com\/es\/"},{"@type":"ListItem","position":2,"name":"Alquiler de bicicletas en Grazalema (C\u00e1diz, Andaluc\u00eda)"}]},{"@type":"WebSite","@id":"https:\/\/www.grazalemacycling.com\/es\/#website","url":"https:\/\/www.grazalemacycling.com\/es\/","name":"Grazalema Cycling Adventures","description":"Bike Rental, Guided Rides &amp; Routes","publisher":{"@id":"https:\/\/www.grazalemacycling.com\/es\/#organization"},"potentialAction":[{"@type":"SearchAction","target":{"@type":"EntryPoint","urlTemplate":"https:\/\/www.grazalemacycling.com\/es\/?s={search_term_string}"},"query-input":{"@type":"PropertyValueSpecification","valueRequired":true,"valueName":"search_term_string"}}],"inLanguage":"es"},{"@type":"Organization","@id":"https:\/\/www.grazalemacycling.com\/es\/#organization","name":"Grazalema Cycling Adventures","url":"https:\/\/www.grazalemacycling.com\/es\/","logo":{"@type":"ImageObject","inLanguage":"es","@id":"https:\/\/www.grazalemacycling.com\/es\/#\/schema\/logo\/image\/","url":"https:\/\/www.grazalemacycling.com\/wp-content\/uploads\/2018\/12\/logo_web_retina-1.png","contentUrl":"https:\/\/www.grazalemacycling.com\/wp-content\/uploads\/2018\/12\/logo_web_retina-1.png","width":675,"height":161,"caption":"Grazalema Cycling Adventures"},"image":{"@id":"https:\/\/www.grazalemacycling.com\/es\/#\/schema\/logo\/image\/"},"sameAs":["https:\/\/www.facebook.com\/grazalemacycling\/","https:\/\/www.instagram.com\/grazalemacyclingadventures\/"]}]}},"uagb_featured_image_src":{"full":false,"thumbnail":false,"medium":false,"medium_large":false,"large":false,"1536x1536":false,"2048x2048":false,"be_thumbnail":false,"be_clients":false,"slider-content":false,"portfolio-mf":false,"portfolio-mf-w":false,"portfolio-mf-t":false,"portfolio-list":false,"blog-portfolio":false,"blog-single":false,"mobile-srcset":false,"woocommerce_thumbnail":false,"woocommerce_single":false,"woocommerce_gallery_thumbnail":false},"uagb_author_info":{"display_name":"Agnieta Francke","author_link":"https:\/\/www.grazalemacycling.com\/es\/author\/agnieta\/"},"uagb_comment_info":0,"uagb_excerpt":"Alquila una bicicleta en nuestra tienda en Grazalema, un pueblo blanco id\u00edlico en las monta\u00f1as del Parque Natural Sierra de Grazalema y disfruta de el paisaje [\u2026]","_links":{"self":[{"href":"https:\/\/www.grazalemacycling.com\/es\/wp-json\/wp\/v2\/pages\/4867","targetHints":{"allow":["GET"]}}],"collection":[{"href":"https:\/\/www.grazalemacycling.com\/es\/wp-json\/wp\/v2\/pages"}],"about":[{"href":"https:\/\/www.grazalemacycling.com\/es\/wp-json\/wp\/v2\/types\/page"}],"author":[{"embeddable":true,"href":"https:\/\/www.grazalemacycling.com\/es\/wp-json\/wp\/v2\/users\/2"}],"replies":[{"embeddable":true,"href":"https:\/\/www.grazalemacycling.com\/es\/wp-json\/wp\/v2\/comments?post=4867"}],"version-history":[{"count":13,"href":"https:\/\/www.grazalemacycling.com\/es\/wp-json\/wp\/v2\/pages\/4867\/revisions"}],"predecessor-version":[{"id":6011,"href":"https:\/\/www.grazalemacycling.com\/es\/wp-json\/wp\/v2\/pages\/4867\/revisions\/6011"}],"wp:attachment":[{"href":"https:\/\/www.grazalemacycling.com\/es\/wp-json\/wp\/v2\/media?parent=4867"}],"curies":[{"name":"wp","href":"https:\/\/api.w.org\/{rel}","templated":true}]}}