{"id":5373,"date":"2023-04-26T18:37:14","date_gmt":"2023-04-26T18:37:14","guid":{"rendered":"https:\/\/www.grazalemacycling.com\/reservations-bike-hire\/"},"modified":"2023-04-28T11:59:32","modified_gmt":"2023-04-28T11:59:32","slug":"reservar-alquiler-bicicletas","status":"publish","type":"page","link":"https:\/\/www.grazalemacycling.com\/es\/reservar-alquiler-bicicletas\/","title":{"rendered":"Reservar alquiler de bicicletas"},"content":{"rendered":"\n<h1 class=\"has-text-align-center has-luminous-vivid-orange-color has-text-color wp-block-heading\">Reservar alquiler de bicicletas<\/h1>\n\n\n\n<hr class=\"wp-block-separator has-alpha-channel-opacity is-style-dots\"\/>\n\n\n\n<div class=\"wp-block-columns is-layout-flex wp-container-core-columns-is-layout-9d6595d7 wp-block-columns-is-layout-flex\">\n<div class=\"wp-block-column is-layout-flow wp-block-column-is-layout-flow\" style=\"flex-basis:33.33%\">\n<div class=\"wp-block-uagb-icon-list uagb-block-e708c04a\"><div class=\"uagb-icon-list__wrap\">\n<div class=\"wp-block-uagb-icon-list-child uagb-block-b0c5c0b4\"><span class=\"uagb-icon-list__source-wrap\"><svg xmlns=\"https:\/\/www.w3.org\/2000\/svg\" viewBox=\"0 0 512 512\"><path d=\"M256 0C114.6 0 0 114.6 0 256c0 141.4 114.6 256 256 256s256-114.6 256-256C512 114.6 397.4 0 256 0zM406.6 278.6l-103.1 103.1c-12.5 12.5-32.75 12.5-45.25 0s-12.5-32.75 0-45.25L306.8 288H128C110.3 288 96 273.7 96 256s14.31-32 32-32h178.8l-49.38-49.38c-12.5-12.5-12.5-32.75 0-45.25s32.75-12.5 45.25 0l103.1 103.1C414.6 241.3 416 251.1 416 256C416 260.9 414.6 270.7 406.6 278.6z\"><\/path><\/svg><\/span><span class=\"uagb-icon-list__label\">Cu\u00e9ntenos lo que busca en el siguiente formulario<\/span><\/div>\n<\/div><\/div>\n<\/div>\n\n\n\n<div class=\"wp-block-column is-vertically-aligned-center is-layout-flow wp-block-column-is-layout-flow\" style=\"flex-basis:66.66%\">\n<p><em>Cuanta m\u00e1s informaci\u00f3n recibamos de usted, m\u00e1s nos permitir\u00e1 darle una respuesta completa y precisa, adaptada a sus preferencias y nivel de experiencia. <\/em><\/p>\n<\/div>\n<\/div>\n\n\n\n<div class=\"wp-block-columns is-layout-flex wp-container-core-columns-is-layout-9d6595d7 wp-block-columns-is-layout-flex\">\n<div class=\"wp-block-column is-layout-flow wp-block-column-is-layout-flow\" style=\"flex-basis:33.33%\">\n<div class=\"wp-block-uagb-icon-list uagb-block-0d39379d\"><div class=\"uagb-icon-list__wrap\">\n<div class=\"wp-block-uagb-icon-list-child uagb-block-3830a18c\"><span class=\"uagb-icon-list__source-wrap\"><svg xmlns=\"https:\/\/www.w3.org\/2000\/svg\" viewBox=\"0 0 512 512\"><path d=\"M256 0C114.6 0 0 114.6 0 256c0 141.4 114.6 256 256 256s256-114.6 256-256C512 114.6 397.4 0 256 0zM406.6 278.6l-103.1 103.1c-12.5 12.5-32.75 12.5-45.25 0s-12.5-32.75 0-45.25L306.8 288H128C110.3 288 96 273.7 96 256s14.31-32 32-32h178.8l-49.38-49.38c-12.5-12.5-12.5-32.75 0-45.25s32.75-12.5 45.25 0l103.1 103.1C414.6 241.3 416 251.1 416 256C416 260.9 414.6 270.7 406.6 278.6z\"><\/path><\/svg><\/span><span class=\"uagb-icon-list__label\">Revise su presupuesto<\/span><\/div>\n<\/div><\/div>\n<\/div>\n\n\n\n<div class=\"wp-block-column is-vertically-aligned-center is-layout-flow wp-block-column-is-layout-flow\" style=\"flex-basis:66.66%\">\n<p><em>Con la informaci\u00f3n proporcionada por usted, preparamos un presupuesto con los detalles y precios de lo que ser\u00eda su reserva. El presupuesto no tiene compromiso alguno, y siempre se pueden ajustar detalles si hiciera falta. <\/em><\/p>\n<\/div>\n<\/div>\n\n\n\n<div class=\"wp-block-columns is-layout-flex wp-container-core-columns-is-layout-9d6595d7 wp-block-columns-is-layout-flex\">\n<div class=\"wp-block-column is-layout-flow wp-block-column-is-layout-flow\" style=\"flex-basis:33.33%\">\n<div class=\"wp-block-uagb-icon-list uagb-block-1bfae5a5\"><div class=\"uagb-icon-list__wrap\">\n<div class=\"wp-block-uagb-icon-list-child uagb-block-a146c8ff\"><span class=\"uagb-icon-list__source-wrap\"><svg xmlns=\"https:\/\/www.w3.org\/2000\/svg\" viewBox=\"0 0 512 512\"><path d=\"M256 0C114.6 0 0 114.6 0 256c0 141.4 114.6 256 256 256s256-114.6 256-256C512 114.6 397.4 0 256 0zM406.6 278.6l-103.1 103.1c-12.5 12.5-32.75 12.5-45.25 0s-12.5-32.75 0-45.25L306.8 288H128C110.3 288 96 273.7 96 256s14.31-32 32-32h178.8l-49.38-49.38c-12.5-12.5-12.5-32.75 0-45.25s32.75-12.5 45.25 0l103.1 103.1C414.6 241.3 416 251.1 416 256C416 260.9 414.6 270.7 406.6 278.6z\"><\/path><\/svg><\/span><span class=\"uagb-icon-list__label\">Pague el dep\u00f3sito para confirmar su reserva<\/span><\/div>\n<\/div><\/div>\n<\/div>\n\n\n\n<div class=\"wp-block-column is-vertically-aligned-center is-layout-flow wp-block-column-is-layout-flow\" style=\"flex-basis:66.66%\">\n<p><em>Pedimos el pago de un dep\u00f3sito del 20% del precio total de su reserva para confirmarla. En cuanto nos llegue el pago, recibir\u00e1 la confirmaci\u00f3n de su reserva por escrito. <\/em><\/p>\n<\/div>\n<\/div>\n\n\n\n<hr class=\"wp-block-separator has-alpha-channel-opacity is-style-dots\"\/>\n\n\n\n<div class=\"wp-block-contact-form-7-contact-form-selector\">\n<div class=\"wpcf7 no-js\" id=\"wpcf7-f5372-o1\" lang=\"es-ES\" dir=\"ltr\" data-wpcf7-id=\"5372\">\n<div class=\"screen-reader-response\"><p role=\"status\" aria-live=\"polite\" aria-atomic=\"true\"><\/p> <ul><\/ul><\/div>\n<form action=\"\/es\/wp-json\/wp\/v2\/pages\/5373#wpcf7-f5372-o1\" method=\"post\" class=\"wpcf7-form init\" aria-label=\"Formulario de contacto\" novalidate=\"novalidate\" data-status=\"init\">\n<fieldset class=\"hidden-fields-container\"><input type=\"hidden\" name=\"_wpcf7\" value=\"5372\" \/><input type=\"hidden\" name=\"_wpcf7_version\" value=\"6.1.4\" \/><input type=\"hidden\" name=\"_wpcf7_locale\" value=\"es_ES\" \/><input type=\"hidden\" name=\"_wpcf7_unit_tag\" value=\"wpcf7-f5372-o1\" \/><input type=\"hidden\" name=\"_wpcf7_container_post\" value=\"0\" \/><input type=\"hidden\" name=\"_wpcf7_posted_data_hash\" value=\"\" \/><input type=\"hidden\" name=\"_wpcf7cf_hidden_group_fields\" value=\"[]\" \/><input type=\"hidden\" name=\"_wpcf7cf_hidden_groups\" value=\"[]\" \/><input type=\"hidden\" name=\"_wpcf7cf_visible_groups\" value=\"[]\" \/><input type=\"hidden\" name=\"_wpcf7cf_repeaters\" value=\"[]\" \/><input type=\"hidden\" name=\"_wpcf7cf_steps\" value=\"{}\" \/><input type=\"hidden\" name=\"_wpcf7cf_options\" value=\"{&quot;form_id&quot;:5372,&quot;conditions&quot;:[{&quot;then_field&quot;:&quot;group-alquiler-ciclista-uno&quot;,&quot;and_rules&quot;:[{&quot;if_field&quot;:&quot;menu-numero-ciclistas-alquiler-bicis&quot;,&quot;operator&quot;:&quot;greater than or equals&quot;,&quot;if_value&quot;:&quot;1&quot;}]},{&quot;then_field&quot;:&quot;group-alquiler-ciclista-tres&quot;,&quot;and_rules&quot;:[{&quot;if_field&quot;:&quot;menu-numero-ciclistas-alquiler-bicis&quot;,&quot;operator&quot;:&quot;greater than or equals&quot;,&quot;if_value&quot;:&quot;3&quot;}]},{&quot;then_field&quot;:&quot;group-alquiler-ciclista-cinco&quot;,&quot;and_rules&quot;:[{&quot;if_field&quot;:&quot;menu-numero-ciclistas-alquiler-bicis&quot;,&quot;operator&quot;:&quot;greater than or equals&quot;,&quot;if_value&quot;:&quot;5&quot;}]},{&quot;then_field&quot;:&quot;group-alquiler-ciclista-siete&quot;,&quot;and_rules&quot;:[{&quot;if_field&quot;:&quot;menu-numero-ciclistas-alquiler-bicis&quot;,&quot;operator&quot;:&quot;greater than or equals&quot;,&quot;if_value&quot;:&quot;7&quot;}]},{&quot;then_field&quot;:&quot;group-alquiler-ciclista-nueve&quot;,&quot;and_rules&quot;:[{&quot;if_field&quot;:&quot;menu-numero-ciclistas-alquiler-bicis&quot;,&quot;operator&quot;:&quot;greater than or equals&quot;,&quot;if_value&quot;:&quot;9&quot;}]},{&quot;then_field&quot;:&quot;group-alquiler-ciclista-dos&quot;,&quot;and_rules&quot;:[{&quot;if_field&quot;:&quot;menu-numero-ciclistas-alquiler-bicis&quot;,&quot;operator&quot;:&quot;greater than or equals&quot;,&quot;if_value&quot;:&quot;2&quot;}]},{&quot;then_field&quot;:&quot;group-alquiler-ciclista-cuatro&quot;,&quot;and_rules&quot;:[{&quot;if_field&quot;:&quot;menu-numero-ciclistas-alquiler-bicis&quot;,&quot;operator&quot;:&quot;greater than or equals&quot;,&quot;if_value&quot;:&quot;4&quot;}]},{&quot;then_field&quot;:&quot;group-alquiler-ciclista-seis&quot;,&quot;and_rules&quot;:[{&quot;if_field&quot;:&quot;menu-numero-ciclistas-alquiler-bicis&quot;,&quot;operator&quot;:&quot;greater than or equals&quot;,&quot;if_value&quot;:&quot;6&quot;}]},{&quot;then_field&quot;:&quot;group-alquiler-ciclista-ocho&quot;,&quot;and_rules&quot;:[{&quot;if_field&quot;:&quot;menu-numero-ciclistas-alquiler-bicis&quot;,&quot;operator&quot;:&quot;greater than or equals&quot;,&quot;if_value&quot;:&quot;8&quot;}]},{&quot;then_field&quot;:&quot;group-alquiler-ciclista-diez&quot;,&quot;and_rules&quot;:[{&quot;if_field&quot;:&quot;menu-numero-ciclistas-alquiler-bicis&quot;,&quot;operator&quot;:&quot;greater than or equals&quot;,&quot;if_value&quot;:&quot;10&quot;}]},{&quot;then_field&quot;:&quot;group-alquiler-ciclista-mas-diez&quot;,&quot;and_rules&quot;:[{&quot;if_field&quot;:&quot;menu-numero-ciclistas-alquiler-bicis&quot;,&quot;operator&quot;:&quot;equals&quot;,&quot;if_value&quot;:&quot;More than 10&quot;}]},{&quot;then_field&quot;:&quot;group-entrega-tienda&quot;,&quot;and_rules&quot;:[{&quot;if_field&quot;:&quot;menu-entrega-bicis&quot;,&quot;operator&quot;:&quot;equals&quot;,&quot;if_value&quot;:&quot;Tienda Grazalema Cycling Adventures&quot;}]},{&quot;then_field&quot;:&quot;group-entrega-fuera-detalles&quot;,&quot;and_rules&quot;:[{&quot;if_field&quot;:&quot;menu-entrega-bicis&quot;,&quot;operator&quot;:&quot;equals&quot;,&quot;if_value&quot;:&quot;Otro lugar&quot;}]}],&quot;settings&quot;:{&quot;animation&quot;:&quot;yes&quot;,&quot;animation_intime&quot;:200,&quot;animation_outtime&quot;:200,&quot;conditions_ui&quot;:&quot;normal&quot;,&quot;notice_dismissed&quot;:false,&quot;notice_dismissed_rollback-cf7-5.8.4&quot;:true}}\" \/>\n<\/fieldset>\n<div class=\"clearfix\">\n\t<div id=\"left\">\n\t\t<p><span class=\"wpcf7-form-control-wrap\" data-name=\"su-nombre\"><input size=\"40\" maxlength=\"400\" class=\"wpcf7-form-control wpcf7-text wpcf7-validates-as-required\" aria-required=\"true\" aria-invalid=\"false\" placeholder=\"Su nombre\" value=\"\" type=\"text\" name=\"su-nombre\" \/><\/span><br \/>\n<span class=\"wpcf7-form-control-wrap\" data-name=\"su-apellido\"><input size=\"40\" maxlength=\"400\" class=\"wpcf7-form-control wpcf7-text wpcf7-validates-as-required\" aria-required=\"true\" aria-invalid=\"false\" placeholder=\"Su apellido\" value=\"\" type=\"text\" name=\"su-apellido\" \/><\/span>\n\t\t<\/p>\n\t<\/div>\n\t<div id=\"right\">\n\t\t<p><span class=\"wpcf7-form-control-wrap\" data-name=\"su-correo\"><input size=\"40\" maxlength=\"400\" class=\"wpcf7-form-control wpcf7-email wpcf7-validates-as-required wpcf7-text wpcf7-validates-as-email\" aria-required=\"true\" aria-invalid=\"false\" placeholder=\"Su correo electr\u00f3nico\" value=\"\" type=\"email\" name=\"su-correo\" \/><\/span><br \/>\n<span class=\"wpcf7-form-control-wrap\" data-name=\"telefono\"><input size=\"40\" maxlength=\"400\" class=\"wpcf7-form-control wpcf7-tel wpcf7-text wpcf7-validates-as-tel\" aria-invalid=\"false\" placeholder=\"Su n\u00famero de tel\u00e9fono\" value=\"\" type=\"tel\" name=\"telefono\" \/><\/span>\n\t\t<\/p>\n\t<\/div>\n<\/div>\n<p><B>Alquiler de bicicletas<\/b>\n<\/p>\n<div class=\"clearfix\">\n\t<div id=\"left\">\n\t\t<p>Fecha de inicio del alquiler<br \/>\n<span class=\"wpcf7-form-control-wrap\" data-name=\"fecha-alquiler-bicis\"><input class=\"wpcf7-form-control wpcf7-date wpcf7-validates-as-required wpcf7-validates-as-date date\" id=\"date\" min=\"2026-05-04\" aria-required=\"true\" aria-invalid=\"false\" value=\"\" type=\"date\" name=\"fecha-alquiler-bicis\" \/><\/span><br \/>\n<span class=\"wpcf7-form-control-wrap\" data-name=\"menu-numero-ciclistas-alquiler-bicis\"><select class=\"wpcf7-form-control wpcf7-select wpcf7-validates-as-required\" aria-required=\"true\" aria-invalid=\"false\" name=\"menu-numero-ciclistas-alquiler-bicis\"><option value=\"Seleccione el n\u00famero de personas\">Seleccione el n\u00famero de personas<\/option><option value=\"1\">1<\/option><option value=\"2\">2<\/option><option value=\"3\">3<\/option><option value=\"4\">4<\/option><option value=\"5\">5<\/option><option value=\"6\">6<\/option><option value=\"7\">7<\/option><option value=\"8\">8<\/option><option value=\"9\">9<\/option><option value=\"10\">10<\/option><option value=\"M\u00e1s de 10\">M\u00e1s de 10<\/option><\/select><\/span>\n\t\t<\/p>\n\t<\/div>\n\t<div id=\"right\">\n\t\t<p>N\u00famero de d\u00edas de alquiler<br \/>\n<span class=\"wpcf7-form-control-wrap\" data-name=\"numero-dias-alquiler\"><input class=\"wpcf7-form-control wpcf7-number wpcf7-validates-as-required wpcf7-validates-as-number\" min=\"1\" max=\"31\" aria-required=\"true\" aria-invalid=\"false\" placeholder=\"Rellene el n\u00famero de d\u00edas de alquiler\" value=\"\" type=\"number\" name=\"numero-dias-alquiler\" \/><\/span><br \/>\n<span class=\"wpcf7-form-control-wrap\" data-name=\"menu-entrega-bicis\"><select class=\"wpcf7-form-control wpcf7-select wpcf7-validates-as-required\" aria-required=\"true\" aria-invalid=\"false\" name=\"menu-entrega-bicis\"><option value=\"Quiero recibir y devolver la(s) bicicleta(s) en...\">Quiero recibir y devolver la(s) bicicleta(s) en...<\/option><option value=\"Tienda Grazalema Cycling Adventures\">Tienda Grazalema Cycling Adventures<\/option><option value=\"Otro lugar\">Otro lugar<\/option><\/select><\/span>\n\t\t<\/p>\n\t<\/div>\n<\/div>\n<div data-id=\"group-entrega-tienda\" data-orig_data_id=\"group-entrega-tienda\" data-clear_on_hide class=\"\" data-class=\"wpcf7cf_group\">\n\t<p>Hora preferida recogida bicicleta(s) en tienda<br \/>\n<span class=\"wpcf7-form-control-wrap\" data-name=\"menu-hora-entrega-tienda\"><select class=\"wpcf7-form-control wpcf7-select wpcf7-validates-as-required\" aria-required=\"true\" aria-invalid=\"false\" name=\"menu-hora-entrega-tienda\"><option value=\"\"><\/option><option value=\"08.30h\">08.30h<\/option><option value=\"09.00h\">09.00h<\/option><option value=\"09.30h\">09.30h<\/option><option value=\"10.00h\">10.00h<\/option><option value=\"10.30h\">10.30h<\/option><option value=\"11.00h\">11.00h<\/option><option value=\"11.30h\">11.30h<\/option><option value=\"12.00h\">12.00h<\/option><option value=\"12.30h\">12.30h<\/option><option value=\"13.00h\">13.00h<\/option><option value=\"13.30h\">13.30h<\/option><option value=\"14.00h\">14.00h<\/option><option value=\"19.30h\">19.30h<\/option><option value=\"20.00h\">20.00h<\/option><\/select><\/span>\n\t<\/p>\n<\/div>\n<div data-id=\"group-entrega-fuera-detalles\" data-orig_data_id=\"group-entrega-fuera-detalles\" data-clear_on_hide class=\"\" data-class=\"wpcf7cf_group\">\n\t<p><span class=\"wpcf7-form-control-wrap\" data-name=\"text-hora-entrega\"><input size=\"40\" maxlength=\"400\" class=\"wpcf7-form-control wpcf7-text\" aria-invalid=\"false\" placeholder=\"Hora preferida para la entrega (por ejemplo, 10.15h)\" value=\"\" type=\"text\" name=\"text-hora-entrega\" \/><\/span><br \/>\n<span class=\"wpcf7-form-control-wrap\" data-name=\"text-hora-recogida\"><input size=\"40\" maxlength=\"400\" class=\"wpcf7-form-control wpcf7-text\" aria-invalid=\"false\" placeholder=\"Hora preferida para la recogida (por ejemplo, 17.30h)\" value=\"\" type=\"text\" name=\"text-hora-recogida\" \/><\/span><br \/>\n<span class=\"wpcf7-form-control-wrap\" data-name=\"text-lugar-entrega\"><input size=\"40\" maxlength=\"400\" class=\"wpcf7-form-control wpcf7-text\" aria-invalid=\"false\" placeholder=\"Nombre\/direcci\u00f3n lugar entrega bicicleta(s)\" value=\"\" type=\"text\" name=\"text-lugar-entrega\" \/><\/span><br \/>\n<span class=\"wpcf7-form-control-wrap\" data-name=\"text-lugar-recogida\"><input size=\"40\" maxlength=\"400\" class=\"wpcf7-form-control wpcf7-text\" aria-invalid=\"false\" placeholder=\"Nombre\/direcci\u00f3n lugar recogida bicicleta(s)\" value=\"\" type=\"text\" name=\"text-lugar-recogida\" \/><\/span>\n\t<\/p>\n<\/div>\n<div class=\"clearfix\">\n\t<div id=\"left\">\n\t\t<div data-id=\"group-alquiler-ciclista-uno\" data-orig_data_id=\"group-alquiler-ciclista-uno\"  class=\"\" data-class=\"wpcf7cf_group\">\n\t\t\t<p>Ciclista 1<br \/>\n<span class=\"wpcf7-form-control-wrap\" data-name=\"text-nombre-ciclista-uno-alquiler-bicis\"><input size=\"40\" maxlength=\"400\" class=\"wpcf7-form-control wpcf7-text\" aria-invalid=\"false\" placeholder=\"Nombre\" value=\"\" type=\"text\" name=\"text-nombre-ciclista-uno-alquiler-bicis\" \/><\/span><br \/>\n<span class=\"wpcf7-form-control-wrap\" data-name=\"text-altura-ciclista-uno-alquiler-bicis\"><input size=\"40\" maxlength=\"400\" class=\"wpcf7-form-control wpcf7-text\" aria-invalid=\"false\" placeholder=\"Altura persona (in cm)\" value=\"\" type=\"text\" name=\"text-altura-ciclista-uno-alquiler-bicis\" \/><\/span><br \/>\n<span class=\"wpcf7-form-control-wrap\" data-name=\"menu-bicicleta-ciclista-uno-alquiler-bicis\"><select class=\"wpcf7-form-control wpcf7-select\" aria-invalid=\"false\" name=\"menu-bicicleta-ciclista-uno-alquiler-bicis\"><option value=\"Seleccione modelo de bicicleta\">Seleccione modelo de bicicleta<\/option><option value=\"Bici de monta\u00f1a el\u00e9ctrica (BH Atom)\">Bici de monta\u00f1a el\u00e9ctrica (BH Atom)<\/option><option value=\"Bici de monta\u00f1a (BH Spike)\">Bici de monta\u00f1a (BH Spike)<\/option><option value=\"Bici de gravel (Canyon Grizl 6)\">Bici de gravel (Canyon Grizl 6)<\/option><option value=\"Bici de carretera de aluminio (Orbea Avant)\">Bici de carretera de aluminio (Orbea Avant)<\/option><option value=\"Bici de carretera de carbono (Orbea Orca)\">Bici de carretera de carbono (Orbea Orca)<\/option><option value=\"Bici el\u00e9ctrica (Orbea Gain)\">Bici el\u00e9ctrica (Orbea Gain)<\/option><option value=\"Bici h\u00edbrida (Monty Corsa)\">Bici h\u00edbrida (Monty Corsa)<\/option><option value=\"Bici de ni\u00f1os (20pulgadas\/24pulgadas\/funtrailer)\">Bici de ni\u00f1os (20pulgadas\/24pulgadas\/funtrailer)<\/option><\/select><\/span><br \/>\n<span class=\"wpcf7-form-control-wrap\" data-name=\"menu-pedales-ciclista-uno-alquiler-bicis\"><select class=\"wpcf7-form-control wpcf7-select\" aria-invalid=\"false\" name=\"menu-pedales-ciclista-uno-alquiler-bicis\"><option value=\"Seleccione tipo de pedales\">Seleccione tipo de pedales<\/option><option value=\"Pedales propios\">Pedales propios<\/option><option value=\"Pedales planos\">Pedales planos<\/option><option value=\"Pedales planos con rastrales\">Pedales planos con rastrales<\/option><option value=\"Shimano SPD (BTT)\">Shimano SPD (BTT)<\/option><option value=\"Shimano SPD-SL (carretera)\">Shimano SPD-SL (carretera)<\/option><option value=\"Look Keo\">Look Keo<\/option><option value=\"Time Xpresso (iClic)\">Time Xpresso (iClic)<\/option><option value=\"Crankbrothers Eggbeater\">Crankbrothers Eggbeater<\/option><option value=\"Favero Assioma pedales medidores de potencia\">Favero Assioma pedales medidores de potencia<\/option><\/select><\/span><br \/>\n<span class=\"wpcf7-form-control-wrap\" data-name=\"menu-casco-ciclista-uno-alquiler-bicis\"><select class=\"wpcf7-form-control wpcf7-select\" aria-invalid=\"false\" name=\"menu-casco-ciclista-uno-alquiler-bicis\"><option value=\"Seleccione elecci\u00f3n casco\">Seleccione elecci\u00f3n casco<\/option><option value=\"Propio casco\">Propio casco<\/option><option value=\"Casco talla chica (50-54cm)\">Casco talla chica (50-54cm)<\/option><option value=\"Casco talla mediana (55-59cm)\">Casco talla mediana (55-59cm)<\/option><option value=\"Casco talla grande (60-63cm)\">Casco talla grande (60-63cm)<\/option><\/select><\/span>\n\t\t\t<\/p>\n\t\t<\/div>\n\t\t<div data-id=\"group-alquiler-ciclista-tres\" data-orig_data_id=\"group-alquiler-ciclista-tres\"  class=\"\" data-class=\"wpcf7cf_group\">\n\t\t\t<p>Ciclista 3<br \/>\n<span class=\"wpcf7-form-control-wrap\" data-name=\"text-nombre-ciclista-tres-alquiler-bicis\"><input size=\"40\" maxlength=\"400\" class=\"wpcf7-form-control wpcf7-text\" aria-invalid=\"false\" placeholder=\"Nombre\" value=\"\" type=\"text\" name=\"text-nombre-ciclista-tres-alquiler-bicis\" \/><\/span><br \/>\n<span class=\"wpcf7-form-control-wrap\" data-name=\"text-altura-ciclista-tres-alquiler-bicis\"><input size=\"40\" maxlength=\"400\" class=\"wpcf7-form-control wpcf7-text\" aria-invalid=\"false\" placeholder=\"Altura persona (in cm)\" value=\"\" type=\"text\" name=\"text-altura-ciclista-tres-alquiler-bicis\" \/><\/span><br \/>\n<span class=\"wpcf7-form-control-wrap\" data-name=\"menu-bicicleta-ciclista-tres-alquiler-bicis\"><select class=\"wpcf7-form-control wpcf7-select\" aria-invalid=\"false\" name=\"menu-bicicleta-ciclista-tres-alquiler-bicis\"><option value=\"Seleccione modelo de bicicleta\">Seleccione modelo de bicicleta<\/option><option value=\"Bici de monta\u00f1a el\u00e9ctrica (BH Atom)\">Bici de monta\u00f1a el\u00e9ctrica (BH Atom)<\/option><option value=\"Bici de monta\u00f1a (BH Spike)\">Bici de monta\u00f1a (BH Spike)<\/option><option value=\"Bici de gravel (Canyon Grizl 6)\">Bici de gravel (Canyon Grizl 6)<\/option><option value=\"Bici de carretera de aluminio (Orbea Avant)\">Bici de carretera de aluminio (Orbea Avant)<\/option><option value=\"Bici de carretera de carbono (Orbea Orca)\">Bici de carretera de carbono (Orbea Orca)<\/option><option value=\"Bici el\u00e9ctrica (Orbea Gain)\">Bici el\u00e9ctrica (Orbea Gain)<\/option><option value=\"Bici h\u00edbrida (Monty Corsa)\">Bici h\u00edbrida (Monty Corsa)<\/option><option value=\"Bici de ni\u00f1os (20pulgadas\/24pulgadas\/funtrailer)\">Bici de ni\u00f1os (20pulgadas\/24pulgadas\/funtrailer)<\/option><\/select><\/span><br \/>\n<span class=\"wpcf7-form-control-wrap\" data-name=\"menu-pedales-ciclista-tres-alquiler-bicis\"><select class=\"wpcf7-form-control wpcf7-select\" aria-invalid=\"false\" name=\"menu-pedales-ciclista-tres-alquiler-bicis\"><option value=\"Seleccione tipo de pedales\">Seleccione tipo de pedales<\/option><option value=\"Pedales propios\">Pedales propios<\/option><option value=\"Pedales planos\">Pedales planos<\/option><option value=\"Pedales planos con rastrales\">Pedales planos con rastrales<\/option><option value=\"Shimano SPD (BTT)\">Shimano SPD (BTT)<\/option><option value=\"Shimano SPD-SL (carretera)\">Shimano SPD-SL (carretera)<\/option><option value=\"Look Keo\">Look Keo<\/option><option value=\"Time Xpresso (iClic)\">Time Xpresso (iClic)<\/option><option value=\"Crankbrothers Eggbeater\">Crankbrothers Eggbeater<\/option><option value=\"Favero Assioma pedales medidores de potencia\">Favero Assioma pedales medidores de potencia<\/option><\/select><\/span><br \/>\n<span class=\"wpcf7-form-control-wrap\" data-name=\"menu-casco-ciclista-tres-alquiler-bicis\"><select class=\"wpcf7-form-control wpcf7-select\" aria-invalid=\"false\" name=\"menu-casco-ciclista-tres-alquiler-bicis\"><option value=\"Seleccione elecci\u00f3n casco\">Seleccione elecci\u00f3n casco<\/option><option value=\"Propio casco\">Propio casco<\/option><option value=\"Casco talla chica (50-54cm)\">Casco talla chica (50-54cm)<\/option><option value=\"Casco talla mediana (55-59cm)\">Casco talla mediana (55-59cm)<\/option><option value=\"Casco talla grande (60-63cm)\">Casco talla grande (60-63cm)<\/option><\/select><\/span>\n\t\t\t<\/p>\n\t\t<\/div>\n\t\t<div data-id=\"group-alquiler-ciclista-cinco\" data-orig_data_id=\"group-alquiler-ciclista-cinco\"  class=\"\" data-class=\"wpcf7cf_group\">\n\t\t\t<p>Ciclista 5<br \/>\n<span class=\"wpcf7-form-control-wrap\" data-name=\"text-nombre-ciclista-cinco-alquiler-bicis\"><input size=\"40\" maxlength=\"400\" class=\"wpcf7-form-control wpcf7-text\" aria-invalid=\"false\" placeholder=\"Nombre\" value=\"\" type=\"text\" name=\"text-nombre-ciclista-cinco-alquiler-bicis\" \/><\/span><br \/>\n<span class=\"wpcf7-form-control-wrap\" data-name=\"text-altura-ciclista-cinco-alquiler-bicis\"><input size=\"40\" maxlength=\"400\" class=\"wpcf7-form-control wpcf7-text\" aria-invalid=\"false\" placeholder=\"Altura persona (in cm)\" value=\"\" type=\"text\" name=\"text-altura-ciclista-cinco-alquiler-bicis\" \/><\/span><br \/>\n<span class=\"wpcf7-form-control-wrap\" data-name=\"menu-bicicleta-ciclista-cinco-alquiler-bicis\"><select class=\"wpcf7-form-control wpcf7-select\" aria-invalid=\"false\" name=\"menu-bicicleta-ciclista-cinco-alquiler-bicis\"><option value=\"Seleccione modelo de bicicleta\">Seleccione modelo de bicicleta<\/option><option value=\"Bici de monta\u00f1a el\u00e9ctrica (BH Atom)\">Bici de monta\u00f1a el\u00e9ctrica (BH Atom)<\/option><option value=\"Bici de monta\u00f1a (BH Spike)\">Bici de monta\u00f1a (BH Spike)<\/option><option value=\"Bici de gravel (Canyon Grizl 6)\">Bici de gravel (Canyon Grizl 6)<\/option><option value=\"Bici de carretera de aluminio (Orbea Avant)\">Bici de carretera de aluminio (Orbea Avant)<\/option><option value=\"Bici de carretera de carbono (Orbea Orca)\">Bici de carretera de carbono (Orbea Orca)<\/option><option value=\"Bici el\u00e9ctrica (Orbea Gain)\">Bici el\u00e9ctrica (Orbea Gain)<\/option><option value=\"Bici h\u00edbrida (Monty Corsa)\">Bici h\u00edbrida (Monty Corsa)<\/option><option value=\"Bici de ni\u00f1os (20pulgadas\/24pulgadas\/funtrailer)\">Bici de ni\u00f1os (20pulgadas\/24pulgadas\/funtrailer)<\/option><\/select><\/span><br \/>\n<span class=\"wpcf7-form-control-wrap\" data-name=\"menu-pedales-ciclista-cinco-alquiler-bicis\"><select class=\"wpcf7-form-control wpcf7-select\" aria-invalid=\"false\" name=\"menu-pedales-ciclista-cinco-alquiler-bicis\"><option value=\"Seleccione tipo de pedales\">Seleccione tipo de pedales<\/option><option value=\"Pedales propios\">Pedales propios<\/option><option value=\"Pedales planos\">Pedales planos<\/option><option value=\"Pedales planos con rastrales\">Pedales planos con rastrales<\/option><option value=\"Shimano SPD (BTT)\">Shimano SPD (BTT)<\/option><option value=\"Shimano SPD-SL (carretera)\">Shimano SPD-SL (carretera)<\/option><option value=\"Look Keo\">Look Keo<\/option><option value=\"Time Xpresso (iClic)\">Time Xpresso (iClic)<\/option><option value=\"Crankbrothers Eggbeater\">Crankbrothers Eggbeater<\/option><option value=\"Favero Assioma pedales medidores de potencia\">Favero Assioma pedales medidores de potencia<\/option><\/select><\/span><br \/>\n<span class=\"wpcf7-form-control-wrap\" data-name=\"menu-casco-ciclista-cinco-alquiler-bicis\"><select class=\"wpcf7-form-control wpcf7-select\" aria-invalid=\"false\" name=\"menu-casco-ciclista-cinco-alquiler-bicis\"><option value=\"Seleccione elecci\u00f3n casco\">Seleccione elecci\u00f3n casco<\/option><option value=\"Propio casco\">Propio casco<\/option><option value=\"Casco talla chica (50-54cm)\">Casco talla chica (50-54cm)<\/option><option value=\"Casco talla mediana (55-59cm)\">Casco talla mediana (55-59cm)<\/option><option value=\"Casco talla grande (60-63cm)\">Casco talla grande (60-63cm)<\/option><\/select><\/span>\n\t\t\t<\/p>\n\t\t<\/div>\n\t\t<div data-id=\"group-alquiler-ciclista-siete\" data-orig_data_id=\"group-alquiler-ciclista-siete\"  class=\"\" data-class=\"wpcf7cf_group\">\n\t\t\t<p>Ciclista 7<br \/>\n<span class=\"wpcf7-form-control-wrap\" data-name=\"text-nombre-ciclista-siete-alquiler-bicis\"><input size=\"40\" maxlength=\"400\" class=\"wpcf7-form-control wpcf7-text\" aria-invalid=\"false\" placeholder=\"Nombre\" value=\"\" type=\"text\" name=\"text-nombre-ciclista-siete-alquiler-bicis\" \/><\/span><br \/>\n<span class=\"wpcf7-form-control-wrap\" data-name=\"text-altura-ciclista-siete-alquiler-bicis\"><input size=\"40\" maxlength=\"400\" class=\"wpcf7-form-control wpcf7-text\" aria-invalid=\"false\" placeholder=\"Altura persona (in cm)\" value=\"\" type=\"text\" name=\"text-altura-ciclista-siete-alquiler-bicis\" \/><\/span><br \/>\n<span class=\"wpcf7-form-control-wrap\" data-name=\"menu-bicicleta-ciclista-siete-alquiler-bicis\"><select class=\"wpcf7-form-control wpcf7-select\" aria-invalid=\"false\" name=\"menu-bicicleta-ciclista-siete-alquiler-bicis\"><option value=\"Seleccione modelo de bicicleta\">Seleccione modelo de bicicleta<\/option><option value=\"Bici de monta\u00f1a el\u00e9ctrica (BH Atom)\">Bici de monta\u00f1a el\u00e9ctrica (BH Atom)<\/option><option value=\"Bici de monta\u00f1a (BH Spike)\">Bici de monta\u00f1a (BH Spike)<\/option><option value=\"Bici de gravel (Canyon Grizl 6)\">Bici de gravel (Canyon Grizl 6)<\/option><option value=\"Bici de carretera de aluminio (Orbea Avant)\">Bici de carretera de aluminio (Orbea Avant)<\/option><option value=\"Bici de carretera de carbono (Orbea Orca)\">Bici de carretera de carbono (Orbea Orca)<\/option><option value=\"Bici el\u00e9ctrica (Orbea Gain)\">Bici el\u00e9ctrica (Orbea Gain)<\/option><option value=\"Bici h\u00edbrida (Monty Corsa)\">Bici h\u00edbrida (Monty Corsa)<\/option><option value=\"Bici de ni\u00f1os (20pulgadas\/24pulgadas\/funtrailer)\">Bici de ni\u00f1os (20pulgadas\/24pulgadas\/funtrailer)<\/option><\/select><\/span><br \/>\n<span class=\"wpcf7-form-control-wrap\" data-name=\"menu-pedales-ciclista-siete-alquiler-bicis\"><select class=\"wpcf7-form-control wpcf7-select\" aria-invalid=\"false\" name=\"menu-pedales-ciclista-siete-alquiler-bicis\"><option value=\"Seleccione tipo de pedales\">Seleccione tipo de pedales<\/option><option value=\"Pedales propios\">Pedales propios<\/option><option value=\"Pedales planos\">Pedales planos<\/option><option value=\"Pedales planos con rastrales\">Pedales planos con rastrales<\/option><option value=\"Shimano SPD (BTT)\">Shimano SPD (BTT)<\/option><option value=\"Shimano SPD-SL (carretera)\">Shimano SPD-SL (carretera)<\/option><option value=\"Look Keo\">Look Keo<\/option><option value=\"Time Xpresso (iClic)\">Time Xpresso (iClic)<\/option><option value=\"Crankbrothers Eggbeater\">Crankbrothers Eggbeater<\/option><option value=\"Favero Assioma pedales medidores de potencia\">Favero Assioma pedales medidores de potencia<\/option><\/select><\/span><br \/>\n<span class=\"wpcf7-form-control-wrap\" data-name=\"menu-casco-ciclista-siete-alquiler-bicis\"><select class=\"wpcf7-form-control wpcf7-select\" aria-invalid=\"false\" name=\"menu-casco-ciclista-siete-alquiler-bicis\"><option value=\"Seleccione elecci\u00f3n casco\">Seleccione elecci\u00f3n casco<\/option><option value=\"Propio casco\">Propio casco<\/option><option value=\"Casco talla chica (50-54cm)\">Casco talla chica (50-54cm)<\/option><option value=\"Casco talla mediana (55-59cm)\">Casco talla mediana (55-59cm)<\/option><option value=\"Casco talla grande (60-63cm)\">Casco talla grande (60-63cm)<\/option><\/select><\/span>\n\t\t\t<\/p>\n\t\t<\/div>\n\t\t<div data-id=\"group-alquiler-ciclista-nueve\" data-orig_data_id=\"group-alquiler-ciclista-nueve\"  class=\"\" data-class=\"wpcf7cf_group\">\n\t\t\t<p>Ciclista 9<br \/>\n<span class=\"wpcf7-form-control-wrap\" data-name=\"text-nombre-ciclista-nueve-alquiler-bicis\"><input size=\"40\" maxlength=\"400\" class=\"wpcf7-form-control wpcf7-text\" aria-invalid=\"false\" placeholder=\"Nombre\" value=\"\" type=\"text\" name=\"text-nombre-ciclista-nueve-alquiler-bicis\" \/><\/span><br \/>\n<span class=\"wpcf7-form-control-wrap\" data-name=\"text-altura-ciclista-nueve-alquiler-bicis\"><input size=\"40\" maxlength=\"400\" class=\"wpcf7-form-control wpcf7-text\" aria-invalid=\"false\" placeholder=\"Altura persona (in cm)\" value=\"\" type=\"text\" name=\"text-altura-ciclista-nueve-alquiler-bicis\" \/><\/span><br \/>\n<span class=\"wpcf7-form-control-wrap\" data-name=\"menu-bicicleta-ciclista-nueve-alquiler-bicis\"><select class=\"wpcf7-form-control wpcf7-select\" aria-invalid=\"false\" name=\"menu-bicicleta-ciclista-nueve-alquiler-bicis\"><option value=\"Seleccione modelo de bicicleta\">Seleccione modelo de bicicleta<\/option><option value=\"Bici de monta\u00f1a el\u00e9ctrica (BH Atom)\">Bici de monta\u00f1a el\u00e9ctrica (BH Atom)<\/option><option value=\"Bici de monta\u00f1a (BH Spike)\">Bici de monta\u00f1a (BH Spike)<\/option><option value=\"Bici de gravel (Canyon Grizl 6)\">Bici de gravel (Canyon Grizl 6)<\/option><option value=\"Bici de carretera de aluminio (Orbea Avant)\">Bici de carretera de aluminio (Orbea Avant)<\/option><option value=\"Bici de carretera de carbono (Orbea Orca)\">Bici de carretera de carbono (Orbea Orca)<\/option><option value=\"Bici el\u00e9ctrica (Orbea Gain)\">Bici el\u00e9ctrica (Orbea Gain)<\/option><option value=\"Bici h\u00edbrida (Monty Corsa)\">Bici h\u00edbrida (Monty Corsa)<\/option><option value=\"Bici de ni\u00f1os (20pulgadas\/24pulgadas\/funtrailer)\">Bici de ni\u00f1os (20pulgadas\/24pulgadas\/funtrailer)<\/option><\/select><\/span><br \/>\n<span class=\"wpcf7-form-control-wrap\" data-name=\"menu-pedales-ciclista-nueve-alquiler-bicis\"><select class=\"wpcf7-form-control wpcf7-select\" aria-invalid=\"false\" name=\"menu-pedales-ciclista-nueve-alquiler-bicis\"><option value=\"Seleccione tipo de pedales\">Seleccione tipo de pedales<\/option><option value=\"Pedales propios\">Pedales propios<\/option><option value=\"Pedales planos\">Pedales planos<\/option><option value=\"Pedales planos con rastrales\">Pedales planos con rastrales<\/option><option value=\"Shimano SPD (BTT)\">Shimano SPD (BTT)<\/option><option value=\"Shimano SPD-SL (carretera)\">Shimano SPD-SL (carretera)<\/option><option value=\"Look Keo\">Look Keo<\/option><option value=\"Time Xpresso (iClic)\">Time Xpresso (iClic)<\/option><option value=\"Crankbrothers Eggbeater\">Crankbrothers Eggbeater<\/option><option value=\"Favero Assioma pedales medidores de potencia\">Favero Assioma pedales medidores de potencia<\/option><\/select><\/span><br \/>\n<span class=\"wpcf7-form-control-wrap\" data-name=\"menu-casco-ciclista-nueve-alquiler-bicis\"><select class=\"wpcf7-form-control wpcf7-select\" aria-invalid=\"false\" name=\"menu-casco-ciclista-nueve-alquiler-bicis\"><option value=\"Seleccione elecci\u00f3n casco\">Seleccione elecci\u00f3n casco<\/option><option value=\"Propio casco\">Propio casco<\/option><option value=\"Casco talla chica (50-54cm)\">Casco talla chica (50-54cm)<\/option><option value=\"Casco talla mediana (55-59cm)\">Casco talla mediana (55-59cm)<\/option><option value=\"Casco talla grande (60-63cm)\">Casco talla grande (60-63cm)<\/option><\/select><\/span>\n\t\t\t<\/p>\n\t\t<\/div>\n\t<\/div>\n\t<div id=\"right\">\n\t\t<div data-id=\"group-alquiler-ciclista-dos\" data-orig_data_id=\"group-alquiler-ciclista-dos\"  class=\"\" data-class=\"wpcf7cf_group\">\n\t\t\t<p>Ciclista 2<br \/>\n<span class=\"wpcf7-form-control-wrap\" data-name=\"text-nombre-ciclista-dos-alquiler-bicis\"><input size=\"40\" maxlength=\"400\" class=\"wpcf7-form-control wpcf7-text\" aria-invalid=\"false\" placeholder=\"Nombre\" value=\"\" type=\"text\" name=\"text-nombre-ciclista-dos-alquiler-bicis\" \/><\/span><br \/>\n<span class=\"wpcf7-form-control-wrap\" data-name=\"text-altura-ciclista-dos-alquiler-bicis\"><input size=\"40\" maxlength=\"400\" class=\"wpcf7-form-control wpcf7-text\" aria-invalid=\"false\" placeholder=\"Altura persona (in cm)\" value=\"\" type=\"text\" name=\"text-altura-ciclista-dos-alquiler-bicis\" \/><\/span><br \/>\n<span class=\"wpcf7-form-control-wrap\" data-name=\"menu-bicicleta-ciclista-dos-alquiler-bicis\"><select class=\"wpcf7-form-control wpcf7-select\" aria-invalid=\"false\" name=\"menu-bicicleta-ciclista-dos-alquiler-bicis\"><option value=\"Seleccione modelo de bicicleta\">Seleccione modelo de bicicleta<\/option><option value=\"Bici de monta\u00f1a el\u00e9ctrica (BH Atom)\">Bici de monta\u00f1a el\u00e9ctrica (BH Atom)<\/option><option value=\"Bici de monta\u00f1a (BH Spike)\">Bici de monta\u00f1a (BH Spike)<\/option><option value=\"Bici de gravel (Canyon Grizl 6)\">Bici de gravel (Canyon Grizl 6)<\/option><option value=\"Bici de carretera de aluminio (Orbea Avant)\">Bici de carretera de aluminio (Orbea Avant)<\/option><option value=\"Bici de carretera de carbono (Orbea Orca)\">Bici de carretera de carbono (Orbea Orca)<\/option><option value=\"Bici el\u00e9ctrica (Orbea Gain)\">Bici el\u00e9ctrica (Orbea Gain)<\/option><option value=\"Bici h\u00edbrida (Monty Corsa)\">Bici h\u00edbrida (Monty Corsa)<\/option><option value=\"Bici de ni\u00f1os (20pulgadas\/24pulgadas\/funtrailer)\">Bici de ni\u00f1os (20pulgadas\/24pulgadas\/funtrailer)<\/option><\/select><\/span><br \/>\n<span class=\"wpcf7-form-control-wrap\" data-name=\"menu-pedales-ciclista-dos-alquiler-bicis\"><select class=\"wpcf7-form-control wpcf7-select\" aria-invalid=\"false\" name=\"menu-pedales-ciclista-dos-alquiler-bicis\"><option value=\"Seleccione tipo de pedales\">Seleccione tipo de pedales<\/option><option value=\"Pedales propios\">Pedales propios<\/option><option value=\"Pedales planos\">Pedales planos<\/option><option value=\"Pedales planos con rastrales\">Pedales planos con rastrales<\/option><option value=\"Shimano SPD (BTT)\">Shimano SPD (BTT)<\/option><option value=\"Shimano SPD-SL (carretera)\">Shimano SPD-SL (carretera)<\/option><option value=\"Look Keo\">Look Keo<\/option><option value=\"Time Xpresso (iClic)\">Time Xpresso (iClic)<\/option><option value=\"Crankbrothers Eggbeater\">Crankbrothers Eggbeater<\/option><option value=\"Favero Assioma pedales medidores de potencia\">Favero Assioma pedales medidores de potencia<\/option><\/select><\/span><br \/>\n<span class=\"wpcf7-form-control-wrap\" data-name=\"menu-casco-ciclista-dos-alquiler-bicis\"><select class=\"wpcf7-form-control wpcf7-select\" aria-invalid=\"false\" name=\"menu-casco-ciclista-dos-alquiler-bicis\"><option value=\"Seleccione elecci\u00f3n casco\">Seleccione elecci\u00f3n casco<\/option><option value=\"Propio casco\">Propio casco<\/option><option value=\"Casco talla chica (50-54cm)\">Casco talla chica (50-54cm)<\/option><option value=\"Casco talla mediana (55-59cm)\">Casco talla mediana (55-59cm)<\/option><option value=\"Casco talla grande (60-63cm)\">Casco talla grande (60-63cm)<\/option><\/select><\/span>\n\t\t\t<\/p>\n\t\t<\/div>\n\t\t<div data-id=\"group-alquiler-ciclista-cuatro\" data-orig_data_id=\"group-alquiler-ciclista-cuatro\"  class=\"\" data-class=\"wpcf7cf_group\">\n\t\t\t<p>Ciclista 4<br \/>\n<span class=\"wpcf7-form-control-wrap\" data-name=\"text-nombre-ciclista-cuatro-alquiler-bicis\"><input size=\"40\" maxlength=\"400\" class=\"wpcf7-form-control wpcf7-text\" aria-invalid=\"false\" placeholder=\"Nombre\" value=\"\" type=\"text\" name=\"text-nombre-ciclista-cuatro-alquiler-bicis\" \/><\/span><br \/>\n<span class=\"wpcf7-form-control-wrap\" data-name=\"text-altura-ciclista-cuatro-alquiler-bicis\"><input size=\"40\" maxlength=\"400\" class=\"wpcf7-form-control wpcf7-text\" aria-invalid=\"false\" placeholder=\"Altura persona (in cm)\" value=\"\" type=\"text\" name=\"text-altura-ciclista-cuatro-alquiler-bicis\" \/><\/span><br \/>\n<span class=\"wpcf7-form-control-wrap\" data-name=\"menu-bicicleta-ciclista-cuatro-alquiler-bicis\"><select class=\"wpcf7-form-control wpcf7-select\" aria-invalid=\"false\" name=\"menu-bicicleta-ciclista-cuatro-alquiler-bicis\"><option value=\"Seleccione modelo de bicicleta\">Seleccione modelo de bicicleta<\/option><option value=\"Bici de monta\u00f1a el\u00e9ctrica (BH Atom)\">Bici de monta\u00f1a el\u00e9ctrica (BH Atom)<\/option><option value=\"Bici de monta\u00f1a (BH Spike)\">Bici de monta\u00f1a (BH Spike)<\/option><option value=\"Bici de gravel (Canyon Grizl 6)\">Bici de gravel (Canyon Grizl 6)<\/option><option value=\"Bici de carretera de aluminio (Orbea Avant)\">Bici de carretera de aluminio (Orbea Avant)<\/option><option value=\"Bici de carretera de carbono (Orbea Orca)\">Bici de carretera de carbono (Orbea Orca)<\/option><option value=\"Bici el\u00e9ctrica (Orbea Gain)\">Bici el\u00e9ctrica (Orbea Gain)<\/option><option value=\"Bici h\u00edbrida (Monty Corsa)\">Bici h\u00edbrida (Monty Corsa)<\/option><option value=\"Bici de ni\u00f1os (20pulgadas\/24pulgadas\/funtrailer)\">Bici de ni\u00f1os (20pulgadas\/24pulgadas\/funtrailer)<\/option><\/select><\/span><br \/>\n<span class=\"wpcf7-form-control-wrap\" data-name=\"menu-pedales-ciclista-cuatro-alquiler-bicis\"><select class=\"wpcf7-form-control wpcf7-select\" aria-invalid=\"false\" name=\"menu-pedales-ciclista-cuatro-alquiler-bicis\"><option value=\"Seleccione tipo de pedales\">Seleccione tipo de pedales<\/option><option value=\"Pedales propios\">Pedales propios<\/option><option value=\"Pedales planos\">Pedales planos<\/option><option value=\"Pedales planos con rastrales\">Pedales planos con rastrales<\/option><option value=\"Shimano SPD (BTT)\">Shimano SPD (BTT)<\/option><option value=\"Shimano SPD-SL (carretera)\">Shimano SPD-SL (carretera)<\/option><option value=\"Look Keo\">Look Keo<\/option><option value=\"Time Xpresso (iClic)\">Time Xpresso (iClic)<\/option><option value=\"Crankbrothers Eggbeater\">Crankbrothers Eggbeater<\/option><option value=\"Favero Assioma pedales medidores de potencia\">Favero Assioma pedales medidores de potencia<\/option><\/select><\/span><br \/>\n<span class=\"wpcf7-form-control-wrap\" data-name=\"menu-casco-ciclista-cuatro-alquiler-bicis\"><select class=\"wpcf7-form-control wpcf7-select\" aria-invalid=\"false\" name=\"menu-casco-ciclista-cuatro-alquiler-bicis\"><option value=\"Seleccione elecci\u00f3n casco\">Seleccione elecci\u00f3n casco<\/option><option value=\"Propio casco\">Propio casco<\/option><option value=\"Casco talla chica (50-54cm)\">Casco talla chica (50-54cm)<\/option><option value=\"Casco talla mediana (55-59cm)\">Casco talla mediana (55-59cm)<\/option><option value=\"Casco talla grande (60-63cm)\">Casco talla grande (60-63cm)<\/option><\/select><\/span>\n\t\t\t<\/p>\n\t\t<\/div>\n\t\t<div data-id=\"group-alquiler-ciclista-seis\" data-orig_data_id=\"group-alquiler-ciclista-seis\"  class=\"\" data-class=\"wpcf7cf_group\">\n\t\t\t<p>Ciclista 6<br \/>\n<span class=\"wpcf7-form-control-wrap\" data-name=\"text-nombre-ciclista-seis-alquiler-bicis\"><input size=\"40\" maxlength=\"400\" class=\"wpcf7-form-control wpcf7-text\" aria-invalid=\"false\" placeholder=\"Nombre\" value=\"\" type=\"text\" name=\"text-nombre-ciclista-seis-alquiler-bicis\" \/><\/span><br \/>\n<span class=\"wpcf7-form-control-wrap\" data-name=\"text-altura-ciclista-seis-alquiler-bicis\"><input size=\"40\" maxlength=\"400\" class=\"wpcf7-form-control wpcf7-text\" aria-invalid=\"false\" placeholder=\"Altura persona (in cm)\" value=\"\" type=\"text\" name=\"text-altura-ciclista-seis-alquiler-bicis\" \/><\/span><br \/>\n<span class=\"wpcf7-form-control-wrap\" data-name=\"menu-bicicleta-ciclista-seis-alquiler-bicis\"><select class=\"wpcf7-form-control wpcf7-select\" aria-invalid=\"false\" name=\"menu-bicicleta-ciclista-seis-alquiler-bicis\"><option value=\"Seleccione modelo de bicicleta\">Seleccione modelo de bicicleta<\/option><option value=\"Bici de monta\u00f1a el\u00e9ctrica (BH Atom)\">Bici de monta\u00f1a el\u00e9ctrica (BH Atom)<\/option><option value=\"Bici de monta\u00f1a (BH Spike)\">Bici de monta\u00f1a (BH Spike)<\/option><option value=\"Bici de gravel (Canyon Grizl 6)\">Bici de gravel (Canyon Grizl 6)<\/option><option value=\"Bici de carretera de aluminio (Orbea Avant)\">Bici de carretera de aluminio (Orbea Avant)<\/option><option value=\"Bici de carretera de carbono (Orbea Orca)\">Bici de carretera de carbono (Orbea Orca)<\/option><option value=\"Bici el\u00e9ctrica (Orbea Gain)\">Bici el\u00e9ctrica (Orbea Gain)<\/option><option value=\"Bici h\u00edbrida (Monty Corsa)\">Bici h\u00edbrida (Monty Corsa)<\/option><option value=\"Bici de ni\u00f1os (20pulgadas\/24pulgadas\/funtrailer)\">Bici de ni\u00f1os (20pulgadas\/24pulgadas\/funtrailer)<\/option><\/select><\/span><br \/>\n<span class=\"wpcf7-form-control-wrap\" data-name=\"menu-pedales-ciclista-seis-alquiler-bicis\"><select class=\"wpcf7-form-control wpcf7-select\" aria-invalid=\"false\" name=\"menu-pedales-ciclista-seis-alquiler-bicis\"><option value=\"Seleccione tipo de pedales\">Seleccione tipo de pedales<\/option><option value=\"Pedales propios\">Pedales propios<\/option><option value=\"Pedales planos\">Pedales planos<\/option><option value=\"Pedales planos con rastrales\">Pedales planos con rastrales<\/option><option value=\"Shimano SPD (BTT)\">Shimano SPD (BTT)<\/option><option value=\"Shimano SPD-SL (carretera)\">Shimano SPD-SL (carretera)<\/option><option value=\"Look Keo\">Look Keo<\/option><option value=\"Time Xpresso (iClic)\">Time Xpresso (iClic)<\/option><option value=\"Crankbrothers Eggbeater\">Crankbrothers Eggbeater<\/option><option value=\"Favero Assioma pedales medidores de potencia\">Favero Assioma pedales medidores de potencia<\/option><\/select><\/span><br \/>\n<span class=\"wpcf7-form-control-wrap\" data-name=\"menu-casco-ciclista-seis-alquiler-bicis\"><select class=\"wpcf7-form-control wpcf7-select\" aria-invalid=\"false\" name=\"menu-casco-ciclista-seis-alquiler-bicis\"><option value=\"Seleccione elecci\u00f3n casco\">Seleccione elecci\u00f3n casco<\/option><option value=\"Propio casco\">Propio casco<\/option><option value=\"Casco talla chica (50-54cm)\">Casco talla chica (50-54cm)<\/option><option value=\"Casco talla mediana (55-59cm)\">Casco talla mediana (55-59cm)<\/option><option value=\"Casco talla grande (60-63cm)\">Casco talla grande (60-63cm)<\/option><\/select><\/span>\n\t\t\t<\/p>\n\t\t<\/div>\n\t\t<div data-id=\"group-alquiler-ciclista-ocho\" data-orig_data_id=\"group-alquiler-ciclista-ocho\"  class=\"\" data-class=\"wpcf7cf_group\">\n\t\t\t<p>Ciclista 8<br \/>\n<span class=\"wpcf7-form-control-wrap\" data-name=\"text-nombre-ciclista-ocho-alquiler-bicis\"><input size=\"40\" maxlength=\"400\" class=\"wpcf7-form-control wpcf7-text\" aria-invalid=\"false\" placeholder=\"Nombre\" value=\"\" type=\"text\" name=\"text-nombre-ciclista-ocho-alquiler-bicis\" \/><\/span><br \/>\n<span class=\"wpcf7-form-control-wrap\" data-name=\"text-altura-ciclista-ocho-alquiler-bicis\"><input size=\"40\" maxlength=\"400\" class=\"wpcf7-form-control wpcf7-text\" aria-invalid=\"false\" placeholder=\"Altura persona (in cm)\" value=\"\" type=\"text\" name=\"text-altura-ciclista-ocho-alquiler-bicis\" \/><\/span><br \/>\n<span class=\"wpcf7-form-control-wrap\" data-name=\"menu-bicicleta-ciclista-ocho-alquiler-bicis\"><select class=\"wpcf7-form-control wpcf7-select\" aria-invalid=\"false\" name=\"menu-bicicleta-ciclista-ocho-alquiler-bicis\"><option value=\"Seleccione modelo de bicicleta\">Seleccione modelo de bicicleta<\/option><option value=\"Bici de monta\u00f1a el\u00e9ctrica (BH Atom)\">Bici de monta\u00f1a el\u00e9ctrica (BH Atom)<\/option><option value=\"Bici de monta\u00f1a (BH Spike)\">Bici de monta\u00f1a (BH Spike)<\/option><option value=\"Bici de gravel (Canyon Grizl 6)\">Bici de gravel (Canyon Grizl 6)<\/option><option value=\"Bici de carretera de aluminio (Orbea Avant)\">Bici de carretera de aluminio (Orbea Avant)<\/option><option value=\"Bici de carretera de carbono (Orbea Orca)\">Bici de carretera de carbono (Orbea Orca)<\/option><option value=\"Bici el\u00e9ctrica (Orbea Gain)\">Bici el\u00e9ctrica (Orbea Gain)<\/option><option value=\"Bici h\u00edbrida (Monty Corsa)\">Bici h\u00edbrida (Monty Corsa)<\/option><option value=\"Bici de ni\u00f1os (20pulgadas\/24pulgadas\/funtrailer)\">Bici de ni\u00f1os (20pulgadas\/24pulgadas\/funtrailer)<\/option><\/select><\/span><br \/>\n<span class=\"wpcf7-form-control-wrap\" data-name=\"menu-pedales-ciclista-ocho-alquiler-bicis\"><select class=\"wpcf7-form-control wpcf7-select\" aria-invalid=\"false\" name=\"menu-pedales-ciclista-ocho-alquiler-bicis\"><option value=\"Seleccione tipo de pedales\">Seleccione tipo de pedales<\/option><option value=\"Pedales propios\">Pedales propios<\/option><option value=\"Pedales planos\">Pedales planos<\/option><option value=\"Pedales planos con rastrales\">Pedales planos con rastrales<\/option><option value=\"Shimano SPD (BTT)\">Shimano SPD (BTT)<\/option><option value=\"Shimano SPD-SL (carretera)\">Shimano SPD-SL (carretera)<\/option><option value=\"Look Keo\">Look Keo<\/option><option value=\"Time Xpresso (iClic)\">Time Xpresso (iClic)<\/option><option value=\"Crankbrothers Eggbeater\">Crankbrothers Eggbeater<\/option><option value=\"Favero Assioma pedales medidores de potencia\">Favero Assioma pedales medidores de potencia<\/option><\/select><\/span><br \/>\n<span class=\"wpcf7-form-control-wrap\" data-name=\"menu-casco-ciclista-ocho-alquiler-bicis\"><select class=\"wpcf7-form-control wpcf7-select\" aria-invalid=\"false\" name=\"menu-casco-ciclista-ocho-alquiler-bicis\"><option value=\"Seleccione elecci\u00f3n casco\">Seleccione elecci\u00f3n casco<\/option><option value=\"Propio casco\">Propio casco<\/option><option value=\"Casco talla chica (50-54cm)\">Casco talla chica (50-54cm)<\/option><option value=\"Casco talla mediana (55-59cm)\">Casco talla mediana (55-59cm)<\/option><option value=\"Casco talla grande (60-63cm)\">Casco talla grande (60-63cm)<\/option><\/select><\/span>\n\t\t\t<\/p>\n\t\t<\/div>\n\t\t<div data-id=\"group-alquiler-ciclista-diez\" data-orig_data_id=\"group-alquiler-ciclista-diez\"  class=\"\" data-class=\"wpcf7cf_group\">\n\t\t\t<p>Ciclista 10<br \/>\n<span class=\"wpcf7-form-control-wrap\" data-name=\"text-nombre-ciclista-diez-alquiler-bicis\"><input size=\"40\" maxlength=\"400\" class=\"wpcf7-form-control wpcf7-text\" aria-invalid=\"false\" placeholder=\"Nombre\" value=\"\" type=\"text\" name=\"text-nombre-ciclista-diez-alquiler-bicis\" \/><\/span><br \/>\n<span class=\"wpcf7-form-control-wrap\" data-name=\"text-altura-ciclista-diez-alquiler-bicis\"><input size=\"40\" maxlength=\"400\" class=\"wpcf7-form-control wpcf7-text\" aria-invalid=\"false\" placeholder=\"Altura persona (in cm)\" value=\"\" type=\"text\" name=\"text-altura-ciclista-diez-alquiler-bicis\" \/><\/span><br \/>\n<span class=\"wpcf7-form-control-wrap\" data-name=\"menu-bicicleta-ciclista-diez-alquiler-bicis\"><select class=\"wpcf7-form-control wpcf7-select\" aria-invalid=\"false\" name=\"menu-bicicleta-ciclista-diez-alquiler-bicis\"><option value=\"Seleccione modelo de bicicleta\">Seleccione modelo de bicicleta<\/option><option value=\"Bici de monta\u00f1a el\u00e9ctrica (BH Atom)\">Bici de monta\u00f1a el\u00e9ctrica (BH Atom)<\/option><option value=\"Bici de monta\u00f1a (BH Spike)\">Bici de monta\u00f1a (BH Spike)<\/option><option value=\"Bici de gravel (Canyon Grizl 6)\">Bici de gravel (Canyon Grizl 6)<\/option><option value=\"Bici de carretera de aluminio (Orbea Avant)\">Bici de carretera de aluminio (Orbea Avant)<\/option><option value=\"Bici de carretera de carbono (Orbea Orca)\">Bici de carretera de carbono (Orbea Orca)<\/option><option value=\"Bici el\u00e9ctrica (Orbea Gain)\">Bici el\u00e9ctrica (Orbea Gain)<\/option><option value=\"Bici h\u00edbrida (Monty Corsa)\">Bici h\u00edbrida (Monty Corsa)<\/option><option value=\"Bici de ni\u00f1os (20pulgadas\/24pulgadas\/funtrailer)\">Bici de ni\u00f1os (20pulgadas\/24pulgadas\/funtrailer)<\/option><\/select><\/span><br \/>\n<span class=\"wpcf7-form-control-wrap\" data-name=\"menu-pedales-ciclista-diez-alquiler-bicis\"><select class=\"wpcf7-form-control wpcf7-select\" aria-invalid=\"false\" name=\"menu-pedales-ciclista-diez-alquiler-bicis\"><option value=\"Seleccione tipo de pedales\">Seleccione tipo de pedales<\/option><option value=\"Pedales propios\">Pedales propios<\/option><option value=\"Pedales planos\">Pedales planos<\/option><option value=\"Pedales planos con rastrales\">Pedales planos con rastrales<\/option><option value=\"Shimano SPD (BTT)\">Shimano SPD (BTT)<\/option><option value=\"Shimano SPD-SL (carretera)\">Shimano SPD-SL (carretera)<\/option><option value=\"Look Keo\">Look Keo<\/option><option value=\"Time Xpresso (iClic)\">Time Xpresso (iClic)<\/option><option value=\"Crankbrothers Eggbeater\">Crankbrothers Eggbeater<\/option><option value=\"Favero Assioma pedales medidores de potencia\">Favero Assioma pedales medidores de potencia<\/option><\/select><\/span><br \/>\n<span class=\"wpcf7-form-control-wrap\" data-name=\"menu-casco-ciclista-diez-alquiler-bicis\"><select class=\"wpcf7-form-control wpcf7-select\" aria-invalid=\"false\" name=\"menu-casco-ciclista-diez-alquiler-bicis\"><option value=\"Seleccione elecci\u00f3n casco\">Seleccione elecci\u00f3n casco<\/option><option value=\"Propio casco\">Propio casco<\/option><option value=\"Casco talla chica (50-54cm)\">Casco talla chica (50-54cm)<\/option><option value=\"Casco talla mediana (55-59cm)\">Casco talla mediana (55-59cm)<\/option><option value=\"Casco talla grande (60-63cm)\">Casco talla grande (60-63cm)<\/option><\/select><\/span>\n\t\t\t<\/p>\n\t\t<\/div>\n\t<\/div>\n<\/div>\n<div data-id=\"group-alquiler-ciclista-mas-diez\" data-orig_data_id=\"group-alquiler-ciclista-mas-diez\"  class=\"\" data-class=\"wpcf7cf_group\">\n\t<p>Por favor, d\u00e9jenos a continuaci\u00f3n la(s) fecha(s) de su elecci\u00f3n y una lista de las personas de su grupo con el nombre, altura, modelo de bici deseada, tipo de pedales, y elecci\u00f3n de casco para cada persona. De esta forma, podemos confirmarle la disponibilidad de las bicicletas y, en su caso, prepararle un presupuesto personalizado. Por ejemplo:\n\t<\/p>\n\t<p><I>Fecha(s): 11 y 12 de octubre 2023<br \/>\n1. Juan - 175cm - Orbea MX30 bici de monta\u00f1a - pedales planos - casco propio<br \/>\n2. Ana - 167cm - Orbea Gain bici el\u00e9ctrica - pedales Shimano SPD - casco talla mediana<br \/>\n3. Antonio - 185cm - BH Atom bicicleta el\u00e9ctrica de monta\u00f1a - pedales planos con rastrales - casco talla grande<br \/>\nEtc. <\/i>\n\t<\/p>\n<\/div>\n<p><B>Preguntas generales, notas y\/o solicitudes especiales <\/b><br \/>\n<span class=\"wpcf7-form-control-wrap\" data-name=\"su-mensaje\"><textarea cols=\"40\" rows=\"12\" maxlength=\"2000\" class=\"wpcf7-form-control wpcf7-textarea\" aria-invalid=\"false\" placeholder=\"Por favor, deje sus notas, preguntas y\/o solicitudes especiales aqu\u00ed.\n\nTambi\u00e9n nos ser\u00eda de gran ayuda si nos pudiera hacer saber si desea reservar alg\u00fan accesorio y\/o servicio adicional;\n- Dispositivo GPS con navegaci\u00f3n\n- Portabicicletas y alforjas (no disponible para las bicicletas de carretera)\n- Range extender (bater\u00eda extra, s\u00f3lo disponible para las bicicletas Orbea Gain)\n- Ruta guiada\n- Etc.\n\nCuanta m\u00e1s informaci\u00f3n nos proporcione, m\u00e1s nos permitir\u00e1 darle una contestaci\u00f3n detallada que se aplica a su situaci\u00f3n, preferencias y\/o solicitud espec\u00edfica.\" name=\"su-mensaje\"><\/textarea><\/span>\n<\/p>\n<p><span class=\"wpcf7-form-control-wrap\" data-name=\"aceptacion-priv\"><span class=\"wpcf7-form-control wpcf7-acceptance\"><span class=\"wpcf7-list-item\"><label><input type=\"checkbox\" name=\"aceptacion-priv\" value=\"1\" aria-invalid=\"false\" \/><span class=\"wpcf7-list-item-label\">Acepto la <a href=\"https:\/\/www.grazalemacycling.com\/es\/aviso-legal\/\" target=\"_blank\" rel=\"noopener noreferrer\">Pol\u00edtica de Privacidad<\/a> y me gustar\u00eda recibir una respuesta por correo electr\u00f3nico.<\/span><\/label><\/span><\/span><\/span>\n<\/p>\n<p><span class=\"wpcf7-form-control-wrap kc_captcha cf7ic-toggle\" data-name=\"kc_captcha\"><span class=\"wpcf7-form-control wpcf7-radio\"><span class=\"captcha-image\" style=\"display: none;\"><span class=\"cf7ic_instructions\">Por favor, prueba que eres humano seleccionando el<span> cami\u00f3n<\/span>.<\/span><label><input aria-label=\"1\" type=\"radio\" name=\"kc_captcha\" value=\"bot\" \/><svg aria-hidden=\"true\" role=\"img\" xmlns=\"http:\/\/www.w3.org\/2000\/svg\" viewBox=\"0 0 576 512\"><path fill=\"currentColor\" d=\"M259 18l-65 132-146 22c-26 3-37 36-18 54l106 103-25 146c-5 26 23 46 46 33l131-68 131 68c23 13 51-7 46-33l-25-146 106-103c19-18 8-51-18-54l-146-22-65-132a32 32 0 00-58 0z\"\/><\/svg><\/label><label><input aria-label=\"2\" type=\"radio\" name=\"kc_captcha\" value=\"bot\" \/><svg aria-hidden=\"true\" role=\"img\" xmlns=\"http:\/\/www.w3.org\/2000\/svg\" viewBox=\"0 0 512 512\"><path fill=\"currentColor\" d=\"M350 99c-54 0-98-35-166-35-25 0-47 4-68 12a56 56 0 004-24C118 24 95 1 66 0a56 56 0 00-34 102v386c0 13 11 24 24 24h16c13 0 24-11 24-24v-94c28-12 64-23 114-23 54 0 98 35 166 35 48 0 86-16 122-41 9-6 14-15 14-26V96c0-23-24-39-45-29-35 16-77 32-117 32z\"\/><\/svg><\/label><label><input aria-label=\"3\" type=\"radio\" name=\"kc_captcha\" value=\"kc_human\" \/><svg aria-hidden=\"true\" role=\"img\" xmlns=\"http:\/\/www.w3.org\/2000\/svg\" viewBox=\"0 0 640 512\"><path fill=\"currentColor\" d=\"M624 352h-16V244c0-13-5-25-14-34L494 110c-9-9-21-14-34-14h-44V48c0-26-21-48-48-48H48C22 0 0 22 0 48v320c0 27 22 48 48 48h16a96 96 0 00192 0h128a96 96 0 00192 0h48c9 0 16-7 16-16v-32c0-9-7-16-16-16zM160 464a48 48 0 110-96 48 48 0 010 96zm320 0a48 48 0 110-96 48 48 0 010 96zm80-208H416V144h44l100 100v12z\"\/><\/svg><\/label>\r\n    <\/span>\r\n    <span style=\"display:none\">\r\n        <input type=\"text\" name=\"kc_honeypot\">\r\n    <\/span><\/span><\/span>\n<\/p>\n<p><input class=\"wpcf7-form-control wpcf7-submit has-spinner button_full_width\" type=\"submit\" value=\"Enviar mensaje\" \/>\n<\/p><p style=\"display: none !important;\" class=\"akismet-fields-container\" data-prefix=\"_wpcf7_ak_\"><label>&#916;<textarea name=\"_wpcf7_ak_hp_textarea\" cols=\"45\" rows=\"8\" maxlength=\"100\"><\/textarea><\/label><input type=\"hidden\" id=\"ak_js_1\" name=\"_wpcf7_ak_js\" value=\"8\"\/><script>document.getElementById( \"ak_js_1\" ).setAttribute( \"value\", ( new Date() ).getTime() );<\/script><\/p><div class=\"wpcf7-response-output\" aria-hidden=\"true\"><\/div>\n<\/form>\n<\/div>\n<\/div>\n","protected":false},"excerpt":{"rendered":"<p>Reservar alquiler de bicicletas Cuanta m\u00e1s informaci\u00f3n recibamos de usted, m\u00e1s nos permitir\u00e1 darle una respuesta completa y precisa, adaptada a sus preferencias y nivel de<span class=\"excerpt-hellip\"> [\u2026]<\/span><\/p>\n","protected":false},"author":2,"featured_media":0,"parent":0,"menu_order":0,"comment_status":"closed","ping_status":"closed","template":"","meta":{"_uag_custom_page_level_css":"","footnotes":""},"class_list":["post-5373","page","type-page","status-publish","hentry"],"yoast_head":"<!-- This site is optimized with the Yoast SEO plugin v26.6 - https:\/\/yoast.com\/wordpress\/plugins\/seo\/ -->\n<title>Reservar alquiler de bicicletas<\/title>\n<meta name=\"description\" content=\"Haz una reserva para el alquiler de bicicletas desde nuestra tienda en Grazalema o desde su alojamiento en los pueblos blancos de Andaluc\u00eda.\" \/>\n<meta name=\"robots\" content=\"index, follow, max-snippet:-1, max-image-preview:large, max-video-preview:-1\" \/>\n<link rel=\"canonical\" href=\"https:\/\/www.grazalemacycling.com\/es\/reservar-alquiler-bicicletas\/\" \/>\n<meta property=\"og:locale\" content=\"es_ES\" \/>\n<meta property=\"og:type\" content=\"article\" \/>\n<meta property=\"og:title\" content=\"Reservar alquiler de bicicletas\" \/>\n<meta property=\"og:description\" content=\"Haz una reserva para el alquiler de bicicletas desde nuestra tienda en Grazalema o desde su alojamiento en los pueblos blancos de Andaluc\u00eda.\" \/>\n<meta property=\"og:url\" content=\"https:\/\/www.grazalemacycling.com\/es\/reservar-alquiler-bicicletas\/\" \/>\n<meta property=\"og:site_name\" content=\"Grazalema Cycling Adventures\" \/>\n<meta property=\"article:publisher\" content=\"https:\/\/www.facebook.com\/grazalemacycling\/\" \/>\n<meta property=\"article:modified_time\" content=\"2023-04-28T11:59:32+00:00\" \/>\n<meta name=\"twitter:card\" content=\"summary_large_image\" \/>\n<meta name=\"twitter:label1\" content=\"Tiempo de lectura\" \/>\n\t<meta name=\"twitter:data1\" content=\"1 minuto\" \/>\n<script type=\"application\/ld+json\" class=\"yoast-schema-graph\">{\"@context\":\"https:\/\/schema.org\",\"@graph\":[{\"@type\":\"WebPage\",\"@id\":\"https:\/\/www.grazalemacycling.com\/es\/reservar-alquiler-bicicletas\/\",\"url\":\"https:\/\/www.grazalemacycling.com\/es\/reservar-alquiler-bicicletas\/\",\"name\":\"Reservar alquiler de bicicletas\",\"isPartOf\":{\"@id\":\"https:\/\/www.grazalemacycling.com\/es\/#website\"},\"datePublished\":\"2023-04-26T18:37:14+00:00\",\"dateModified\":\"2023-04-28T11:59:32+00:00\",\"description\":\"Haz una reserva para el alquiler de bicicletas desde nuestra tienda en Grazalema o desde su alojamiento en los pueblos blancos de Andaluc\u00eda.\",\"breadcrumb\":{\"@id\":\"https:\/\/www.grazalemacycling.com\/es\/reservar-alquiler-bicicletas\/#breadcrumb\"},\"inLanguage\":\"es\",\"potentialAction\":[{\"@type\":\"ReadAction\",\"target\":[\"https:\/\/www.grazalemacycling.com\/es\/reservar-alquiler-bicicletas\/\"]}]},{\"@type\":\"BreadcrumbList\",\"@id\":\"https:\/\/www.grazalemacycling.com\/es\/reservar-alquiler-bicicletas\/#breadcrumb\",\"itemListElement\":[{\"@type\":\"ListItem\",\"position\":1,\"name\":\"Home\",\"item\":\"https:\/\/www.grazalemacycling.com\/es\/\"},{\"@type\":\"ListItem\",\"position\":2,\"name\":\"Reservar alquiler de bicicletas\"}]},{\"@type\":\"WebSite\",\"@id\":\"https:\/\/www.grazalemacycling.com\/es\/#website\",\"url\":\"https:\/\/www.grazalemacycling.com\/es\/\",\"name\":\"Grazalema Cycling Adventures\",\"description\":\"Bike Rental, Guided Rides &amp; Routes\",\"publisher\":{\"@id\":\"https:\/\/www.grazalemacycling.com\/es\/#organization\"},\"potentialAction\":[{\"@type\":\"SearchAction\",\"target\":{\"@type\":\"EntryPoint\",\"urlTemplate\":\"https:\/\/www.grazalemacycling.com\/es\/?s={search_term_string}\"},\"query-input\":{\"@type\":\"PropertyValueSpecification\",\"valueRequired\":true,\"valueName\":\"search_term_string\"}}],\"inLanguage\":\"es\"},{\"@type\":\"Organization\",\"@id\":\"https:\/\/www.grazalemacycling.com\/es\/#organization\",\"name\":\"Grazalema Cycling Adventures\",\"url\":\"https:\/\/www.grazalemacycling.com\/es\/\",\"logo\":{\"@type\":\"ImageObject\",\"inLanguage\":\"es\",\"@id\":\"https:\/\/www.grazalemacycling.com\/es\/#\/schema\/logo\/image\/\",\"url\":\"https:\/\/www.grazalemacycling.com\/wp-content\/uploads\/2018\/12\/logo_web_retina-1.png\",\"contentUrl\":\"https:\/\/www.grazalemacycling.com\/wp-content\/uploads\/2018\/12\/logo_web_retina-1.png\",\"width\":675,\"height\":161,\"caption\":\"Grazalema Cycling Adventures\"},\"image\":{\"@id\":\"https:\/\/www.grazalemacycling.com\/es\/#\/schema\/logo\/image\/\"},\"sameAs\":[\"https:\/\/www.facebook.com\/grazalemacycling\/\",\"https:\/\/www.instagram.com\/grazalemacyclingadventures\/\"]}]}<\/script>\n<!-- \/ Yoast SEO plugin. -->","yoast_head_json":{"title":"Reservar alquiler de bicicletas","description":"Haz una reserva para el alquiler de bicicletas desde nuestra tienda en Grazalema o desde su alojamiento en los pueblos blancos de Andaluc\u00eda.","robots":{"index":"index","follow":"follow","max-snippet":"max-snippet:-1","max-image-preview":"max-image-preview:large","max-video-preview":"max-video-preview:-1"},"canonical":"https:\/\/www.grazalemacycling.com\/es\/reservar-alquiler-bicicletas\/","og_locale":"es_ES","og_type":"article","og_title":"Reservar alquiler de bicicletas","og_description":"Haz una reserva para el alquiler de bicicletas desde nuestra tienda en Grazalema o desde su alojamiento en los pueblos blancos de Andaluc\u00eda.","og_url":"https:\/\/www.grazalemacycling.com\/es\/reservar-alquiler-bicicletas\/","og_site_name":"Grazalema Cycling Adventures","article_publisher":"https:\/\/www.facebook.com\/grazalemacycling\/","article_modified_time":"2023-04-28T11:59:32+00:00","twitter_card":"summary_large_image","twitter_misc":{"Tiempo de lectura":"1 minuto"},"schema":{"@context":"https:\/\/schema.org","@graph":[{"@type":"WebPage","@id":"https:\/\/www.grazalemacycling.com\/es\/reservar-alquiler-bicicletas\/","url":"https:\/\/www.grazalemacycling.com\/es\/reservar-alquiler-bicicletas\/","name":"Reservar alquiler de bicicletas","isPartOf":{"@id":"https:\/\/www.grazalemacycling.com\/es\/#website"},"datePublished":"2023-04-26T18:37:14+00:00","dateModified":"2023-04-28T11:59:32+00:00","description":"Haz una reserva para el alquiler de bicicletas desde nuestra tienda en Grazalema o desde su alojamiento en los pueblos blancos de Andaluc\u00eda.","breadcrumb":{"@id":"https:\/\/www.grazalemacycling.com\/es\/reservar-alquiler-bicicletas\/#breadcrumb"},"inLanguage":"es","potentialAction":[{"@type":"ReadAction","target":["https:\/\/www.grazalemacycling.com\/es\/reservar-alquiler-bicicletas\/"]}]},{"@type":"BreadcrumbList","@id":"https:\/\/www.grazalemacycling.com\/es\/reservar-alquiler-bicicletas\/#breadcrumb","itemListElement":[{"@type":"ListItem","position":1,"name":"Home","item":"https:\/\/www.grazalemacycling.com\/es\/"},{"@type":"ListItem","position":2,"name":"Reservar alquiler de bicicletas"}]},{"@type":"WebSite","@id":"https:\/\/www.grazalemacycling.com\/es\/#website","url":"https:\/\/www.grazalemacycling.com\/es\/","name":"Grazalema Cycling Adventures","description":"Bike Rental, Guided Rides &amp; Routes","publisher":{"@id":"https:\/\/www.grazalemacycling.com\/es\/#organization"},"potentialAction":[{"@type":"SearchAction","target":{"@type":"EntryPoint","urlTemplate":"https:\/\/www.grazalemacycling.com\/es\/?s={search_term_string}"},"query-input":{"@type":"PropertyValueSpecification","valueRequired":true,"valueName":"search_term_string"}}],"inLanguage":"es"},{"@type":"Organization","@id":"https:\/\/www.grazalemacycling.com\/es\/#organization","name":"Grazalema Cycling Adventures","url":"https:\/\/www.grazalemacycling.com\/es\/","logo":{"@type":"ImageObject","inLanguage":"es","@id":"https:\/\/www.grazalemacycling.com\/es\/#\/schema\/logo\/image\/","url":"https:\/\/www.grazalemacycling.com\/wp-content\/uploads\/2018\/12\/logo_web_retina-1.png","contentUrl":"https:\/\/www.grazalemacycling.com\/wp-content\/uploads\/2018\/12\/logo_web_retina-1.png","width":675,"height":161,"caption":"Grazalema Cycling Adventures"},"image":{"@id":"https:\/\/www.grazalemacycling.com\/es\/#\/schema\/logo\/image\/"},"sameAs":["https:\/\/www.facebook.com\/grazalemacycling\/","https:\/\/www.instagram.com\/grazalemacyclingadventures\/"]}]}},"uagb_featured_image_src":{"full":false,"thumbnail":false,"medium":false,"medium_large":false,"large":false,"1536x1536":false,"2048x2048":false,"be_thumbnail":false,"be_clients":false,"slider-content":false,"portfolio-mf":false,"portfolio-mf-w":false,"portfolio-mf-t":false,"portfolio-list":false,"blog-portfolio":false,"blog-single":false,"mobile-srcset":false,"woocommerce_thumbnail":false,"woocommerce_single":false,"woocommerce_gallery_thumbnail":false},"uagb_author_info":{"display_name":"Agnieta Francke","author_link":"https:\/\/www.grazalemacycling.com\/es\/author\/agnieta\/"},"uagb_comment_info":0,"uagb_excerpt":"Reservar alquiler de bicicletas Cuanta m\u00e1s informaci\u00f3n recibamos de usted, m\u00e1s nos permitir\u00e1 darle una respuesta completa y precisa, adaptada a sus preferencias y nivel de [\u2026]","_links":{"self":[{"href":"https:\/\/www.grazalemacycling.com\/es\/wp-json\/wp\/v2\/pages\/5373","targetHints":{"allow":["GET"]}}],"collection":[{"href":"https:\/\/www.grazalemacycling.com\/es\/wp-json\/wp\/v2\/pages"}],"about":[{"href":"https:\/\/www.grazalemacycling.com\/es\/wp-json\/wp\/v2\/types\/page"}],"author":[{"embeddable":true,"href":"https:\/\/www.grazalemacycling.com\/es\/wp-json\/wp\/v2\/users\/2"}],"replies":[{"embeddable":true,"href":"https:\/\/www.grazalemacycling.com\/es\/wp-json\/wp\/v2\/comments?post=5373"}],"version-history":[{"count":3,"href":"https:\/\/www.grazalemacycling.com\/es\/wp-json\/wp\/v2\/pages\/5373\/revisions"}],"predecessor-version":[{"id":5377,"href":"https:\/\/www.grazalemacycling.com\/es\/wp-json\/wp\/v2\/pages\/5373\/revisions\/5377"}],"wp:attachment":[{"href":"https:\/\/www.grazalemacycling.com\/es\/wp-json\/wp\/v2\/media?parent=5373"}],"curies":[{"name":"wp","href":"https:\/\/api.w.org\/{rel}","templated":true}]}}