{"id":4583,"date":"2023-01-23T09:43:14","date_gmt":"2023-01-23T09:43:14","guid":{"rendered":"https:\/\/www.grazalemacycling.com\/?page_id=4583"},"modified":"2026-01-05T21:21:57","modified_gmt":"2026-01-05T21:21:57","slug":"mountainbike-huren","status":"publish","type":"page","link":"https:\/\/www.grazalemacycling.com\/nl\/fietshuur-grazalema-andalusie-zuid-spanje\/mountainbike-huren\/","title":{"rendered":"Mountainbike huren in Grazalema (Andalusi\u00eb, zuid Spanje)"},"content":{"rendered":"\n<div class=\"wp-block-cover is-light\"><span aria-hidden=\"true\" class=\"wp-block-cover__background has-background-dim-0 has-background-dim\"><\/span><div class=\"wp-block-cover__inner-container is-layout-flow wp-block-cover-is-layout-flow\">\n<div class=\"wp-block-group\"><div class=\"wp-block-group__inner-container is-layout-constrained wp-block-group-is-layout-constrained\">\n<div class=\"wp-block-columns is-layout-flex wp-container-core-columns-is-layout-9d6595d7 wp-block-columns-is-layout-flex\">\n<div class=\"wp-block-column is-layout-flow wp-block-column-is-layout-flow\">\n<h4 class=\"wp-block-heading has-text-align-right\">Mountainbike huren in Grazalema, Andalusi\u00eb<\/h4>\n\n\n\n<p class=\"has-text-align-right\">Kies voor het huren van een mountainbike en ontdek de glooiende heuvels, eikenbossen en bergen van het Natuurpark Sierra de Grazalema en omgeving in Andalusi\u00eb. Laat de ruis van alledag achter en geniet van het indrukwekkende landschap van zuid Spanje.<\/p>\n\n\n\n<p class=\"has-text-align-right\">Technische singletracks, grindwegen, glooiende paadjes en onverharde wegen leiden u naar de mooiste plekjes. Hier zijn dieren zoals (berg)geiten, schapen en vale gieren vaak de enige levende wezens die u tegenkomt. Houdt een picknick omringd door de natuur, of een koffie\/lunchstop in \u00e9\u00e9n van de schilderachtige dorpjes voordat u aan de terugweg begint. Als u besluit een mountainbike te huren voor een route door de Sierra de Grazalema en de verdere omgeving (Andalusi\u00eb), dan komt u misschien moe terug, maar ongetwijfeld ook heel tevreden.<\/p>\n<\/div>\n\n\n\n<div class=\"wp-block-column is-layout-flow wp-block-column-is-layout-flow\">\n<figure class=\"wp-block-image size-large\"><img loading=\"lazy\" decoding=\"async\" width=\"1024\" height=\"768\" src=\"https:\/\/www.grazalemacycling.com\/wp-content\/uploads\/2023\/01\/IMG_3184_jpg-1024x768.jpg\" alt=\"Mountain bike hire &amp; routes in Andalucia\" class=\"wp-image-4524\" srcset=\"https:\/\/www.grazalemacycling.com\/wp-content\/uploads\/2023\/01\/IMG_3184_jpg-1024x768.jpg 1024w, https:\/\/www.grazalemacycling.com\/wp-content\/uploads\/2023\/01\/IMG_3184_jpg-scaled-800x600.jpg 800w, https:\/\/www.grazalemacycling.com\/wp-content\/uploads\/2023\/01\/IMG_3184_jpg-300x225.jpg 300w, https:\/\/www.grazalemacycling.com\/wp-content\/uploads\/2023\/01\/IMG_3184_jpg-768x576.jpg 768w, https:\/\/www.grazalemacycling.com\/wp-content\/uploads\/2023\/01\/IMG_3184_jpg-1536x1152.jpg 1536w, https:\/\/www.grazalemacycling.com\/wp-content\/uploads\/2023\/01\/IMG_3184_jpg-2048x1536.jpg 2048w, https:\/\/www.grazalemacycling.com\/wp-content\/uploads\/2023\/01\/IMG_3184_jpg-195x146.jpg 195w, https:\/\/www.grazalemacycling.com\/wp-content\/uploads\/2023\/01\/IMG_3184_jpg-50x38.jpg 50w, https:\/\/www.grazalemacycling.com\/wp-content\/uploads\/2023\/01\/IMG_3184_jpg-100x75.jpg 100w, https:\/\/www.grazalemacycling.com\/wp-content\/uploads\/2023\/01\/IMG_3184_jpg-960x720.jpg 960w\" sizes=\"auto, (max-width:767px) 480px, (max-width:1024px) 100vw, 1024px\" \/><\/figure>\n<\/div>\n<\/div>\n<\/div><\/div>\n<\/div><\/div>\n\n\n\n<div class=\"wp-block-cover alignwide is-light\"><span aria-hidden=\"true\" class=\"wp-block-cover__background has-cyan-bluish-gray-background-color has-background-dim-10 has-background-dim\"><\/span><div class=\"wp-block-cover__inner-container is-layout-flow wp-block-cover-is-layout-flow\">\n<div class=\"wp-block-group alignwide\"><div class=\"wp-block-group__inner-container is-layout-constrained wp-block-group-is-layout-constrained\">\n<div style=\"height:35px\" aria-hidden=\"true\" class=\"wp-block-spacer\"><\/div>\n\n\n\n<div class=\"wp-block-media-text alignwide is-stacked-on-mobile\"><figure class=\"wp-block-media-text__media\"><img loading=\"lazy\" decoding=\"async\" width=\"1024\" height=\"655\" src=\"https:\/\/www.grazalemacycling.com\/wp-content\/uploads\/2024\/12\/a3092_rwr_n1-scaled-1024x655.webp\" alt=\"Mountain bike hire Grazalema Andalucia\" class=\"wp-image-5906 size-full\" srcset=\"https:\/\/www.grazalemacycling.com\/wp-content\/uploads\/2024\/12\/a3092_rwr_n1-scaled-1024x655.webp 1024w, https:\/\/www.grazalemacycling.com\/wp-content\/uploads\/2024\/12\/a3092_rwr_n1-scaled-300x192.webp 300w, https:\/\/www.grazalemacycling.com\/wp-content\/uploads\/2024\/12\/a3092_rwr_n1-scaled-768x492.webp 768w, https:\/\/www.grazalemacycling.com\/wp-content\/uploads\/2024\/12\/a3092_rwr_n1-scaled-1536x983.webp 1536w, https:\/\/www.grazalemacycling.com\/wp-content\/uploads\/2024\/12\/a3092_rwr_n1-scaled-2048x1311.webp 2048w, https:\/\/www.grazalemacycling.com\/wp-content\/uploads\/2024\/12\/a3092_rwr_n1-scaled-117x75.webp 117w, https:\/\/www.grazalemacycling.com\/wp-content\/uploads\/2024\/12\/a3092_rwr_n1-scaled-480x307.webp 480w, https:\/\/www.grazalemacycling.com\/wp-content\/uploads\/2024\/12\/a3092_rwr_n1-scaled-800x512.webp 800w\" sizes=\"auto, (max-width:767px) 480px, (max-width:1024px) 100vw, 1024px\" \/><\/figure><div class=\"wp-block-media-text__content\">\n<h4 class=\"wp-block-heading\">BH Spike mountainbike huren<\/h4>\n\n\n\n<p>Als u een goede mountainbike wilt huren voor een prachtige MTB-route door het natuurpark Sierra de Grazalema (Andalusi\u00eb, zuid Spanje), dan is de BH Spike 3.0 de juiste fiets voor u. Onze huurfietsen worden zorgvuldig onderhouden, zodat het schakelen van de 1&#215;11 versnellingen (Shimano Deore) altijd soepel gaat en dankzij de 11-51 cassette kunt u zelfs de steilste paden op. Ondertussen zorgen de hydraulische schijfremmen voor voldoende remkracht in de technische afdalingen of op de snelle grindwegen.<\/p>\n\n\n\n<p>Is \u00e9\u00e9n dag fietsen in de bergen niet genoeg voor u? Dat begrijpen we maar al te goed. Hoe meer dagen u besluit de mountainbike te huren, hoe hoger de korting op de dagelijkse huurprijs. En als u van het ene witte dorp naar het volgende wilt fietsen, om zo een groter deel van Andalusi\u00eb te ontdekken dan alleen de Sierra de Grazalema, dan bent u bij ons ook aan het goede adres. <\/p>\n\n\n\n<p>We kunnen bagagedragers en fietstassen op de mountainbikes monteren (zie onderstaand voor meer informatie), en we kunnen <a href=\"https:\/\/www.grazalemacycling.com\/nl\/fietsvakanties-met-bagagevervoer-vliegveldtransfers\/\">bagagevervoer<\/a> regelen van\/naar verschillende accommodaties in dit prachtige deel van Spanje. En als u nergens aan wilt denken, boek dan een <a href=\"https:\/\/www.grazalemacycling.com\/nl\/fietsen-in-andalusie\/routes-met-gids\/\">rit onder begeleiding van een gids<\/a>, en we laten u de mooiste mountainbike paadjes van de Sierra de Grazalema en omgeving zien.<\/p>\n<\/div><\/div>\n\n\n\n<hr class=\"wp-block-separator has-alpha-channel-opacity is-style-dots\"\/>\n\n\n\n<div class=\"wp-block-columns is-layout-flex wp-container-core-columns-is-layout-9d6595d7 wp-block-columns-is-layout-flex\">\n<div class=\"wp-block-column is-layout-flow wp-block-column-is-layout-flow\" style=\"flex-basis:50%\">\n<h6 class=\"wp-block-heading\">Eigenschappen<\/h6>\n\n\n\n<ul class=\"wp-block-list\">\n<li>Beschikbare maten: S\/M\/L<\/li>\n\n\n\n<li>Shimano Deore 1&#215;11 versnellingen<\/li>\n\n\n\n<li>Hydraulische schijfremmen<\/li>\n\n\n\n<li>2 bidonhouders (1 op maat S), mini pomp<\/li>\n\n\n\n<li>Tubeless banden<\/li>\n\n\n\n<li>Zadeltasje, multitool, binnenband &amp; bandenlichters <\/li>\n\n\n\n<li>Pedalen naar keuze<\/li>\n<\/ul>\n\n\n\n<div style=\"height:35px\" aria-hidden=\"true\" class=\"wp-block-spacer\"><\/div>\n\n\n\n<div class=\"wp-block-uagb-buttons uagb-buttons__outer-wrap uagb-btn__default-btn uagb-btn-tablet__default-btn uagb-btn-mobile__default-btn uagb-block-b9d144e1\"><div class=\"uagb-buttons__wrap uagb-buttons-layout-wrap \">\n<div class=\"wp-block-uagb-buttons-child uagb-buttons__outer-wrap uagb-block-01df5ea2 wp-block-button\"><div class=\"uagb-button__wrapper\"><a class=\"uagb-buttons-repeater wp-block-button__link\" aria-label=\"\" href=\"https:\/\/grazalemacycling.com\/reservations-bike-hire\/\" rel=\"follow noopener\" target=\"_self\" role=\"button\"><div class=\"uagb-button__link\">Reserveer nu<\/div><\/a><\/div><\/div>\n<\/div><\/div>\n<\/div>\n\n\n\n<div class=\"wp-block-column is-layout-flow wp-block-column-is-layout-flow\" style=\"flex-basis:50%\">\n<figure class=\"wp-block-table is-style-stripes\"><table><thead><tr><th>Prijzen mountainbike huur<\/th><th>Prijs\/fiets\/dag<\/th><\/tr><\/thead><tbody><tr><td>1 of 2 dagen<\/td><td>\u20ac35,00<\/td><\/tr><tr><td>3 of 4 dagen<\/td><td>\u20ac31,50<\/td><\/tr><tr><td>5 of 6 dagen<\/td><td>\u20ac29,75<\/td><\/tr><tr><td>7 dagen of meer<\/td><td>\u20ac28,00<\/td><\/tr><tr><td>10 dagen of meer<\/td><td>\u20ac26,25<\/td><\/tr><tr><td>14 dagen of meer<\/td><td>\u20ac24,50<\/td><\/tr><\/tbody><\/table><\/figure>\n<\/div>\n<\/div>\n<\/div><\/div>\n<\/div><\/div>\n\n\n\n\n\n<div class=\"wp-block-cover is-light\"><span aria-hidden=\"true\" class=\"wp-block-cover__background has-white-background-color has-background-dim-0 has-background-dim\"><\/span><div class=\"wp-block-cover__inner-container is-layout-flow wp-block-cover-is-layout-flow\">\n<div class=\"wp-block-group\"><div class=\"wp-block-group__inner-container is-layout-constrained wp-block-group-is-layout-constrained\">\n<div style=\"height:35px\" aria-hidden=\"true\" class=\"wp-block-spacer\"><\/div>\n\n\n\n<div class=\"wp-block-columns is-layout-flex wp-container-core-columns-is-layout-9d6595d7 wp-block-columns-is-layout-flex\">\n<div class=\"wp-block-column is-vertically-aligned-center is-layout-flow wp-block-column-is-layout-flow\" style=\"flex-basis:50%\">\n<figure class=\"wp-block-gallery has-nested-images columns-default is-cropped wp-block-gallery-1 is-layout-flex wp-block-gallery-is-layout-flex\">\n<figure class=\"wp-block-image size-large\"><a href=\"https:\/\/www.grazalemacycling.com\/wp-content\/uploads\/2022\/10\/panniers-2-1024x683.jpg\"><img loading=\"lazy\" decoding=\"async\" width=\"1024\" height=\"683\" data-id=\"3579\" src=\"https:\/\/www.grazalemacycling.com\/wp-content\/uploads\/2022\/10\/panniers-2-1024x683.jpg\" alt=\"Electric rental bike with panniers for bike packing in Andalucia\" class=\"wp-image-3579\" srcset=\"https:\/\/www.grazalemacycling.com\/wp-content\/uploads\/2022\/10\/panniers-2-1024x683.jpg 1024w, https:\/\/www.grazalemacycling.com\/wp-content\/uploads\/2022\/10\/panniers-2-800x533.jpg 800w, https:\/\/www.grazalemacycling.com\/wp-content\/uploads\/2022\/10\/panniers-2-300x200.jpg 300w, https:\/\/www.grazalemacycling.com\/wp-content\/uploads\/2022\/10\/panniers-2-768x512.jpg 768w, https:\/\/www.grazalemacycling.com\/wp-content\/uploads\/2022\/10\/panniers-2-219x146.jpg 219w, https:\/\/www.grazalemacycling.com\/wp-content\/uploads\/2022\/10\/panniers-2-50x33.jpg 50w, https:\/\/www.grazalemacycling.com\/wp-content\/uploads\/2022\/10\/panniers-2-113x75.jpg 113w, https:\/\/www.grazalemacycling.com\/wp-content\/uploads\/2022\/10\/panniers-2.jpg 1200w\" sizes=\"auto, (max-width:767px) 480px, (max-width:1024px) 100vw, 1024px\" \/><\/a><\/figure>\n\n\n\n<figure class=\"wp-block-image size-large\"><a href=\"https:\/\/www.grazalemacycling.com\/wp-content\/uploads\/2022\/10\/panniers-4-1024x683.jpg\"><img loading=\"lazy\" decoding=\"async\" width=\"1024\" height=\"683\" data-id=\"3585\" src=\"https:\/\/www.grazalemacycling.com\/wp-content\/uploads\/2022\/10\/panniers-4-1024x683.jpg\" alt=\"Panniers for bikepacking in Andalucia\" class=\"wp-image-3585\" srcset=\"https:\/\/www.grazalemacycling.com\/wp-content\/uploads\/2022\/10\/panniers-4-1024x683.jpg 1024w, https:\/\/www.grazalemacycling.com\/wp-content\/uploads\/2022\/10\/panniers-4-800x533.jpg 800w, https:\/\/www.grazalemacycling.com\/wp-content\/uploads\/2022\/10\/panniers-4-300x200.jpg 300w, https:\/\/www.grazalemacycling.com\/wp-content\/uploads\/2022\/10\/panniers-4-768x512.jpg 768w, https:\/\/www.grazalemacycling.com\/wp-content\/uploads\/2022\/10\/panniers-4-219x146.jpg 219w, https:\/\/www.grazalemacycling.com\/wp-content\/uploads\/2022\/10\/panniers-4-50x33.jpg 50w, https:\/\/www.grazalemacycling.com\/wp-content\/uploads\/2022\/10\/panniers-4-113x75.jpg 113w, https:\/\/www.grazalemacycling.com\/wp-content\/uploads\/2022\/10\/panniers-4.jpg 1200w\" sizes=\"auto, (max-width:767px) 480px, (max-width:1024px) 100vw, 1024px\" \/><\/a><\/figure>\n\n\n\n<figure class=\"wp-block-image size-large\"><a href=\"https:\/\/www.grazalemacycling.com\/wp-content\/uploads\/2022\/10\/panniers-3-1024x683.jpg\"><img loading=\"lazy\" decoding=\"async\" width=\"1024\" height=\"683\" data-id=\"3582\" src=\"https:\/\/www.grazalemacycling.com\/wp-content\/uploads\/2022\/10\/panniers-3-1024x683.jpg\" alt=\"Electric bike hire with panniers for bike packing in Andalucia\" class=\"wp-image-3582\" srcset=\"https:\/\/www.grazalemacycling.com\/wp-content\/uploads\/2022\/10\/panniers-3-1024x683.jpg 1024w, https:\/\/www.grazalemacycling.com\/wp-content\/uploads\/2022\/10\/panniers-3-800x533.jpg 800w, https:\/\/www.grazalemacycling.com\/wp-content\/uploads\/2022\/10\/panniers-3-300x200.jpg 300w, https:\/\/www.grazalemacycling.com\/wp-content\/uploads\/2022\/10\/panniers-3-768x512.jpg 768w, https:\/\/www.grazalemacycling.com\/wp-content\/uploads\/2022\/10\/panniers-3-219x146.jpg 219w, https:\/\/www.grazalemacycling.com\/wp-content\/uploads\/2022\/10\/panniers-3-50x33.jpg 50w, https:\/\/www.grazalemacycling.com\/wp-content\/uploads\/2022\/10\/panniers-3-113x75.jpg 113w, https:\/\/www.grazalemacycling.com\/wp-content\/uploads\/2022\/10\/panniers-3.jpg 1200w\" sizes=\"auto, (max-width:767px) 480px, (max-width:1024px) 100vw, 1024px\" \/><\/a><\/figure>\n\n\n\n<figure class=\"wp-block-image size-large\"><a href=\"https:\/\/www.grazalemacycling.com\/wp-content\/uploads\/2022\/10\/panniers-1024x683.jpg\"><img loading=\"lazy\" decoding=\"async\" width=\"1024\" height=\"683\" data-id=\"3576\" src=\"https:\/\/www.grazalemacycling.com\/wp-content\/uploads\/2022\/10\/panniers-1024x683.jpg\" alt=\"Panniers for bikepacking in Andalucia\" class=\"wp-image-3576\" srcset=\"https:\/\/www.grazalemacycling.com\/wp-content\/uploads\/2022\/10\/panniers-1024x683.jpg 1024w, https:\/\/www.grazalemacycling.com\/wp-content\/uploads\/2022\/10\/panniers-800x533.jpg 800w, https:\/\/www.grazalemacycling.com\/wp-content\/uploads\/2022\/10\/panniers-300x200.jpg 300w, https:\/\/www.grazalemacycling.com\/wp-content\/uploads\/2022\/10\/panniers-768x512.jpg 768w, https:\/\/www.grazalemacycling.com\/wp-content\/uploads\/2022\/10\/panniers-219x146.jpg 219w, https:\/\/www.grazalemacycling.com\/wp-content\/uploads\/2022\/10\/panniers-50x33.jpg 50w, https:\/\/www.grazalemacycling.com\/wp-content\/uploads\/2022\/10\/panniers-113x75.jpg 113w, https:\/\/www.grazalemacycling.com\/wp-content\/uploads\/2022\/10\/panniers.jpg 1200w\" sizes=\"auto, (max-width:767px) 480px, (max-width:1024px) 100vw, 1024px\" \/><\/a><\/figure>\n<\/figure>\n<\/div>\n\n\n\n<div class=\"wp-block-column is-vertically-aligned-top is-layout-flow wp-block-column-is-layout-flow\" style=\"flex-basis:50%\">\n<h4 class=\"wp-block-heading\"><font face=\"Roboto Slab\" size=\"+2\">Bagagedrager en fietstassen<\/font><\/h4>\n\n\n\n<p>Bent u op zoek naar een veelzijdige huurfiets waarmee u op pad kunt voor een meerdaagse fietstocht door het Andalusische landschap (zuid Spanje)? We kunnen een bagagedrager en fietstassen op de Orbea MX30 mountainbikes monteren, zodat u alles wat u nodig heeft voor een onvergetelijke fietsreis door de Sierra de Grazalema mee kunt nemen.<\/p>\n\n\n\n<p>Een extra kledinglaag voor op een terras, een fotocamera om de prachtige uitzichten vast te leggen, wat snacks en misschien wat lokale producten\u2026 Wat u ook mee wilt nemen, in waterdichte Basil fietstassen van hoge kwaliteit gaat het allemaal veilig mee.<\/p>\n\n\n\n<p>Reserveer de bagagedrager en fietstassen op voorhand, dan zorgen wij ervoor dat de mountainbike klaar is voor gebruik wanneer u deze op komt halen in onze winkel in Grazalema of wanneer we de <a href=\"https:\/\/www.grazalemacycling.com\/nl\/fietsverhuur-grazalema-andalusie-spanje\/bezorgen-huurfietsen\">huurfiets bezorgen<\/a> bij uw accommodatie in \u00e9\u00e9n van de witte dorpen van Andalusi\u00eb. Zo kunt u direct op pad om te genieten van een geweldig fietsavontuur.<\/p>\n\n\n\n<p>Reserveert u liever bagagevervoer in plaats van zelf uw spullen op de fiets mee te nemen? Dat is ook mogelijk. <a href=\"https:\/\/www.grazalemacycling.com\/nl\/contact\/\">Neem contact op<\/a> voor meer informatie. <\/p>\n<\/div>\n<\/div>\n\n\n\n<hr class=\"wp-block-separator has-alpha-channel-opacity is-style-dots\"\/>\n<\/div><\/div>\n\n\n\n<div class=\"wp-block-columns is-layout-flex wp-container-core-columns-is-layout-9d6595d7 wp-block-columns-is-layout-flex\">\n<div class=\"wp-block-column is-layout-flow wp-block-column-is-layout-flow\">\n<h6 class=\"wp-block-heading\">Eigenschappen<\/h6>\n\n\n\n<ul class=\"wp-block-list\">\n<li>Bagagedrager met max. belasting van 25 kg.<\/li>\n\n\n\n<li>Basil fietstassen van hoge kwaliteit. (2x17L)<\/li>\n\n\n\n<li>Neem alles wat u nodig heeft op comfortabele wijze mee.<\/li>\n<\/ul>\n\n\n\n<div style=\"height:35px\" aria-hidden=\"true\" class=\"wp-block-spacer\"><\/div>\n\n\n\n<div class=\"wp-block-uagb-buttons uagb-buttons__outer-wrap uagb-btn__default-btn uagb-btn-tablet__default-btn uagb-btn-mobile__default-btn uagb-block-98b839a2\"><div class=\"uagb-buttons__wrap uagb-buttons-layout-wrap \">\n<div class=\"wp-block-uagb-buttons-child uagb-buttons__outer-wrap uagb-block-af24de73 wp-block-button\"><div class=\"uagb-button__wrapper\"><a class=\"uagb-buttons-repeater wp-block-button__link\" aria-label=\"\" href=\"https:\/\/www.grazalemacycling.com\/nl\/contact\/\" rel=\"follow noopener\" target=\"_self\" role=\"button\"><div class=\"uagb-button__link\">Reserveer nu<\/div><\/a><\/div><\/div>\n<\/div><\/div>\n<\/div>\n\n\n\n<div class=\"wp-block-column is-layout-flow wp-block-column-is-layout-flow\">\n<figure class=\"wp-block-table is-style-stripes\"><table><thead><tr><th>Prijzen bagagedrager + fietstassen<\/th><th>Prijs\/MTB\/dag<\/th><\/tr><\/thead><tbody><tr><td>Eerste dag<\/td><td>\u20ac12,50<\/td><\/tr><tr><td>Op\u00e9\u00e9nvolgende dagen<\/td><td>\u20ac2,50<\/td><\/tr><\/tbody><\/table><\/figure>\n<\/div>\n<\/div>\n<\/div><\/div>\n\n\n\n<div style=\"height:35px\" aria-hidden=\"true\" class=\"wp-block-spacer\"><\/div>\n\n\n\n<div class=\"wp-block-group alignfull\"><div class=\"wp-block-group__inner-container is-layout-constrained wp-block-group-is-layout-constrained\">\n<h4 class=\"wp-block-heading has-text-align-left has-black-color has-text-color\">Beschikbare accessoires &amp; opties<\/h4>\n\n\n\n<div class=\"wp-block-uagb-container uagb-block-f00afb73 alignwide uagb-is-root-container\">\n<div class=\"wp-block-uagb-container uagb-block-486e8e25 alignfull uagb-is-root-container\"><div class=\"uagb-container-inner-blocks-wrap\">\n<figure class=\"wp-block-image size-full is-resized is-style-default\"><img loading=\"lazy\" decoding=\"async\" width=\"512\" height=\"512\" src=\"https:\/\/www.grazalemacycling.com\/wp-content\/uploads\/2023\/01\/bike-helmet-icon-grazalema-cycling-adventures.png\" alt=\"\" class=\"wp-image-4463\" style=\"object-fit:cover;width:80px;height:80px\" srcset=\"https:\/\/www.grazalemacycling.com\/wp-content\/uploads\/2023\/01\/bike-helmet-icon-grazalema-cycling-adventures.png 512w, https:\/\/www.grazalemacycling.com\/wp-content\/uploads\/2023\/01\/bike-helmet-icon-grazalema-cycling-adventures-300x300.png 300w, https:\/\/www.grazalemacycling.com\/wp-content\/uploads\/2023\/01\/bike-helmet-icon-grazalema-cycling-adventures-150x150.png 150w, https:\/\/www.grazalemacycling.com\/wp-content\/uploads\/2023\/01\/bike-helmet-icon-grazalema-cycling-adventures-146x146.png 146w, https:\/\/www.grazalemacycling.com\/wp-content\/uploads\/2023\/01\/bike-helmet-icon-grazalema-cycling-adventures-50x50.png 50w, https:\/\/www.grazalemacycling.com\/wp-content\/uploads\/2023\/01\/bike-helmet-icon-grazalema-cycling-adventures-75x75.png 75w, https:\/\/www.grazalemacycling.com\/wp-content\/uploads\/2023\/01\/bike-helmet-icon-grazalema-cycling-adventures-85x85.png 85w, https:\/\/www.grazalemacycling.com\/wp-content\/uploads\/2023\/01\/bike-helmet-icon-grazalema-cycling-adventures-80x80.png 80w\" sizes=\"auto, (max-width:767px) 480px, 512px\" \/><\/figure>\n\n\n\n<div style=\"height:15px\" aria-hidden=\"true\" class=\"wp-block-spacer\"><\/div>\n\n\n\n<h5 class=\"wp-block-heading has-luminous-vivid-orange-color has-text-color\">Helm<\/h5>\n\n\n\n<ul class=\"wp-block-list\">\n<li>Verplicht in Spanje<\/li>\n\n\n\n<li>Huur (prijs\/helm\/dag):\n<ul class=\"wp-block-list\">\n<li>1 of 2 dagen: \u20ac3,00<\/li>\n\n\n\n<li>3 of 4 dagen: \u20ac2,70<\/li>\n\n\n\n<li>5 of 6 dagen: \u20ac2,55<\/li>\n\n\n\n<li>7 dagen of meer: \u20ac2,40<\/li>\n\n\n\n<li>10 dagen of meer: \u20ac2,25<\/li>\n\n\n\n<li>14 dagen of meer: \u20ac2,10<\/li>\n<\/ul>\n<\/li>\n<\/ul>\n<\/div><\/div>\n\n\n\n<div class=\"wp-block-uagb-container uagb-block-c3345829 alignfull uagb-is-root-container\"><div class=\"uagb-container-inner-blocks-wrap\">\n<figure class=\"wp-block-image size-thumbnail is-resized is-style-default\"><img loading=\"lazy\" decoding=\"async\" width=\"150\" height=\"150\" src=\"https:\/\/www.grazalemacycling.com\/wp-content\/uploads\/2023\/01\/navigation-icon-grazalema-cycling-adventures-150x150.png\" alt=\"\" class=\"wp-image-4435\" style=\"object-fit:cover;width:80px;height:80px\" srcset=\"https:\/\/www.grazalemacycling.com\/wp-content\/uploads\/2023\/01\/navigation-icon-grazalema-cycling-adventures-150x150.png 150w, https:\/\/www.grazalemacycling.com\/wp-content\/uploads\/2023\/01\/navigation-icon-grazalema-cycling-adventures-300x300.png 300w, https:\/\/www.grazalemacycling.com\/wp-content\/uploads\/2023\/01\/navigation-icon-grazalema-cycling-adventures-146x146.png 146w, https:\/\/www.grazalemacycling.com\/wp-content\/uploads\/2023\/01\/navigation-icon-grazalema-cycling-adventures-50x50.png 50w, https:\/\/www.grazalemacycling.com\/wp-content\/uploads\/2023\/01\/navigation-icon-grazalema-cycling-adventures-75x75.png 75w, https:\/\/www.grazalemacycling.com\/wp-content\/uploads\/2023\/01\/navigation-icon-grazalema-cycling-adventures-85x85.png 85w, https:\/\/www.grazalemacycling.com\/wp-content\/uploads\/2023\/01\/navigation-icon-grazalema-cycling-adventures-80x80.png 80w, https:\/\/www.grazalemacycling.com\/wp-content\/uploads\/2023\/01\/navigation-icon-grazalema-cycling-adventures.png 512w\" sizes=\"auto, (max-width:767px) 150px, 150px\" \/><\/figure>\n\n\n\n<div style=\"height:15px\" aria-hidden=\"true\" class=\"wp-block-spacer\"><\/div>\n\n\n\n<h5 class=\"wp-block-heading has-luminous-vivid-orange-color has-text-color\">Fietscomputer met navigatie<\/h5>\n\n\n\n<ul class=\"wp-block-list\">\n<li>Volg de uitgekozen route eenvoudig via het scherm.<\/li>\n\n\n\n<li>Huur (prijs\/GPS\/dag): \n<ul class=\"wp-block-list\">\n<li>1 of 2 dagen: \u20ac5,00<\/li>\n\n\n\n<li>3 of 4 dagen: \u20ac4,50<\/li>\n\n\n\n<li>5 of 6 dagen: \u20ac4,25<\/li>\n\n\n\n<li>7 dagen of meer: \u20ac4,00<\/li>\n\n\n\n<li>10 dagen of meer: \u20ac3,75<\/li>\n\n\n\n<li>14 dagen of meer: \u20ac3,50<\/li>\n<\/ul>\n<\/li>\n<\/ul>\n<\/div><\/div>\n\n\n\n<div class=\"wp-block-uagb-container uagb-block-dd708e17 alignfull uagb-is-root-container\"><div class=\"uagb-container-inner-blocks-wrap\">\n<figure class=\"wp-block-image size-thumbnail is-resized is-style-default\"><img loading=\"lazy\" decoding=\"async\" width=\"150\" height=\"150\" src=\"https:\/\/www.grazalemacycling.com\/wp-content\/uploads\/2023\/01\/luggage-transfers-andalucia-grazalema-cycling-adventures-150x150.png\" alt=\"\" class=\"wp-image-4576\" style=\"object-fit:cover;width:80px;height:80px\" srcset=\"https:\/\/www.grazalemacycling.com\/wp-content\/uploads\/2023\/01\/luggage-transfers-andalucia-grazalema-cycling-adventures-150x150.png 150w, https:\/\/www.grazalemacycling.com\/wp-content\/uploads\/2023\/01\/luggage-transfers-andalucia-grazalema-cycling-adventures-300x300.png 300w, https:\/\/www.grazalemacycling.com\/wp-content\/uploads\/2023\/01\/luggage-transfers-andalucia-grazalema-cycling-adventures-146x146.png 146w, https:\/\/www.grazalemacycling.com\/wp-content\/uploads\/2023\/01\/luggage-transfers-andalucia-grazalema-cycling-adventures-50x50.png 50w, https:\/\/www.grazalemacycling.com\/wp-content\/uploads\/2023\/01\/luggage-transfers-andalucia-grazalema-cycling-adventures-75x75.png 75w, https:\/\/www.grazalemacycling.com\/wp-content\/uploads\/2023\/01\/luggage-transfers-andalucia-grazalema-cycling-adventures-85x85.png 85w, https:\/\/www.grazalemacycling.com\/wp-content\/uploads\/2023\/01\/luggage-transfers-andalucia-grazalema-cycling-adventures-80x80.png 80w, https:\/\/www.grazalemacycling.com\/wp-content\/uploads\/2023\/01\/luggage-transfers-andalucia-grazalema-cycling-adventures.png 512w\" sizes=\"auto, (max-width:767px) 150px, 150px\" \/><\/figure>\n\n\n\n<div style=\"height:15px\" aria-hidden=\"true\" class=\"wp-block-spacer\"><\/div>\n\n\n\n<h5 class=\"wp-block-heading has-luminous-vivid-orange-color has-text-color\">Bagagevervoer<\/h5>\n\n\n\n<ul class=\"wp-block-list\">\n<li>Fiets comfortabel van A naar B<\/li>\n\n\n\n<li>Uw bagage staat bij de volgende bestemming op u te wachten<\/li>\n\n\n\n<li>Transfers aangepast aan uw wensen<\/li>\n\n\n\n<li><a href=\"http:\/\/www.grazalemacycling.com\/nl\/contact\">Neem contact op<\/a> voor meer informatie. <\/li>\n<\/ul>\n<\/div><\/div>\n<\/div>\n\n\n\n<div style=\"height:20px\" aria-hidden=\"true\" class=\"wp-block-spacer\"><\/div>\n\n\n\n<div class=\"wp-block-uagb-container uagb-block-96e85f15 alignwide uagb-is-root-container\">\n<div class=\"wp-block-uagb-container uagb-block-a2191c6c alignfull uagb-is-root-container\"><div class=\"uagb-container-inner-blocks-wrap\">\n<figure class=\"wp-block-image size-full is-resized is-style-default\"><img loading=\"lazy\" decoding=\"async\" width=\"512\" height=\"512\" src=\"https:\/\/www.grazalemacycling.com\/wp-content\/uploads\/2023\/01\/water-bottle-icon-grazalema-cycling-adventures.png\" alt=\"\" class=\"wp-image-4457\" style=\"object-fit:cover;width:80px;height:80px\" srcset=\"https:\/\/www.grazalemacycling.com\/wp-content\/uploads\/2023\/01\/water-bottle-icon-grazalema-cycling-adventures.png 512w, https:\/\/www.grazalemacycling.com\/wp-content\/uploads\/2023\/01\/water-bottle-icon-grazalema-cycling-adventures-300x300.png 300w, https:\/\/www.grazalemacycling.com\/wp-content\/uploads\/2023\/01\/water-bottle-icon-grazalema-cycling-adventures-150x150.png 150w, https:\/\/www.grazalemacycling.com\/wp-content\/uploads\/2023\/01\/water-bottle-icon-grazalema-cycling-adventures-146x146.png 146w, https:\/\/www.grazalemacycling.com\/wp-content\/uploads\/2023\/01\/water-bottle-icon-grazalema-cycling-adventures-50x50.png 50w, https:\/\/www.grazalemacycling.com\/wp-content\/uploads\/2023\/01\/water-bottle-icon-grazalema-cycling-adventures-75x75.png 75w, https:\/\/www.grazalemacycling.com\/wp-content\/uploads\/2023\/01\/water-bottle-icon-grazalema-cycling-adventures-85x85.png 85w, https:\/\/www.grazalemacycling.com\/wp-content\/uploads\/2023\/01\/water-bottle-icon-grazalema-cycling-adventures-80x80.png 80w\" sizes=\"auto, (max-width:767px) 480px, 512px\" \/><\/figure>\n\n\n\n<div style=\"height:15px\" aria-hidden=\"true\" class=\"wp-block-spacer\"><\/div>\n\n\n\n<h5 class=\"wp-block-heading has-luminous-vivid-orange-color has-text-color\">Bidons<\/h5>\n\n\n\n<ul class=\"wp-block-list\">\n<li>Inbegrepen bij fietshuur<\/li>\n\n\n\n<li>Nieuwe bidons te koop in onze winkel<\/li>\n<\/ul>\n<\/div><\/div>\n\n\n\n<div class=\"wp-block-uagb-container uagb-block-1dfe98c0 alignfull uagb-is-root-container\"><div class=\"uagb-container-inner-blocks-wrap\">\n<figure class=\"wp-block-image size-full is-resized is-style-default\"><img loading=\"lazy\" decoding=\"async\" width=\"512\" height=\"512\" src=\"https:\/\/www.grazalemacycling.com\/wp-content\/uploads\/2023\/01\/guided-ride-icon-grazalema-cycling-adventures.png\" alt=\"\" class=\"wp-image-4471\" style=\"object-fit:cover;width:80px;height:80px\" srcset=\"https:\/\/www.grazalemacycling.com\/wp-content\/uploads\/2023\/01\/guided-ride-icon-grazalema-cycling-adventures.png 512w, https:\/\/www.grazalemacycling.com\/wp-content\/uploads\/2023\/01\/guided-ride-icon-grazalema-cycling-adventures-300x300.png 300w, https:\/\/www.grazalemacycling.com\/wp-content\/uploads\/2023\/01\/guided-ride-icon-grazalema-cycling-adventures-150x150.png 150w, https:\/\/www.grazalemacycling.com\/wp-content\/uploads\/2023\/01\/guided-ride-icon-grazalema-cycling-adventures-146x146.png 146w, https:\/\/www.grazalemacycling.com\/wp-content\/uploads\/2023\/01\/guided-ride-icon-grazalema-cycling-adventures-50x50.png 50w, https:\/\/www.grazalemacycling.com\/wp-content\/uploads\/2023\/01\/guided-ride-icon-grazalema-cycling-adventures-75x75.png 75w, https:\/\/www.grazalemacycling.com\/wp-content\/uploads\/2023\/01\/guided-ride-icon-grazalema-cycling-adventures-85x85.png 85w, https:\/\/www.grazalemacycling.com\/wp-content\/uploads\/2023\/01\/guided-ride-icon-grazalema-cycling-adventures-80x80.png 80w\" sizes=\"auto, (max-width:767px) 480px, 512px\" \/><\/figure>\n\n\n\n<div style=\"height:15px\" aria-hidden=\"true\" class=\"wp-block-spacer\"><\/div>\n\n\n\n<h5 class=\"wp-block-heading has-luminous-vivid-orange-color has-text-color\">Route met begeleiding van gids<\/h5>\n\n\n\n<ul class=\"wp-block-list\">\n<li>Priv\u00e9 routes met gids, afgestemd op uw wensen en vaardigheden. <\/li>\n\n\n\n<li>Zie <a href=\"https:\/\/www.grazalemacycling.com\/nl\/fietsen-in-andalusie-fietsroutes-fietsen-met-gids\/\">prijslijst<\/a>\n<\/li>\n<\/ul>\n<\/div><\/div>\n\n\n\n<div class=\"wp-block-uagb-container uagb-block-6d1b1ee9 alignfull uagb-is-root-container\"><div class=\"uagb-container-inner-blocks-wrap\">\n<figure class=\"wp-block-image size-full is-resized is-style-default\"><img loading=\"lazy\" decoding=\"async\" width=\"512\" height=\"512\" src=\"https:\/\/www.grazalemacycling.com\/wp-content\/uploads\/2023\/01\/bike-delivery-icon-grazalema-cycling-adventures.png\" alt=\"\" class=\"wp-image-4486\" style=\"object-fit:cover;width:80px;height:80px\" srcset=\"https:\/\/www.grazalemacycling.com\/wp-content\/uploads\/2023\/01\/bike-delivery-icon-grazalema-cycling-adventures.png 512w, https:\/\/www.grazalemacycling.com\/wp-content\/uploads\/2023\/01\/bike-delivery-icon-grazalema-cycling-adventures-100x100.png 100w, https:\/\/www.grazalemacycling.com\/wp-content\/uploads\/2023\/01\/bike-delivery-icon-grazalema-cycling-adventures-300x300.png 300w, https:\/\/www.grazalemacycling.com\/wp-content\/uploads\/2023\/01\/bike-delivery-icon-grazalema-cycling-adventures-150x150.png 150w, https:\/\/www.grazalemacycling.com\/wp-content\/uploads\/2023\/01\/bike-delivery-icon-grazalema-cycling-adventures-146x146.png 146w, https:\/\/www.grazalemacycling.com\/wp-content\/uploads\/2023\/01\/bike-delivery-icon-grazalema-cycling-adventures-50x50.png 50w, https:\/\/www.grazalemacycling.com\/wp-content\/uploads\/2023\/01\/bike-delivery-icon-grazalema-cycling-adventures-75x75.png 75w, https:\/\/www.grazalemacycling.com\/wp-content\/uploads\/2023\/01\/bike-delivery-icon-grazalema-cycling-adventures-85x85.png 85w, https:\/\/www.grazalemacycling.com\/wp-content\/uploads\/2023\/01\/bike-delivery-icon-grazalema-cycling-adventures-80x80.png 80w\" sizes=\"auto, (max-width:767px) 480px, 512px\" \/><\/figure>\n\n\n\n<div style=\"height:15px\" aria-hidden=\"true\" class=\"wp-block-spacer\"><\/div>\n\n\n\n<h5 class=\"wp-block-heading has-luminous-vivid-orange-color has-text-color\">Bezorgen &amp; ophalen huurfietsen<\/h5>\n\n\n\n<ul class=\"wp-block-list\">\n<li>Bezorging en ophalen van huurfietsen bij uw accommodatie.<\/li>\n\n\n\n<li>Zie <a href=\"https:\/\/www.grazalemacycling.com\/nl\/fietsverhuur-grazalema-andalusie-spanje\/vervoer-huurfietsen\/\">prijslijst<\/a><\/li>\n<\/ul>\n<\/div><\/div>\n<\/div>\n<\/div><\/div>\n","protected":false},"excerpt":{"rendered":"","protected":false},"author":2,"featured_media":0,"parent":4297,"menu_order":0,"comment_status":"closed","ping_status":"closed","template":"","meta":{"_uag_custom_page_level_css":"","footnotes":""},"class_list":["post-4583","page","type-page","status-publish","hentry"],"yoast_head":"<!-- This site is optimized with the Yoast SEO plugin v26.6 - https:\/\/yoast.com\/wordpress\/plugins\/seo\/ -->\n<title>Mountainbike huren in Grazalema (Andalusi\u00eb, zuid Spanje)<\/title>\n<meta name=\"description\" content=\"Besluit een mountainbike te huren en ontdek het prachtige landschap van het Natuurpark Sierra de Grazalema en omgeving in Andalusi\u00eb, Spanje.\" \/>\n<meta name=\"robots\" content=\"index, follow, max-snippet:-1, max-image-preview:large, max-video-preview:-1\" \/>\n<link rel=\"canonical\" href=\"https:\/\/www.grazalemacycling.com\/nl\/fietshuur-grazalema-andalusie-zuid-spanje\/mountainbike-huren\/\" \/>\n<meta property=\"og:locale\" content=\"nl_NL\" \/>\n<meta property=\"og:type\" content=\"article\" \/>\n<meta property=\"og:title\" content=\"Mountainbike huren in Grazalema (Andalusi\u00eb, zuid Spanje)\" \/>\n<meta property=\"og:description\" content=\"Besluit een mountainbike te huren en ontdek het prachtige landschap van het Natuurpark Sierra de Grazalema en omgeving in Andalusi\u00eb, Spanje.\" \/>\n<meta property=\"og:url\" content=\"https:\/\/www.grazalemacycling.com\/nl\/fietshuur-grazalema-andalusie-zuid-spanje\/mountainbike-huren\/\" \/>\n<meta property=\"og:site_name\" content=\"Grazalema Cycling Adventures\" \/>\n<meta property=\"article:publisher\" content=\"https:\/\/www.facebook.com\/grazalemacycling\/\" \/>\n<meta property=\"article:modified_time\" content=\"2026-01-05T21:21:57+00:00\" \/>\n<meta property=\"og:image\" content=\"https:\/\/www.grazalemacycling.com\/wp-content\/uploads\/2023\/01\/IMG_3184_jpg-scaled.jpg\" \/>\n\t<meta property=\"og:image:width\" content=\"2560\" \/>\n\t<meta property=\"og:image:height\" content=\"1920\" \/>\n\t<meta property=\"og:image:type\" content=\"image\/jpeg\" \/>\n<meta name=\"twitter:card\" content=\"summary_large_image\" \/>\n<meta name=\"twitter:label1\" content=\"Geschatte leestijd\" \/>\n\t<meta name=\"twitter:data1\" content=\"7 minuten\" \/>\n<script type=\"application\/ld+json\" class=\"yoast-schema-graph\">{\"@context\":\"https:\/\/schema.org\",\"@graph\":[{\"@type\":\"WebPage\",\"@id\":\"https:\/\/www.grazalemacycling.com\/nl\/fietshuur-grazalema-andalusie-zuid-spanje\/mountainbike-huren\/\",\"url\":\"https:\/\/www.grazalemacycling.com\/nl\/fietshuur-grazalema-andalusie-zuid-spanje\/mountainbike-huren\/\",\"name\":\"Mountainbike huren in Grazalema (Andalusi\u00eb, zuid Spanje)\",\"isPartOf\":{\"@id\":\"https:\/\/www.grazalemacycling.com\/nl\/#website\"},\"primaryImageOfPage\":{\"@id\":\"https:\/\/www.grazalemacycling.com\/nl\/fietshuur-grazalema-andalusie-zuid-spanje\/mountainbike-huren\/#primaryimage\"},\"image\":{\"@id\":\"https:\/\/www.grazalemacycling.com\/nl\/fietshuur-grazalema-andalusie-zuid-spanje\/mountainbike-huren\/#primaryimage\"},\"thumbnailUrl\":\"https:\/\/www.grazalemacycling.com\/wp-content\/uploads\/2023\/01\/IMG_3184_jpg-1024x768.jpg\",\"datePublished\":\"2023-01-23T09:43:14+00:00\",\"dateModified\":\"2026-01-05T21:21:57+00:00\",\"description\":\"Besluit een mountainbike te huren en ontdek het prachtige landschap van het Natuurpark Sierra de Grazalema en omgeving in Andalusi\u00eb, Spanje.\",\"breadcrumb\":{\"@id\":\"https:\/\/www.grazalemacycling.com\/nl\/fietshuur-grazalema-andalusie-zuid-spanje\/mountainbike-huren\/#breadcrumb\"},\"inLanguage\":\"nl-NL\",\"potentialAction\":[{\"@type\":\"ReadAction\",\"target\":[\"https:\/\/www.grazalemacycling.com\/nl\/fietshuur-grazalema-andalusie-zuid-spanje\/mountainbike-huren\/\"]}]},{\"@type\":\"ImageObject\",\"inLanguage\":\"nl-NL\",\"@id\":\"https:\/\/www.grazalemacycling.com\/nl\/fietshuur-grazalema-andalusie-zuid-spanje\/mountainbike-huren\/#primaryimage\",\"url\":\"https:\/\/www.grazalemacycling.com\/wp-content\/uploads\/2023\/01\/IMG_3184_jpg-1024x768.jpg\",\"contentUrl\":\"https:\/\/www.grazalemacycling.com\/wp-content\/uploads\/2023\/01\/IMG_3184_jpg-1024x768.jpg\"},{\"@type\":\"BreadcrumbList\",\"@id\":\"https:\/\/www.grazalemacycling.com\/nl\/fietshuur-grazalema-andalusie-zuid-spanje\/mountainbike-huren\/#breadcrumb\",\"itemListElement\":[{\"@type\":\"ListItem\",\"position\":1,\"name\":\"Home\",\"item\":\"https:\/\/www.grazalemacycling.com\/nl\/\"},{\"@type\":\"ListItem\",\"position\":2,\"name\":\"Fietshuur in Grazalema (Andalusi\u00eb, zuid Spanje)\",\"item\":\"https:\/\/www.grazalemacycling.com\/nl\/fietshuur-grazalema-andalusie-zuid-spanje\/\"},{\"@type\":\"ListItem\",\"position\":3,\"name\":\"Mountainbike huren in Grazalema (Andalusi\u00eb, zuid Spanje)\"}]},{\"@type\":\"WebSite\",\"@id\":\"https:\/\/www.grazalemacycling.com\/nl\/#website\",\"url\":\"https:\/\/www.grazalemacycling.com\/nl\/\",\"name\":\"Grazalema Cycling Adventures\",\"description\":\"Bike Rental, Guided Rides &amp; Routes\",\"publisher\":{\"@id\":\"https:\/\/www.grazalemacycling.com\/nl\/#organization\"},\"potentialAction\":[{\"@type\":\"SearchAction\",\"target\":{\"@type\":\"EntryPoint\",\"urlTemplate\":\"https:\/\/www.grazalemacycling.com\/nl\/?s={search_term_string}\"},\"query-input\":{\"@type\":\"PropertyValueSpecification\",\"valueRequired\":true,\"valueName\":\"search_term_string\"}}],\"inLanguage\":\"nl-NL\"},{\"@type\":\"Organization\",\"@id\":\"https:\/\/www.grazalemacycling.com\/nl\/#organization\",\"name\":\"Grazalema Cycling Adventures\",\"url\":\"https:\/\/www.grazalemacycling.com\/nl\/\",\"logo\":{\"@type\":\"ImageObject\",\"inLanguage\":\"nl-NL\",\"@id\":\"https:\/\/www.grazalemacycling.com\/nl\/#\/schema\/logo\/image\/\",\"url\":\"https:\/\/www.grazalemacycling.com\/wp-content\/uploads\/2018\/12\/logo_web_retina-1.png\",\"contentUrl\":\"https:\/\/www.grazalemacycling.com\/wp-content\/uploads\/2018\/12\/logo_web_retina-1.png\",\"width\":675,\"height\":161,\"caption\":\"Grazalema Cycling Adventures\"},\"image\":{\"@id\":\"https:\/\/www.grazalemacycling.com\/nl\/#\/schema\/logo\/image\/\"},\"sameAs\":[\"https:\/\/www.facebook.com\/grazalemacycling\/\",\"https:\/\/www.instagram.com\/grazalemacyclingadventures\/\"]}]}<\/script>\n<!-- \/ Yoast SEO plugin. -->","yoast_head_json":{"title":"Mountainbike huren in Grazalema (Andalusi\u00eb, zuid Spanje)","description":"Besluit een mountainbike te huren en ontdek het prachtige landschap van het Natuurpark Sierra de Grazalema en omgeving in Andalusi\u00eb, Spanje.","robots":{"index":"index","follow":"follow","max-snippet":"max-snippet:-1","max-image-preview":"max-image-preview:large","max-video-preview":"max-video-preview:-1"},"canonical":"https:\/\/www.grazalemacycling.com\/nl\/fietshuur-grazalema-andalusie-zuid-spanje\/mountainbike-huren\/","og_locale":"nl_NL","og_type":"article","og_title":"Mountainbike huren in Grazalema (Andalusi\u00eb, zuid Spanje)","og_description":"Besluit een mountainbike te huren en ontdek het prachtige landschap van het Natuurpark Sierra de Grazalema en omgeving in Andalusi\u00eb, Spanje.","og_url":"https:\/\/www.grazalemacycling.com\/nl\/fietshuur-grazalema-andalusie-zuid-spanje\/mountainbike-huren\/","og_site_name":"Grazalema Cycling Adventures","article_publisher":"https:\/\/www.facebook.com\/grazalemacycling\/","article_modified_time":"2026-01-05T21:21:57+00:00","og_image":[{"width":2560,"height":1920,"url":"https:\/\/www.grazalemacycling.com\/wp-content\/uploads\/2023\/01\/IMG_3184_jpg-scaled.jpg","type":"image\/jpeg"}],"twitter_card":"summary_large_image","twitter_misc":{"Geschatte leestijd":"7 minuten"},"schema":{"@context":"https:\/\/schema.org","@graph":[{"@type":"WebPage","@id":"https:\/\/www.grazalemacycling.com\/nl\/fietshuur-grazalema-andalusie-zuid-spanje\/mountainbike-huren\/","url":"https:\/\/www.grazalemacycling.com\/nl\/fietshuur-grazalema-andalusie-zuid-spanje\/mountainbike-huren\/","name":"Mountainbike huren in Grazalema (Andalusi\u00eb, zuid Spanje)","isPartOf":{"@id":"https:\/\/www.grazalemacycling.com\/nl\/#website"},"primaryImageOfPage":{"@id":"https:\/\/www.grazalemacycling.com\/nl\/fietshuur-grazalema-andalusie-zuid-spanje\/mountainbike-huren\/#primaryimage"},"image":{"@id":"https:\/\/www.grazalemacycling.com\/nl\/fietshuur-grazalema-andalusie-zuid-spanje\/mountainbike-huren\/#primaryimage"},"thumbnailUrl":"https:\/\/www.grazalemacycling.com\/wp-content\/uploads\/2023\/01\/IMG_3184_jpg-1024x768.jpg","datePublished":"2023-01-23T09:43:14+00:00","dateModified":"2026-01-05T21:21:57+00:00","description":"Besluit een mountainbike te huren en ontdek het prachtige landschap van het Natuurpark Sierra de Grazalema en omgeving in Andalusi\u00eb, Spanje.","breadcrumb":{"@id":"https:\/\/www.grazalemacycling.com\/nl\/fietshuur-grazalema-andalusie-zuid-spanje\/mountainbike-huren\/#breadcrumb"},"inLanguage":"nl-NL","potentialAction":[{"@type":"ReadAction","target":["https:\/\/www.grazalemacycling.com\/nl\/fietshuur-grazalema-andalusie-zuid-spanje\/mountainbike-huren\/"]}]},{"@type":"ImageObject","inLanguage":"nl-NL","@id":"https:\/\/www.grazalemacycling.com\/nl\/fietshuur-grazalema-andalusie-zuid-spanje\/mountainbike-huren\/#primaryimage","url":"https:\/\/www.grazalemacycling.com\/wp-content\/uploads\/2023\/01\/IMG_3184_jpg-1024x768.jpg","contentUrl":"https:\/\/www.grazalemacycling.com\/wp-content\/uploads\/2023\/01\/IMG_3184_jpg-1024x768.jpg"},{"@type":"BreadcrumbList","@id":"https:\/\/www.grazalemacycling.com\/nl\/fietshuur-grazalema-andalusie-zuid-spanje\/mountainbike-huren\/#breadcrumb","itemListElement":[{"@type":"ListItem","position":1,"name":"Home","item":"https:\/\/www.grazalemacycling.com\/nl\/"},{"@type":"ListItem","position":2,"name":"Fietshuur in Grazalema (Andalusi\u00eb, zuid Spanje)","item":"https:\/\/www.grazalemacycling.com\/nl\/fietshuur-grazalema-andalusie-zuid-spanje\/"},{"@type":"ListItem","position":3,"name":"Mountainbike huren in Grazalema (Andalusi\u00eb, zuid Spanje)"}]},{"@type":"WebSite","@id":"https:\/\/www.grazalemacycling.com\/nl\/#website","url":"https:\/\/www.grazalemacycling.com\/nl\/","name":"Grazalema Cycling Adventures","description":"Bike Rental, Guided Rides &amp; Routes","publisher":{"@id":"https:\/\/www.grazalemacycling.com\/nl\/#organization"},"potentialAction":[{"@type":"SearchAction","target":{"@type":"EntryPoint","urlTemplate":"https:\/\/www.grazalemacycling.com\/nl\/?s={search_term_string}"},"query-input":{"@type":"PropertyValueSpecification","valueRequired":true,"valueName":"search_term_string"}}],"inLanguage":"nl-NL"},{"@type":"Organization","@id":"https:\/\/www.grazalemacycling.com\/nl\/#organization","name":"Grazalema Cycling Adventures","url":"https:\/\/www.grazalemacycling.com\/nl\/","logo":{"@type":"ImageObject","inLanguage":"nl-NL","@id":"https:\/\/www.grazalemacycling.com\/nl\/#\/schema\/logo\/image\/","url":"https:\/\/www.grazalemacycling.com\/wp-content\/uploads\/2018\/12\/logo_web_retina-1.png","contentUrl":"https:\/\/www.grazalemacycling.com\/wp-content\/uploads\/2018\/12\/logo_web_retina-1.png","width":675,"height":161,"caption":"Grazalema Cycling Adventures"},"image":{"@id":"https:\/\/www.grazalemacycling.com\/nl\/#\/schema\/logo\/image\/"},"sameAs":["https:\/\/www.facebook.com\/grazalemacycling\/","https:\/\/www.instagram.com\/grazalemacyclingadventures\/"]}]}},"uagb_featured_image_src":{"full":false,"thumbnail":false,"medium":false,"medium_large":false,"large":false,"1536x1536":false,"2048x2048":false,"be_thumbnail":false,"be_clients":false,"slider-content":false,"portfolio-mf":false,"portfolio-mf-w":false,"portfolio-mf-t":false,"portfolio-list":false,"blog-portfolio":false,"blog-single":false,"mobile-srcset":false,"woocommerce_thumbnail":false,"woocommerce_single":false,"woocommerce_gallery_thumbnail":false},"uagb_author_info":{"display_name":"Agnieta Francke","author_link":"https:\/\/www.grazalemacycling.com\/nl\/author\/agnieta\/"},"uagb_comment_info":0,"uagb_excerpt":null,"_links":{"self":[{"href":"https:\/\/www.grazalemacycling.com\/nl\/wp-json\/wp\/v2\/pages\/4583","targetHints":{"allow":["GET"]}}],"collection":[{"href":"https:\/\/www.grazalemacycling.com\/nl\/wp-json\/wp\/v2\/pages"}],"about":[{"href":"https:\/\/www.grazalemacycling.com\/nl\/wp-json\/wp\/v2\/types\/page"}],"author":[{"embeddable":true,"href":"https:\/\/www.grazalemacycling.com\/nl\/wp-json\/wp\/v2\/users\/2"}],"replies":[{"embeddable":true,"href":"https:\/\/www.grazalemacycling.com\/nl\/wp-json\/wp\/v2\/comments?post=4583"}],"version-history":[{"count":35,"href":"https:\/\/www.grazalemacycling.com\/nl\/wp-json\/wp\/v2\/pages\/4583\/revisions"}],"predecessor-version":[{"id":6092,"href":"https:\/\/www.grazalemacycling.com\/nl\/wp-json\/wp\/v2\/pages\/4583\/revisions\/6092"}],"up":[{"embeddable":true,"href":"https:\/\/www.grazalemacycling.com\/nl\/wp-json\/wp\/v2\/pages\/4297"}],"wp:attachment":[{"href":"https:\/\/www.grazalemacycling.com\/nl\/wp-json\/wp\/v2\/media?parent=4583"}],"curies":[{"name":"wp","href":"https:\/\/api.w.org\/{rel}","templated":true}]}}